{"id":41201,"date":"2026-01-04T21:28:42","date_gmt":"2026-01-04T20:28:42","guid":{"rendered":"https:\/\/biomimexpo.com\/?page_id=41201"},"modified":"2026-03-24T12:56:18","modified_gmt":"2026-03-24T11:56:18","slug":"les-conferences-biomimexpo-en-replay","status":"publish","type":"page","link":"https:\/\/biomimexpo.com\/en\/les-conferences-biomimexpo-en-replay\/","title":{"rendered":"217 (!!) Biomim'expo conferences and podcasts on REPLAY (2016-2025). Nuggets!"},"content":{"rendered":"<p>A veritable library\/video library on biomimicry! And the biggest there is!<\/p>\n\n\n\n<p>We've put together all the lectures recorded on the Biomim'expo stage! Each one more fascinating than the last. It's a fastidious and ongoing task, the result of 10 years of existence and 9 editions of Biomim'expo, and we hope you find it useful and enjoyable. Lots of subjects covered, concrete examples of innovations, but also some tasty \u00ablessons\u00bb from great teachers. Listen again, like podcasts, to rediscover the fabulous living world around us.<\/p>\n\n\n\n<p>Don't hesitate to relay and share as much as you can! Most of these videos are still relevant!<\/p>\n\n\n\n<hr class=\"wp-block-separator has-alpha-channel-opacity\"\/>\n\n\n\n<p id=\"pleniere-biomim\">2025<strong><strong><span style=\"color: #ff6600;\"><span class=\"s2\"><b> [ WHY DOES NATURE INSPIRE US?<\/b> OUR FIGHT FOR BIOMIMICRY<\/span><\/span><\/strong><\/strong><\/p>\n\n\n\n<p style=\"font-size:15px;line-height:1.5\"><em>Presentation of the programme \/ review of trends and news on the rise of biomimicry \/ Why is biomimicry accelerating and emerging as a new paradigm for overcoming the crisis? but also as a tool for managing innovation and creating a new form of global added value? How far have we got? What are the obstacles (still) and what are the levers? A look back at 10 years of intensive work and the outlook for the future.<\/em><\/p>\n\n\n\n<div class=\"wp-block-columns is-layout-flex wp-container-core-columns-is-layout-9d6595d7 wp-block-columns-is-layout-flex\">\n<div class=\"wp-block-column is-layout-flow wp-block-column-is-layout-flow\" style=\"flex-basis:33.33%\">\n<figure class=\"wp-block-embed is-type-video is-provider-youtube wp-block-embed-youtube wp-embed-aspect-16-9 wp-has-aspect-ratio\"><div class=\"wp-block-embed__wrapper\">\n<div class=\"jetpack-video-wrapper\"><span class=\"embed-youtube\" style=\"text-align:center; display: block;\"><iframe loading=\"lazy\" class=\"youtube-player\" width=\"676\" height=\"381\" src=\"https:\/\/www.youtube.com\/embed\/SDN2yMAUuvI?version=3&#038;rel=1&#038;showsearch=0&#038;showinfo=1&#038;iv_load_policy=1&#038;fs=1&#038;hl=en-GB&#038;autohide=2&#038;wmode=transparent\" allowfullscreen=\"true\" style=\"border:0;\" sandbox=\"allow-scripts allow-same-origin allow-popups allow-presentation allow-popups-to-escape-sandbox\"><\/iframe><\/span><\/div>\n<\/div><\/figure>\n<\/div>\n\n\n\n<div class=\"wp-block-column is-layout-flow wp-block-column-is-layout-flow\" style=\"flex-basis:66.66%\">\n<ul style=\"font-size:15px\" class=\"wp-block-list\">\n<li><strong>Kalina RASKIN<\/strong>. Managing Director of Ceebios<\/li>\n\n\n\n<li><strong>Tarik CHEKCHAK<\/strong>. Director of the Living Inspired Strategies Unit, Institut des Futurs souhaitables<\/li>\n\n\n\n<li><strong>Emmanuel DELANNOY<\/strong>. Co-founder of the Fresque de l'\u00e9conomie r\u00e9g\u00e9n\u00e9ratrice. Project manager for the Territoires et Entreprises network - Life Biodiv'France - French Office for Biodiversity<\/li>\n\n\n\n<li><strong>Alain RENAUDIN<\/strong>. Chairman of NewCorp Conseil, founder of Biomim'expo<\/li>\n<\/ul>\n<\/div>\n<\/div>\n\n\n\n<hr class=\"wp-block-separator has-css-opacity is-style-wide\"\/>\n\n\n\n<p id=\"pleniere-biomim\">2025<strong><strong><span style=\"color: #ff6600;\"><span class=\"s2\"><b> [ FROM RESEARCH TO INNOVATION<\/b><\/span><\/span><\/strong><\/strong><\/p>\n\n\n\n<div class=\"wp-block-columns is-layout-flex wp-container-core-columns-is-layout-9d6595d7 wp-block-columns-is-layout-flex\">\n<div class=\"wp-block-column is-layout-flow wp-block-column-is-layout-flow\" style=\"flex-basis:33.33%\">\n<figure class=\"wp-block-embed is-type-video is-provider-youtube wp-block-embed-youtube wp-embed-aspect-16-9 wp-has-aspect-ratio\"><div class=\"wp-block-embed__wrapper\">\n<div class=\"jetpack-video-wrapper\"><span class=\"embed-youtube\" style=\"text-align:center; display: block;\"><iframe loading=\"lazy\" class=\"youtube-player\" width=\"676\" height=\"381\" src=\"https:\/\/www.youtube.com\/embed\/r_M3vNby1Gg?version=3&#038;rel=1&#038;showsearch=0&#038;showinfo=1&#038;iv_load_policy=1&#038;fs=1&#038;hl=en-GB&#038;autohide=2&#038;wmode=transparent\" allowfullscreen=\"true\" style=\"border:0;\" sandbox=\"allow-scripts allow-same-origin allow-popups allow-presentation allow-popups-to-escape-sandbox\"><\/iframe><\/span><\/div>\n<\/div><\/figure>\n<\/div>\n\n\n\n<div class=\"wp-block-column is-layout-flow wp-block-column-is-layout-flow\" style=\"flex-basis:66.66%\">\n<ul class=\"wp-block-list\">\n<li style=\"font-size:15px\"><strong>Eric BERTON<\/strong>. President of Aix-Marseille University.<\/li>\n<\/ul>\n<\/div>\n<\/div>\n\n\n\n<hr class=\"wp-block-separator has-alpha-channel-opacity\"\/>\n\n\n\n<p id=\"pleniere-ocean\">2025<strong><strong><span style=\"color: #ff6600;\"><span class=\"s2\"><b> [ BIODIVERSITY, CLIMATE, THE OCEANS AND US ... DESTINIES LINKED <\/b><\/span><\/span><\/strong><\/strong><\/p>\n\n\n\n<p style=\"font-size:15px\"><em>Why are Biodiversity and Climate issues so important?<\/em> <em>two sides of the same coin, that of preserving the capacity to live on Earth, including for the human species. Why is everything linked, but not in the same way and at the same levels? How can we re-prioritise causes and effects, solutions and objectives? How can we move from a fatal dead end, where biodiversity dies (before we do) from global warming (and accelerates it by its collapse), to a biodiversity-solution and major tool for decarbonisation and quality of life? And above all, what are the hopes, solutions and encouraging trends?<\/em><\/p>\n\n\n\n<div class=\"wp-block-columns is-layout-flex wp-container-core-columns-is-layout-9d6595d7 wp-block-columns-is-layout-flex\">\n<div class=\"wp-block-column is-layout-flow wp-block-column-is-layout-flow\" style=\"flex-basis:33.33%\">\n<figure class=\"wp-block-embed is-type-video is-provider-youtube wp-block-embed-youtube wp-embed-aspect-16-9 wp-has-aspect-ratio\"><div class=\"wp-block-embed__wrapper\">\n<div class=\"jetpack-video-wrapper\"><span class=\"embed-youtube\" style=\"text-align:center; display: block;\"><iframe loading=\"lazy\" class=\"youtube-player\" width=\"676\" height=\"381\" src=\"https:\/\/www.youtube.com\/embed\/3sGfVWhYZiU?version=3&#038;rel=1&#038;showsearch=0&#038;showinfo=1&#038;iv_load_policy=1&#038;fs=1&#038;hl=en-GB&#038;autohide=2&#038;wmode=transparent\" allowfullscreen=\"true\" style=\"border:0;\" sandbox=\"allow-scripts allow-same-origin allow-popups allow-presentation allow-popups-to-escape-sandbox\"><\/iframe><\/span><\/div>\n<\/div><\/figure>\n<\/div>\n\n\n\n<div class=\"wp-block-column is-layout-flow wp-block-column-is-layout-flow\" style=\"flex-basis:66.66%\">\n<ul style=\"font-size:15px\" class=\"wp-block-list\">\n<li><strong>Gilles BOEUF<\/strong>. Chairman of Ceebios. Biologist, Professor at Sorbonne University. Former President of the Mus\u00e9um national d'Histoire naturelle. Member of the Scientific Council of the Office Fran\u00e7ais de la Biodiversit\u00e9.<\/li>\n\n\n\n<li><strong>Maud LELIEVRE<\/strong>. Council Member UICN Pr\u00e9sidente Comit\u00e9 fran\u00e7ais de l'UICN membre du CA (VP) Jane Goodall Institute France Secr\u00e9taire g\u00e9n\u00e9rale adjointe LPO France Conseill\u00e8re de Paris.<\/li>\n\n\n\n<li><strong>Jacques ROUGERIE<\/strong>. Architect, Member of the Institute. Chairman of SeaOrbiter. Founder of the Jacques Rougerie Foundation.<\/li>\n\n\n\n<li><strong>Patricia RICARD<\/strong>. President of the Institut Oc\u00e9anographique Paul Ricard.<\/li>\n<\/ul>\n<\/div>\n<\/div>\n\n\n\n<hr class=\"wp-block-separator has-alpha-channel-opacity\"\/>\n\n\n\n<p id=\"agri-TR-2025\">2025<strong><strong><span style=\"color: #ff6600;\"><span class=\"s2\"><b> [ AND WHAT IF THE AGRICULTURE OF THE FUTURE WAS ALREADY HERE? <\/b><\/span><\/span><\/strong><\/strong><\/p>\n\n\n\n<p style=\"font-size:15px\"><em>Perhaps never before has agriculture been so much the object of criticism, but also of hope, a field for experimentation, a political and societal issue, a subject of public debate, sometimes virulent, at a time when we have never had so much common interest in reinventing together this vital activity that will determine our future. After a summer marked by the Duplomb law and the historic mobilisation of the petition calling for opposition to it, where do we really stand in the new agricultural mosaic that is emerging?<\/em><\/p>\n\n\n\n<div class=\"wp-block-columns is-layout-flex wp-container-core-columns-is-layout-9d6595d7 wp-block-columns-is-layout-flex\">\n<div class=\"wp-block-column is-layout-flow wp-block-column-is-layout-flow\" style=\"flex-basis:33.33%\">\n<figure class=\"wp-block-embed is-type-video is-provider-youtube wp-block-embed-youtube wp-embed-aspect-16-9 wp-has-aspect-ratio\"><div class=\"wp-block-embed__wrapper\">\n<div class=\"jetpack-video-wrapper\"><span class=\"embed-youtube\" style=\"text-align:center; display: block;\"><iframe loading=\"lazy\" class=\"youtube-player\" width=\"676\" height=\"381\" src=\"https:\/\/www.youtube.com\/embed\/v01HMZ2_-qI?version=3&#038;rel=1&#038;showsearch=0&#038;showinfo=1&#038;iv_load_policy=1&#038;fs=1&#038;hl=en-GB&#038;autohide=2&#038;wmode=transparent\" allowfullscreen=\"true\" style=\"border:0;\" sandbox=\"allow-scripts allow-same-origin allow-popups allow-presentation allow-popups-to-escape-sandbox\"><\/iframe><\/span><\/div>\n<\/div><\/figure>\n<\/div>\n\n\n\n<div class=\"wp-block-column is-layout-flow wp-block-column-is-layout-flow\" style=\"flex-basis:66.66%\">\n<ul style=\"font-size:15px\" class=\"wp-block-list\">\n<li>Hosted by <strong>Fran\u00e7ois CADIERGUE<\/strong>Ecole des Vivants pilot<\/li>\n\n\n\n<li><strong>S\u00e9bastien ROUMEGOUS<\/strong>. CEO Biosph\u00e8res<\/li>\n\n\n\n<li><strong>Marc-Andr\u00e9 SELOSSE<\/strong>. Professor at the University of Montpellier II and the Mus\u00e9um National d'Histoire Naturelle - Institut de syst\u00e9matique, \u00e9volution, biodiversit\u00e9. Author of numerous books, most recently \"nature and prejudice\", published by Actes Sud.<\/li>\n\n\n\n<li><strong>Alain THIBAULT<\/strong>Chairman of AGRIODOR<\/li>\n\n\n\n<li><strong>Thomas RABANT<\/strong>CEO REGENERATION<\/li>\n<\/ul>\n<\/div>\n<\/div>\n\n\n\n<hr class=\"wp-block-separator has-alpha-channel-opacity\"\/>\n\n\n\n<p id=\"pleniere-eau\">2025<strong><strong><span style=\"color: #ff6600;\"><span class=\"s2\"><b> [ THAT INVISIBLE WATER THAT NOBODY COUNTS!<\/b><\/span><\/span><\/strong><\/strong><\/p>\n\n\n\n<p style=\"font-size:15px\"><em>At a time when the climate and biodiversity are attracting all the attention (and rightly so!), Esther Crauser-Delbourg will remind us that water is - also - a key challenge. A specialist in public policy and water economics, she will be highlighting an often invisible reality: 90 % of our water consumption is 'hidden' in our production and food habits (<strong>you \"eat\" up to 5000 litres of water a day!<\/strong> ... that you can't see). How can we better 'see' and make the most of this vital resource, reduce our 'water footprint' like we have a carbon footprint, rethink its governance and reduce our consumption without necessarily giving up our comfort? With concrete examples and solutions that are already accessible, she invites us to change our way of looking at things and to consider water as a new economic indicator, too.<\/em><\/p>\n\n\n\n<div class=\"wp-block-columns is-layout-flex wp-container-core-columns-is-layout-9d6595d7 wp-block-columns-is-layout-flex\">\n<div class=\"wp-block-column is-layout-flow wp-block-column-is-layout-flow\" style=\"flex-basis:33.33%\">\n<figure class=\"wp-block-embed is-type-video is-provider-youtube wp-block-embed-youtube wp-embed-aspect-16-9 wp-has-aspect-ratio\"><div class=\"wp-block-embed__wrapper\">\n<div class=\"jetpack-video-wrapper\"><span class=\"embed-youtube\" style=\"text-align:center; display: block;\"><iframe loading=\"lazy\" class=\"youtube-player\" width=\"676\" height=\"381\" src=\"https:\/\/www.youtube.com\/embed\/GgoMeSjLaMM?version=3&#038;rel=1&#038;showsearch=0&#038;showinfo=1&#038;iv_load_policy=1&#038;fs=1&#038;hl=en-GB&#038;autohide=2&#038;wmode=transparent\" allowfullscreen=\"true\" style=\"border:0;\" sandbox=\"allow-scripts allow-same-origin allow-popups allow-presentation allow-popups-to-escape-sandbox\"><\/iframe><\/span><\/div>\n<\/div><\/figure>\n<\/div>\n\n\n\n<div class=\"wp-block-column is-layout-flow wp-block-column-is-layout-flow\" style=\"flex-basis:66.66%\">\n<ul style=\"font-size:15px\" class=\"wp-block-list\">\n<li><strong>Esther CRAUSER-DELBOURG<\/strong>Water Economist, Co-Founder &amp; CEO Water Wiser<\/li>\n\n\n\n<li><a href=\"https:\/\/youtu.be\/qksvU0zZNec?si=fPJcrUkCQZE3CX8m\" target=\"_blank\" rel=\"noreferrer noopener\">His TEDx here<\/a><\/li>\n<\/ul>\n<\/div>\n<\/div>\n\n\n\n<hr class=\"wp-block-separator has-alpha-channel-opacity\"\/>\n\n\n\n<p id=\"d\u00e9fil\u00e9-2025\">2025 <strong><strong><span style=\"color: #ff6600;\"><span class=\"s2\"><b>[ BIO-INSPIRED FASHION SHOW <\/b><\/span><\/span><\/strong><\/strong><\/p>\n\n\n\n<p style=\"font-size:15px\"><em>A first! Biomim'expo invites Nature to be the artistic director of a fashion show! It's an idea launched as a challenge and a way of stimulating our thinking and our creativity: drawing inspiration from living things to redesign fashion that is more resilient, vernacular, circular, symbiotic, brighter, more poetic too, reinventing itself according to the specifications of living things.<\/em><\/p>\n\n\n\n<div class=\"wp-block-columns is-layout-flex wp-container-core-columns-is-layout-9d6595d7 wp-block-columns-is-layout-flex\">\n<div class=\"wp-block-column is-layout-flow wp-block-column-is-layout-flow\" style=\"flex-basis:33.33%\">\n<figure class=\"wp-block-embed is-type-video is-provider-youtube wp-block-embed-youtube wp-embed-aspect-16-9 wp-has-aspect-ratio\"><div class=\"wp-block-embed__wrapper\">\n<div class=\"jetpack-video-wrapper\"><span class=\"embed-youtube\" style=\"text-align:center; display: block;\"><iframe loading=\"lazy\" class=\"youtube-player\" width=\"676\" height=\"381\" src=\"https:\/\/www.youtube.com\/embed\/dFFpMksfR9E?version=3&#038;rel=1&#038;showsearch=0&#038;showinfo=1&#038;iv_load_policy=1&#038;fs=1&#038;hl=en-GB&#038;autohide=2&#038;wmode=transparent\" allowfullscreen=\"true\" style=\"border:0;\" sandbox=\"allow-scripts allow-same-origin allow-popups allow-presentation allow-popups-to-escape-sandbox\"><\/iframe><\/span><\/div>\n<\/div><\/figure>\n<\/div>\n\n\n\n<div class=\"wp-block-column is-layout-flow wp-block-column-is-layout-flow\" style=\"flex-basis:66.66%\">\n<ul style=\"font-size:15px\" class=\"wp-block-list\">\n<li><strong>Audrey PRAT<\/strong>President of BIOM'inspi, former Director of CSR and Sustainable Development for Textiles at Auchan Retail - and Artistic Director of our 2025 bio-inspired fashion show!<\/li>\n\n\n\n<li><strong>Jocelyn MEIRE<\/strong>FASK Founder, President of the Ecole de Production de Confection textile de la R\u00e9gion Sud and of Mode in Sud.<\/li>\n\n\n\n<li><strong>Simon MANDIN<\/strong>Founder of La boite Bienfaite, Designer, Materials Expert - and Creative Director of the Albatros brand.<\/li>\n\n\n\n<li><strong>Thomas BUSUTTIL<\/strong>Founder of La 5\u00e8me Saison, Expert in sustainable innovation and regenerative business models, Co-founder of C3D, Director of Fashion Green Hub.<\/li>\n\n\n\n<li><strong>Coralie MOREAU<\/strong>, for the BAGA Collective<\/li>\n<\/ul>\n<\/div>\n<\/div>\n\n\n\n<hr class=\"wp-block-separator has-alpha-channel-opacity\"\/>\n\n\n\n<p id=\"pleniere-IA\">2025 <strong><strong><span style=\"color: #ff6600;\"><span class=\"s2\"><b>[ AND WHAT IF IA WAS GOOD FOR BIODIVERSITY? <\/b><\/span><\/span><\/strong><\/strong><\/p>\n\n\n\n<p style=\"font-size:15px\"><em>How can AI draw inspiration from living things and - above all - benefit them? Like any good tool, AI can be used more or less well. Here too, we could say that \"it's the intention that counts\". Climate modelling, ecosystem management, prioritisation and adaptation of actions, characterisation of living organisms, data analysis, risk prevention, monitoring of species demographics, etc.  <\/em><\/p>\n\n\n\n<div class=\"wp-block-columns is-layout-flex wp-container-core-columns-is-layout-9d6595d7 wp-block-columns-is-layout-flex\">\n<div class=\"wp-block-column is-layout-flow wp-block-column-is-layout-flow\" style=\"flex-basis:33.33%\">\n<figure class=\"wp-block-embed is-type-video is-provider-youtube wp-block-embed-youtube wp-embed-aspect-16-9 wp-has-aspect-ratio\"><div class=\"wp-block-embed__wrapper\">\n<div class=\"jetpack-video-wrapper\"><span class=\"embed-youtube\" style=\"text-align:center; display: block;\"><iframe loading=\"lazy\" class=\"youtube-player\" width=\"676\" height=\"381\" src=\"https:\/\/www.youtube.com\/embed\/cTzBVvJSOXo?version=3&#038;rel=1&#038;showsearch=0&#038;showinfo=1&#038;iv_load_policy=1&#038;fs=1&#038;hl=en-GB&#038;autohide=2&#038;wmode=transparent\" allowfullscreen=\"true\" style=\"border:0;\" sandbox=\"allow-scripts allow-same-origin allow-popups allow-presentation allow-popups-to-escape-sandbox\"><\/iframe><\/span><\/div>\n<\/div><\/figure>\n<\/div>\n\n\n\n<div class=\"wp-block-column is-layout-flow wp-block-column-is-layout-flow\" style=\"flex-basis:66.66%\">\n<ul style=\"font-size:15px\" class=\"wp-block-list\">\n<li><strong>Olivier ROVELOTTI<\/strong>. CEO of NATURAL SOLUTIONS.<\/li>\n\n\n\n<li><strong>Eliot GRAEFF<\/strong>(Go and try Asteria to generate bio-inspired ideas! <a href=\"https:\/\/biomimexpo.com\/en\/les-fresques-et-ateliers-2025\/\" target=\"_blank\" rel=\"noreferrer noopener\">Workshop<\/a> on stand A20)<\/li>\n\n\n\n<li><strong>Fran\u00e7ois-Alexandre BERTRAND<\/strong>CEO of Platypus Craft SAS and Chairman of the Blue Odyssey Initiative.<\/li>\n\n\n\n<li>Hosted by another expert on the subject, <strong>Audrey VERMEULEN<\/strong>PhD student at AMU ( InCIAM-CGGG LEST). Ethical design of AI. Co-founder of LICA and Mom.<\/li>\n<\/ul>\n<\/div>\n<\/div>\n\n\n\n<hr class=\"wp-block-separator has-alpha-channel-opacity\"\/>\n\n\n\n<p id=\"pleniere-actionnaire\">2025<strong><strong><span style=\"color: #ff6600;\"><span class=\"s2\"><b> [ SHAREHOLDER NATURE HAS ITS SAY <\/b><\/span><\/span><\/strong><\/strong><\/p>\n\n\n\n<p style=\"font-size:15px\"><em>Until now, human activities have been developed in the interests ... of human beings, often considering the rest of the living world as a resource, a stock of raw materials or a cheap asset. What if this other living thing also had the right to vote? To have its say? For mutually beneficial decisions? What if giving this vital stakeholder a seat at the table was the real new paradigm? What if Biodiversity really, officially, and legally became part of the management committee?  <\/em><\/p>\n\n\n\n<div class=\"wp-block-columns is-layout-flex wp-container-core-columns-is-layout-9d6595d7 wp-block-columns-is-layout-flex\">\n<div class=\"wp-block-column is-layout-flow wp-block-column-is-layout-flow\" style=\"flex-basis:33.33%\">\n<figure class=\"wp-block-embed is-type-video is-provider-youtube wp-block-embed-youtube wp-embed-aspect-16-9 wp-has-aspect-ratio\"><div class=\"wp-block-embed__wrapper\">\n<div class=\"jetpack-video-wrapper\"><span class=\"embed-youtube\" style=\"text-align:center; display: block;\"><iframe loading=\"lazy\" class=\"youtube-player\" width=\"676\" height=\"381\" src=\"https:\/\/www.youtube.com\/embed\/tBj5fsixD4k?version=3&#038;rel=1&#038;showsearch=0&#038;showinfo=1&#038;iv_load_policy=1&#038;fs=1&#038;hl=en-GB&#038;autohide=2&#038;wmode=transparent\" allowfullscreen=\"true\" style=\"border:0;\" sandbox=\"allow-scripts allow-same-origin allow-popups allow-presentation allow-popups-to-escape-sandbox\"><\/iframe><\/span><\/div>\n<\/div><\/figure>\n<\/div>\n\n\n\n<div class=\"wp-block-column is-layout-flow wp-block-column-is-layout-flow\" style=\"flex-basis:66.66%\">\n<ul style=\"font-size:15px\" class=\"wp-block-list\">\n<li><strong>Thomas BREUZARD<\/strong>. Perma-Company Director at Norsys and Co-Chairman of B Corp France (B Lab)<\/li>\n\n\n\n<li><strong>C\u00e9line VARENNE SOUCHON<\/strong>. Spokesperson for M\u00e9diateurs du Vivant, Founder of Mengrov.<\/li>\n<\/ul>\n<\/div>\n<\/div>\n\n\n\n<hr class=\"wp-block-separator has-alpha-channel-opacity\"\/>\n\n\n\n<p id=\"pleniere-duos\">2025<strong><strong><span style=\"color: #ff6600;\"><span class=\"s2\"><b> [ THE FUTURE IS A TEAM SPORT, TESTIMONIALS FROM DUOS <\/b><\/span><\/span><\/strong><\/strong><\/p>\n\n\n\n<p style=\"font-size:15px\"><em>The Brundtland Report was published in 1987. The IPCC was created in 1988. The first COP took place in 1995. The so-called NRE laws in France (obligation for listed companies to report on their impacts) came into force in 2002. It was also at this time that Sustainable Development Departments were set up in companies... all this is both old and still new. What has been achieved? Why are the results not yet there? Focus on the new dynamics, methods and initiatives that are proposing a change of gear, with concrete examples to back them up, in duos between supporting networks and supported companies.<\/em><\/p>\n\n\n\n<div class=\"wp-block-columns is-layout-flex wp-container-core-columns-is-layout-9d6595d7 wp-block-columns-is-layout-flex\">\n<div class=\"wp-block-column is-layout-flow wp-block-column-is-layout-flow\" style=\"flex-basis:33.33%\">\n<figure class=\"wp-block-embed is-type-video is-provider-youtube wp-block-embed-youtube wp-embed-aspect-16-9 wp-has-aspect-ratio\"><div class=\"wp-block-embed__wrapper\">\n<div class=\"jetpack-video-wrapper\"><span class=\"embed-youtube\" style=\"text-align:center; display: block;\"><iframe loading=\"lazy\" class=\"youtube-player\" width=\"676\" height=\"381\" src=\"https:\/\/www.youtube.com\/embed\/xI-XaWszPPE?version=3&#038;rel=1&#038;showsearch=0&#038;showinfo=1&#038;iv_load_policy=1&#038;fs=1&#038;hl=en-GB&#038;autohide=2&#038;wmode=transparent\" allowfullscreen=\"true\" style=\"border:0;\" sandbox=\"allow-scripts allow-same-origin allow-popups allow-presentation allow-popups-to-escape-sandbox\"><\/iframe><\/span><\/div>\n<\/div><\/figure>\n<\/div>\n\n\n\n<div class=\"wp-block-column is-layout-flow wp-block-column-is-layout-flow\" style=\"flex-basis:66.66%\">\n<ul style=\"font-size:15px\" class=\"wp-block-list\">\n<li>Introduction by <strong>Fabrice BONNIFET<\/strong>Chairman of C3D and GENACT.<\/li>\n\n\n\n<li><strong>M\u00e9lanie JEANNERET<\/strong>co-pilot of CEC Provence M\u00e9diterran\u00e9e +. <strong>Emmanuel DUJARDIN<\/strong>Chairman ROUGERIE+TANGRAM<\/li>\n\n\n\n<li><strong>L\u00e9a ZASLAVSKY<\/strong>co-founder of makesense + <strong>Rym TRABELSI<\/strong>PLANET SCORE Development Director (and co-founder of Clear Fashion)<\/li>\n<\/ul>\n<\/div>\n<\/div>\n\n\n\n<hr class=\"wp-block-separator has-alpha-channel-opacity\"\/>\n\n\n\n<p id=\"pleniere-territoires\">2025 <strong><strong><span style=\"color: #ff6600;\"><span class=\"s2\"><b>[ CITIES, TERRITORIES AND RESILIENCE: HOW CAN WE RETHINK THEM TO SERVE THE FUTURE? <\/b><\/span><\/span><\/strong><\/strong><\/p>\n\n\n\n<p style=\"font-size:15px\"><em>The city! the challenge of all challenges! Soon to be the predominant habitat of our species, with more than 2 out of 3 people living in cities by 2050. It's where most of the challenges are concentrated (consumption, energy, pollution, water, emissions, etc.), and it's also where new generations are disconnecting from nature and living things. The territory is also a major lever for action and decision-making, to recreate a mutually beneficial cohabitation between human activities and biodiversity, to - like Living Things - live in good health in a healthy ecosystem. Cities and Territories are the 2 facets\/scales of a major reinvention project, to ensure that we no longer think of our living environment solely in terms of human beings, but in terms of welcoming living things back into it and making these spaces more sober, resilient and alive... <\/em><\/p>\n\n\n\n<div class=\"wp-block-columns is-layout-flex wp-container-core-columns-is-layout-9d6595d7 wp-block-columns-is-layout-flex\">\n<div class=\"wp-block-column is-layout-flow wp-block-column-is-layout-flow\" style=\"flex-basis:33.33%\">\n<figure class=\"wp-block-embed is-type-video is-provider-youtube wp-block-embed-youtube wp-embed-aspect-16-9 wp-has-aspect-ratio\"><div class=\"wp-block-embed__wrapper\">\n<div class=\"jetpack-video-wrapper\"><span class=\"embed-youtube\" style=\"text-align:center; display: block;\"><iframe loading=\"lazy\" class=\"youtube-player\" width=\"676\" height=\"381\" src=\"https:\/\/www.youtube.com\/embed\/sdljV3m5K-c?version=3&#038;rel=1&#038;showsearch=0&#038;showinfo=1&#038;iv_load_policy=1&#038;fs=1&#038;hl=en-GB&#038;autohide=2&#038;wmode=transparent\" allowfullscreen=\"true\" style=\"border:0;\" sandbox=\"allow-scripts allow-same-origin allow-popups allow-presentation allow-popups-to-escape-sandbox\"><\/iframe><\/span><\/div>\n<\/div><\/figure>\n<\/div>\n\n\n\n<div class=\"wp-block-column is-layout-flow wp-block-column-is-layout-flow\" style=\"font-size:15px;flex-basis:66.66%\">\n<ul class=\"wp-block-list\">\n<li><strong>Anne CLAUDIUS-PETIT<\/strong>Regional Councillor for the Southern Region, Chair of the Energy Transition, Waste Strategy and Air Quality Commission. President of ARBE, Agence R\u00e9gionale Biodiversit\u00e9 Environnement.<\/li>\n\n\n\n<li><strong>Corine LEPAGE<\/strong>, lawyer, former Minister for the Environment<\/li>\n\n\n\n<li><strong>Bertrand DELIGNON<\/strong>MACIF Group Property &amp; Casualty Director<\/li>\n\n\n\n<li><strong>Gr\u00e9goire FABRE<\/strong>co-founder and CEO of Flamingo, crowdfunding for wetlands<\/li>\n<\/ul>\n\n\n\n<p style=\"font-size:15px\">Spotlight on :<\/p>\n\n\n\n<ul style=\"font-size:15px\" class=\"wp-block-list\">\n<li><strong>Thibaut HOUETTE<\/strong>Architect, Doctor in Biomimetics &amp; Biotechnology, R&amp;D&amp;I and Habitat Officer at CEEBIOS. Think of a building's foundations like a tree's root system! <\/li>\n\n\n\n<li><strong>Rodrigue REY<\/strong>Marine Eco-design Engineer at SEABOOST. Presentation of 2 projects to restore marine biodiversity and protect the coastline.<\/li>\n<\/ul>\n<\/div>\n<\/div>\n\n\n\n<hr class=\"wp-block-separator has-alpha-channel-opacity\"\/>\n\n\n\n<p id=\"pleniere-awards\">2025 <strong><strong><span style=\"color: #ff6600;\"><span class=\"s2\"><b>[ WHO ARE THE WINNERS OF THE BIOMIM'EXPO AWARDS 2025?<\/b><\/span><\/span><\/strong><\/strong><\/p>\n\n\n\n<p style=\"font-size:15px\"><em>SPOTLIGHT ON THE NUGGETS AND WINNERS OF THE 2025 BIO-INSPIRATION AWARDS. This year, we've decided to put them on the big stage: live presentation of the Biomim'expo Awards 2025.<\/em> The candidates will have presented their projects and innovations at the beginning of the afternoon (at 2pm). The Jury will have deliberated and they will be ready to award the prizes to the winners (who have not been notified in advance ;-). Come to the plenary session to congratulate them!<\/p>\n\n\n\n<div class=\"wp-block-columns is-layout-flex wp-container-core-columns-is-layout-9d6595d7 wp-block-columns-is-layout-flex\">\n<div class=\"wp-block-column is-layout-flow wp-block-column-is-layout-flow\" style=\"flex-basis:33.33%\">\n<figure class=\"wp-block-embed is-type-video is-provider-youtube wp-block-embed-youtube wp-embed-aspect-16-9 wp-has-aspect-ratio\"><div class=\"wp-block-embed__wrapper\">\n<div class=\"jetpack-video-wrapper\"><span class=\"embed-youtube\" style=\"text-align:center; display: block;\"><iframe loading=\"lazy\" class=\"youtube-player\" width=\"676\" height=\"381\" src=\"https:\/\/www.youtube.com\/embed\/AACsmMwW6fQ?version=3&#038;rel=1&#038;showsearch=0&#038;showinfo=1&#038;iv_load_policy=1&#038;fs=1&#038;hl=en-GB&#038;autohide=2&#038;wmode=transparent\" allowfullscreen=\"true\" style=\"border:0;\" sandbox=\"allow-scripts allow-same-origin allow-popups allow-presentation allow-popups-to-escape-sandbox\"><\/iframe><\/span><\/div>\n<\/div><\/figure>\n<\/div>\n\n\n\n<div class=\"wp-block-column is-layout-flow wp-block-column-is-layout-flow\" style=\"flex-basis:66.66%\">\n<ul style=\"font-size:15px\" class=\"wp-block-list\">\n<li>The 2025 Winners and the Press Release : <a href=\"https:\/\/biomimexpo.com\/en\/biomimexpo-awards-2025\/\">https:\/\/biomimexpo.com\/biomimexpo-awards-2025\/<\/a><\/li>\n<\/ul>\n<\/div>\n<\/div>\n\n\n\n<hr class=\"wp-block-separator has-alpha-channel-opacity\"\/>\n\n\n\n<p>2025 <strong><strong><span style=\"color: #ff6600;\"><span class=\"s2\"><b>[ ZENI: treating industrial effluent with microalgae<\/b><\/span><\/span><\/strong><\/strong><\/p>\n\n\n\n<p style=\"font-size:15px\">How did this expert in molecular biology and genetics come up with the idea of treating industrial effluent with microalgae? In a double coup, to both treat polluted water and produce a microalgae biomass that can be recycled! So what is the secret behind these decidedly precious micro-organisms?<\/p>\n\n\n\n<div class=\"wp-block-columns is-layout-flex wp-container-core-columns-is-layout-9d6595d7 wp-block-columns-is-layout-flex\">\n<div class=\"wp-block-column is-layout-flow wp-block-column-is-layout-flow\" style=\"flex-basis:33.33%\">\n<figure class=\"wp-block-embed is-type-video is-provider-youtube wp-block-embed-youtube wp-embed-aspect-16-9 wp-has-aspect-ratio\"><div class=\"wp-block-embed__wrapper\">\n<div class=\"jetpack-video-wrapper\"><span class=\"embed-youtube\" style=\"text-align:center; display: block;\"><iframe loading=\"lazy\" class=\"youtube-player\" width=\"676\" height=\"381\" src=\"https:\/\/www.youtube.com\/embed\/dPsQiJSHYJE?version=3&#038;rel=1&#038;showsearch=0&#038;showinfo=1&#038;iv_load_policy=1&#038;fs=1&#038;hl=en-GB&#038;autohide=2&#038;wmode=transparent\" allowfullscreen=\"true\" style=\"border:0;\" sandbox=\"allow-scripts allow-same-origin allow-popups allow-presentation allow-popups-to-escape-sandbox\"><\/iframe><\/span><\/div>\n<\/div><\/figure>\n<\/div>\n\n\n\n<div class=\"wp-block-column has-small-font-size is-layout-flow wp-block-column-is-layout-flow\" style=\"flex-basis:66.66%\">\n<ul style=\"font-size:15px\" class=\"wp-block-list\">\n<li><strong>Jean-Michel POMMET<\/strong>Founder &amp; CEO at ZENI. <\/li>\n\n\n\n<li><em>Interviewed by Marc MORTELMANS<\/em><\/li>\n<\/ul>\n<\/div>\n<\/div>\n\n\n\n<hr class=\"wp-block-separator has-alpha-channel-opacity\"\/>\n\n\n\n<p>2025 <strong><strong><span style=\"color: #ff6600;\"><span class=\"s2\"><b>[ CRYSTAL ENERGY : A glass capable of producing energy<\/b><\/span><\/span><\/strong><\/strong><\/p>\n\n\n\n<p style=\"font-size:15px\">A glass capable of producing energy?! Myth or reality? Fr\u00e9d\u00e9ric Sauvage will tell us about the incredible prospects for this revolutionary innovation, which looks futuristic but is nonetheless very real, the result of 10 years of research, and will talk to us about visible and invisible light! Incredible!<\/p>\n\n\n\n<div class=\"wp-block-columns is-layout-flex wp-container-core-columns-is-layout-9d6595d7 wp-block-columns-is-layout-flex\">\n<div class=\"wp-block-column is-layout-flow wp-block-column-is-layout-flow\" style=\"flex-basis:33.33%\">\n<figure class=\"wp-block-embed is-type-video is-provider-youtube wp-block-embed-youtube wp-embed-aspect-16-9 wp-has-aspect-ratio\"><div class=\"wp-block-embed__wrapper\">\n<div class=\"jetpack-video-wrapper\"><span class=\"embed-youtube\" style=\"text-align:center; display: block;\"><iframe loading=\"lazy\" class=\"youtube-player\" width=\"676\" height=\"381\" src=\"https:\/\/www.youtube.com\/embed\/Ir8naagzuYg?version=3&#038;rel=1&#038;showsearch=0&#038;showinfo=1&#038;iv_load_policy=1&#038;fs=1&#038;hl=en-GB&#038;autohide=2&#038;wmode=transparent\" allowfullscreen=\"true\" style=\"border:0;\" sandbox=\"allow-scripts allow-same-origin allow-popups allow-presentation allow-popups-to-escape-sandbox\"><\/iframe><\/span><\/div>\n<\/div><\/figure>\n<\/div>\n\n\n\n<div class=\"wp-block-column has-small-font-size is-layout-flow wp-block-column-is-layout-flow\" style=\"flex-basis:66.66%\">\n<ul style=\"font-size:15px\" class=\"wp-block-list\">\n<li><strong>Fr\u00e9d\u00e9ric SAUVAGE<\/strong>, Research Director at CNRS, ERC AdG grantee \"GEMINI\", Innovation Ambassador at CNRS, Entrepreneur, CTO and co-founder @ G-Lyte and CRYSTAL Energy SAS. <\/li>\n\n\n\n<li><em>Interviewed by Marc MORTELMANS<\/em><\/li>\n<\/ul>\n<\/div>\n<\/div>\n\n\n\n<hr class=\"wp-block-separator has-alpha-channel-opacity\"\/>\n\n\n\n<p>2025 <strong><strong><span style=\"color: #ff6600;\"><span class=\"s2\"><b>[ LINNE PAYSAGE: the new urban light<\/b><\/span><\/span><\/strong><\/strong><\/p>\n\n\n\n<p style=\"font-size:15px\">Did you know that there is a light that disturbs wildlife less? Discover the famous Bionocta light - just awarded the Gold Medal at the L\u00e9pine 2025 competition - developed by LINNE PAYSAGE. A special light, with no blue wavelengths, that respects living things and the natural cycles of wildlife and biodiversity.<\/p>\n\n\n\n<div class=\"wp-block-columns is-layout-flex wp-container-core-columns-is-layout-9d6595d7 wp-block-columns-is-layout-flex\">\n<div class=\"wp-block-column is-layout-flow wp-block-column-is-layout-flow\" style=\"flex-basis:33.33%\">\n<figure class=\"wp-block-embed is-type-video is-provider-youtube wp-block-embed-youtube wp-embed-aspect-16-9 wp-has-aspect-ratio\"><div class=\"wp-block-embed__wrapper\">\n<div class=\"jetpack-video-wrapper\"><span class=\"embed-youtube\" style=\"text-align:center; display: block;\"><iframe loading=\"lazy\" class=\"youtube-player\" width=\"676\" height=\"381\" src=\"https:\/\/www.youtube.com\/embed\/3OCXcWFeQIw?version=3&#038;rel=1&#038;showsearch=0&#038;showinfo=1&#038;iv_load_policy=1&#038;fs=1&#038;hl=en-GB&#038;autohide=2&#038;wmode=transparent\" allowfullscreen=\"true\" style=\"border:0;\" sandbox=\"allow-scripts allow-same-origin allow-popups allow-presentation allow-popups-to-escape-sandbox\"><\/iframe><\/span><\/div>\n<\/div><\/figure>\n<\/div>\n\n\n\n<div class=\"wp-block-column has-small-font-size is-layout-flow wp-block-column-is-layout-flow\" style=\"flex-basis:66.66%\">\n<ul style=\"font-size:15px\" class=\"wp-block-list\">\n<li><strong>Gr\u00e9gory LAMAUD<\/strong>Managing Director of LINNE PAYSAGE. <\/li>\n\n\n\n<li><em>Interviewed by Marc MORTELMANS<\/em><\/li>\n<\/ul>\n<\/div>\n<\/div>\n\n\n\n<hr class=\"wp-block-separator has-alpha-channel-opacity\"\/>\n\n\n\n<p>2025 <strong><strong><span style=\"color: #ff6600;\"><span class=\"s2\"><b>[MODULATIO: the distribution of matter within three-dimensional structures inspired by bones<\/b><\/span><\/span><\/strong><\/strong><\/p>\n\n\n\n<p style=\"font-size:15px\">Presentation of the thesis in progress on the distribution of matter within three-dimensional structures inspired by bones! Incredible prospects in terms of material and energy savings.<\/p>\n\n\n\n<div class=\"wp-block-columns is-layout-flex wp-container-core-columns-is-layout-9d6595d7 wp-block-columns-is-layout-flex\">\n<div class=\"wp-block-column is-layout-flow wp-block-column-is-layout-flow\" style=\"flex-basis:33.33%\">\n<figure class=\"wp-block-embed is-type-video is-provider-youtube wp-block-embed-youtube wp-embed-aspect-16-9 wp-has-aspect-ratio\"><div class=\"wp-block-embed__wrapper\">\n<div class=\"jetpack-video-wrapper\"><span class=\"embed-youtube\" style=\"text-align:center; display: block;\"><iframe loading=\"lazy\" class=\"youtube-player\" width=\"676\" height=\"381\" src=\"https:\/\/www.youtube.com\/embed\/QcAyCv1w02k?version=3&#038;rel=1&#038;showsearch=0&#038;showinfo=1&#038;iv_load_policy=1&#038;fs=1&#038;hl=en-GB&#038;autohide=2&#038;wmode=transparent\" allowfullscreen=\"true\" style=\"border:0;\" sandbox=\"allow-scripts allow-same-origin allow-popups allow-presentation allow-popups-to-escape-sandbox\"><\/iframe><\/span><\/div>\n<\/div><\/figure>\n<\/div>\n\n\n\n<div class=\"wp-block-column has-small-font-size is-layout-flow wp-block-column-is-layout-flow\" style=\"flex-basis:66.66%\">\n<ul style=\"font-size:15px\" class=\"wp-block-list\">\n<li><strong>Romuald VIGIER<\/strong>Founder of MODULATIO' and <strong>Valentin PERONI<\/strong>MODULATIO' collaborator and PhD Student in Bio-Inspired Systems ISM - CNRS - under the supervision of Julien Chaves-Jacob. <\/li>\n\n\n\n<li><em>Interviewed by Marc MORTELMANS<\/em><\/li>\n<\/ul>\n<\/div>\n<\/div>\n\n\n\n<hr class=\"wp-block-separator has-alpha-channel-opacity\"\/>\n\n\n\n<p>2025 <strong><strong><span style=\"color: #ff6600;\"><span class=\"s2\"><b>[MODULATIO: mycocomposites to replace petro-sourced products<\/b><\/span><\/span><\/strong><\/strong><\/p>\n\n\n\n<p style=\"font-size:15px\">How to reduce the quantity of raw materials used in industry thanks to our bones. But also how to develop mycocomposites to replace petro-sourced products and lighten structures... pollution control, recycling, the circular economy and biomimicry.<\/p>\n\n\n\n<div class=\"wp-block-columns is-layout-flex wp-container-core-columns-is-layout-9d6595d7 wp-block-columns-is-layout-flex\">\n<div class=\"wp-block-column is-layout-flow wp-block-column-is-layout-flow\" style=\"flex-basis:33.33%\">\n<figure class=\"wp-block-embed is-type-video is-provider-youtube wp-block-embed-youtube wp-embed-aspect-16-9 wp-has-aspect-ratio\"><div class=\"wp-block-embed__wrapper\">\n<div class=\"jetpack-video-wrapper\"><span class=\"embed-youtube\" style=\"text-align:center; display: block;\"><iframe loading=\"lazy\" class=\"youtube-player\" width=\"676\" height=\"381\" src=\"https:\/\/www.youtube.com\/embed\/_YIDAje29ag?version=3&#038;rel=1&#038;showsearch=0&#038;showinfo=1&#038;iv_load_policy=1&#038;fs=1&#038;hl=en-GB&#038;autohide=2&#038;wmode=transparent\" allowfullscreen=\"true\" style=\"border:0;\" sandbox=\"allow-scripts allow-same-origin allow-popups allow-presentation allow-popups-to-escape-sandbox\"><\/iframe><\/span><\/div>\n<\/div><\/figure>\n<\/div>\n\n\n\n<div class=\"wp-block-column has-small-font-size is-layout-flow wp-block-column-is-layout-flow\" style=\"flex-basis:66.66%\">\n<ul style=\"font-size:15px\" class=\"wp-block-list\">\n<li><strong>Ximena WALERSTEIN<\/strong> and <strong>Romuald Vigier<\/strong>, co-founders of MODULATIO\u2019. <\/li>\n\n\n\n<li><em>Interviewed by Marc MORTELMANS.<\/em><\/li>\n<\/ul>\n<\/div>\n<\/div>\n\n\n\n<hr class=\"wp-block-separator has-alpha-channel-opacity\"\/>\n\n\n\n<p>2025 <strong><strong><span style=\"color: #ff6600;\"><span class=\"s2\"><b>[ GENODICS: Waves instead of pesticides<\/b><\/span><\/span><\/strong><\/strong><\/p>\n\n\n\n<p style=\"font-size:15px\">Dispersing \u00abwaves\u00bb in fields to protect plants and stimulate their growth! Pedro Ferrandiz will explain Genodics' incredible solutions, which are already being used in the south of France.<\/p>\n\n\n\n<div class=\"wp-block-columns is-layout-flex wp-container-core-columns-is-layout-9d6595d7 wp-block-columns-is-layout-flex\">\n<div class=\"wp-block-column is-layout-flow wp-block-column-is-layout-flow\" style=\"flex-basis:33.33%\">\n<figure class=\"wp-block-embed is-type-video is-provider-youtube wp-block-embed-youtube wp-embed-aspect-16-9 wp-has-aspect-ratio\"><div class=\"wp-block-embed__wrapper\">\n<div class=\"jetpack-video-wrapper\"><span class=\"embed-youtube\" style=\"text-align:center; display: block;\"><iframe loading=\"lazy\" class=\"youtube-player\" width=\"676\" height=\"381\" src=\"https:\/\/www.youtube.com\/embed\/_U8oor72xzI?version=3&#038;rel=1&#038;showsearch=0&#038;showinfo=1&#038;iv_load_policy=1&#038;fs=1&#038;hl=en-GB&#038;autohide=2&#038;wmode=transparent\" allowfullscreen=\"true\" style=\"border:0;\" sandbox=\"allow-scripts allow-same-origin allow-popups allow-presentation allow-popups-to-escape-sandbox\"><\/iframe><\/span><\/div>\n<\/div><\/figure>\n<\/div>\n\n\n\n<div class=\"wp-block-column has-small-font-size is-layout-flow wp-block-column-is-layout-flow\" style=\"flex-basis:66.66%\">\n<ul style=\"font-size:15px\" class=\"wp-block-list\">\n<li><strong>Pedro FERRANDIZ<\/strong>UPMC engineer in agricultural engineering. Founder of Genodics. <\/li>\n\n\n\n<li><em>Interviewed by LOLA DENISAN<\/em><\/li>\n<\/ul>\n<\/div>\n<\/div>\n\n\n\n<hr class=\"wp-block-separator has-alpha-channel-opacity\"\/>\n\n\n\n<p>2025 <strong><strong><span style=\"color: #ff6600;\"><span class=\"s2\"><b>[ Serge Berthier: How does life produce colour?<\/b><\/span><\/span><\/strong><\/strong><\/p>\n\n\n\n<p style=\"font-size:15px\">How does life produce colour? Most often through structural effects. Serge Berthier has just returned from a scientific and photographic expedition to the tropical forests of Amazonia and South-East Asia. He will explain how many living organisms, such as insects and plants, produce astonishing optical phenomena such as bioluminescence, iridescence and fluorescence, which are still little explored. Surprising!<\/p>\n\n\n\n<div class=\"wp-block-columns is-layout-flex wp-container-core-columns-is-layout-9d6595d7 wp-block-columns-is-layout-flex\">\n<div class=\"wp-block-column is-layout-flow wp-block-column-is-layout-flow\" style=\"flex-basis:33.33%\">\n<figure class=\"wp-block-embed is-type-video is-provider-youtube wp-block-embed-youtube wp-embed-aspect-16-9 wp-has-aspect-ratio\"><div class=\"wp-block-embed__wrapper\">\n<div class=\"jetpack-video-wrapper\"><span class=\"embed-youtube\" style=\"text-align:center; display: block;\"><iframe loading=\"lazy\" class=\"youtube-player\" width=\"676\" height=\"381\" src=\"https:\/\/www.youtube.com\/embed\/AhcVqo3ZpH0?version=3&#038;rel=1&#038;showsearch=0&#038;showinfo=1&#038;iv_load_policy=1&#038;fs=1&#038;hl=en-GB&#038;autohide=2&#038;wmode=transparent\" allowfullscreen=\"true\" style=\"border:0;\" sandbox=\"allow-scripts allow-same-origin allow-popups allow-presentation allow-popups-to-escape-sandbox\"><\/iframe><\/span><\/div>\n<\/div><\/figure>\n<\/div>\n\n\n\n<div class=\"wp-block-column has-small-font-size is-layout-flow wp-block-column-is-layout-flow\" style=\"flex-basis:66.66%\">\n<ul style=\"font-size:15px\" class=\"wp-block-list\">\n<li><strong>Serge BERTHIER<\/strong>Physicist, Institut des nanosciences de Paris. Professor emeritus at Universit\u00e9 Paris Cit\u00e9. <\/li>\n\n\n\n<li><em>Interviewed by LOLA DENISAN<\/em><\/li>\n<\/ul>\n<\/div>\n<\/div>\n\n\n\n<hr class=\"wp-block-separator has-alpha-channel-opacity\"\/>\n\n\n\n<p>2025 <strong><strong><span style=\"color: #ff6600;\"><span class=\"s2\"><b>[Polar POD: why and how can we protect the Southern Ocean?<\/b><\/span><\/span><\/strong><\/strong><\/p>\n\n\n\n<p style=\"font-size:15px\">What better way to understand and protect the AUSTRAL ocean than with the Polar POD! A vertical oceanographic station designed to drift for three years in the Antarctic Circumpolar Current. With no engine, powered by six wind turbines and manoeuvrable by sail, it has zero emissions. This platform will enable continuous, multidisciplinary observation: air-sea exchanges of CO\u2082, biodiversity inventories using acoustics, contaminants, and satellite calibration using in situ observations.<\/p>\n\n\n\n<div class=\"wp-block-columns is-layout-flex wp-container-core-columns-is-layout-9d6595d7 wp-block-columns-is-layout-flex\">\n<div class=\"wp-block-column is-layout-flow wp-block-column-is-layout-flow\" style=\"flex-basis:33.33%\">\n<figure class=\"wp-block-embed is-type-video is-provider-youtube wp-block-embed-youtube wp-embed-aspect-16-9 wp-has-aspect-ratio\"><div class=\"wp-block-embed__wrapper\">\n<div class=\"jetpack-video-wrapper\"><span class=\"embed-youtube\" style=\"text-align:center; display: block;\"><iframe loading=\"lazy\" class=\"youtube-player\" width=\"676\" height=\"381\" src=\"https:\/\/www.youtube.com\/embed\/q_EKoU6ivV8?version=3&#038;rel=1&#038;showsearch=0&#038;showinfo=1&#038;iv_load_policy=1&#038;fs=1&#038;hl=en-GB&#038;autohide=2&#038;wmode=transparent\" allowfullscreen=\"true\" style=\"border:0;\" sandbox=\"allow-scripts allow-same-origin allow-popups allow-presentation allow-popups-to-escape-sandbox\"><\/iframe><\/span><\/div>\n<\/div><\/figure>\n<\/div>\n\n\n\n<div class=\"wp-block-column has-small-font-size is-layout-flow wp-block-column-is-layout-flow\" style=\"flex-basis:66.66%\">\n<ul style=\"font-size:15px\" class=\"wp-block-list\">\n<li><strong>Cl\u00e9ment Le Potier<\/strong>, The Polar POD Expedition is an educational and scientific expedition in the field. <\/li>\n\n\n\n<li><em>Interviewed by LOLA DENISAN<\/em><\/li>\n<\/ul>\n<\/div>\n<\/div>\n\n\n\n<hr class=\"wp-block-separator has-alpha-channel-opacity\"\/>\n\n\n\n<p>2025 <strong><strong><span style=\"color: #ff6600;\"><span class=\"s2\"><b>[ Bioregion Institute : unleashing fossil free and bio-based materials potential<\/b><\/span><\/span><\/strong><\/strong><\/p>\n\n\n\n<p style=\"font-size:15px\">Have you ever wondered what the materials of tomorrow will look like? Bioregion Institute, all the way from Norway, arrives with their hands full of circular solutions, biodegradable and biobased materials to build tomorrow's industry.<\/p>\n\n\n\n<div class=\"wp-block-columns is-layout-flex wp-container-core-columns-is-layout-9d6595d7 wp-block-columns-is-layout-flex\">\n<div class=\"wp-block-column is-layout-flow wp-block-column-is-layout-flow\" style=\"flex-basis:33.33%\">\n<figure class=\"wp-block-embed is-type-video is-provider-youtube wp-block-embed-youtube wp-embed-aspect-16-9 wp-has-aspect-ratio\"><div class=\"wp-block-embed__wrapper\">\n<div class=\"jetpack-video-wrapper\"><span class=\"embed-youtube\" style=\"text-align:center; display: block;\"><iframe loading=\"lazy\" class=\"youtube-player\" width=\"676\" height=\"381\" src=\"https:\/\/www.youtube.com\/embed\/LdHThcUeSZ8?version=3&#038;rel=1&#038;showsearch=0&#038;showinfo=1&#038;iv_load_policy=1&#038;fs=1&#038;hl=en-GB&#038;autohide=2&#038;wmode=transparent\" allowfullscreen=\"true\" style=\"border:0;\" sandbox=\"allow-scripts allow-same-origin allow-popups allow-presentation allow-popups-to-escape-sandbox\"><\/iframe><\/span><\/div>\n<\/div><\/figure>\n<\/div>\n\n\n\n<div class=\"wp-block-column has-small-font-size is-layout-flow wp-block-column-is-layout-flow\" style=\"flex-basis:66.66%\">\n<ul style=\"font-size:15px\" class=\"wp-block-list\">\n<li><strong>Birgitta RALSTON<\/strong>Designer, mentor, curator shaping a new regenerative modernity, and <strong>Alexandre BAU,<\/strong> Designer &amp; entrepreneur, unleashing fossil free and bio-based materials potential for industries and communities. <\/li>\n\n\n\n<li><em>Interviewed by LOLA DENISAN<\/em><\/li>\n<\/ul>\n<\/div>\n<\/div>\n\n\n\n<hr class=\"wp-block-separator has-alpha-channel-opacity\"\/>\n\n\n\n<p>2025 <strong><strong><span style=\"color: #ff6600;\"><span class=\"s2\"><b>[ NatExplore : Jane Hubert: incredible marine molecules!<\/b><\/span><\/span><\/strong><\/strong><\/p>\n\n\n\n<p style=\"font-size:15px\">Incredible marine molecules! Jane Hubert invites us to take a dive into the invisible, molecular marine biodiversity and its secrets! You'll never swim again without thinking about the ocean of life that surrounds you!<\/p>\n\n\n\n<div class=\"wp-block-columns is-layout-flex wp-container-core-columns-is-layout-9d6595d7 wp-block-columns-is-layout-flex\">\n<div class=\"wp-block-column is-layout-flow wp-block-column-is-layout-flow\" style=\"flex-basis:33.33%\">\n<figure class=\"wp-block-embed is-type-video is-provider-youtube wp-block-embed-youtube wp-embed-aspect-16-9 wp-has-aspect-ratio\"><div class=\"wp-block-embed__wrapper\">\n<div class=\"jetpack-video-wrapper\"><span class=\"embed-youtube\" style=\"text-align:center; display: block;\"><iframe loading=\"lazy\" class=\"youtube-player\" width=\"676\" height=\"381\" src=\"https:\/\/www.youtube.com\/embed\/3SqlPLE07ig?version=3&#038;rel=1&#038;showsearch=0&#038;showinfo=1&#038;iv_load_policy=1&#038;fs=1&#038;hl=en-GB&#038;autohide=2&#038;wmode=transparent\" allowfullscreen=\"true\" style=\"border:0;\" sandbox=\"allow-scripts allow-same-origin allow-popups allow-presentation allow-popups-to-escape-sandbox\"><\/iframe><\/span><\/div>\n<\/div><\/figure>\n<\/div>\n\n\n\n<div class=\"wp-block-column has-small-font-size is-layout-flow wp-block-column-is-layout-flow\" style=\"flex-basis:66.66%\">\n<ul style=\"font-size:15px\" class=\"wp-block-list\">\n<li><strong>Jane HUBERT<\/strong>Head of NatExplore, Doctor of Chemistry - HDR <\/li>\n\n\n\n<li><em>Interviewed by A\u00efna QUEIROZ<\/em><\/li>\n<\/ul>\n<\/div>\n<\/div>\n\n\n\n<hr class=\"wp-block-separator has-alpha-channel-opacity\"\/>\n\n\n\n<p>2025 <strong><strong><span style=\"color: #ff6600;\"><span class=\"s2\"><b>[ D\u00e9borah Pardo: Changing our lives to protect biodiversity<\/b><\/span><\/span><\/strong><\/strong><\/p>\n\n\n\n<p style=\"font-size:15px\">A career and a personality! Why, as she puts it, did she \u00abditch\u00bb a promising scientific career in biodiversity research to do something different and try to make a more tangible impact in the face of the ecological emergency? With singularity and enthusiasm. D\u00e9borah will also tell us about the polar \u00abbreak\u00bb she has just experienced!<\/p>\n\n\n\n<div class=\"wp-block-columns is-layout-flex wp-container-core-columns-is-layout-9d6595d7 wp-block-columns-is-layout-flex\">\n<div class=\"wp-block-column is-layout-flow wp-block-column-is-layout-flow\" style=\"flex-basis:33.33%\">\n<figure class=\"wp-block-embed is-type-video is-provider-youtube wp-block-embed-youtube wp-embed-aspect-16-9 wp-has-aspect-ratio\"><div class=\"wp-block-embed__wrapper\">\n<div class=\"jetpack-video-wrapper\"><span class=\"embed-youtube\" style=\"text-align:center; display: block;\"><iframe loading=\"lazy\" class=\"youtube-player\" width=\"676\" height=\"381\" src=\"https:\/\/www.youtube.com\/embed\/Nh_IRsA1oPg?version=3&#038;rel=1&#038;showsearch=0&#038;showinfo=1&#038;iv_load_policy=1&#038;fs=1&#038;hl=en-GB&#038;autohide=2&#038;wmode=transparent\" allowfullscreen=\"true\" style=\"border:0;\" sandbox=\"allow-scripts allow-same-origin allow-popups allow-presentation allow-popups-to-escape-sandbox\"><\/iframe><\/span><\/div>\n<\/div><\/figure>\n<\/div>\n\n\n\n<div class=\"wp-block-column has-small-font-size is-layout-flow wp-block-column-is-layout-flow\" style=\"flex-basis:66.66%\">\n<ul style=\"font-size:15px\" class=\"wp-block-list\">\n<li><strong>D\u00e9borah PARDO<\/strong>Impact scientist and environmental lecturer; albatross specialist; ... and also Administrator of the Parc national des Calanques.<\/li>\n\n\n\n<li><em>Interviewed by A\u00efna QUEIROZ<\/em><\/li>\n<\/ul>\n<\/div>\n<\/div>\n\n\n\n<hr class=\"wp-block-separator has-alpha-channel-opacity\"\/>\n\n\n\n<p>2025 <strong><strong><span style=\"color: #ff6600;\"><span class=\"s2\"><b>[ Nausicaa Endowment Fund<\/b> instructions for use and current operations<\/span><\/span><\/strong><\/strong><\/p>\n\n\n\n<p style=\"font-size:15px\">Matthias has a golden job, blue! He spends his money helping and developing innovative, bold and high-impact projects aimed at protecting and restoring marine ecosystems and biodiversity! He'll be explaining how and telling us more specifically about \u00abCoral Resilience\u00bb, a pioneering programme dedicated to restoring coral reefs that he has just launched with the Nausicaa Endowment Fund.<\/p>\n\n\n\n<div class=\"wp-block-columns is-layout-flex wp-container-core-columns-is-layout-9d6595d7 wp-block-columns-is-layout-flex\">\n<div class=\"wp-block-column is-layout-flow wp-block-column-is-layout-flow\" style=\"flex-basis:33.33%\">\n<figure class=\"wp-block-embed is-type-video is-provider-youtube wp-block-embed-youtube wp-embed-aspect-16-9 wp-has-aspect-ratio\"><div class=\"wp-block-embed__wrapper\">\n<div class=\"jetpack-video-wrapper\"><span class=\"embed-youtube\" style=\"text-align:center; display: block;\"><iframe loading=\"lazy\" class=\"youtube-player\" width=\"676\" height=\"381\" src=\"https:\/\/www.youtube.com\/embed\/EIUdZQ65qVE?version=3&#038;rel=1&#038;showsearch=0&#038;showinfo=1&#038;iv_load_policy=1&#038;fs=1&#038;hl=en-GB&#038;autohide=2&#038;wmode=transparent\" allowfullscreen=\"true\" style=\"border:0;\" sandbox=\"allow-scripts allow-same-origin allow-popups allow-presentation allow-popups-to-escape-sandbox\"><\/iframe><\/span><\/div>\n<\/div><\/figure>\n<\/div>\n\n\n\n<div class=\"wp-block-column has-small-font-size is-layout-flow wp-block-column-is-layout-flow\" style=\"flex-basis:66.66%\">\n<ul style=\"font-size:15px\" class=\"wp-block-list\">\n<li><strong>Matthias PASCHAL<\/strong>Head of the Nausicaa Endowment Fund. <\/li>\n\n\n\n<li><em>Interviewed by A\u00efna QUEIROZ<\/em><\/li>\n<\/ul>\n<\/div>\n<\/div>\n\n\n\n<hr class=\"wp-block-separator has-alpha-channel-opacity\"\/>\n\n\n\n<p>2024 <strong><strong><span style=\"color: #ff6600;\"><span class=\"s2\"><b>[ WHY IS IT MOVING?<\/b><\/span><\/span><\/strong><\/strong><\/p>\n\n\n\n<p style=\"font-size:15px\"> Why is biomimicry accelerating and emerging as a new paradigm for overcoming the crisis? A review of trends and news on the rise of biomimicry.<\/p>\n\n\n\n<div class=\"wp-block-columns is-layout-flex wp-container-core-columns-is-layout-9d6595d7 wp-block-columns-is-layout-flex\">\n<div class=\"wp-block-column is-layout-flow wp-block-column-is-layout-flow\" style=\"flex-basis:33.33%\">\n<figure class=\"wp-block-embed is-type-video is-provider-youtube wp-block-embed-youtube wp-embed-aspect-16-9 wp-has-aspect-ratio\"><div class=\"wp-block-embed__wrapper\">\n<div class=\"jetpack-video-wrapper\"><span class=\"embed-youtube\" style=\"text-align:center; display: block;\"><iframe loading=\"lazy\" class=\"youtube-player\" width=\"676\" height=\"381\" src=\"https:\/\/www.youtube.com\/embed\/OYX9n3l2laU?version=3&#038;rel=1&#038;showsearch=0&#038;showinfo=1&#038;iv_load_policy=1&#038;fs=1&#038;hl=en-GB&#038;autohide=2&#038;wmode=transparent\" allowfullscreen=\"true\" style=\"border:0;\" sandbox=\"allow-scripts allow-same-origin allow-popups allow-presentation allow-popups-to-escape-sandbox\"><\/iframe><\/span><\/div>\n<\/div><\/figure>\n<\/div>\n\n\n\n<div class=\"wp-block-column has-small-font-size is-layout-flow wp-block-column-is-layout-flow\" style=\"flex-basis:66.66%\">\n<ul style=\"font-size:15px\" class=\"wp-block-list\">\n<li><strong>Alain RENAUDIN<\/strong>. Chairman of NewCorp Conseil, founder of Biomim'expo.<\/li>\n<\/ul>\n<\/div>\n<\/div>\n\n\n\n<hr class=\"wp-block-separator has-alpha-channel-opacity\"\/>\n\n\n\n<p>2024 <strong><strong><span style=\"color: #ff6600;\"><span class=\"s2\"><b>[ WHICH NEW MATERIALS TO CHOOSE? HOW TO FIND YOUR WAY AROUND? <\/b><\/span><\/span><\/strong><\/strong><\/p>\n\n\n\n<div class=\"wp-block-columns is-layout-flex wp-container-core-columns-is-layout-9d6595d7 wp-block-columns-is-layout-flex\">\n<div class=\"wp-block-column is-layout-flow wp-block-column-is-layout-flow\" style=\"flex-basis:33.33%\">\n<figure class=\"wp-block-embed is-type-video is-provider-youtube wp-block-embed-youtube wp-embed-aspect-16-9 wp-has-aspect-ratio\"><div class=\"wp-block-embed__wrapper\">\n<div class=\"jetpack-video-wrapper\"><span class=\"embed-youtube\" style=\"text-align:center; display: block;\"><iframe loading=\"lazy\" class=\"youtube-player\" width=\"676\" height=\"381\" src=\"https:\/\/www.youtube.com\/embed\/vUFZm6qBm3U?version=3&#038;rel=1&#038;showsearch=0&#038;showinfo=1&#038;iv_load_policy=1&#038;fs=1&#038;hl=en-GB&#038;autohide=2&#038;wmode=transparent\" allowfullscreen=\"true\" style=\"border:0;\" sandbox=\"allow-scripts allow-same-origin allow-popups allow-presentation allow-popups-to-escape-sandbox\"><\/iframe><\/span><\/div>\n<\/div><\/figure>\n<\/div>\n\n\n\n<div class=\"wp-block-column is-layout-flow wp-block-column-is-layout-flow\" style=\"flex-basis:66.66%\">\n<ul style=\"font-size:15px\" class=\"wp-block-list\">\n<li><strong>Simon MANDIN<\/strong>. Stylist, designer, founder of La Boite Bienfaite.<\/li>\n\n\n\n<li><strong>\u00c9l\u00e9onore HUCLIEZ<\/strong>. Architect, founder of the LA MAT agency.<\/li>\n<\/ul>\n<\/div>\n<\/div>\n\n\n\n<hr class=\"wp-block-separator has-alpha-channel-opacity\"\/>\n\n\n\n<p>2024 <strong><strong><span style=\"color: #ff6600;\"><span class=\"s2\"><b>[ 3 STARTUPS INVENTING THE BIO-INSPIRED MATERIALS OF TOMORROW<\/b><\/span><\/span><\/strong><\/strong><\/p>\n\n\n\n<div class=\"wp-block-columns is-layout-flex wp-container-core-columns-is-layout-9d6595d7 wp-block-columns-is-layout-flex\">\n<div class=\"wp-block-column is-layout-flow wp-block-column-is-layout-flow\" style=\"flex-basis:33.33%\">\n<figure class=\"wp-block-embed is-type-video is-provider-youtube wp-block-embed-youtube wp-embed-aspect-16-9 wp-has-aspect-ratio\"><div class=\"wp-block-embed__wrapper\">\n<div class=\"jetpack-video-wrapper\"><span class=\"embed-youtube\" style=\"text-align:center; display: block;\"><iframe loading=\"lazy\" class=\"youtube-player\" width=\"676\" height=\"381\" src=\"https:\/\/www.youtube.com\/embed\/FXnzTiylnbw?version=3&#038;rel=1&#038;showsearch=0&#038;showinfo=1&#038;iv_load_policy=1&#038;fs=1&#038;hl=en-GB&#038;autohide=2&#038;wmode=transparent\" allowfullscreen=\"true\" style=\"border:0;\" sandbox=\"allow-scripts allow-same-origin allow-popups allow-presentation allow-popups-to-escape-sandbox\"><\/iframe><\/span><\/div>\n<\/div><\/figure>\n<\/div>\n\n\n\n<div class=\"wp-block-column is-layout-flow wp-block-column-is-layout-flow\" style=\"flex-basis:66.66%\">\n<ul style=\"font-size:15px\" class=\"wp-block-list\">\n<li><strong>Mariana DOMINGUEZ<\/strong>. Fungus Sapiens: the first mycelium-based vegan leather alternative, 100% compostable and made in France.<\/li>\n\n\n\n<li><strong>R\u00e9mi LAURANT<\/strong>Embelium: eco-design of packaging and natural 100% boxes based on mycelium.<\/li>\n\n\n\n<li><strong>Robin MAQUET<\/strong>Bysco: Manufacturer of non-woven, custom-made bio-based materials made from mould byssus.<\/li>\n<\/ul>\n<\/div>\n<\/div>\n\n\n\n<hr class=\"wp-block-separator has-alpha-channel-opacity\"\/>\n\n\n\n<p>2024 <strong><strong><span style=\"color: #ff6600;\"><span class=\"s2\"><b>[ GENERATIVE IA AT THE SERVICE OF BIO-INSPIRED INNOVATION <\/b><\/span><\/span><\/strong><\/strong><\/p>\n\n\n\n<div class=\"wp-block-columns is-layout-flex wp-container-core-columns-is-layout-9d6595d7 wp-block-columns-is-layout-flex\">\n<div class=\"wp-block-column is-layout-flow wp-block-column-is-layout-flow\" style=\"flex-basis:33.33%\">\n<figure class=\"wp-block-embed is-type-video is-provider-youtube wp-block-embed-youtube wp-embed-aspect-16-9 wp-has-aspect-ratio\"><div class=\"wp-block-embed__wrapper\">\n<div class=\"jetpack-video-wrapper\"><span class=\"embed-youtube\" style=\"text-align:center; display: block;\"><iframe loading=\"lazy\" class=\"youtube-player\" width=\"676\" height=\"381\" src=\"https:\/\/www.youtube.com\/embed\/VhhW7GgIh4Q?version=3&#038;rel=1&#038;showsearch=0&#038;showinfo=1&#038;iv_load_policy=1&#038;fs=1&#038;hl=en-GB&#038;autohide=2&#038;wmode=transparent\" allowfullscreen=\"true\" style=\"border:0;\" sandbox=\"allow-scripts allow-same-origin allow-popups allow-presentation allow-popups-to-escape-sandbox\"><\/iframe><\/span><\/div>\n<\/div><\/figure>\n<\/div>\n\n\n\n<div class=\"wp-block-column is-layout-flow wp-block-column-is-layout-flow\" style=\"flex-basis:66.66%\">\n<ul style=\"font-size:15px\" class=\"wp-block-list\">\n<li><strong>Nikolay TCHAKAROV<\/strong>, Ceebios expert, unveils BiOMIg_search: the biomimeticist's search engine! &gt;&gt; Using Artificial Intelligence, Biomig_search scans 250 million scientific articles to extract 4 million relevant articles, 1 million biological models, and the design principles and mechanisms essential to biomimetic innovation.<\/li>\n<\/ul>\n<\/div>\n<\/div>\n\n\n\n<hr class=\"wp-block-separator has-alpha-channel-opacity\"\/>\n\n\n\n<p>2024 <strong><strong><span style=\"color: #ff6600;\"><span class=\"s2\"><b>[ MODELS AND INNOVATIVE ALTERNATIVES, AGRICULTURE IS ALREADY REINVENTING ITSELF <\/b><\/span><\/span><\/strong><\/strong><\/p>\n\n\n\n<div class=\"wp-block-columns is-layout-flex wp-container-core-columns-is-layout-9d6595d7 wp-block-columns-is-layout-flex\">\n<div class=\"wp-block-column is-layout-flow wp-block-column-is-layout-flow\" style=\"flex-basis:33.33%\">\n<figure class=\"wp-block-embed is-type-video is-provider-youtube wp-block-embed-youtube wp-embed-aspect-16-9 wp-has-aspect-ratio\"><div class=\"wp-block-embed__wrapper\">\n<div class=\"jetpack-video-wrapper\"><span class=\"embed-youtube\" style=\"text-align:center; display: block;\"><iframe loading=\"lazy\" class=\"youtube-player\" width=\"676\" height=\"381\" src=\"https:\/\/www.youtube.com\/embed\/rgH5EfbICPQ?version=3&#038;rel=1&#038;showsearch=0&#038;showinfo=1&#038;iv_load_policy=1&#038;fs=1&#038;hl=en-GB&#038;autohide=2&#038;wmode=transparent\" allowfullscreen=\"true\" style=\"border:0;\" sandbox=\"allow-scripts allow-same-origin allow-popups allow-presentation allow-popups-to-escape-sandbox\"><\/iframe><\/span><\/div>\n<\/div><\/figure>\n<\/div>\n\n\n\n<div class=\"wp-block-column is-layout-flow wp-block-column-is-layout-flow\" style=\"flex-basis:66.66%\">\n<ul style=\"font-size:15px\" class=\"wp-block-list\">\n<li><strong>Marion ENZER<\/strong>. Director of Fermes d'Avenir. &gt;&gt; Mosaic farming, when resilience requires diversification of models, concrete examples and feedback.<\/li>\n\n\n\n<li><strong>Johann FOURNIL<\/strong>. Director of Communications and Partnerships, M2I. &gt;&gt; Science and bio-inspiration are opening up new perspectives. A look back at the success of M2i's biocontrol solutions as alternatives to pesticides.<\/li>\n\n\n\n<li><strong>S\u00e9bastien ROUMEGOUS<\/strong>. CEO Biosph\u00e8res. &gt;&gt; For an agriculture that not only produces, but also regenerates ecosystems.<\/li>\n\n\n\n<li><strong>P\u00e9dro FERRANDIZ and Olivier GALLET<\/strong>. Genodics and CY CERGY PARIS UNIVERSITE - ERRMECE laboratory. &gt;&gt; Music to combat the impact of climate change and reduce the use of plant protection products in agriculture? This is already a reality with \u00abproteodies\u00bb or the music of proteins. Nature is also \u00abmusic\u00bb: discover how to communicate with living things using one of nature's secret languages!<\/li>\n<\/ul>\n<\/div>\n<\/div>\n\n\n\n<hr class=\"wp-block-separator has-alpha-channel-opacity\"\/>\n\n\n\n<p id=\"blondeau2024\">2024 <strong><strong><span style=\"color: #ff6600;\"><span class=\"s2\"><b>[ ANOTHER WAY OF LOOKING AT THE WORLD <\/b><\/span><\/span><\/strong><\/strong><\/p>\n\n\n\n<p style=\"font-size:15px\">Because it has become vital to improve our perception of the world, we need to work collectively on a new cosmography, a different way of looking at the territory.<\/p>\n\n\n\n<div class=\"wp-block-columns is-layout-flex wp-container-core-columns-is-layout-9d6595d7 wp-block-columns-is-layout-flex\">\n<div class=\"wp-block-column is-layout-flow wp-block-column-is-layout-flow\" style=\"flex-basis:33.33%\">\n<figure class=\"wp-block-embed is-type-video is-provider-youtube wp-block-embed-youtube wp-embed-aspect-16-9 wp-has-aspect-ratio\"><div class=\"wp-block-embed__wrapper\">\n<div class=\"jetpack-video-wrapper\"><span class=\"embed-youtube\" style=\"text-align:center; display: block;\"><iframe loading=\"lazy\" class=\"youtube-player\" width=\"676\" height=\"381\" src=\"https:\/\/www.youtube.com\/embed\/v04P9BYZmeE?version=3&#038;rel=1&#038;showsearch=0&#038;showinfo=1&#038;iv_load_policy=1&#038;fs=1&#038;hl=en-GB&#038;autohide=2&#038;wmode=transparent\" allowfullscreen=\"true\" style=\"border:0;\" sandbox=\"allow-scripts allow-same-origin allow-popups allow-presentation allow-popups-to-escape-sandbox\"><\/iframe><\/span><\/div>\n<\/div><\/figure>\n<\/div>\n\n\n\n<div class=\"wp-block-column is-layout-flow wp-block-column-is-layout-flow\" style=\"flex-basis:66.66%\">\n<ul style=\"font-size:15px\" class=\"wp-block-list\">\n<li><strong>Maxime BLONDEAU<\/strong>. Cosmographer, author and lecturer. Lecturer at Sciences Po Paris and Mines Paris Tech. Co-founder of Printemps \u00e9cologique, Sailcoop and Alma Mater.<\/li>\n<\/ul>\n<\/div>\n<\/div>\n\n\n\n<hr class=\"wp-block-separator has-alpha-channel-opacity\"\/>\n\n\n\n<p>2024 <strong><strong><span style=\"color: #ff6600;\"><span class=\"s2\"><b>[ AND WHAT IF BIOMIMICRY ALSO REINVENTED COOKING? <\/b><\/span><\/span><\/strong><\/strong><\/p>\n\n\n\n<p style=\"font-size:15px\">They are both passionate about what Nature has to teach us, and convinced that it can help us innovate and even revolutionise our habits and practices! Including - and perhaps especially - the way we cook and eat. So let's get cooking! You'll be surprised!<\/p>\n\n\n\n<div class=\"wp-block-columns is-layout-flex wp-container-core-columns-is-layout-9d6595d7 wp-block-columns-is-layout-flex\">\n<div class=\"wp-block-column is-layout-flow wp-block-column-is-layout-flow\" style=\"flex-basis:33.33%\">\n<figure class=\"wp-block-embed is-type-video is-provider-youtube wp-block-embed-youtube wp-embed-aspect-16-9 wp-has-aspect-ratio\"><div class=\"wp-block-embed__wrapper\">\n<div class=\"jetpack-video-wrapper\"><span class=\"embed-youtube\" style=\"text-align:center; display: block;\"><iframe loading=\"lazy\" class=\"youtube-player\" width=\"676\" height=\"381\" src=\"https:\/\/www.youtube.com\/embed\/EcM0kgT7278?version=3&#038;rel=1&#038;showsearch=0&#038;showinfo=1&#038;iv_load_policy=1&#038;fs=1&#038;hl=en-GB&#038;autohide=2&#038;wmode=transparent\" allowfullscreen=\"true\" style=\"border:0;\" sandbox=\"allow-scripts allow-same-origin allow-popups allow-presentation allow-popups-to-escape-sandbox\"><\/iframe><\/span><\/div>\n<\/div><\/figure>\n<\/div>\n\n\n\n<div class=\"wp-block-column is-layout-flow wp-block-column-is-layout-flow\" style=\"flex-basis:66.66%\">\n<ul style=\"font-size:15px\" class=\"wp-block-list\">\n<li><strong>Thierry MARX<\/strong>. Starred chef. Founding member of the Coll\u00e8ge Culinaire de France. Author.<\/li>\n\n\n\n<li><strong>Rapha\u00ebl HAUMONT<\/strong>. Researcher in physical chemistry of materials. Professor at the University of Paris-Saclay. University Chair in \"Cuisine of the Future\". French Centre for Culinary Innovation. Author of the book.<\/li>\n<\/ul>\n<\/div>\n<\/div>\n\n\n\n<hr class=\"wp-block-separator has-alpha-channel-opacity\"\/>\n\n\n\n<p>2024 <strong><strong><span style=\"color: #ff6600;\"><span class=\"s2\"><b>[ WATER, THE NEW CHALLENGE <\/b><\/span><\/span><\/strong><\/strong><\/p>\n\n\n\n<p style=\"font-size:15px\">Why has water become humanity's new challenge, and how can we meet it?<\/p>\n\n\n\n<div class=\"wp-block-columns is-layout-flex wp-container-core-columns-is-layout-9d6595d7 wp-block-columns-is-layout-flex\">\n<div class=\"wp-block-column is-layout-flow wp-block-column-is-layout-flow\" style=\"flex-basis:33.33%\">\n<figure class=\"wp-block-embed is-type-video is-provider-youtube wp-block-embed-youtube wp-embed-aspect-16-9 wp-has-aspect-ratio\"><div class=\"wp-block-embed__wrapper\">\n<div class=\"jetpack-video-wrapper\"><span class=\"embed-youtube\" style=\"text-align:center; display: block;\"><iframe loading=\"lazy\" class=\"youtube-player\" width=\"676\" height=\"381\" src=\"https:\/\/www.youtube.com\/embed\/3b09ufYbxSw?version=3&#038;rel=1&#038;showsearch=0&#038;showinfo=1&#038;iv_load_policy=1&#038;fs=1&#038;hl=en-GB&#038;autohide=2&#038;wmode=transparent\" allowfullscreen=\"true\" style=\"border:0;\" sandbox=\"allow-scripts allow-same-origin allow-popups allow-presentation allow-popups-to-escape-sandbox\"><\/iframe><\/span><\/div>\n<\/div><\/figure>\n<\/div>\n\n\n\n<div class=\"wp-block-column is-layout-flow wp-block-column-is-layout-flow\" style=\"flex-basis:66.66%\">\n<ul style=\"font-size:15px\" class=\"wp-block-list\">\n<li style=\"font-size:15px\"><strong>Charl\u00e8ne DESCOLLONGES<\/strong>. Co-founder of Pour une Hydrologie R\u00e9g\u00e9n\u00e9rative. Author and lecturer.<\/li>\n<\/ul>\n<\/div>\n<\/div>\n\n\n\n<hr class=\"wp-block-separator has-alpha-channel-opacity\"\/>\n\n\n\n<p>2024 <strong><strong><span style=\"color: #ff6600;\"><span class=\"s2\"><b>[ 2 STARTUPS RECREATING THE WATER CYCLE <\/b><\/span><\/span><\/strong><\/strong><\/p>\n\n\n\n<div class=\"wp-block-columns is-layout-flex wp-container-core-columns-is-layout-9d6595d7 wp-block-columns-is-layout-flex\">\n<div class=\"wp-block-column is-layout-flow wp-block-column-is-layout-flow\" style=\"flex-basis:33.33%\">\n<figure class=\"wp-block-embed is-type-video is-provider-youtube wp-block-embed-youtube wp-embed-aspect-16-9 wp-has-aspect-ratio\"><div class=\"wp-block-embed__wrapper\">\n<div class=\"jetpack-video-wrapper\"><span class=\"embed-youtube\" style=\"text-align:center; display: block;\"><iframe loading=\"lazy\" class=\"youtube-player\" width=\"676\" height=\"381\" src=\"https:\/\/www.youtube.com\/embed\/6rubWzYnzQI?version=3&#038;rel=1&#038;showsearch=0&#038;showinfo=1&#038;iv_load_policy=1&#038;fs=1&#038;hl=en-GB&#038;autohide=2&#038;wmode=transparent\" allowfullscreen=\"true\" style=\"border:0;\" sandbox=\"allow-scripts allow-same-origin allow-popups allow-presentation allow-popups-to-escape-sandbox\"><\/iframe><\/span><\/div>\n<\/div><\/figure>\n<\/div>\n\n\n\n<div class=\"wp-block-column is-layout-flow wp-block-column-is-layout-flow\" style=\"flex-basis:66.66%\">\n<ul style=\"font-size:15px\" class=\"wp-block-list\">\n<li><strong>Baptiste LAURENT<\/strong>Vertuo: a turnkey solution that reproduces the natural urban water cycle.<\/li>\n\n\n\n<li><strong>Richard VINCENT<\/strong>. Molocan: bio-inspired water capture solution.<\/li>\n<\/ul>\n<\/div>\n<\/div>\n\n\n\n<hr class=\"wp-block-separator has-alpha-channel-opacity\"\/>\n\n\n\n<p>2024 <strong><strong><span style=\"color: #ff6600;\"><span class=\"s2\"><b>[ THE OCEAN, OUR FUTURE <\/b><\/span><\/span><\/strong><\/strong><\/p>\n\n\n\n<div class=\"wp-block-columns is-layout-flex wp-container-core-columns-is-layout-9d6595d7 wp-block-columns-is-layout-flex\">\n<div class=\"wp-block-column is-layout-flow wp-block-column-is-layout-flow\" style=\"flex-basis:33.33%\">\n<figure class=\"wp-block-embed is-type-video is-provider-youtube wp-block-embed-youtube wp-embed-aspect-16-9 wp-has-aspect-ratio\"><div class=\"wp-block-embed__wrapper\">\n<div class=\"jetpack-video-wrapper\"><span class=\"embed-youtube\" style=\"text-align:center; display: block;\"><iframe loading=\"lazy\" class=\"youtube-player\" width=\"676\" height=\"381\" src=\"https:\/\/www.youtube.com\/embed\/Owg6F4lA3JQ?version=3&#038;rel=1&#038;showsearch=0&#038;showinfo=1&#038;iv_load_policy=1&#038;fs=1&#038;hl=en-GB&#038;autohide=2&#038;wmode=transparent\" allowfullscreen=\"true\" style=\"border:0;\" sandbox=\"allow-scripts allow-same-origin allow-popups allow-presentation allow-popups-to-escape-sandbox\"><\/iframe><\/span><\/div>\n<\/div><\/figure>\n<\/div>\n\n\n\n<div class=\"wp-block-column is-layout-flow wp-block-column-is-layout-flow\" style=\"flex-basis:66.66%\">\n<ul style=\"font-size:15px\" class=\"wp-block-list\">\n<li>Hosted by <strong>Stacy ALGRAIN. <\/strong>Journalist<strong>. <\/strong>Guest speaker.<\/li>\n\n\n\n<li><strong>Xavier BOUGEARD<\/strong>. Scientific and environmental mediator for the Fresque Oc\u00e9ane. &gt;&gt; The essential reference points for understanding and taking action.<\/li>\n\n\n\n<li><strong>Cl\u00e9ment POURTAL<\/strong>. Marine conservation specialist and founder of The Blue Quest. &gt;&gt; Let's go diving on the island of \u00abPalawan\u00bb, to discover an incredible project to restore a coral reef, a marine protected area.<\/li>\n\n\n\n<li><strong>Jeimila DONTY<\/strong>. Founder of Kora\u00ef. &gt;&gt; To make economic activities compatible with the restoration of biodiversity, presentation of the actions Kora\u00ef is carrying out for you on the ground, between land and sea, from mangroves to coral reefs.<\/li>\n\n\n\n<li><strong>Robin ALAUZE<\/strong>. Founder of Lineup Ocean. &gt;&gt; How to draw inspiration from Living Things to promote coastal resilience by protecting marine ecosystems and people.<\/li>\n<\/ul>\n<\/div>\n<\/div>\n\n\n\n<hr class=\"wp-block-separator has-alpha-channel-opacity\"\/>\n\n\n\n<p>2024 <strong><strong><span style=\"color: #ff6600;\"><span class=\"s2\"><b>[ INCREDIBLE ALGAE AND DIATOMS! <\/b><\/span><\/span><\/strong><\/strong><\/p>\n\n\n\n<div class=\"wp-block-columns is-layout-flex wp-container-core-columns-is-layout-9d6595d7 wp-block-columns-is-layout-flex\">\n<div class=\"wp-block-column is-layout-flow wp-block-column-is-layout-flow\" style=\"flex-basis:33.33%\">\n<figure class=\"wp-block-embed is-type-video is-provider-youtube wp-block-embed-youtube wp-embed-aspect-16-9 wp-has-aspect-ratio\"><div class=\"wp-block-embed__wrapper\">\n<div class=\"jetpack-video-wrapper\"><span class=\"embed-youtube\" style=\"text-align:center; display: block;\"><iframe loading=\"lazy\" class=\"youtube-player\" width=\"676\" height=\"381\" src=\"https:\/\/www.youtube.com\/embed\/HDmSQgAnXno?version=3&#038;rel=1&#038;showsearch=0&#038;showinfo=1&#038;iv_load_policy=1&#038;fs=1&#038;hl=en-GB&#038;autohide=2&#038;wmode=transparent\" allowfullscreen=\"true\" style=\"border:0;\" sandbox=\"allow-scripts allow-same-origin allow-popups allow-presentation allow-popups-to-escape-sandbox\"><\/iframe><\/span><\/div>\n<\/div><\/figure>\n<\/div>\n\n\n\n<div class=\"wp-block-column is-layout-flow wp-block-column-is-layout-flow\" style=\"flex-basis:66.66%\">\n<ul style=\"font-size:15px\" class=\"wp-block-list\">\n<li><strong>Sylvain CARCELLE<\/strong>. Business Development Manager at Carbonworks. &gt;&gt; New decarbonisation solutions by unlocking the potential of microalgae.<\/li>\n\n\n\n<li><strong>Juliette KARPIEL<\/strong>. PhD in physico-chemistry of materials, PURENAT. &gt;&gt; The future of air pollution control thanks to an active textile inspired by diatoms.<\/li>\n\n\n\n<li><strong>Cyrielle HOUDIN<\/strong>. (or other representative). Active Ingredients Marketing Manager, MICROPHYT. &gt;&gt; Natural bioactive compounds derived from microalgae using biomimetic technologies and processes.<\/li>\n<\/ul>\n<\/div>\n<\/div>\n\n\n\n<hr class=\"wp-block-separator has-alpha-channel-opacity\"\/>\n\n\n\n<p>2024 <strong><strong><span style=\"color: #ff6600;\"><span class=\"s2\"><b>[ HOW TO COMBINE SPORTING AND ENVIRONMENTAL PERFORMANCE? <\/b><\/span><\/span><\/strong><\/strong><\/p>\n\n\n\n<p style=\"font-size:15px\">Drawing inspiration from Nature's super champions to reconcile High Performance and Eco-responsibility. Presentation of the Zephir project. You'll be amazed at the link between world records in board sports, high-level sport, bio-inspiration, engineering and the industry of tomorrow!<\/p>\n\n\n\n<div class=\"wp-block-columns is-layout-flex wp-container-core-columns-is-layout-9d6595d7 wp-block-columns-is-layout-flex\">\n<div class=\"wp-block-column is-layout-flow wp-block-column-is-layout-flow\" style=\"flex-basis:33.33%\">\n<figure class=\"wp-block-embed is-type-video is-provider-youtube wp-block-embed-youtube wp-embed-aspect-16-9 wp-has-aspect-ratio\"><div class=\"wp-block-embed__wrapper\">\n<div class=\"jetpack-video-wrapper\"><span class=\"embed-youtube\" style=\"text-align:center; display: block;\"><iframe loading=\"lazy\" class=\"youtube-player\" width=\"676\" height=\"381\" src=\"https:\/\/www.youtube.com\/embed\/NzDx4nK8XDo?version=3&#038;rel=1&#038;showsearch=0&#038;showinfo=1&#038;iv_load_policy=1&#038;fs=1&#038;hl=en-GB&#038;autohide=2&#038;wmode=transparent\" allowfullscreen=\"true\" style=\"border:0;\" sandbox=\"allow-scripts allow-same-origin allow-popups allow-presentation allow-popups-to-escape-sandbox\"><\/iframe><\/span><\/div>\n<\/div><\/figure>\n<\/div>\n\n\n\n<div class=\"wp-block-column is-layout-flow wp-block-column-is-layout-flow\" style=\"flex-basis:66.66%\">\n<ul style=\"font-size:15px\" class=\"wp-block-list\">\n<li><strong>Antoine ALBEAU<\/strong>. 26 times world windsurfing champion. Co-founder of the Zephir project.<\/li>\n\n\n\n<li><strong>Marc AMERIGO<\/strong>. Engineer, lecturer and entrepreneur. Co-founder of the Zephir project.<\/li>\n<\/ul>\n<\/div>\n<\/div>\n\n\n\n<hr class=\"wp-block-separator has-alpha-channel-opacity\"\/>\n\n\n\n<p>2024 <strong><strong><span style=\"color: #ff6600;\"><span class=\"s2\"><b>[ NEW WAYS OF THINKING TO MAKE ECOLOGY DESIRABLE <\/b><\/span><\/span><\/strong><\/strong><\/p>\n\n\n\n<p style=\"font-size:15px\">Imaginary content shapes our relationship with the world, influences our lifestyles, gives meaning to our actions and encourages us to adopt new behaviours. How can we propose - at long last - a positive and desirable approach to ecology and a new relationship with the world and the future? We need to break the deadlock of a cold, restrictive, moralising or dogmatic vision, and propose a transition in our relationship with ecology, for a new systemic and aspirational narrative, compatible with planetary limits, consistent with the cycles of living beings, universal and re-enchanting our imagination and our desire for the future.<\/p>\n\n\n\n<div class=\"wp-block-columns is-layout-flex wp-container-core-columns-is-layout-9d6595d7 wp-block-columns-is-layout-flex\">\n<div class=\"wp-block-column is-layout-flow wp-block-column-is-layout-flow\" style=\"flex-basis:33.33%\">\n<figure class=\"wp-block-embed is-type-video is-provider-youtube wp-block-embed-youtube wp-embed-aspect-16-9 wp-has-aspect-ratio\"><div class=\"wp-block-embed__wrapper\">\n<div class=\"jetpack-video-wrapper\"><span class=\"embed-youtube\" style=\"text-align:center; display: block;\"><iframe loading=\"lazy\" class=\"youtube-player\" width=\"676\" height=\"381\" src=\"https:\/\/www.youtube.com\/embed\/69I269_uLPg?version=3&#038;rel=1&#038;showsearch=0&#038;showinfo=1&#038;iv_load_policy=1&#038;fs=1&#038;hl=en-GB&#038;autohide=2&#038;wmode=transparent\" allowfullscreen=\"true\" style=\"border:0;\" sandbox=\"allow-scripts allow-same-origin allow-popups allow-presentation allow-popups-to-escape-sandbox\"><\/iframe><\/span><\/div>\n<\/div><\/figure>\n<\/div>\n\n\n\n<div class=\"wp-block-column is-layout-flow wp-block-column-is-layout-flow\" style=\"flex-basis:66.66%\">\n<ul style=\"font-size:15px\" class=\"wp-block-list\">\n<li><strong>J\u00e9r\u00e9my DUMONT<\/strong>. Strategic planning. Experience design. Founder of \"Nous sommes Vivants\". Lecturer. <\/li>\n<\/ul>\n<\/div>\n<\/div>\n\n\n\n<hr class=\"wp-block-separator has-alpha-channel-opacity\"\/>\n\n\n\n<p>2024 <strong><strong><span style=\"color: #ff6600;\"><span class=\"s2\"><b>[ ARCHITECTURE AND URBAN PLANNING, TOWARDS A DIFFERENT SCALE <\/b><\/span><\/span><\/strong><\/strong><\/p>\n\n\n\n<div class=\"wp-block-columns is-layout-flex wp-container-core-columns-is-layout-9d6595d7 wp-block-columns-is-layout-flex\">\n<div class=\"wp-block-column is-layout-flow wp-block-column-is-layout-flow\" style=\"flex-basis:33.33%\">\n<figure class=\"wp-block-embed is-type-video is-provider-youtube wp-block-embed-youtube wp-embed-aspect-16-9 wp-has-aspect-ratio\"><div class=\"wp-block-embed__wrapper\">\n<div class=\"jetpack-video-wrapper\"><span class=\"embed-youtube\" style=\"text-align:center; display: block;\"><iframe loading=\"lazy\" class=\"youtube-player\" width=\"676\" height=\"381\" src=\"https:\/\/www.youtube.com\/embed\/SoxX2a0RI60?version=3&#038;rel=1&#038;showsearch=0&#038;showinfo=1&#038;iv_load_policy=1&#038;fs=1&#038;hl=en-GB&#038;autohide=2&#038;wmode=transparent\" allowfullscreen=\"true\" style=\"border:0;\" sandbox=\"allow-scripts allow-same-origin allow-popups allow-presentation allow-popups-to-escape-sandbox\"><\/iframe><\/span><\/div>\n<\/div><\/figure>\n<\/div>\n\n\n\n<div class=\"wp-block-column is-layout-flow wp-block-column-is-layout-flow\" style=\"flex-basis:66.66%\">\n<ul style=\"font-size:15px\" class=\"wp-block-list\">\n<li><strong>Nicolas VERNOUX TH\u00c9LOT<\/strong>. Architect. Founder of In Situ Architecture. &gt;&gt; Plants, territories and resilient buildings<\/li>\n\n\n\n<li><strong>Steven WARE<\/strong>. Architect. Partner. ARTBUILD. &gt;&gt; Circularity, the new tropism of architecture.<\/li>\n<\/ul>\n<\/div>\n<\/div>\n\n\n\n<hr class=\"wp-block-separator has-alpha-channel-opacity\"\/>\n\n\n\n<p>2024 <strong><strong><span style=\"color: #ff6600;\"><span class=\"s2\"><b>[ RETHINKING THE CARBON CYCLE WITH OUR ALLIES, PLANTS AND FUNGI <\/b><\/span><\/span><\/strong><\/strong><\/p>\n\n\n\n<div class=\"wp-block-columns is-layout-flex wp-container-core-columns-is-layout-9d6595d7 wp-block-columns-is-layout-flex\">\n<div class=\"wp-block-column is-layout-flow wp-block-column-is-layout-flow\" style=\"flex-basis:33.33%\">\n<figure class=\"wp-block-embed is-type-video is-provider-youtube wp-block-embed-youtube wp-embed-aspect-16-9 wp-has-aspect-ratio\"><div class=\"wp-block-embed__wrapper\">\n<div class=\"jetpack-video-wrapper\"><span class=\"embed-youtube\" style=\"text-align:center; display: block;\"><iframe loading=\"lazy\" class=\"youtube-player\" width=\"676\" height=\"381\" src=\"https:\/\/www.youtube.com\/embed\/AXIqyLEkKoE?version=3&#038;rel=1&#038;showsearch=0&#038;showinfo=1&#038;iv_load_policy=1&#038;fs=1&#038;hl=en-GB&#038;autohide=2&#038;wmode=transparent\" allowfullscreen=\"true\" style=\"border:0;\" sandbox=\"allow-scripts allow-same-origin allow-popups allow-presentation allow-popups-to-escape-sandbox\"><\/iframe><\/span><\/div>\n<\/div><\/figure>\n<\/div>\n\n\n\n<div class=\"wp-block-column is-layout-flow wp-block-column-is-layout-flow\" style=\"flex-basis:66.66%\">\n<ul style=\"font-size:15px\" class=\"wp-block-list\">\n<li><strong>J\u00e9r\u00e9my PESSIOT<\/strong>. Founder of AFYREN, Deputy CEO &amp; Chief Innovation Officer, PhD. &gt;&gt; To replace the all too numerous petroleum-based molecules in our everyday consumer products with bio-based molecules. Thanks to a breakthrough, environmentally-friendly technology based on natural micro-organisms and a bio-inspired process. Explanations and prospects.<\/li>\n\n\n\n<li><strong>Gil BURBAN<\/strong>. Founder Yphen. &gt;&gt; Funny mushroom caviar to clean up the soil<\/li>\n\n\n\n<li><strong>Thomas HENNEBEL<\/strong>. Co-founder and CEO of Dionymer. &gt;&gt; Transforming organic waste into biodegradable polymer materials (BMPs): low-carbon alternatives to petrochemical plastics.<\/li>\n<\/ul>\n<\/div>\n<\/div>\n\n\n\n<hr class=\"wp-block-separator has-css-opacity is-style-wide\"\/>\n\n\n\n<p>2024 <strong><strong><span style=\"color: #ff6600;\"><span class=\"s2\"><b>[ MULTIDISCIPLINARITY AND COLLECTIVE INTELLIGENCE TO ACCELERATE BIOMIMICRY <\/b><\/span><\/span><\/strong><\/strong><\/p>\n\n\n\n<p style=\"font-size:15px\">With and around L'Or\u00e9al, testimonies and exchanges on the interest - the necessity - of working in multidisciplinary collective intelligence to tackle major sectoral challenges and find disruptive and innovative approaches. The players present will demonstrate the value of the biomimicry approach in different business sectors, on a variety of scales, at all stages of the new value creation process. They will then highlight the power of combining ideas, expertise and talent to invent tomorrow's solutions. A call to promote and even stimulate cross-disciplinarity and combined expertise within the biomimicry sector, at all levels.<\/p>\n\n\n\n<div class=\"wp-block-columns is-layout-flex wp-container-core-columns-is-layout-9d6595d7 wp-block-columns-is-layout-flex\">\n<div class=\"wp-block-column is-layout-flow wp-block-column-is-layout-flow\" style=\"flex-basis:33.33%\">\n<figure class=\"wp-block-embed is-type-video is-provider-youtube wp-block-embed-youtube wp-embed-aspect-16-9 wp-has-aspect-ratio\"><div class=\"wp-block-embed__wrapper\">\n<div class=\"jetpack-video-wrapper\"><span class=\"embed-youtube\" style=\"text-align:center; display: block;\"><iframe loading=\"lazy\" class=\"youtube-player\" width=\"676\" height=\"381\" src=\"https:\/\/www.youtube.com\/embed\/WDq_-o9RqCk?version=3&#038;rel=1&#038;showsearch=0&#038;showinfo=1&#038;iv_load_policy=1&#038;fs=1&#038;hl=en-GB&#038;autohide=2&#038;wmode=transparent\" allowfullscreen=\"true\" style=\"border:0;\" sandbox=\"allow-scripts allow-same-origin allow-popups allow-presentation allow-popups-to-escape-sandbox\"><\/iframe><\/span><\/div>\n<\/div><\/figure>\n<\/div>\n\n\n\n<div class=\"wp-block-column is-layout-flow wp-block-column-is-layout-flow\" style=\"flex-basis:66.66%\">\n<ul style=\"font-size:15px\" class=\"wp-block-list\">\n<li>Proposed and moderated by : <strong>Cosima DUFOUR-SCHROIF<\/strong>Scientific and Technological Manager of the Green Sciences Incubator, L'Or\u00e9al R&amp;I<\/li>\n\n\n\n<li><strong>Anne MANDEAU<\/strong>Research and development project manager, Lucas Meyer Cosmetics<\/li>\n\n\n\n<li><strong>Laurent BILLON<\/strong>co-founder and scientific director of Biomim'Gel; Researcher and lecturer, Master bio-inspired materials, Universit\u00e9 de Pau et des Pays de l'Adour<\/li>\n\n\n\n<li><strong>Jean-Michel SCHEUREN<\/strong>co-founder and CEO of Novobiom<\/li>\n\n\n\n<li><strong>Sidney ROSTAN<\/strong>founder and CEO of Bioxegy.<\/li>\n<\/ul>\n<\/div>\n<\/div>\n\n\n\n<hr class=\"wp-block-separator has-alpha-channel-opacity\"\/>\n\n\n\n<p>2024 <strong><strong><span style=\"color: #ff6600;\"><span class=\"s2\"><b>[ A JOURNEY TO THE HEART OF MOLECULAR BIODIVERSITY! <\/b><\/span><\/span><\/strong><\/strong><\/p>\n\n\n\n<p style=\"font-size:15px\">These plants that we think we know are hiding behind fantastic molecules. Journey to the heart of life and rediscover extraordinary stories. You're going to learn a lot!<\/p>\n\n\n\n<div class=\"wp-block-columns is-layout-flex wp-container-core-columns-is-layout-9d6595d7 wp-block-columns-is-layout-flex\">\n<div class=\"wp-block-column is-layout-flow wp-block-column-is-layout-flow\" style=\"flex-basis:33.33%\">\n<figure class=\"wp-block-embed is-type-video is-provider-youtube wp-block-embed-youtube wp-embed-aspect-16-9 wp-has-aspect-ratio\"><div class=\"wp-block-embed__wrapper\">\n<div class=\"jetpack-video-wrapper\"><span class=\"embed-youtube\" style=\"text-align:center; display: block;\"><iframe loading=\"lazy\" class=\"youtube-player\" width=\"676\" height=\"381\" src=\"https:\/\/www.youtube.com\/embed\/2bquSZyt2F0?version=3&#038;rel=1&#038;showsearch=0&#038;showinfo=1&#038;iv_load_policy=1&#038;fs=1&#038;hl=en-GB&#038;autohide=2&#038;wmode=transparent\" allowfullscreen=\"true\" style=\"border:0;\" sandbox=\"allow-scripts allow-same-origin allow-popups allow-presentation allow-popups-to-escape-sandbox\"><\/iframe><\/span><\/div>\n<\/div><\/figure>\n<\/div>\n\n\n\n<div class=\"wp-block-column is-layout-flow wp-block-column-is-layout-flow\" style=\"flex-basis:66.66%\">\n<ul style=\"font-size:15px\" class=\"wp-block-list\">\n<li><strong>Jane HUBERT<\/strong>. President of NatExplore.<\/li>\n<\/ul>\n<\/div>\n<\/div>\n\n\n\n<hr class=\"wp-block-separator has-alpha-channel-opacity\"\/>\n\n\n\n<p>2024 <strong><strong><span style=\"color: #ff6600;\"><span class=\"s2\"><b>[ DATA FOR CLIMATE AND BIODIVERSITY <\/b><\/span><\/span><\/strong><\/strong><\/p>\n\n\n\n<div class=\"wp-block-columns is-layout-flex wp-container-core-columns-is-layout-9d6595d7 wp-block-columns-is-layout-flex\">\n<div class=\"wp-block-column is-layout-flow wp-block-column-is-layout-flow\" style=\"flex-basis:33.33%\">\n<figure class=\"wp-block-embed is-type-video is-provider-youtube wp-block-embed-youtube wp-embed-aspect-16-9 wp-has-aspect-ratio\"><div class=\"wp-block-embed__wrapper\">\n<div class=\"jetpack-video-wrapper\"><span class=\"embed-youtube\" style=\"text-align:center; display: block;\"><iframe loading=\"lazy\" class=\"youtube-player\" width=\"676\" height=\"381\" src=\"https:\/\/www.youtube.com\/embed\/vIinoQmmEO8?version=3&#038;rel=1&#038;showsearch=0&#038;showinfo=1&#038;iv_load_policy=1&#038;fs=1&#038;hl=en-GB&#038;autohide=2&#038;wmode=transparent\" allowfullscreen=\"true\" style=\"border:0;\" sandbox=\"allow-scripts allow-same-origin allow-popups allow-presentation allow-popups-to-escape-sandbox\"><\/iframe><\/span><\/div>\n<\/div><\/figure>\n<\/div>\n\n\n\n<div class=\"wp-block-column is-layout-flow wp-block-column-is-layout-flow\" style=\"flex-basis:66.66%\">\n<ul style=\"font-size:15px\" class=\"wp-block-list\">\n<li><strong>Laurent HUSSON<\/strong>. Co-founder and Chairman of The Climate Company. &gt;&gt; The revolution in the field of anticipating physical climate risks on a micro urban scale. Because decisions to tackle global warming must also - and above all - be adapted locally. Revelation of the new \u00abUrban Botanix\u00bb tool, an unprecedented solution for mapping with great precision the areas where trees need to be and can be planted in the heart of cities to deal effectively with heat islands and run-off flooding.<\/li>\n\n\n\n<li><strong>Gw\u00e9na\u00ebl DUCLOS<\/strong>. CEO of WIPSEA. &gt;&gt; When AI uses image analysis to help recognise and measure marine wildlife, but also to measure the impact of human activities, to help decision-making.<\/li>\n<\/ul>\n<\/div>\n<\/div>\n\n\n\n<hr class=\"wp-block-separator has-alpha-channel-opacity\"\/>\n\n\n\n<p>2024 <strong><strong><span style=\"color: #ff6600;\"><span class=\"s2\"><b>[ THESE BIO-INSPIRED INNOVATIONS THAT ARE REVOLUTIONISING THEIR MARKETS! Part 1 <\/b><\/span><\/span><\/strong><\/strong><\/p>\n\n\n\n<div class=\"wp-block-columns is-layout-flex wp-container-core-columns-is-layout-9d6595d7 wp-block-columns-is-layout-flex\">\n<div class=\"wp-block-column is-layout-flow wp-block-column-is-layout-flow\" style=\"flex-basis:33.33%\">\n<figure class=\"wp-block-embed is-type-video is-provider-youtube wp-block-embed-youtube wp-embed-aspect-16-9 wp-has-aspect-ratio\"><div class=\"wp-block-embed__wrapper\">\n<div class=\"jetpack-video-wrapper\"><span class=\"embed-youtube\" style=\"text-align:center; display: block;\"><iframe loading=\"lazy\" class=\"youtube-player\" width=\"676\" height=\"381\" src=\"https:\/\/www.youtube.com\/embed\/R6hRbZSkpnQ?version=3&#038;rel=1&#038;showsearch=0&#038;showinfo=1&#038;iv_load_policy=1&#038;fs=1&#038;hl=en-GB&#038;autohide=2&#038;wmode=transparent\" allowfullscreen=\"true\" style=\"border:0;\" sandbox=\"allow-scripts allow-same-origin allow-popups allow-presentation allow-popups-to-escape-sandbox\"><\/iframe><\/span><\/div>\n<\/div><\/figure>\n<\/div>\n\n\n\n<div class=\"wp-block-column is-layout-flow wp-block-column-is-layout-flow\" style=\"flex-basis:66.66%\">\n<ul style=\"font-size:15px\" class=\"wp-block-list\">\n<li><strong>Charlotte RASSER<\/strong>, Strategy &amp; Scientific Affairs Manager CorWave<\/li>\n\n\n\n<li><strong>Charlotte LAIN\u00c9 GLAYROUSE<\/strong>, Immunrise Biocontrol France Deputy Director<\/li>\n\n\n\n<li><strong>\u00c9l\u00e9onore WILD<\/strong>, Sustainability Manager COMPPAIR<\/li>\n<\/ul>\n<\/div>\n<\/div>\n\n\n\n<hr class=\"wp-block-separator has-alpha-channel-opacity\"\/>\n\n\n\n<p>2024 <strong><strong><span style=\"color: #ff6600;\"><span class=\"s2\"><b>[ THESE BIO-INSPIRED INNOVATIONS THAT ARE REVOLUTIONISING THEIR MARKETS! Part 2 <\/b><\/span><\/span><\/strong><\/strong><\/p>\n\n\n\n<div class=\"wp-block-columns is-layout-flex wp-container-core-columns-is-layout-9d6595d7 wp-block-columns-is-layout-flex\">\n<div class=\"wp-block-column is-layout-flow wp-block-column-is-layout-flow\" style=\"flex-basis:33.33%\">\n<figure class=\"wp-block-embed is-type-video is-provider-youtube wp-block-embed-youtube wp-embed-aspect-16-9 wp-has-aspect-ratio\"><div class=\"wp-block-embed__wrapper\">\n<div class=\"jetpack-video-wrapper\"><span class=\"embed-youtube\" style=\"text-align:center; display: block;\"><iframe loading=\"lazy\" class=\"youtube-player\" width=\"676\" height=\"381\" src=\"https:\/\/www.youtube.com\/embed\/MyQzBer02mU?version=3&#038;rel=1&#038;showsearch=0&#038;showinfo=1&#038;iv_load_policy=1&#038;fs=1&#038;hl=en-GB&#038;autohide=2&#038;wmode=transparent\" allowfullscreen=\"true\" style=\"border:0;\" sandbox=\"allow-scripts allow-same-origin allow-popups allow-presentation allow-popups-to-escape-sandbox\"><\/iframe><\/span><\/div>\n<\/div><\/figure>\n<\/div>\n\n\n\n<div class=\"wp-block-column is-layout-flow wp-block-column-is-layout-flow\" style=\"flex-basis:66.66%\">\n<ul style=\"font-size:15px\" class=\"wp-block-list\">\n<li><strong>Romuald VIGIER<\/strong>, Founder of MODULATIO<\/li>\n\n\n\n<li><strong>Jean-Michel SCHEUREN<\/strong>, CEO\/Co-founder Novobiom<\/li>\n\n\n\n<li><strong>Daniel HIERSO<\/strong>, Chairman of OUTREMER NETWORK<\/li>\n<\/ul>\n<\/div>\n<\/div>\n\n\n\n<hr class=\"wp-block-separator has-alpha-channel-opacity\"\/>\n\n\n\n<p>2024 <strong><strong><span style=\"color: #ff6600;\"><span class=\"s2\"><b>[ GILLES BOEUF : MORE LIFE FOR A BETTER FUTURE <\/b><\/span><\/span><\/strong><\/strong><\/p>\n\n\n\n<div class=\"wp-block-columns is-layout-flex wp-container-core-columns-is-layout-9d6595d7 wp-block-columns-is-layout-flex\">\n<div class=\"wp-block-column is-layout-flow wp-block-column-is-layout-flow\" style=\"flex-basis:33.33%\">\n<figure class=\"wp-block-embed is-type-video is-provider-youtube wp-block-embed-youtube wp-embed-aspect-16-9 wp-has-aspect-ratio\"><div class=\"wp-block-embed__wrapper\">\n<div class=\"jetpack-video-wrapper\"><span class=\"embed-youtube\" style=\"text-align:center; display: block;\"><iframe loading=\"lazy\" class=\"youtube-player\" width=\"676\" height=\"381\" src=\"https:\/\/www.youtube.com\/embed\/GrXbf79K1SA?version=3&#038;rel=1&#038;showsearch=0&#038;showinfo=1&#038;iv_load_policy=1&#038;fs=1&#038;hl=en-GB&#038;autohide=2&#038;wmode=transparent\" allowfullscreen=\"true\" style=\"border:0;\" sandbox=\"allow-scripts allow-same-origin allow-popups allow-presentation allow-popups-to-escape-sandbox\"><\/iframe><\/span><\/div>\n<\/div><\/figure>\n<\/div>\n\n\n\n<div class=\"wp-block-column is-layout-flow wp-block-column-is-layout-flow\" style=\"flex-basis:66.66%\">\n<p style=\"font-size:15px\">He speaks of Life like no other!  We are delighted to leave the stage to <strong>Gilles BOEUF<\/strong> to take us on a journey of rediscovery of this immense, infinite, beautiful and brilliant, but also fragile, life that has preceded us and surrounds us, and that can take us a long way if we take care to listen to it, to preserve it, and to reconsider it as our best, indispensable and magnificent travelling companion.<\/p>\n<\/div>\n<\/div>\n\n\n\n<hr class=\"wp-block-separator has-css-opacity is-style-wide\"\/>\n\n\n\n<p>2024 <strong><strong><span style=\"color: #ff6600;\"><span class=\"s2\"><b>[ <strong>Antoine LE DUIGOU<\/strong><\/b> : <b>MODIFIABLE\u00ab MATERIALS THANKS TO A COMBINATION OF BIOMIMICRY AND 4D PRINTING<\/b><\/span><\/span><\/strong><\/strong><\/p>\n\n\n\n<p style=\"font-size:15px\">How the combination of biomimicry and 4D printing is inventing the composite materials of tomorrow (artificial reefs, space, boat hulls, etc.).<\/p>\n\n\n\n<div class=\"wp-block-columns is-layout-flex wp-container-core-columns-is-layout-9d6595d7 wp-block-columns-is-layout-flex\">\n<div class=\"wp-block-column is-layout-flow wp-block-column-is-layout-flow\" style=\"flex-basis:33.33%\">\n<figure class=\"wp-block-embed is-type-video is-provider-youtube wp-block-embed-youtube wp-embed-aspect-16-9 wp-has-aspect-ratio\"><div class=\"wp-block-embed__wrapper\">\n<div class=\"jetpack-video-wrapper\"><span class=\"embed-youtube\" style=\"text-align:center; display: block;\"><iframe loading=\"lazy\" class=\"youtube-player\" width=\"676\" height=\"381\" src=\"https:\/\/www.youtube.com\/embed\/BU7zaQmCsRQ?version=3&#038;rel=1&#038;showsearch=0&#038;showinfo=1&#038;iv_load_policy=1&#038;fs=1&#038;hl=en-GB&#038;autohide=2&#038;wmode=transparent\" allowfullscreen=\"true\" style=\"border:0;\" sandbox=\"allow-scripts allow-same-origin allow-popups allow-presentation allow-popups-to-escape-sandbox\"><\/iframe><\/span><\/div>\n<\/div><\/figure>\n<\/div>\n\n\n\n<div class=\"wp-block-column is-layout-flow wp-block-column-is-layout-flow\" style=\"flex-basis:66.66%\">\n<ul style=\"font-size:15px\" class=\"wp-block-list\">\n<li style=\"font-size:15px\"><strong>Antoine LE DUIGOU<\/strong>. Associate Professor, Universit\u00e9 de Bretagne Sud - IRDL - Institut de Recherche Dupuy de L\u00f4me<\/li>\n<\/ul>\n<\/div>\n<\/div>\n\n\n\n<hr class=\"wp-block-separator has-alpha-channel-opacity\"\/>\n\n\n\n<p>2024 <strong><strong><span style=\"color: #ff6600;\"><span class=\"s2\"><b>[ <strong>Valentin HAMMOUDI : <\/strong>THESE INCREDIBLE PLANTS! PANORAMIC VIEWS AND PERSPECTIVES<\/b><\/span><\/span><\/strong><\/strong><\/p>\n\n\n\n<div class=\"wp-block-columns is-layout-flex wp-container-core-columns-is-layout-9d6595d7 wp-block-columns-is-layout-flex\">\n<div class=\"wp-block-column is-layout-flow wp-block-column-is-layout-flow\" style=\"flex-basis:33.33%\">\n<figure class=\"wp-block-embed is-type-video is-provider-youtube wp-block-embed-youtube wp-embed-aspect-16-9 wp-has-aspect-ratio\"><div class=\"wp-block-embed__wrapper\">\n<div class=\"jetpack-video-wrapper\"><span class=\"embed-youtube\" style=\"text-align:center; display: block;\"><iframe loading=\"lazy\" class=\"youtube-player\" width=\"676\" height=\"381\" src=\"https:\/\/www.youtube.com\/embed\/PHlac-FhRC8?version=3&#038;rel=1&#038;showsearch=0&#038;showinfo=1&#038;iv_load_policy=1&#038;fs=1&#038;hl=en-GB&#038;autohide=2&#038;wmode=transparent\" allowfullscreen=\"true\" style=\"border:0;\" sandbox=\"allow-scripts allow-same-origin allow-popups allow-presentation allow-popups-to-escape-sandbox\"><\/iframe><\/span><\/div>\n<\/div><\/figure>\n<\/div>\n\n\n\n<div class=\"wp-block-column is-layout-flow wp-block-column-is-layout-flow\" style=\"flex-basis:66.66%\">\n<p style=\"font-size:15px\">Fascinatingly sensitive, plants possess abilities that scientists are still discovering, both in the field and in their laboratories. They memorise thanks to calcium, use sugar as an anti-icing agent, defy the laws of gravity and even reconfigure their DNA. They have adapted to the most extreme climates and are integrated into all ecosystems. Beyond the admiration we hold for them, plants will help us to build a future that is more respectful of the environment.<\/p>\n<\/div>\n<\/div>\n\n\n\n<hr class=\"wp-block-separator has-alpha-channel-opacity\"\/>\n\n\n\n<p>2024 <strong><strong><span style=\"color: #ff6600;\"><span class=\"s2\"><b>[ <strong>Thomas STEINMANN<\/strong><\/b><\/span> : <span class=\"s2\"><b>INSPIRING INSECTS <\/b><\/span><\/span><\/strong><\/strong><\/p>\n\n\n\n<p style=\"font-size:15px\">Technological challenges and perspectives inspired by the exceptional prowess of insects to perceive and move in diverse environments.<\/p>\n\n\n\n<div class=\"wp-block-columns is-layout-flex wp-container-core-columns-is-layout-9d6595d7 wp-block-columns-is-layout-flex\">\n<div class=\"wp-block-column is-layout-flow wp-block-column-is-layout-flow\" style=\"flex-basis:33.33%\">\n<figure class=\"wp-block-embed is-type-video is-provider-youtube wp-block-embed-youtube wp-embed-aspect-16-9 wp-has-aspect-ratio\"><div class=\"wp-block-embed__wrapper\">\n<div class=\"jetpack-video-wrapper\"><span class=\"embed-youtube\" style=\"text-align:center; display: block;\"><iframe loading=\"lazy\" class=\"youtube-player\" width=\"676\" height=\"381\" src=\"https:\/\/www.youtube.com\/embed\/XlHoAOg4BZs?version=3&#038;rel=1&#038;showsearch=0&#038;showinfo=1&#038;iv_load_policy=1&#038;fs=1&#038;hl=en-GB&#038;autohide=2&#038;wmode=transparent\" allowfullscreen=\"true\" style=\"border:0;\" sandbox=\"allow-scripts allow-same-origin allow-popups allow-presentation allow-popups-to-escape-sandbox\"><\/iframe><\/span><\/div>\n<\/div><\/figure>\n<\/div>\n\n\n\n<div class=\"wp-block-column is-layout-flow wp-block-column-is-layout-flow\" style=\"flex-basis:66.66%\">\n<ul style=\"font-size:15px\" class=\"wp-block-list\">\n<li style=\"font-size:15px\"><strong>Thomas STEINMANN<\/strong>. CNRS research engineer. Physical ecology platform. IRBI.<\/li>\n<\/ul>\n<\/div>\n<\/div>\n\n\n\n<hr class=\"wp-block-separator has-alpha-channel-opacity\"\/>\n\n\n\n<p>2024 <strong><strong><span style=\"color: #ff6600;\"><span class=\"s2\"><b>[ <strong>Anne-Marie HAGHIRI-GOSNET<\/strong><\/b><\/span> : <span class=\"s2\"><b>BIO-INSPIRATION APPLIED TO THE MEDICINE OF THE FUTURE <\/b><\/span><\/span><\/strong><\/strong><\/p>\n\n\n\n<p style=\"font-size:15px\">Micro-sensors and micro-fluidics to invent the medicine of the future<\/p>\n\n\n\n<div class=\"wp-block-columns is-layout-flex wp-container-core-columns-is-layout-9d6595d7 wp-block-columns-is-layout-flex\">\n<div class=\"wp-block-column is-layout-flow wp-block-column-is-layout-flow\" style=\"flex-basis:33.33%\">\n<figure class=\"wp-block-embed is-type-video is-provider-youtube wp-block-embed-youtube wp-embed-aspect-16-9 wp-has-aspect-ratio\"><div class=\"wp-block-embed__wrapper\">\n<div class=\"jetpack-video-wrapper\"><span class=\"embed-youtube\" style=\"text-align:center; display: block;\"><iframe loading=\"lazy\" class=\"youtube-player\" width=\"676\" height=\"381\" src=\"https:\/\/www.youtube.com\/embed\/zdJvlsUSx1Q?version=3&#038;rel=1&#038;showsearch=0&#038;showinfo=1&#038;iv_load_policy=1&#038;fs=1&#038;hl=en-GB&#038;autohide=2&#038;wmode=transparent\" allowfullscreen=\"true\" style=\"border:0;\" sandbox=\"allow-scripts allow-same-origin allow-popups allow-presentation allow-popups-to-escape-sandbox\"><\/iframe><\/span><\/div>\n<\/div><\/figure>\n<\/div>\n\n\n\n<div class=\"wp-block-column is-layout-flow wp-block-column-is-layout-flow\" style=\"flex-basis:66.66%\">\n<ul style=\"font-size:15px\" class=\"wp-block-list\">\n<li><strong>Anne-Marie HAGHIRI-GOSNET<\/strong>. CNRS Research Director. Co-director of the Microsystems and NanoBiofluidics Department at C2N (Centre de Nanosciences et de Nanotechnologies).<\/li>\n<\/ul>\n<\/div>\n<\/div>\n\n\n\n<hr class=\"wp-block-separator has-css-opacity is-style-wide\"\/>\n\n\n\n<p>2024 <strong><strong><span style=\"color: #ff6600;\"><span class=\"s2\"><b>[ <strong>Elisabeth RIERA<\/strong><\/b><\/span> : Reinventing artificial reefs<\/span><\/strong><\/strong><\/p>\n\n\n\n<p style=\"font-size:15px\">Driven by my passion for preserving marine ecosystems in harmony with human activities, I founded Octopus Garden, a consultancy. Its essence is based on my years of academic research and the desire to provide sustainable and balanced solutions for our oceans. I invite you to understand how biomimicry can guide the approach to the design and evaluation of artificial marine structures.<\/p>\n\n\n\n<div class=\"wp-block-columns is-layout-flex wp-container-core-columns-is-layout-9d6595d7 wp-block-columns-is-layout-flex\">\n<div class=\"wp-block-column is-layout-flow wp-block-column-is-layout-flow\" style=\"flex-basis:33.33%\">\n<figure class=\"wp-block-embed is-type-video is-provider-youtube wp-block-embed-youtube wp-embed-aspect-16-9 wp-has-aspect-ratio\"><div class=\"wp-block-embed__wrapper\">\n<div class=\"jetpack-video-wrapper\"><span class=\"embed-youtube\" style=\"text-align:center; display: block;\"><iframe loading=\"lazy\" class=\"youtube-player\" width=\"676\" height=\"381\" src=\"https:\/\/www.youtube.com\/embed\/RpEjNlWgPgg?version=3&#038;rel=1&#038;showsearch=0&#038;showinfo=1&#038;iv_load_policy=1&#038;fs=1&#038;hl=en-GB&#038;autohide=2&#038;wmode=transparent\" allowfullscreen=\"true\" style=\"border:0;\" sandbox=\"allow-scripts allow-same-origin allow-popups allow-presentation allow-popups-to-escape-sandbox\"><\/iframe><\/span><\/div>\n<\/div><\/figure>\n<\/div>\n\n\n\n<div class=\"wp-block-column is-layout-flow wp-block-column-is-layout-flow\" style=\"flex-basis:66.66%\">\n<ul style=\"font-size:15px\" class=\"wp-block-list\">\n<li><strong>Elisabeth RIERA<\/strong>. PhD in Environmental Sciences - Founder of Octopus Garden<\/li>\n\n\n\n<li><a href=\"https:\/\/borea.mnhn.fr\/fr\/users\/elisabeth-riera\" target=\"_blank\" rel=\"noreferrer noopener\">Thesis<\/a><\/li>\n<\/ul>\n<\/div>\n<\/div>\n\n\n\n<hr class=\"wp-block-separator has-alpha-channel-opacity\"\/>\n\n\n\n<p>2024 <strong><strong><span style=\"color: #ff6600;\"><span class=\"s2\"><b>[ <strong><strong>Roxane VIMBERT<\/strong>, <strong>Idriss PELLETAN<\/strong> How do birds manage to sleep standing up?<\/strong><\/b><\/span><\/span><\/strong><\/strong><\/p>\n\n\n\n<p style=\"font-size:15px\">Human bipedalism in robotics is complex and energy-consuming, which is why we are turning to our friends the birds. Their stable bipedal posture, on an unstable support, suggests a low energy expenditure. The pelvic musculoskeletal system of birds, which has evolved over 150 million years, is a promising model for study. The mathematical model established could help to reduce the amount of energy required to maintain balance. A question of postural stability based on the principle of \"tensegrity\".<\/p>\n\n\n\n<div class=\"wp-block-columns is-layout-flex wp-container-core-columns-is-layout-9d6595d7 wp-block-columns-is-layout-flex\">\n<div class=\"wp-block-column is-layout-flow wp-block-column-is-layout-flow\" style=\"flex-basis:33.33%\">\n<figure class=\"wp-block-embed is-type-video is-provider-youtube wp-block-embed-youtube wp-embed-aspect-16-9 wp-has-aspect-ratio\"><div class=\"wp-block-embed__wrapper\">\n<div class=\"jetpack-video-wrapper\"><span class=\"embed-youtube\" style=\"text-align:center; display: block;\"><iframe loading=\"lazy\" class=\"youtube-player\" width=\"676\" height=\"381\" src=\"https:\/\/www.youtube.com\/embed\/KObEafzRFnA?version=3&#038;rel=1&#038;showsearch=0&#038;showinfo=1&#038;iv_load_policy=1&#038;fs=1&#038;hl=en-GB&#038;autohide=2&#038;wmode=transparent\" allowfullscreen=\"true\" style=\"border:0;\" sandbox=\"allow-scripts allow-same-origin allow-popups allow-presentation allow-popups-to-escape-sandbox\"><\/iframe><\/span><\/div>\n<\/div><\/figure>\n<\/div>\n\n\n\n<div class=\"wp-block-column is-layout-flow wp-block-column-is-layout-flow\" style=\"flex-basis:66.66%\">\n<ul style=\"font-size:15px\" class=\"wp-block-list\">\n<li><strong>Roxane VIMBERT<\/strong> <strong>(1)<\/strong> ; <strong>Idriss PELLETAN<\/strong> <strong>(2)<\/strong>. Doctoral student at LS2N (Laboratoire des Sciences du Num\u00e9rique) in Nantes (1). Doctoral student at MNHN in the UMR MECADEV (2).<\/li>\n\n\n\n<li><a href=\"https:\/\/www.mnhn.fr\/fr\/actualites\/comment-les-oiseaux-arrivent-ils-a-dormir-debout\" target=\"_blank\" rel=\"noreferrer noopener\">Thesis<\/a><\/li>\n<\/ul>\n<\/div>\n<\/div>\n\n\n\n<hr class=\"wp-block-separator has-alpha-channel-opacity\"\/>\n\n\n\n<p>2024 <strong><strong><span style=\"color: #ff6600;\"><span class=\"s2\"><b>[ <strong><strong>Justine Demay: Cyanobacteria: a new approach to healthcare and the spa industry?<\/strong><\/strong><\/b><\/span><\/span><\/strong><\/strong><\/p>\n\n\n\n<p style=\"font-size:15px\">Cyanobacteria, also known as blue-green algae, are well known to the general public for their ability to form toxic blooms that can pose health problems, particularly when managing lakes and bathing areas. In my talk, I will be presenting the therapeutic benefits of cyanobacteria and how, through a bioinspired approach, it is possible to develop new solutions that can be used in the spa industry.<\/p>\n\n\n\n<div class=\"wp-block-columns is-layout-flex wp-container-core-columns-is-layout-9d6595d7 wp-block-columns-is-layout-flex\">\n<div class=\"wp-block-column is-layout-flow wp-block-column-is-layout-flow\" style=\"flex-basis:33.33%\">\n<figure class=\"wp-block-embed is-type-video is-provider-youtube wp-block-embed-youtube wp-embed-aspect-16-9 wp-has-aspect-ratio\"><div class=\"wp-block-embed__wrapper\">\n<div class=\"jetpack-video-wrapper\"><span class=\"embed-youtube\" style=\"text-align:center; display: block;\"><iframe loading=\"lazy\" class=\"youtube-player\" width=\"676\" height=\"381\" src=\"https:\/\/www.youtube.com\/embed\/i194tT0FBII?version=3&#038;rel=1&#038;showsearch=0&#038;showinfo=1&#038;iv_load_policy=1&#038;fs=1&#038;hl=en-GB&#038;autohide=2&#038;wmode=transparent\" allowfullscreen=\"true\" style=\"border:0;\" sandbox=\"allow-scripts allow-same-origin allow-popups allow-presentation allow-popups-to-escape-sandbox\"><\/iframe><\/span><\/div>\n<\/div><\/figure>\n<\/div>\n\n\n\n<div class=\"wp-block-column is-layout-flow wp-block-column-is-layout-flow\" style=\"flex-basis:66.66%\">\n<ul style=\"font-size:15px\" class=\"wp-block-list\">\n<li><strong>Justine DEMAY<\/strong>. Post-doctoral researcher. MNHN - Molecules of Communication and Adaptation of Micro-organisms (MCAM). UMR 7245<\/li>\n\n\n\n<li><a href=\"https:\/\/mcam.mnhn.fr\/fr\/annuaire\/justine-demay-447\" target=\"_blank\" rel=\"noreferrer noopener\">Thesis<\/a><\/li>\n<\/ul>\n<\/div>\n<\/div>\n\n\n\n<hr class=\"wp-block-separator has-alpha-channel-opacity\"\/>\n\n\n\n<p>2024 <strong><strong><span style=\"color: #ff6600;\"><span class=\"s2\"><b>[ <strong><strong><strong>Louise LE BARBENCHON<\/strong> New architectural structures for mechanical energy absorption applications.<\/strong><\/strong><\/b><\/span><\/span><\/strong><\/strong><\/p>\n\n\n\n<p style=\"font-size:15px\">My current research focuses on the impact of heterogeneous structuring on the mechanical behaviour of the skin of Citrus Maxima (pomelo) under extreme conditions such as large deformations and high speeds. Natural materials inspire the design of new synthetic materials that are better performing, lighter and more durable. However, because they are so heterogeneous, the relationship between their structure and mechanical behaviour is still poorly understood.<\/p>\n\n\n\n<div class=\"wp-block-columns is-layout-flex wp-container-core-columns-is-layout-9d6595d7 wp-block-columns-is-layout-flex\">\n<div class=\"wp-block-column is-layout-flow wp-block-column-is-layout-flow\" style=\"flex-basis:33.33%\">\n<figure class=\"wp-block-embed is-type-video is-provider-youtube wp-block-embed-youtube wp-embed-aspect-16-9 wp-has-aspect-ratio\"><div class=\"wp-block-embed__wrapper\">\n<div class=\"jetpack-video-wrapper\"><span class=\"embed-youtube\" style=\"text-align:center; display: block;\"><iframe loading=\"lazy\" class=\"youtube-player\" width=\"676\" height=\"381\" src=\"https:\/\/www.youtube.com\/embed\/NMnIu8kffOU?version=3&#038;rel=1&#038;showsearch=0&#038;showinfo=1&#038;iv_load_policy=1&#038;fs=1&#038;hl=en-GB&#038;autohide=2&#038;wmode=transparent\" allowfullscreen=\"true\" style=\"border:0;\" sandbox=\"allow-scripts allow-same-origin allow-popups allow-presentation allow-popups-to-escape-sandbox\"><\/iframe><\/span><\/div>\n<\/div><\/figure>\n<\/div>\n\n\n\n<div class=\"wp-block-column is-layout-flow wp-block-column-is-layout-flow\" style=\"flex-basis:66.66%\">\n<ul style=\"font-size:15px\" class=\"wp-block-list\">\n<li><strong>Louise LE BARBENCHON<\/strong>. Institut de m\u00e9canique et d'ing\u00e9nierie de Bordeaux, \u00c9cole nationale sup\u00e9rieure d'arts et m\u00e9tiers.<\/li>\n\n\n\n<li><a href=\"https:\/\/www.theses.fr\/2020HESAE048\" target=\"_blank\" rel=\"noreferrer noopener\">Thesis<\/a><\/li>\n<\/ul>\n<\/div>\n<\/div>\n\n\n\n<hr class=\"wp-block-separator has-alpha-channel-opacity\"\/>\n\n\n\n<p>2024 <strong><strong><span style=\"color: #ff6600;\"><span class=\"s2\"><b>[ <strong><strong><strong><strong>Thibaut HOUETTE<\/strong><\/strong> Multi-functional building foundations inspired by tree roots.<\/strong><\/strong><\/b><\/span><\/span><\/strong><\/strong><\/p>\n\n\n\n<p style=\"font-size:15px\">The biomimetic study focused on the biological analysis, abstraction and application of tree root strategies to design biomimetic, multifunctional and adaptable building foundations. By taking inspiration from tree root systems, we are imagining multifunctional biomimetic foundations that, among other things, improve the stability of buildings, reduce soil erosion and enable adaptation to environmental conditions. As an architect in a biology department, I have had the opportunity to carry out fundamental research projects to feed my biomimetic projects and to teach biology at university level.<\/p>\n\n\n\n<div class=\"wp-block-columns is-layout-flex wp-container-core-columns-is-layout-9d6595d7 wp-block-columns-is-layout-flex\">\n<div class=\"wp-block-column is-layout-flow wp-block-column-is-layout-flow\" style=\"flex-basis:33.33%\">\n<figure class=\"wp-block-embed is-type-video is-provider-youtube wp-block-embed-youtube wp-embed-aspect-16-9 wp-has-aspect-ratio\"><div class=\"wp-block-embed__wrapper\">\n<div class=\"jetpack-video-wrapper\"><span class=\"embed-youtube\" style=\"text-align:center; display: block;\"><iframe loading=\"lazy\" class=\"youtube-player\" width=\"676\" height=\"381\" src=\"https:\/\/www.youtube.com\/embed\/d7xsMFPoZnI?version=3&#038;rel=1&#038;showsearch=0&#038;showinfo=1&#038;iv_load_policy=1&#038;fs=1&#038;hl=en-GB&#038;autohide=2&#038;wmode=transparent\" allowfullscreen=\"true\" style=\"border:0;\" sandbox=\"allow-scripts allow-same-origin allow-popups allow-presentation allow-popups-to-escape-sandbox\"><\/iframe><\/span><\/div>\n<\/div><\/figure>\n<\/div>\n\n\n\n<div class=\"wp-block-column is-layout-flow wp-block-column-is-layout-flow\" style=\"flex-basis:66.66%\">\n<ul style=\"font-size:15px\" class=\"wp-block-list\">\n<li><strong>Thibaut HOUETTE<\/strong>. Architect. Doctorate in Biomimicry and Biotechnology from the Biomimicry Research and Innovation Center (BRIC), The University of Akron.&nbsp;<\/li>\n\n\n\n<li><a href=\"https:\/\/www.researchgate.net\/profile\/Thibaut-Houette\" target=\"_blank\" rel=\"noreferrer noopener\">Thesis<\/a><\/li>\n<\/ul>\n<\/div>\n<\/div>\n\n\n\n<hr class=\"wp-block-separator has-alpha-channel-opacity\"\/>\n\n\n\n<p>2024 <strong><strong><span style=\"color: #ff6600;\"><span class=\"s2\"><b>[ <strong><strong><strong><strong><strong>Marion MONIER<\/strong><\/strong><\/strong> Drosophila glue, a bioadhesive model inspired by living organisms<\/strong><\/strong><\/b><\/span><\/span><\/strong><\/strong><\/p>\n\n\n\n<p style=\"font-size:15px\">Some of the adhesives we use every day are toxic to the environment and dangerous to human health. However, there are natural, non-toxic adhesives in nature, developed over millions of years, which could replace these toxic adhesives. This is the case with Drosophila glue, a bioadhesive produced during the larval stage that enables the animal to be attached during its metamorphosis to the pupa stage. This glue has remarkable characteristics: it is biocompatible and biodegradable, it dries in a few seconds and adheres for several days, in variable humidity and temperature conditions. During my thesis, I described the adhesion of several Drosophila species to identify those of interest for future applications.<\/p>\n\n\n\n<div class=\"wp-block-columns is-layout-flex wp-container-core-columns-is-layout-9d6595d7 wp-block-columns-is-layout-flex\">\n<div class=\"wp-block-column is-layout-flow wp-block-column-is-layout-flow\" style=\"flex-basis:33.33%\">\n<figure class=\"wp-block-embed is-type-video is-provider-youtube wp-block-embed-youtube wp-embed-aspect-16-9 wp-has-aspect-ratio\"><div class=\"wp-block-embed__wrapper\">\n<div class=\"jetpack-video-wrapper\"><span class=\"embed-youtube\" style=\"text-align:center; display: block;\"><iframe loading=\"lazy\" class=\"youtube-player\" width=\"676\" height=\"381\" src=\"https:\/\/www.youtube.com\/embed\/KDvbrohnMXI?version=3&#038;rel=1&#038;showsearch=0&#038;showinfo=1&#038;iv_load_policy=1&#038;fs=1&#038;hl=en-GB&#038;autohide=2&#038;wmode=transparent\" allowfullscreen=\"true\" style=\"border:0;\" sandbox=\"allow-scripts allow-same-origin allow-popups allow-presentation allow-popups-to-escape-sandbox\"><\/iframe><\/span><\/div>\n<\/div><\/figure>\n<\/div>\n\n\n\n<div class=\"wp-block-column is-layout-flow wp-block-column-is-layout-flow\" style=\"flex-basis:66.66%\">\n<ul style=\"font-size:15px\" class=\"wp-block-list\">\n<li><strong>Marion MONIER<\/strong>. Agricultural engineer and doctor in genetics. Institut Jacques Monod.<\/li>\n\n\n\n<li><a href=\"https:\/\/www.ijm.fr\/soutenance-de-these-manon-monier-10-10-2023\/\" target=\"_blank\" rel=\"noreferrer noopener\">Thesis<\/a><\/li>\n<\/ul>\n<\/div>\n<\/div>\n\n\n\n<hr class=\"wp-block-separator has-alpha-channel-opacity\"\/>\n\n\n\n<p>2024 <strong><strong><span style=\"color: #ff6600;\"><span class=\"s2\"><b>[ <strong><strong><strong><strong><strong>Laila KESTEM, Katerina KRSTESKA<\/strong><\/strong><\/strong> How biomimicry could help to fight against microplastic pollution<\/strong><\/strong><\/b><\/span> ?<\/span><\/strong><\/strong><\/p>\n\n\n\n<p style=\"font-size:15px\">Nature4Nature is a collaborative interdisciplinary endeavour supported by MSCA (<strong>the European Union's flagship funding programme for doctoral education and postdoctoral training of researchers<\/strong>), which unites international researchers using bioinspiration to address critical environmental challenges. In this project, the focus lies with mitigating marine microplastic pollution, drawing inspiration from aquatic filter feeding organisms. The interdisciplinary team explores collaboration opportunities within the design process through the lens of inspiration, integration, and implementation of biological concepts.<\/p>\n\n\n\n<div class=\"wp-block-columns is-layout-flex wp-container-core-columns-is-layout-9d6595d7 wp-block-columns-is-layout-flex\">\n<div class=\"wp-block-column is-layout-flow wp-block-column-is-layout-flow\" style=\"flex-basis:33.33%\">\n<figure class=\"wp-block-embed is-type-video is-provider-youtube wp-block-embed-youtube wp-embed-aspect-16-9 wp-has-aspect-ratio\"><div class=\"wp-block-embed__wrapper\">\n<div class=\"jetpack-video-wrapper\"><span class=\"embed-youtube\" style=\"text-align:center; display: block;\"><iframe loading=\"lazy\" class=\"youtube-player\" width=\"676\" height=\"381\" src=\"https:\/\/www.youtube.com\/embed\/N2Ti-tktpRg?version=3&#038;rel=1&#038;showsearch=0&#038;showinfo=1&#038;iv_load_policy=1&#038;fs=1&#038;hl=en-GB&#038;autohide=2&#038;wmode=transparent\" allowfullscreen=\"true\" style=\"border:0;\" sandbox=\"allow-scripts allow-same-origin allow-popups allow-presentation allow-popups-to-escape-sandbox\"><\/iframe><\/span><\/div>\n<\/div><\/figure>\n<\/div>\n\n\n\n<div class=\"wp-block-column is-layout-flow wp-block-column-is-layout-flow\" style=\"flex-basis:66.66%\">\n<ul style=\"font-size:15px\" class=\"wp-block-list\">\n<li><strong>Laila KESTEM (1) ; Katerina KRSTESKA (2)<\/strong>. Phd researcher at MNHN as a part of Nature4Nature (1). Phd researcher at University of Antwerp as a part of Nature4Nature (2).<\/li>\n\n\n\n<li><a href=\"https:\/\/cordis.europa.eu\/project\/id\/101073100\/fr\" target=\"_blank\" rel=\"noreferrer noopener\">Thesis<\/a><\/li>\n<\/ul>\n<\/div>\n<\/div>\n\n\n\n<hr class=\"wp-block-separator has-alpha-channel-opacity\"\/>\n\n\n\n<p>2024 <strong><strong><span style=\"color: #ff6600;\"><span class=\"s2\"><b>[ <strong><strong><strong><strong><strong>Adrien GEFFRELOT<\/strong><\/strong><\/strong> : micropumps and biomarker extraction devices to detect or monitor pathologies<\/strong><\/strong><\/b><\/span><\/span><\/strong><\/strong><\/p>\n\n\n\n<p style=\"font-size:15px\">In the medical field, biomarker monitoring is used for many applications. A biomarker is a molecule or cell (protein, DNA, RNA, etc) whose presence in greater or lesser quantities in biological fluids (sweat, blood, urine, etc) indicates infection by a disease, the effectiveness of a treatment or the evolution of a pathology. To quantify these biomarkers, devices must be devised to extract them from biological fluids. To improve monitoring, these microfluidic biomarker extraction devices can be made directly on patients using patches. One of the prerequisites for their successful operation is the successful integration of microfluidic functions, the main one being pumping. The challenge is to develop a micropump that can circulate liquids in integrated microfluidic devices. Nature itself provides inspiring examples of micropumps.<\/p>\n\n\n\n<div class=\"wp-block-columns is-layout-flex wp-container-core-columns-is-layout-9d6595d7 wp-block-columns-is-layout-flex\">\n<div class=\"wp-block-column is-layout-flow wp-block-column-is-layout-flow\" style=\"flex-basis:33.33%\">\n<figure class=\"wp-block-embed is-type-video is-provider-youtube wp-block-embed-youtube wp-embed-aspect-16-9 wp-has-aspect-ratio\"><div class=\"wp-block-embed__wrapper\">\n<div class=\"jetpack-video-wrapper\"><span class=\"embed-youtube\" style=\"text-align:center; display: block;\"><iframe loading=\"lazy\" class=\"youtube-player\" width=\"676\" height=\"381\" src=\"https:\/\/www.youtube.com\/embed\/Xd6WqVePQkM?version=3&#038;rel=1&#038;showsearch=0&#038;showinfo=1&#038;iv_load_policy=1&#038;fs=1&#038;hl=en-GB&#038;autohide=2&#038;wmode=transparent\" allowfullscreen=\"true\" style=\"border:0;\" sandbox=\"allow-scripts allow-same-origin allow-popups allow-presentation allow-popups-to-escape-sandbox\"><\/iframe><\/span><\/div>\n<\/div><\/figure>\n<\/div>\n\n\n\n<div class=\"wp-block-column is-layout-flow wp-block-column-is-layout-flow\" style=\"flex-basis:66.66%\">\n<ul style=\"font-size:15px\" class=\"wp-block-list\">\n<li><strong>Adrien GEFFRELOT<\/strong>. Doctoral student at the Centre de Nanosciences et de Nanotechnologies - C2N (CNRS\/Universit\u00e9 Paris-Saclay).<\/li>\n<\/ul>\n<\/div>\n<\/div>\n\n\n\n<div class=\"wp-block-columns is-layout-flex wp-container-core-columns-is-layout-9d6595d7 wp-block-columns-is-layout-flex\">\n<div class=\"wp-block-column is-layout-flow wp-block-column-is-layout-flow\"><\/div>\n\n\n\n<div class=\"wp-block-column is-layout-flow wp-block-column-is-layout-flow\"><\/div>\n<\/div>\n\n\n\n<hr class=\"wp-block-separator has-alpha-channel-opacity\"\/>\n\n\n\n<p>2024 <strong><strong><span style=\"color: #ff6600;\"><span class=\"s2\"><b>[ <strong><strong><strong><strong><strong>Salom\u00e9 BERTONE<\/strong><\/strong><\/strong> In search of the best team of depolluting microbes.<\/strong><\/strong><\/b><\/span><\/span><\/strong><\/strong><\/p>\n\n\n\n<p style=\"font-size:15px\">In France in 2018, 6800 sites were contaminated or likely to be contaminated by organic or inorganic pollutants. Unlike inorganic pollutants, organic pollutants can be degraded. Polycyclic aromatic hydrocarbons (PAHs) are particularly problematic because of their low biodegradability and toxicity. Certain fungi already present in the soil are capable of degrading PAHs. In the laboratory, the use of microfluidics makes it possible to study the clean-up mechanisms of fungi and bacteria on a microscopic scale, reproducing an artificial soil and monitoring the clean-up players in real time.<\/p>\n\n\n\n<div class=\"wp-block-columns is-layout-flex wp-container-core-columns-is-layout-9d6595d7 wp-block-columns-is-layout-flex\">\n<div class=\"wp-block-column is-layout-flow wp-block-column-is-layout-flow\" style=\"flex-basis:33.33%\">\n<figure class=\"wp-block-embed is-type-video is-provider-youtube wp-block-embed-youtube wp-embed-aspect-16-9 wp-has-aspect-ratio\"><div class=\"wp-block-embed__wrapper\">\n<div class=\"jetpack-video-wrapper\"><span class=\"embed-youtube\" style=\"text-align:center; display: block;\"><iframe loading=\"lazy\" class=\"youtube-player\" width=\"676\" height=\"381\" src=\"https:\/\/www.youtube.com\/embed\/f3AfZllq10s?version=3&#038;rel=1&#038;showsearch=0&#038;showinfo=1&#038;iv_load_policy=1&#038;fs=1&#038;hl=en-GB&#038;autohide=2&#038;wmode=transparent\" allowfullscreen=\"true\" style=\"border:0;\" sandbox=\"allow-scripts allow-same-origin allow-popups allow-presentation allow-popups-to-escape-sandbox\"><\/iframe><\/span><\/div>\n<\/div><\/figure>\n<\/div>\n\n\n\n<div class=\"wp-block-column is-layout-flow wp-block-column-is-layout-flow\" style=\"flex-basis:66.66%\">\n<ul style=\"font-size:15px\" class=\"wp-block-list\">\n<li><strong>Salom\u00e9 BERTONE<\/strong>. Affiliated with the TIMR unit at UTC under the direction of Antoine Fayeulle and with the METRIS unit at Sorbonne University under the direction of Sylvie Collin.<\/li>\n\n\n\n<li><a href=\"https:\/\/france3-regions.francetvinfo.fr\/hauts-de-france\/oise\/compiegne\/depolluer-les-sols-grace-a-un-champignon-des-chercheurs-de-compiegne-mettent-la-science-au-service-de-l-environnement-2893781.html\" target=\"_blank\" rel=\"noreferrer noopener\">Info<\/a><\/li>\n<\/ul>\n<\/div>\n<\/div>\n\n\n\n<hr class=\"wp-block-separator has-alpha-channel-opacity\"\/>\n\n\n\n<div class=\"wp-block-columns is-layout-flex wp-container-core-columns-is-layout-9d6595d7 wp-block-columns-is-layout-flex\">\n<div class=\"wp-block-column is-layout-flow wp-block-column-is-layout-flow\">\n<p class=\"has-black-color has-text-color\">2024 <strong><strong><span style=\"color: #ff6600;\"><span class=\"s2\"><b>[ <\/b><\/span><strong>WHAT IF WE CHANGED EVERYTHING? <\/strong><\/span><\/strong><\/strong><\/p>\n\n\n\n<p style=\"font-size:15px\"><em>How can the simple act of reconsidering the place of life in the act of entrepreneurship become a powerful lever for transforming a company? This is illustrated by the testimonial and concrete presentation of Pocheco, a biomimetic company that has completely overhauled its economic, ecological and social model to become a genuine demonstrator in the service of others. What were the triggers? What steps were taken? What choices have been made in terms of raw materials, processes, equipment, etc. How can we transform our industrial production facilities and rethink their links with the local area? How can we (re)reconcile economic, social and environmental performance? The company has become a demonstrator of the field of possibilities, thanks to its management of water and energy, its relationship with human and non-human living organisms, its way of occupying the site and the means of transport used. A presentation of the feedback, the obstacles encountered, the successes, and also the financial and non-financial indicators of the approach.<\/em><\/p>\n\n\n\n<div class=\"wp-block-columns is-layout-flex wp-container-core-columns-is-layout-9d6595d7 wp-block-columns-is-layout-flex\">\n<div class=\"wp-block-column is-layout-flow wp-block-column-is-layout-flow\" style=\"flex-basis:33.33%\">\n<figure class=\"wp-block-embed is-type-video is-provider-youtube wp-block-embed-youtube wp-embed-aspect-16-9 wp-has-aspect-ratio\"><div class=\"wp-block-embed__wrapper\">\n<div class=\"jetpack-video-wrapper\"><span class=\"embed-youtube\" style=\"text-align:center; display: block;\"><iframe loading=\"lazy\" class=\"youtube-player\" width=\"676\" height=\"381\" src=\"https:\/\/www.youtube.com\/embed\/VXrJps_HDUQ?version=3&#038;rel=1&#038;showsearch=0&#038;showinfo=1&#038;iv_load_policy=1&#038;fs=1&#038;hl=en-GB&#038;autohide=2&#038;wmode=transparent\" allowfullscreen=\"true\" style=\"border:0;\" sandbox=\"allow-scripts allow-same-origin allow-popups allow-presentation allow-popups-to-escape-sandbox\"><\/iframe><\/span><\/div>\n<\/div><\/figure>\n<\/div>\n\n\n\n<div class=\"wp-block-column is-layout-flow wp-block-column-is-layout-flow\" style=\"flex-basis:66.66%\">\n<ul style=\"font-size:15px\" class=\"wp-block-list\">\n<li><strong>Emmanuel DRUON<\/strong>Chairman and founder of the Pocheco ecolonomy demonstrator; author of \"ECO<em>LO<\/em>NOMIE\" and \"Le syndrome du poisson lune\" published by Actes Sud.<\/li>\n<\/ul>\n<\/div>\n<\/div>\n\n\n\n<hr class=\"wp-block-separator has-css-opacity is-style-wide\"\/>\n\n\n\n<p>2024 <strong><strong><span style=\"color: #ff6600;\"><span class=\"s2\"><b>[ AND WHAT IF THE LIVING WORLD BECAME \"THE BOSS\"?<\/b><\/span><\/span><\/strong><\/strong><\/p>\n\n\n\n<p class=\"has-text-align-justify\" style=\"font-size:15px\"><em>Before product innovation, the bio-inspiration approach begins with a structuring questioning of the way in which the 'corporate species', as a living species, impacting and connected to its ecosystem, can and could live better, in an optimised way and for mutual benefit with its environment-resources. Establishing the principles of Life as a prerequisite for management is already an incredible method for setting a new course, and the means to achieve it. And while the idea of the \"impact company\" or \"regenerative company\" is a new and formidable emerging approach, we still need to know how to measure this impact, combine approaches (biomimicry, eco-design, life cycle, etc.) and clearly define the criteria and rules of the game.<\/em><\/p>\n\n\n\n<div class=\"wp-block-columns is-layout-flex wp-container-core-columns-is-layout-9d6595d7 wp-block-columns-is-layout-flex\">\n<div class=\"wp-block-column is-layout-flow wp-block-column-is-layout-flow\" style=\"flex-basis:33.33%\">\n<figure class=\"wp-block-embed is-type-video is-provider-youtube wp-block-embed-youtube wp-embed-aspect-16-9 wp-has-aspect-ratio\"><div class=\"wp-block-embed__wrapper\">\n<div class=\"jetpack-video-wrapper\"><span class=\"embed-youtube\" style=\"text-align:center; display: block;\"><iframe loading=\"lazy\" class=\"youtube-player\" width=\"676\" height=\"381\" src=\"https:\/\/www.youtube.com\/embed\/F134c05dB3Q?version=3&#038;rel=1&#038;showsearch=0&#038;showinfo=1&#038;iv_load_policy=1&#038;fs=1&#038;hl=en-GB&#038;autohide=2&#038;wmode=transparent\" allowfullscreen=\"true\" style=\"border:0;\" sandbox=\"allow-scripts allow-same-origin allow-popups allow-presentation allow-popups-to-escape-sandbox\"><\/iframe><\/span><\/div>\n<\/div><\/figure>\n<\/div>\n\n\n\n<div class=\"wp-block-column is-layout-flow wp-block-column-is-layout-flow\" style=\"flex-basis:66.66%\">\n<ul style=\"font-size:15px\" class=\"wp-block-list\">\n<li>Hosted by <strong>Elodie BIA<\/strong>co-founder of the ecolonomy agency Ouvert - Pocheco.&nbsp;<\/li>\n\n\n\n<li><strong>Kalina RASKIN<\/strong>General Director of Ceebios.&nbsp;<\/li>\n\n\n\n<li><strong>Tarik CHEKCHAK<\/strong>Director of the Living Inspired Strategies Unit at the Institut des Futurs souhaitables.&nbsp;<\/li>\n\n\n\n<li><strong>Fr\u00e9d\u00e9ric POINT<\/strong>Head of Safety, Health and Environment at the Charles Zviak Campus (CCZ) - L'Or\u00e9al Group<\/li>\n\n\n\n<li><strong>J\u00e9r\u00f4me COHEN<\/strong>Chairman and founder of ENGAGE, co-founder of the Grand D\u00e9fi des entreprises pour la Plan\u00e8te, Administrator of Fresque du climat.&nbsp;<\/li>\n<\/ul>\n<\/div>\n<\/div>\n\n\n\n<hr class=\"wp-block-separator has-alpha-channel-opacity\"\/>\n\n\n\n<p>2024 <strong><strong><span style=\"color: #ff6600;\"><span class=\"s2\"><b>[ AND WHAT IF ECONOMIC PERFORMANCE BECAME GLOBAL PERFORMANCE? <\/b><\/span><\/span><\/strong><\/strong><\/p>\n\n\n\n<p class=\"has-text-align-justify\" style=\"font-size:15px\"><em>We have a certain obsession with performance and growth, in both cases with the aim of constantly increasing them. Is this reasonable? And is it the only model? The 3 speakers, through their respective research, analysis and operational thinking, will reveal other ways of approaching the idea of controlled, shared, harmonious and therefore sustainable development.<\/em><\/p>\n\n\n\n<div class=\"wp-block-columns is-layout-flex wp-container-core-columns-is-layout-9d6595d7 wp-block-columns-is-layout-flex\">\n<div class=\"wp-block-column is-layout-flow wp-block-column-is-layout-flow\" style=\"flex-basis:33.33%\">\n<figure class=\"wp-block-embed is-type-video is-provider-youtube wp-block-embed-youtube wp-embed-aspect-16-9 wp-has-aspect-ratio\"><div class=\"wp-block-embed__wrapper\">\n<div class=\"jetpack-video-wrapper\"><span class=\"embed-youtube\" style=\"text-align:center; display: block;\"><iframe loading=\"lazy\" class=\"youtube-player\" width=\"676\" height=\"381\" src=\"https:\/\/www.youtube.com\/embed\/aWuacgt9LTo?version=3&#038;rel=1&#038;showsearch=0&#038;showinfo=1&#038;iv_load_policy=1&#038;fs=1&#038;hl=en-GB&#038;autohide=2&#038;wmode=transparent\" allowfullscreen=\"true\" style=\"border:0;\" sandbox=\"allow-scripts allow-same-origin allow-popups allow-presentation allow-popups-to-escape-sandbox\"><\/iframe><\/span><\/div>\n<\/div><\/figure>\n<\/div>\n\n\n\n<div class=\"wp-block-column is-layout-flow wp-block-column-is-layout-flow\" style=\"flex-basis:66.66%\">\n<ul style=\"font-size:15px\" class=\"wp-block-list\">\n<li><strong>Arnaud FLORENTIN<\/strong>. Economist, Associate Director of Utopies. Author of \"Et si l'antidote \u00e0 l'urgence climatique \u00e9tait la diversit\u00e9 \u00e9conomique? published by L'Aube (<em>followed by a book signing at the Rue de l'Echiquier stand<\/em>)<\/li>\n\n\n\n<li><strong>Paul BOULANGER<\/strong>. Consultant and founding partner of Pikaia. Author of BIOMIM\u00c9TISME &amp; STRAT\u00c9GIES D'ENTREPRISE - 9 principes pour r\u00e9concilier l'\u00e9conomie et le vivant (published by Rue de l'Echiquier).<\/li>\n\n\n\n<li style=\"font-size:15px\"><strong>Thomas BUSUTTIL<\/strong>. Expert in regenerative models, neuroscience and behaviour. Vice-Chairman of Fashion Green Hub.<\/li>\n<\/ul>\n<\/div>\n<\/div>\n\n\n\n<hr class=\"wp-block-separator has-alpha-channel-opacity\"\/>\n\n\n\n<p>2024 <strong><strong><span style=\"color: #ff6600;\"><span class=\"s2\"><b>[ DECONSTRUCT OUR PREJUDICES, WHICH PREVENT US FROM UNDERSTANDING NATURE AND ACTING ACCORDINGLY <\/b><\/span><\/span><\/strong><\/strong><\/p>\n\n\n\n<p class=\"has-text-align-justify\" style=\"font-size:15px\"><em>The instructions for living our world better are right in front of us. All we have to do is observe living things. But we still need 1\/ to want to 2\/ to accept our ignorance 3\/ to know how to read living things.<\/em><\/p>\n\n\n\n<div class=\"wp-block-columns is-layout-flex wp-container-core-columns-is-layout-9d6595d7 wp-block-columns-is-layout-flex\">\n<div class=\"wp-block-column is-layout-flow wp-block-column-is-layout-flow\" style=\"flex-basis:33.33%\">\n<figure class=\"wp-block-embed is-type-video is-provider-youtube wp-block-embed-youtube wp-embed-aspect-16-9 wp-has-aspect-ratio\"><div class=\"wp-block-embed__wrapper\">\n<div class=\"jetpack-video-wrapper\"><span class=\"embed-youtube\" style=\"text-align:center; display: block;\"><iframe loading=\"lazy\" class=\"youtube-player\" width=\"676\" height=\"381\" src=\"https:\/\/www.youtube.com\/embed\/Z_8-qwEnN1s?version=3&#038;rel=1&#038;showsearch=0&#038;showinfo=1&#038;iv_load_policy=1&#038;fs=1&#038;hl=en-GB&#038;autohide=2&#038;wmode=transparent\" allowfullscreen=\"true\" style=\"border:0;\" sandbox=\"allow-scripts allow-same-origin allow-popups allow-presentation allow-popups-to-escape-sandbox\"><\/iframe><\/span><\/div>\n<\/div><\/figure>\n<\/div>\n\n\n\n<div class=\"wp-block-column is-layout-flow wp-block-column-is-layout-flow\" style=\"flex-basis:66.66%\">\n<ul style=\"font-size:15px\" class=\"wp-block-list\">\n<li><strong>Marc-Andr\u00e9 SELOSSE<\/strong>. Professor at the University of Montpellier II and at the Mus\u00e9um national d'Histoire naturelle (MNHN) - \"Plant and fungal diversity and evolution\" team at the Institut de syst\u00e9matique, \u00e9volution, biodiversit\u00e9 (ISYEB); Chevalier du m\u00e9rite agricole; President of the French Federation of Plant Breeders. <a href=\"https:\/\/www.biogee.org\/\" target=\"_blank\" rel=\"noreferrer noopener\">Biog\u00e9e<\/a>Science for Society. &nbsp;<\/li>\n<\/ul>\n<\/div>\n<\/div>\n\n\n\n<hr class=\"wp-block-separator has-alpha-channel-opacity\"\/>\n\n\n\n<p>2024 <strong><strong><span style=\"color: #ff6600;\"><span class=\"s2\"><b>[ AND WHAT IF COMPANIES AND TOWNS ALSO PRODUCED BIODIVERSITY? <\/b><\/span><\/span><\/strong><\/strong><\/p>\n\n\n\n<div class=\"wp-block-columns is-layout-flex wp-container-core-columns-is-layout-9d6595d7 wp-block-columns-is-layout-flex\">\n<div class=\"wp-block-column is-layout-flow wp-block-column-is-layout-flow\" style=\"flex-basis:33.33%\">\n<figure class=\"wp-block-embed is-type-video is-provider-youtube wp-block-embed-youtube wp-embed-aspect-16-9 wp-has-aspect-ratio\"><div class=\"wp-block-embed__wrapper\">\n<div class=\"jetpack-video-wrapper\"><span class=\"embed-youtube\" style=\"text-align:center; display: block;\"><iframe loading=\"lazy\" class=\"youtube-player\" width=\"676\" height=\"381\" src=\"https:\/\/www.youtube.com\/embed\/gF_2n_ZwlTg?version=3&#038;rel=1&#038;showsearch=0&#038;showinfo=1&#038;iv_load_policy=1&#038;fs=1&#038;hl=en-GB&#038;autohide=2&#038;wmode=transparent\" allowfullscreen=\"true\" style=\"border:0;\" sandbox=\"allow-scripts allow-same-origin allow-popups allow-presentation allow-popups-to-escape-sandbox\"><\/iframe><\/span><\/div>\n<\/div><\/figure>\n<\/div>\n\n\n\n<div class=\"wp-block-column is-layout-flow wp-block-column-is-layout-flow\" style=\"flex-basis:66.66%\">\n<ul style=\"font-size:15px\" class=\"wp-block-list\">\n<li><strong>B\u00e9atrice KREMER-COCHET and Gilbert COCHET<\/strong>. Associate professors of life and earth sciences, naturalists and photographers, B\u00e9atrice Kremer-Cochet and Gilbert Cochet have been travelling around France, Europe and the world for over twenty years in search of the best preserved wild ecosystems.<\/li>\n\n\n\n<li><strong>Catherine POULIQUEN<\/strong>. Head of CSR and Innovation Cr\u00e9dit Agricole Immobilier, and director of the Conseil International Biodiversit\u00e9 et Immobilier (CIBI)<\/li>\n\n\n\n<li><strong>Emmanuelle PARACHE<\/strong>. Founder and Managing Director of Scop BIOCENYS<\/li>\n<\/ul>\n<\/div>\n<\/div>\n\n\n\n<hr class=\"wp-block-separator has-alpha-channel-opacity\"\/>\n\n\n\n<p>2024 <strong><strong><span style=\"color: #ff6600;\"><span class=\"s2\"><b>[ RETHINKING OUR PRODUCTION SITES AND LIVING SPACES WITH LIVING BEINGS <\/b><\/span><\/span><\/strong><\/strong><\/p>\n\n\n\n<div class=\"wp-block-columns is-layout-flex wp-container-core-columns-is-layout-9d6595d7 wp-block-columns-is-layout-flex\">\n<div class=\"wp-block-column is-layout-flow wp-block-column-is-layout-flow\" style=\"flex-basis:33.33%\">\n<figure class=\"wp-block-embed is-type-video is-provider-youtube wp-block-embed-youtube wp-embed-aspect-16-9 wp-has-aspect-ratio\"><div class=\"wp-block-embed__wrapper\">\n<div class=\"jetpack-video-wrapper\"><span class=\"embed-youtube\" style=\"text-align:center; display: block;\"><iframe loading=\"lazy\" class=\"youtube-player\" width=\"676\" height=\"381\" src=\"https:\/\/www.youtube.com\/embed\/PiywgrN72sE?version=3&#038;rel=1&#038;showsearch=0&#038;showinfo=1&#038;iv_load_policy=1&#038;fs=1&#038;hl=en-GB&#038;autohide=2&#038;wmode=transparent\" allowfullscreen=\"true\" style=\"border:0;\" sandbox=\"allow-scripts allow-same-origin allow-popups allow-presentation allow-popups-to-escape-sandbox\"><\/iframe><\/span><\/div>\n<\/div><\/figure>\n<\/div>\n\n\n\n<div class=\"wp-block-column is-layout-flow wp-block-column-is-layout-flow\" style=\"flex-basis:66.66%\">\n<ul style=\"font-size:15px\" class=\"wp-block-list\">\n<li><strong>Aur\u00e9lien BUTERI<\/strong>. Chairman of Botanickel, Expert of the Solar Impulse Foundation.<\/li>\n\n\n\n<li><strong>Olivier RENAUD<\/strong>. Innovation project manager, Permaculteur and facilitator at GRTgaz.<\/li>\n\n\n\n<li><strong>Anne WAUQUIER<\/strong>. Mayor of Genech.<\/li>\n<\/ul>\n<\/div>\n<\/div>\n\n\n\n<hr class=\"wp-block-separator has-alpha-channel-opacity\"\/>\n\n\n\n<p>2024 <strong><strong><span style=\"color: #ff6600;\"><span class=\"s2\"><b>[ET SI LA TERRE NOUS PARLAIT? 8 principes de vie inspir\u00e9s des peuples racines \/ (IF THE EARTH WERE SPEAKING TO US) <strong>Les Liens qui Lib\u00e8rent<\/strong> <\/b><\/span><\/span><\/strong><\/strong><\/p>\n\n\n\n<p class=\"has-text-align-justify\" style=\"font-size:15px\"><em>Perhaps it is we Westerners who have detached ourselves from the Earth and become \u00aboff-ground\u00bb? Listening to the Earth since their origins, the ancestral cultures of the root peoples carry within them a sense of what it means to be human: to form a society to contribute to the balance of life. And what if the solution also involved going back to our roots?<\/em><\/p>\n\n\n\n<div class=\"wp-block-columns is-layout-flex wp-container-core-columns-is-layout-9d6595d7 wp-block-columns-is-layout-flex\">\n<div class=\"wp-block-column is-layout-flow wp-block-column-is-layout-flow\" style=\"flex-basis:33.33%\">\n<figure class=\"wp-block-embed is-type-video is-provider-youtube wp-block-embed-youtube wp-embed-aspect-16-9 wp-has-aspect-ratio\"><div class=\"wp-block-embed__wrapper\">\n<div class=\"jetpack-video-wrapper\"><span class=\"embed-youtube\" style=\"text-align:center; display: block;\"><iframe loading=\"lazy\" class=\"youtube-player\" width=\"676\" height=\"381\" src=\"https:\/\/www.youtube.com\/embed\/k9KigZDmyfs?version=3&#038;rel=1&#038;showsearch=0&#038;showinfo=1&#038;iv_load_policy=1&#038;fs=1&#038;hl=en-GB&#038;autohide=2&#038;wmode=transparent\" allowfullscreen=\"true\" style=\"border:0;\" sandbox=\"allow-scripts allow-same-origin allow-popups allow-presentation allow-popups-to-escape-sandbox\"><\/iframe><\/span><\/div>\n<\/div><\/figure>\n<\/div>\n\n\n\n<div class=\"wp-block-column is-layout-flow wp-block-column-is-layout-flow\" style=\"flex-basis:66.66%\">\n<ul style=\"font-size:15px\" class=\"wp-block-list\">\n<li><strong>Frederika VAN INGEN<\/strong>. As a journalist and author, she has explored the themes of medicine, ecology and psychology, before discovering that they were brought together with great coherence in the age-old vision of the root peoples. Her research focuses on building bridges between our modern world and this ancestral knowledge. She also runs the \u00abCercle des passeurs\u00bb.<\/li>\n<\/ul>\n<\/div>\n<\/div>\n\n\n\n<hr class=\"wp-block-separator has-alpha-channel-opacity\"\/>\n\n\n\n<p>2024 <strong><strong><span style=\"color: #ff6600;\"><span class=\"s2\"><b>[ TERRAMATION, WHAT IF OUR BURIAL PROLONGED LIFE?<\/b><\/span><\/span><\/strong><\/strong><\/p>\n\n\n\n<p style=\"font-size:15px\"><em>It's a cultural, political, spiritual and, of course, ecological revolution. It's well under way, and it could profoundly change our relationship with death and alter the whole landscape of the funeral industry. With the start-up Humo Sapiens as our guest speaker, we present this shift in thinking and its modus operandi; take stock of the legal, regulatory and political context (which is taking the issue very seriously); and share some scientific data on the subject. Deeptech is also about culture, and this one is sure to make you think!<\/em><\/p>\n\n\n\n<div class=\"wp-block-columns is-layout-flex wp-container-core-columns-is-layout-9d6595d7 wp-block-columns-is-layout-flex\">\n<div class=\"wp-block-column is-layout-flow wp-block-column-is-layout-flow\" style=\"flex-basis:33.33%\">\n<figure class=\"wp-block-embed is-type-video is-provider-youtube wp-block-embed-youtube wp-embed-aspect-16-9 wp-has-aspect-ratio\"><div class=\"wp-block-embed__wrapper\">\n<div class=\"jetpack-video-wrapper\"><span class=\"embed-youtube\" style=\"text-align:center; display: block;\"><iframe loading=\"lazy\" class=\"youtube-player\" width=\"676\" height=\"381\" src=\"https:\/\/www.youtube.com\/embed\/26e10v5_hjM?version=3&#038;rel=1&#038;showsearch=0&#038;showinfo=1&#038;iv_load_policy=1&#038;fs=1&#038;hl=en-GB&#038;autohide=2&#038;wmode=transparent\" allowfullscreen=\"true\" style=\"border:0;\" sandbox=\"allow-scripts allow-same-origin allow-popups allow-presentation allow-popups-to-escape-sandbox\"><\/iframe><\/span><\/div>\n<\/div><\/figure>\n<\/div>\n\n\n\n<div class=\"wp-block-column is-layout-flow wp-block-column-is-layout-flow\" style=\"flex-basis:66.66%\">\n<ul style=\"font-size:15px\" class=\"wp-block-list\">\n<li><strong>Fran\u00e7ois MICHAUD N\u00c9RARD<\/strong>. Consultant and manager. FORMER Director General of Funeral Services - City of Paris<\/li>\n\n\n\n<li><strong>Pierre BERNEUR<\/strong>co-founder and Chairman, Humo Sapiens.<\/li>\n\n\n\n<li><strong>Martin JULIER-COSTES<\/strong>Researcher, Grenoble Alpes University.<\/li>\n<\/ul>\n<\/div>\n<\/div>\n<\/div>\n<\/div>\n\n\n\n<hr class=\"wp-block-separator has-css-opacity is-style-wide\"\/>\n\n\n\n<p>2022 <strong><strong><span style=\"color: #ff6600;\"><span class=\"s2\"><b>[ AND US IN THE BIG BOOK OF EVOLUTION?<\/b><\/span><\/span><\/strong><\/strong><\/p>\n\n\n\n<p class=\"has-text-align-justify\" style=\"font-size:15px\"><em>I am very happy to welcome Guillaume Lecointre to introduce the debates, conferences and reflections of our 7th edition of #Biomimexpo! Our era is indeed asking us questions about our future, and in order to answer them, we must undoubtedly reexamine our past, our evolution and our place in the middle of (and not above) the kingdom of life.<\/em><\/p>\n\n\n\n<div class=\"wp-block-columns is-layout-flex wp-container-core-columns-is-layout-9d6595d7 wp-block-columns-is-layout-flex\">\n<div class=\"wp-block-column is-layout-flow wp-block-column-is-layout-flow\" style=\"flex-basis:33.33%\">\n<figure class=\"wp-block-embed is-type-video is-provider-youtube wp-block-embed-youtube wp-embed-aspect-16-9 wp-has-aspect-ratio\"><div class=\"wp-block-embed__wrapper\">\n<div class=\"jetpack-video-wrapper\"><span class=\"embed-youtube\" style=\"text-align:center; display: block;\"><iframe loading=\"lazy\" class=\"youtube-player\" width=\"676\" height=\"381\" src=\"https:\/\/www.youtube.com\/embed\/aYMfnpq90FU?version=3&#038;rel=1&#038;showsearch=0&#038;showinfo=1&#038;iv_load_policy=1&#038;fs=1&#038;hl=en-GB&#038;autohide=2&#038;wmode=transparent\" allowfullscreen=\"true\" style=\"border:0;\" sandbox=\"allow-scripts allow-same-origin allow-popups allow-presentation allow-popups-to-escape-sandbox\"><\/iframe><\/span><\/div>\n<\/div><\/figure>\n<\/div>\n\n\n\n<div class=\"wp-block-column is-layout-flow wp-block-column-is-layout-flow\" style=\"flex-basis:66.66%\">\n<ul style=\"font-size:15px\" class=\"wp-block-list\">\n<li>How do we 'reset' things so that we no longer see ourselves as a separate or superior species but rather 'reintegrate' ourselves into the living world; what is evolution and what are the great lessons to be learned from it; what are these famous 'great principles' of life, which we like to think of as the specifications for performance and resilience? <\/li>\n\n\n\n<li>These are all fundamental questions for laying the foundations of a method, a state of mind and a work of reflection and innovation on the paths of #biomimicry. Drawing inspiration from living beings to innovate and rethink our own future as a species is undoubtedly first and foremost a matter of reconsidering our rightful place and our interconnections and cousinship with all living beings.<\/li>\n<\/ul>\n<\/div>\n<\/div>\n\n\n\n<hr class=\"wp-block-separator has-alpha-channel-opacity\"\/>\n\n\n\n<p>2022 <strong><strong><span style=\"color: #ff6600;\"><span class=\"s2\"><b>[ <\/b><\/span><strong><strong>THE FASCINATING AND INSPIRING WORLD OF INSECTS<\/strong><\/strong><\/span><\/strong><\/strong><\/p>\n\n\n\n<p class=\"has-text-align-justify\" style=\"font-size:15px\"><em>\"One often needs someone smaller than oneself\"... Jean de La Fontaine was right! We are often more sensitive to the \"big beasts\" to whom we may feel closer and who often move us ... but insects of all kinds are not only just as fascinating and captivating but above all indispensable to life and sources of passion and inspiration. Whether it is their amazing physical capacities, their \"mechanics\", their talents as engineers, architects or pilots, their modes of organisation or communication ... the world of insects has a lot to teach us if we want to take the trouble to look into it a little.  <\/em><\/p>\n\n\n\n<div class=\"wp-block-columns is-layout-flex wp-container-core-columns-is-layout-9d6595d7 wp-block-columns-is-layout-flex\">\n<div class=\"wp-block-column is-layout-flow wp-block-column-is-layout-flow\" style=\"flex-basis:33.33%\">\n<figure class=\"wp-block-embed is-type-video is-provider-youtube wp-block-embed-youtube wp-embed-aspect-16-9 wp-has-aspect-ratio\"><div class=\"wp-block-embed__wrapper\">\n<div class=\"jetpack-video-wrapper\"><span class=\"embed-youtube\" style=\"text-align:center; display: block;\"><iframe loading=\"lazy\" class=\"youtube-player\" width=\"676\" height=\"381\" src=\"https:\/\/www.youtube.com\/embed\/qPdyCEFiiMY?version=3&#038;rel=1&#038;showsearch=0&#038;showinfo=1&#038;iv_load_policy=1&#038;fs=1&#038;hl=en-GB&#038;autohide=2&#038;wmode=transparent\" allowfullscreen=\"true\" style=\"border:0;\" sandbox=\"allow-scripts allow-same-origin allow-popups allow-presentation allow-popups-to-escape-sandbox\"><\/iframe><\/span><\/div>\n<\/div><\/figure>\n<\/div>\n\n\n\n<div class=\"wp-block-column is-layout-flow wp-block-column-is-layout-flow\" style=\"flex-basis:66.66%\">\n<ul style=\"font-size:15px\" class=\"wp-block-list\">\n<li><strong>Serge Berthier<\/strong>, physicist, professor emeritus at the University of Paris-Diderot, researcher at the Paris Nanoscience Institute (INSP: UPMC\/CNRS). &gt;&gt; Insects are also incredible \u00abmanufacturers\u00bb of materials with multiple functionalities. Here's an overview ...<\/li>\n\n\n\n<li><strong>Christian Leroux<\/strong>, General Delegate, M2I Life Sciences. &gt;&gt; Taking inspiration from insects to protect our biotopes without destroying biodiversity?<\/li>\n\n\n\n<li><strong>Virginie Courtier-Orgogozo<\/strong>, Director of Research at the CNRS. Associate Professor at Ecole Polytechnique. Institut Jacques Monod - CNRS UMR7592 - Universit\u00e9 Paris Cit\u00e9 &gt;&gt; Drosophila fly glue: a promising model for developing new bioadhesives.<\/li>\n<\/ul>\n<\/div>\n<\/div>\n\n\n\n<hr class=\"wp-block-separator has-alpha-channel-opacity\"\/>\n\n\n\n<p>2022 <strong><strong><span style=\"color: #ff6600;\"><span class=\"s2\"><b>[ <\/b><\/span><strong><strong>INCREDIBLE PLANTS! <\/strong><\/strong><\/span><\/strong><\/strong><\/p>\n\n\n\n<p class=\"has-text-align-justify\" style=\"font-size:15px\"><em>They took a long time to emerge from the waves to colonise dry land, they are said to be more robust in adapting to climate change, some dare to speak of intelligence, they are experts in mathematics and network strategies ... plants are modest and discreet in appearance, yet they are prodigiously gifted in just about everything, and we are in the process of rediscovering them, for they are surely also a powerful ally in the future of man.<\/em><\/p>\n\n\n\n<div class=\"wp-block-columns is-layout-flex wp-container-core-columns-is-layout-9d6595d7 wp-block-columns-is-layout-flex\">\n<div class=\"wp-block-column is-layout-flow wp-block-column-is-layout-flow\" style=\"flex-basis:33.33%\">\n<figure class=\"wp-block-embed is-type-video is-provider-youtube wp-block-embed-youtube wp-embed-aspect-16-9 wp-has-aspect-ratio\"><div class=\"wp-block-embed__wrapper\">\n<div class=\"jetpack-video-wrapper\"><span class=\"embed-youtube\" style=\"text-align:center; display: block;\"><iframe loading=\"lazy\" class=\"youtube-player\" width=\"676\" height=\"381\" src=\"https:\/\/www.youtube.com\/embed\/ybGGCerkIT4?version=3&#038;rel=1&#038;showsearch=0&#038;showinfo=1&#038;iv_load_policy=1&#038;fs=1&#038;hl=en-GB&#038;autohide=2&#038;wmode=transparent\" allowfullscreen=\"true\" style=\"border:0;\" sandbox=\"allow-scripts allow-same-origin allow-popups allow-presentation allow-popups-to-escape-sandbox\"><\/iframe><\/span><\/div>\n<\/div><\/figure>\n<\/div>\n\n\n\n<div class=\"wp-block-column is-layout-flow wp-block-column-is-layout-flow\" style=\"flex-basis:66.66%\">\n<ul style=\"font-size:15px\" class=\"wp-block-list\">\n<li><strong>T\u00e9va Vernoux<\/strong>, Doctor in plant biology, research director at the CNRS. Hormone signalling and development\u00ab team in the Plant Reproduction and Development laboratory (RDP - ENS Lyon) &gt;&gt; Growth, organisation, structure ... plants are incredible strategists.<\/li>\n\n\n\n<li><strong>Ludovic Vincent<\/strong>, Agronomy researcher. CEO, co-founder of BIOMEDE, bio-engineering for the environment, phyto-extraction, soil decontamination. &gt;&gt; What if plants were our best allies for cleaning up and regenerating soils?<\/li>\n\n\n\n<li><strong>\u00c9l\u00e9a H\u00e9berl\u00e9<\/strong>Doctor in molecular biology, researcher in ethnopharmacology, founder of the website <a href=\"https:\/\/leplantoscope.fr\/\" target=\"_blank\" rel=\"noreferrer noopener\">leplantoscope.fr<\/a>. &gt;&gt; Plants deserve to be listened to.<\/li>\n<\/ul>\n<\/div>\n<\/div>\n\n\n\n<hr class=\"wp-block-separator has-alpha-channel-opacity\"\/>\n\n\n\n<p id=\"grison-2022\">2022 <strong><strong><span style=\"color: #ff6600;\"><span class=\"s2\"><b>[ CLAUDE GRISON : depolluting plants and circular ecocatalysis <\/b><\/span><\/span><\/strong><\/strong><\/p>\n\n\n\n<div class=\"wp-block-columns is-layout-flex wp-container-core-columns-is-layout-9d6595d7 wp-block-columns-is-layout-flex\">\n<div class=\"wp-block-column is-layout-flow wp-block-column-is-layout-flow\" style=\"flex-basis:33.33%\">\n<figure class=\"wp-block-embed is-type-video is-provider-youtube wp-block-embed-youtube wp-embed-aspect-16-9 wp-has-aspect-ratio\"><div class=\"wp-block-embed__wrapper\">\n<div class=\"jetpack-video-wrapper\"><span class=\"embed-youtube\" style=\"text-align:center; display: block;\"><iframe loading=\"lazy\" class=\"youtube-player\" width=\"676\" height=\"381\" src=\"https:\/\/www.youtube.com\/embed\/TMD8Ffb7rBM?version=3&#038;rel=1&#038;showsearch=0&#038;showinfo=1&#038;iv_load_policy=1&#038;fs=1&#038;hl=en-GB&#038;autohide=2&#038;wmode=transparent\" allowfullscreen=\"true\" style=\"border:0;\" sandbox=\"allow-scripts allow-same-origin allow-popups allow-presentation allow-popups-to-escape-sandbox\"><\/iframe><\/span><\/div>\n<\/div><\/figure>\n<\/div>\n\n\n\n<div class=\"wp-block-column is-layout-flow wp-block-column-is-layout-flow\" style=\"flex-basis:66.66%\">\n<ul style=\"font-size:15px\" class=\"wp-block-list\">\n<li><strong>Claude Grison<\/strong>. Chemist, Director of Exceptional Class Research at the CNRS, Professor at the University of Montpellier-II, Scientific Director of the company <a href=\"https:\/\/bioinspir.com\/\" target=\"_blank\" rel=\"noreferrer noopener\"><strong>Bioinspir<\/strong><\/a> and a leading figure in bio-inspired research<\/li>\n\n\n\n<li>Presentation of his pioneering and revolutionary research into depolluting plants and the circular eco-catalysis they enable.<\/li>\n<\/ul>\n<\/div>\n<\/div>\n\n\n\n<hr class=\"wp-block-separator has-alpha-channel-opacity\"\/>\n\n\n\n<p>2022 <strong><strong><span style=\"color: #ff6600;\"><span class=\"s2\"><b>[ ZEPHIR PROJECT: combining sporting and environmental performance<\/b><\/span><\/span><\/strong><\/strong><\/p>\n\n\n\n<p class=\"has-text-align-justify\" style=\"font-size:15px\"><em>Drawing inspiration from the UltraPerformance of living organisms to reconcile High Performance and Eco-responsibility. You'll be amazed at the link between world records, top-level sport, bio-inspiration, engineering and the industry of tomorrow!<\/em><\/p>\n\n\n\n<div class=\"wp-block-columns is-layout-flex wp-container-core-columns-is-layout-9d6595d7 wp-block-columns-is-layout-flex\">\n<div class=\"wp-block-column is-layout-flow wp-block-column-is-layout-flow\" style=\"flex-basis:33.33%\">\n<figure class=\"wp-block-embed is-type-video is-provider-youtube wp-block-embed-youtube wp-embed-aspect-16-9 wp-has-aspect-ratio\"><div class=\"wp-block-embed__wrapper\">\n<div class=\"jetpack-video-wrapper\"><span class=\"embed-youtube\" style=\"text-align:center; display: block;\"><iframe loading=\"lazy\" class=\"youtube-player\" width=\"676\" height=\"381\" src=\"https:\/\/www.youtube.com\/embed\/W5D7FnfNkmQ?version=3&#038;rel=1&#038;showsearch=0&#038;showinfo=1&#038;iv_load_policy=1&#038;fs=1&#038;hl=en-GB&#038;autohide=2&#038;wmode=transparent\" allowfullscreen=\"true\" style=\"border:0;\" sandbox=\"allow-scripts allow-same-origin allow-popups allow-presentation allow-popups-to-escape-sandbox\"><\/iframe><\/span><\/div>\n<\/div><\/figure>\n<\/div>\n\n\n\n<div class=\"wp-block-column is-layout-flow wp-block-column-is-layout-flow\" style=\"flex-basis:66.66%\">\n<ul style=\"font-size:15px\" class=\"wp-block-list\">\n<li><strong>Antoine Albeau<\/strong>, France's most successful sportsman with 25 world windsurfing crowns (in 2022!), <\/li>\n\n\n\n<li><strong>Marc Amerigo<\/strong>, The two co-founders of Zephir Project.<\/li>\n<\/ul>\n<\/div>\n<\/div>\n\n\n\n<hr class=\"wp-block-separator has-alpha-channel-opacity\"\/>\n\n\n\n<p>2022 <strong><strong><span style=\"color: #ff6600;\"><span class=\"s2\"><b>[ NATURE INSPIRES US, IT DOES US GOOD TOO<\/b><\/span><\/span><\/strong><\/strong><\/p>\n\n\n\n<p class=\"has-text-align-justify\" style=\"font-size:15px\"><em>How can we take care of someone we have lost sight of, someone we have forgotten, something we no longer know, something we no longer pay attention to? ... Humanity is rediscovering through ecological, climatic, political and social crises that its destiny is linked to that of Nature, of the rest of the living world, and that this contact is vital and beneficial, in order to draw inspiration from it in order to innovate, but also quite simply to breathe, contemplate, soothe ourselves and rediscover deep time and harmony.<\/em><\/p>\n\n\n\n<div class=\"wp-block-columns is-layout-flex wp-container-core-columns-is-layout-9d6595d7 wp-block-columns-is-layout-flex\">\n<div class=\"wp-block-column is-layout-flow wp-block-column-is-layout-flow\" style=\"flex-basis:33.33%\">\n<figure class=\"wp-block-embed is-type-video is-provider-youtube wp-block-embed-youtube wp-embed-aspect-16-9 wp-has-aspect-ratio\"><div class=\"wp-block-embed__wrapper\">\n<div class=\"jetpack-video-wrapper\"><span class=\"embed-youtube\" style=\"text-align:center; display: block;\"><iframe loading=\"lazy\" class=\"youtube-player\" width=\"676\" height=\"381\" src=\"https:\/\/www.youtube.com\/embed\/nDpgm3RIKew?version=3&#038;rel=1&#038;showsearch=0&#038;showinfo=1&#038;iv_load_policy=1&#038;fs=1&#038;hl=en-GB&#038;autohide=2&#038;wmode=transparent\" allowfullscreen=\"true\" style=\"border:0;\" sandbox=\"allow-scripts allow-same-origin allow-popups allow-presentation allow-popups-to-escape-sandbox\"><\/iframe><\/span><\/div>\n<\/div><\/figure>\n<\/div>\n\n\n\n<div class=\"wp-block-column is-layout-flow wp-block-column-is-layout-flow\" style=\"flex-basis:66.66%\">\n<ul style=\"font-size:15px\" class=\"wp-block-list\">\n<li><strong>Florence Karras<\/strong>. Founder of Canopsia. Manager of Domaine de Fresnoy. Entrepreneur with impact <em>&gt;&gt; What does it feel like to spend a year immersed in the heart of nature? Testimony and feedback.<\/em><\/li>\n\n\n\n<li><strong><a href=\"https:\/\/fr.linkedin.com\/in\/henri-landes-0398a325\" data-type=\"URL\" data-id=\"https:\/\/fr.linkedin.com\/in\/henri-landes-0398a325\">Henri Landes<\/a><\/strong>. Co-founder with Fanny Agostini of <a href=\"https:\/\/landestini.org\/\" target=\"_blank\" rel=\"noreferrer noopener\">Landestini<\/a>CSR and local authorities consultant, teacher of sustainable development at SciencesPo; Author of \"\u00a0<a href=\"https:\/\/www.editions-observatoire.com\/content\/Repeupler_les_campagnes\" target=\"_blank\" rel=\"noreferrer noopener\">Re-populating the countryside<\/a> How to organise the urban exodus to respond to the ecological emergency\", published by the Observatory. <em>&gt;&gt; What if going back to basics was the answer? personal testimony and analysis.<\/em><\/li>\n\n\n\n<li><strong><a href=\"https:\/\/www.linkedin.com\/in\/philippe-grandcolas-4795183a\/\" target=\"_blank\" rel=\"noreferrer noopener\">Philippe Grandcolas<\/a><\/strong>. Director of research at the CNRS; Director, Institute of Systematics, Evolution and Biodiversity of the National Museum of Natural History; Deputy Scientific Director of the Ecology and Environment Institute; Member of the Scientific Council of the OFB and Ceebios . <em>&gt;&gt; Why and how the health of the human species and its future depend on the health of its environment: what the study of the relationships between living communities and their evolution teaches us.<\/em><\/li>\n\n\n\n<li><a href=\"https:\/\/www.linkedin.com\/in\/h\u00e9l\u00e8ne-soubelet-91248441\/\"><strong>H\u00e9l\u00e8ne Soubelet<\/strong><\/a>. Veterinary Doctor. Director General. Foundation for Biodiversity Research (FRB). <em>&gt;&gt; How to preserve a biodiversity-rich and sustainable ecosystem?<\/em><\/li>\n\n\n\n<li><strong>Marie Guirguis<\/strong>, Intern in general medicine and <a href=\"https:\/\/www.linkedin.com\/in\/anthony-delcambre-98a76b1a2\/?originalSubdomain=fr\"><strong>Anthony Delcambre<\/strong><\/a>. General practitioner (Rostrenen and Groupement des H\u00f4pitaux de l'Institut Catholique de Lille) <em>&gt;&gt; Global health: a compass for ecological and social emergencies<\/em><\/li>\n<\/ul>\n<\/div>\n<\/div>\n\n\n\n<hr class=\"wp-block-separator has-alpha-channel-opacity\"\/>\n\n\n\n<p class=\"has-black-color has-text-color\">2022 <strong><strong><span style=\"color: #ff6600;\"><span class=\"s2\"><b>[ <\/b><\/span><strong>WHEN INTERACTIONS CREATE LIFE<\/strong><\/span><\/strong><\/strong><\/p>\n\n\n\n<p class=\"has-text-align-justify\" style=\"font-size:15px\"><em>In biodiversity, the important thing is \"diversity\". It is this wealth of living organisms, of all sizes and types, which is essential to life. But without links, exchanges, connections, flows ... this diversity would be sterile, weak, impoverished. Whether it is in the earth we grab with our hands or on the surface of the skin of those hands, life, diverse and intermingled, is beneficial to life.<\/em><\/p>\n\n\n\n<div class=\"wp-block-columns is-layout-flex wp-container-core-columns-is-layout-9d6595d7 wp-block-columns-is-layout-flex\">\n<div class=\"wp-block-column is-layout-flow wp-block-column-is-layout-flow\" style=\"flex-basis:33.33%\">\n<figure class=\"wp-block-embed is-type-video is-provider-youtube wp-block-embed-youtube wp-embed-aspect-16-9 wp-has-aspect-ratio\"><div class=\"wp-block-embed__wrapper\">\n<div class=\"jetpack-video-wrapper\"><span class=\"embed-youtube\" style=\"text-align:center; display: block;\"><iframe loading=\"lazy\" class=\"youtube-player\" width=\"676\" height=\"381\" src=\"https:\/\/www.youtube.com\/embed\/7Xutr8ucv0o?version=3&#038;rel=1&#038;showsearch=0&#038;showinfo=1&#038;iv_load_policy=1&#038;fs=1&#038;hl=en-GB&#038;autohide=2&#038;wmode=transparent\" allowfullscreen=\"true\" style=\"border:0;\" sandbox=\"allow-scripts allow-same-origin allow-popups allow-presentation allow-popups-to-escape-sandbox\"><\/iframe><\/span><\/div>\n<\/div><\/figure>\n<\/div>\n\n\n\n<div class=\"wp-block-column is-layout-flow wp-block-column-is-layout-flow\" style=\"flex-basis:66.66%\">\n<ul style=\"font-size:15px\" class=\"wp-block-list\">\n<li><strong><a href=\"https:\/\/isyeb.mnhn.fr\/fr\/annuaire\/marc-andre-selosse-404\" target=\"_blank\" rel=\"noreferrer noopener\">Marc-Andr\u00e9 Selosse<\/a><\/strong>, Professor at the University of Montpellier II and the Mus\u00e9um national d'Histoire naturelle (MNHN) - \u00abplant and fungal diversity and evolution\u00bb team at the Institut de syst\u00e9matique, \u00e9volution, biodiversit\u00e9 (ISYEB); Chevalier du m\u00e9rite agricole. &gt;&gt; What if the future of humanity came from the microbial life of soils?<\/li>\n\n\n\n<li><strong><a href=\"https:\/\/www.linkedin.com\/in\/lipumajustine\/\" target=\"_blank\" rel=\"noreferrer noopener\">Justine Lipuma<\/a><\/strong>, Co-founder and CEO SAS Mycophyto. Board member of Ferme Digitale. &gt;&gt; Reinventing tomorrow's agriculture using mycorrhizal fungi, natural plant biostimulants.<\/li>\n\n\n\n<li><strong><a href=\"https:\/\/www.linkedin.com\/in\/carine-jacques-20a7052a\/\" target=\"_blank\" rel=\"noreferrer noopener\">Carine Jacques<\/a><\/strong>, Concept and Innovation Manager, Pierre Fabre DCPC &gt;&gt; Our skin: a complex ecosystem with multiple interactions, a fragile balance that must be preserved.<\/li>\n<\/ul>\n<\/div>\n<\/div>\n\n\n\n<hr class=\"wp-block-separator has-alpha-channel-opacity\"\/>\n\n\n\n<p class=\"has-black-color has-text-color\">2022 <strong><strong><span style=\"color: #ff6600;\"><span class=\"s2\"><b>[ <\/b><\/span><strong>WILL THE CITY MAKE HISTORY?<\/strong><\/span><\/strong><\/strong><\/p>\n\n\n\n<p class=\"has-text-align-justify\" style=\"font-size:15px\"><em>The city is the habitat of our species for the majority of humanity. It is also, and for the majority, the main emitter of greenhouse gases and consumer of resources. So, are the cities we build burying us alive? The challenge is immense, it is also exciting, and it is mobilising more and more actors, but are we moving forward fast enough? The ecosystem is talking, but is it changing in depth? What is it really doing? Are we ready to face the future?<\/em><\/p>\n\n\n\n<div class=\"wp-block-columns is-layout-flex wp-container-core-columns-is-layout-9d6595d7 wp-block-columns-is-layout-flex\">\n<div class=\"wp-block-column is-layout-flow wp-block-column-is-layout-flow\" style=\"flex-basis:33.33%\">\n<figure class=\"wp-block-embed is-type-video is-provider-youtube wp-block-embed-youtube wp-embed-aspect-16-9 wp-has-aspect-ratio\"><div class=\"wp-block-embed__wrapper\">\n<div class=\"jetpack-video-wrapper\"><span class=\"embed-youtube\" style=\"text-align:center; display: block;\"><iframe loading=\"lazy\" class=\"youtube-player\" width=\"676\" height=\"381\" src=\"https:\/\/www.youtube.com\/embed\/G-OZEgdepTQ?version=3&#038;rel=1&#038;showsearch=0&#038;showinfo=1&#038;iv_load_policy=1&#038;fs=1&#038;hl=en-GB&#038;autohide=2&#038;wmode=transparent\" allowfullscreen=\"true\" style=\"border:0;\" sandbox=\"allow-scripts allow-same-origin allow-popups allow-presentation allow-popups-to-escape-sandbox\"><\/iframe><\/span><\/div>\n<\/div><\/figure>\n<\/div>\n\n\n\n<div class=\"wp-block-column is-layout-flow wp-block-column-is-layout-flow\" style=\"flex-basis:66.66%\">\n<ul style=\"font-size:15px\" class=\"wp-block-list\">\n<li><strong><a href=\"https:\/\/www.linkedin.com\/in\/cl%C3%A9mence-bechu-441252b3\/\" target=\"_blank\" rel=\"noreferrer noopener\">Cl\u00e9mence Bechu<\/a><\/strong>, Director of Development, Innovation and Partnerships, Bechu &amp; Associ\u00e9s. &gt;&gt; How to reinvent the profession of architect and urban planner using biomimicry to recreate living cities for people, biodiversity and the climate. Instructions and examples.<\/li>\n\n\n\n<li><strong><a href=\"https:\/\/www.linkedin.com\/in\/laurenthusson\/\" target=\"_blank\" rel=\"noreferrer noopener\">Laurent Husson<\/a><\/strong>, co-founder of The Climate Company. &gt;&gt; How satellite data is helping to map climate risks on an urban scale, to anticipate them and to draw up locally adapted climate plans.<\/li>\n\n\n\n<li><strong><a href=\"https:\/\/www.linkedin.com\/in\/donald-francois-961417\/\" target=\"_blank\" rel=\"noreferrer noopener\">Donald Fran\u00e7ois<\/a><\/strong>, Chairman and founder of SerenySun Energies. &gt;&gt; A new model for local collective self-production and self-consumption to produce 30 to 50% of energy where people live and work. Presentation of the experimental project.<\/li>\n\n\n\n<li><strong>Adine Hector<\/strong>, Head of the Territorial Ecology Department - City and Eurometropolis of Strasbourg. &gt;&gt; Strasbourg, a city of nature for a resilient city, preserving then strengthening.<\/li>\n\n\n\n<li><strong><a href=\"https:\/\/www.linkedin.com\/search\/results\/all\/?heroEntityKey=urn%3Ali%3Afsd_profile%3AACoAAAW7u-QBExJTy7A7IMREoaIyyJuevjGCNOY&amp;keywords=cl\u00e9mence%20collombier&amp;origin=RICH_QUERY_SUGGESTION&amp;position=0&amp;searchId=1e6d42dd-f2bb-4643-a31e-afcc92babc1a&amp;sid=53O\" target=\"_blank\" rel=\"noreferrer noopener\">Cl\u00e9mence Collombier<\/a><\/strong>, Founder &amp; CEO of La Fabrique \u00e0 Feuilles. &gt;&gt; Regeneration as a solution to climate change, with more resilient city ecosystems, or how can we draw inspiration from the living world to weave multi-stakeholder projects in urban environments to help regenerate ecosystems?<\/li>\n<\/ul>\n<\/div>\n<\/div>\n\n\n\n<hr class=\"wp-block-separator has-alpha-channel-opacity\"\/>\n\n\n\n<p>2022 <strong><strong><span style=\"color: #ff6600;\"><span class=\"s2\"><b>[ <\/b><\/span><strong><strong>BIG DATA BANG: THE AMAZING BIO-INSPIRED CAPABILITIES OF STORAGE AND SHARING! <\/strong><\/strong><\/span><\/strong><\/strong><\/p>\n\n\n\n<p class=\"has-text-align-justify\" style=\"font-size:15px\"><em>We are sharing more and more information, knowledge, messages, etc. This is an energy bomb and the digital arms race is a colossal drain on resources. But sharing information, communicating and detecting is also a vital activity for living organisms, which have developed extraordinary capacities to do this much better than we have! <em>faster, more frugal in storage and energy consumption, more sustainable.<\/em> Amazing capabilities that are already inspiring the tools of tomorrow, unimaginable yesterday. <\/em><\/p>\n\n\n\n<div class=\"wp-block-columns is-layout-flex wp-container-core-columns-is-layout-9d6595d7 wp-block-columns-is-layout-flex\">\n<div class=\"wp-block-column is-layout-flow wp-block-column-is-layout-flow\" style=\"flex-basis:33.33%\">\n<figure class=\"wp-block-embed is-type-video is-provider-youtube wp-block-embed-youtube wp-embed-aspect-16-9 wp-has-aspect-ratio\"><div class=\"wp-block-embed__wrapper\">\n<div class=\"jetpack-video-wrapper\"><span class=\"embed-youtube\" style=\"text-align:center; display: block;\"><iframe loading=\"lazy\" class=\"youtube-player\" width=\"676\" height=\"381\" src=\"https:\/\/www.youtube.com\/embed\/YhZfPA54K40?version=3&#038;rel=1&#038;showsearch=0&#038;showinfo=1&#038;iv_load_policy=1&#038;fs=1&#038;hl=en-GB&#038;autohide=2&#038;wmode=transparent\" allowfullscreen=\"true\" style=\"border:0;\" sandbox=\"allow-scripts allow-same-origin allow-popups allow-presentation allow-popups-to-escape-sandbox\"><\/iframe><\/span><\/div>\n<\/div><\/figure>\n<\/div>\n\n\n\n<div class=\"wp-block-column is-layout-flow wp-block-column-is-layout-flow\" style=\"flex-basis:66.66%\">\n<ul style=\"font-size:15px\" class=\"wp-block-list\">\n<li><strong><a href=\"https:\/\/www.linkedin.com\/in\/damienquerlioz\/\">Damien Querlioz<\/a><\/strong>, Electronics researcher. CNRS Bronze Medal 2017. CNRS research fellow at the Centre for Nanoscience and Nanotechnology at the University of Paris-Saclay. &gt;&gt; Towards a bio-inspired artificial intelligence of neurons and synapses that is ultra energy-efficient?<\/li>\n\n\n\n<li><strong><a href=\"https:\/\/www.linkedin.com\/in\/stephane-lemaire-phd\/\" data-type=\"URL\" data-id=\"https:\/\/www.linkedin.com\/in\/stephane-lemaire-phd\/\">St\u00e9phane Lemaire<\/a><\/strong>, CSO &amp; Co-Founder of Biomemory, CNRS Research Director. &gt;&gt; Biomemory, the future of data storage? A breakthrough innovation capable of storing data on DNA, with a density a million times greater than that of any SSD or magnetic tape.<\/li>\n\n\n\n<li><strong><a href=\"https:\/\/www.linkedin.com\/in\/marc-antonini\/\" data-type=\"URL\" data-id=\"https:\/\/www.linkedin.com\/in\/marc-antonini\/\">Marc Antonini<\/a><\/strong>, CNRS Research Director. Computer Science, Signals and Systems Laboratory, Sophia Antipolis (I3S). Programme Director of the PEPR \u00abMoleculArXiv\u00bb &gt;&gt; To make the French academic and industrial research ecosystem (computing, chemistry, biology, nanotechnologies, microfluidics) a key player in polymer storage on an international scale.<\/li>\n<\/ul>\n<\/div>\n<\/div>\n\n\n\n<hr class=\"wp-block-separator has-alpha-channel-opacity\"\/>\n\n\n\n<p>2022 <strong><strong><span style=\"color: #ff6600;\"><span class=\"s2\"><b>[ DO WE SUCK AT SCIENCE?<\/b><\/span><\/span><\/strong><\/strong><\/p>\n\n\n\n<p class=\"has-text-align-justify\" style=\"font-size:15px\"><em>How can we be inspired by a living being that we no longer study? How can we rethink our community of destinies with unknown travellers? How can we worry about the massive and deadly extinction of biodiversity without giving ourselves the means to better understand it in order to better save it? The teaching of life sciences is following the same curve as life itself: in free fall! It's not just MPs and 'bosses' who are bad at climate or biodiv, it's the whole community that needs to go back to school, and above all to reawaken and reenchant the teaching of these vital yet neglected subjects.<\/em><\/p>\n\n\n\n<div class=\"wp-block-columns is-layout-flex wp-container-core-columns-is-layout-9d6595d7 wp-block-columns-is-layout-flex\">\n<div class=\"wp-block-column is-layout-flow wp-block-column-is-layout-flow\" style=\"flex-basis:33.33%\">\n<figure class=\"wp-block-embed is-type-video is-provider-youtube wp-block-embed-youtube wp-embed-aspect-16-9 wp-has-aspect-ratio\"><div class=\"wp-block-embed__wrapper\">\n<div class=\"jetpack-video-wrapper\"><span class=\"embed-youtube\" style=\"text-align:center; display: block;\"><iframe loading=\"lazy\" class=\"youtube-player\" width=\"676\" height=\"381\" src=\"https:\/\/www.youtube.com\/embed\/onXDGBLcFW8?version=3&#038;rel=1&#038;showsearch=0&#038;showinfo=1&#038;iv_load_policy=1&#038;fs=1&#038;hl=en-GB&#038;autohide=2&#038;wmode=transparent\" allowfullscreen=\"true\" style=\"border:0;\" sandbox=\"allow-scripts allow-same-origin allow-popups allow-presentation allow-popups-to-escape-sandbox\"><\/iframe><\/span><\/div>\n<\/div><\/figure>\n<\/div>\n\n\n\n<div class=\"wp-block-column is-layout-flow wp-block-column-is-layout-flow\" style=\"flex-basis:66.66%\">\n<ul style=\"font-size:15px\" class=\"wp-block-list\">\n<li><strong><a href=\"https:\/\/isyeb.mnhn.fr\/fr\/annuaire\/marc-andre-selosse-404\" target=\"_blank\" rel=\"noreferrer noopener\">Marc-Andr\u00e9 Selosse<\/a> <\/strong>, Professor at the University of Montpellier II and the Mus\u00e9um national d'Histoire naturelle (MNHN) - \u00abplant and fungal diversity and evolution\u00bb team at the Institut de syst\u00e9matique, \u00e9volution, biodiversit\u00e9 (ISYEB); Chevalier du m\u00e9rite agricole. Chairman of the Biog\u00e9e Federation. &gt;&gt; What the Federation \u00ab\u00a0<a href=\"https:\/\/www.biogee.org\/index.php\/a-propos-de\/\" target=\"_blank\" rel=\"noreferrer noopener\">Biog\u00e9e<\/a>\u00a0\"proposes \"Science for Society\".<\/li>\n\n\n\n<li><strong>Philippe Berta<\/strong>, Geneticist, University Professor, Member of Parliament for the 6th constituency of the Gard. &gt;&gt; Can we legislate on the teaching of knowledge?<\/li>\n\n\n\n<li><strong>Katia Andreetti<\/strong>, Anthropologist. Doctoral student in political science, Panth\u00e9on-Assas Paris II - Cersa. Parliamentary assistant.<\/li>\n\n\n\n<li><strong>St\u00e9phane Sauvag\u00e8re<\/strong>, Lecturer in Biology at Unimes University \/ Engineer in Biotechnology - Biology. R&amp;D Manager \/ Head of Professional Training in Molecular Biology and Microbiology (N\u00eemes DNA School). &gt;&gt; What do the students want?<\/li>\n<\/ul>\n<\/div>\n<\/div>\n\n\n\n<hr class=\"wp-block-separator has-alpha-channel-opacity\"\/>\n\n\n\n<p>2022 <strong><strong><span style=\"color: #ff6600;\"><span class=\"s2\"><b>[ FORK IN THE ROAD OR MAKE THE INNER REVOLUTION, DO YOU HAVE TO CHOOSE?<\/b><\/span><\/span><\/strong><\/strong><\/p>\n\n\n\n<p class=\"has-text-align-justify\" style=\"font-size:15px\"><em>In order not to be associated with, or even participate in, a world that is not changing fast enough and that would put their future at risk, several groups of students from leading universities have expressed their refusal to work for large companies whose commitments to ecological and climate issues they consider too weak. We discuss and share our points of view on this latest episode, which is part of an already long history of generational challenges (but which until now have tended to focus on the political sphere), and which is generating a division on the best position to take, externally or internally, to participate in the transition. What if both were useful? Are young graduates aware of the CSR policies of large companies? Is there a risk of losing talent? How are the grandes \u00e9coles reacting? <\/em> <\/p>\n\n\n\n<div class=\"wp-block-columns is-layout-flex wp-container-core-columns-is-layout-9d6595d7 wp-block-columns-is-layout-flex\">\n<div class=\"wp-block-column is-layout-flow wp-block-column-is-layout-flow\" style=\"flex-basis:33.33%\">\n<figure class=\"wp-block-embed is-type-video is-provider-youtube wp-block-embed-youtube wp-embed-aspect-16-9 wp-has-aspect-ratio\"><div class=\"wp-block-embed__wrapper\">\n<div class=\"jetpack-video-wrapper\"><span class=\"embed-youtube\" style=\"text-align:center; display: block;\"><iframe loading=\"lazy\" class=\"youtube-player\" width=\"676\" height=\"381\" src=\"https:\/\/www.youtube.com\/embed\/kJQViP3cXII?version=3&#038;rel=1&#038;showsearch=0&#038;showinfo=1&#038;iv_load_policy=1&#038;fs=1&#038;hl=en-GB&#038;autohide=2&#038;wmode=transparent\" allowfullscreen=\"true\" style=\"border:0;\" sandbox=\"allow-scripts allow-same-origin allow-popups allow-presentation allow-popups-to-escape-sandbox\"><\/iframe><\/span><\/div>\n<\/div><\/figure>\n<\/div>\n\n\n\n<div class=\"wp-block-column is-layout-flow wp-block-column-is-layout-flow\" style=\"flex-basis:66.66%\">\n<ul style=\"font-size:15px\" class=\"wp-block-list\">\n<li><strong>Arthur Gosset<\/strong>Author and Director of the film \"\u00a0<a href=\"https:\/\/www.ruptures-le-film.fr\/\" target=\"_blank\" rel=\"noreferrer noopener\">BREAKDOWNS<\/a>\u00ab accompanied by one of the film's \u00abcharacters\u00bb. &gt;&gt; Why and how do new generations of graduates want to change the world?<\/li>\n\n\n\n<li><strong><a href=\"https:\/\/www.linkedin.com\/in\/laurent-champaney-8a0a6022\/\" target=\"_blank\" rel=\"noreferrer noopener\">Laurent Champaney<\/a><\/strong>, Chairman of the Conf\u00e9rence des grandes \u00e9coles (CGE), Director General of Arts et M\u00e9tiers. &gt;&gt; The grandes \u00e9coles face up to the new expectations of graduates and the new challenges of transition.<\/li>\n\n\n\n<li><strong><a href=\"https:\/\/www.linkedin.com\/in\/guillian-graves\/\" target=\"_blank\" rel=\"noreferrer noopener\">Guillian Graves<\/a><\/strong>, Founder, designer &amp; CEO of the Big Bang Project agency; co-director of the NID MSc at ENSCI-Les Ateliers; lecturer at Sciences Po's EMI. &gt;&gt; How can we \u201crealign\u201d corporate practices and ways of working\/teaching with contemporary issues?<\/li>\n<\/ul>\n<\/div>\n<\/div>\n\n\n\n<hr class=\"wp-block-separator has-alpha-channel-opacity\"\/>\n\n\n\n<p>2022 <strong><strong><span style=\"color: #ff6600;\"><span class=\"s2\"><b>[ BIODIV, BIOMIM &amp; CLIMATE, WHY IS IT LINKED AND WHY SHOULD WE BE INSPIRED BY LIVING THINGS?<\/b><\/span><\/span><\/strong><\/strong><\/p>\n\n\n\n<p class=\"has-text-align-justify\" style=\"font-size:15px\"><em>For a long time, Biodiv and Climate issues have been running in their own lanes, with their own bibs, coaches, supporters and flags ... but what if it was a team race instead? What if instead of counting the airtime of climate \"against\" biodiv, IPCC \"against\" IPBES or IUCN, we linked the subjects? What if we considered them mutually? What if, for example, we thought of biodiversity as a solution to the climate problem and not as 'another' problem... why and how can we draw inspiration from living things to serve living things themselves and the challenges facing human beings? What can biomimicry contribute? What contributions can we expect from our ecosystem? Presentation of the scenarios, explanations, and call for projects.  <\/em><\/p>\n\n\n\n<div class=\"wp-block-columns is-layout-flex wp-container-core-columns-is-layout-9d6595d7 wp-block-columns-is-layout-flex\">\n<div class=\"wp-block-column is-layout-flow wp-block-column-is-layout-flow\" style=\"flex-basis:33.33%\">\n<figure class=\"wp-block-embed is-type-video is-provider-youtube wp-block-embed-youtube wp-embed-aspect-16-9 wp-has-aspect-ratio\"><div class=\"wp-block-embed__wrapper\">\n<div class=\"jetpack-video-wrapper\"><span class=\"embed-youtube\" style=\"text-align:center; display: block;\"><iframe loading=\"lazy\" class=\"youtube-player\" width=\"676\" height=\"381\" src=\"https:\/\/www.youtube.com\/embed\/z1oGYqEdrd0?version=3&#038;rel=1&#038;showsearch=0&#038;showinfo=1&#038;iv_load_policy=1&#038;fs=1&#038;hl=en-GB&#038;autohide=2&#038;wmode=transparent\" allowfullscreen=\"true\" style=\"border:0;\" sandbox=\"allow-scripts allow-same-origin allow-popups allow-presentation allow-popups-to-escape-sandbox\"><\/iframe><\/span><\/div>\n<\/div><\/figure>\n<\/div>\n\n\n\n<div class=\"wp-block-column is-layout-flow wp-block-column-is-layout-flow\" style=\"flex-basis:66.66%\">\n<ul style=\"font-size:15px\" class=\"wp-block-list\">\n<li><strong><a href=\"https:\/\/www.linkedin.com\/in\/audrey-coreau-0ba3a1a2\/\" target=\"_blank\" rel=\"noreferrer noopener\">Audrey Coreau<\/a><\/strong>, Director of Acteurs et Citoyens. French Biodiversity Office (OFB). &gt;&gt; Why is it essential to combat the erosion of biodiversity, including to slow global warming and its consequences? How can socio-economic players take action?<\/li>\n\n\n\n<li><strong><a href=\"https:\/\/www.linkedin.com\/in\/iman-bahmani-piaseczny-7ab57a8a\/\" target=\"_blank\" rel=\"noreferrer noopener\">Iman Bahmani-Piaseczny<\/a><\/strong>, Coordinator of the Research, Innovation and Future Investment cross-cutting unit. Ademe. &gt;&gt; Transition(s) 2050: presentation of the 4 scenarios for achieving carbon neutrality.<\/li>\n\n\n\n<li><strong><a href=\"https:\/\/www.linkedin.com\/in\/kalina-raskin-%F0%9F%8C%8D-30b19a18\/\" target=\"_blank\" rel=\"noreferrer noopener\">Kalina Raskin<\/a><\/strong>, Ph.D. Managing Director of Ceebios. &gt;&gt; Carbon management in and by living organisms. Why is this an inspiring model for meeting people's challenges?<\/li>\n\n\n\n<li><strong>Emmanuel Druon<\/strong>President and founder of the Ecolonomy Demonstrator <strong><a href=\"https:\/\/pocheco.com\/fr\/\" target=\"_blank\" rel=\"noreferrer noopener\">Pocheco<\/a><\/strong>. &gt;&gt; When biodiversity is at the heart of a company's circular economy model ... testimonial and feedback from a pioneering and passionate player.<\/li>\n\n\n\n<li><strong>Christophe Madrolle<\/strong>, Chairman of the Biodiversity, Sea and Coastal Areas, Regional Nature Parks and Risks Commission. R\u00e9gion Sud &gt;&gt; Biodiversity, capital for the future of our territories.<\/li>\n<\/ul>\n<\/div>\n<\/div>\n\n\n\n<hr class=\"wp-block-separator has-alpha-channel-opacity\"\/>\n\n\n\n<p>2022 <strong><strong><span style=\"color: #ff6600;\"><span class=\"s2\"><b>[ ROMAIN TROUBL\u00c9 AND ROLAND JOURDAIN, OCEAN PASSION!<\/b><\/span><\/span><\/strong><\/strong><\/p>\n\n\n\n<p style=\"font-size:15px\">One has just returned from a major scientific expedition to study the state of health of the ocean and all that it still holds in store for us in terms of future knowledge and solutions for tomorrow; the other is preparing to set off again on the Route du Rhum, with a new quest that goes beyond the sporting challenge ...<\/p>\n\n\n\n<div class=\"wp-block-columns is-layout-flex wp-container-core-columns-is-layout-9d6595d7 wp-block-columns-is-layout-flex\">\n<div class=\"wp-block-column is-layout-flow wp-block-column-is-layout-flow\" style=\"flex-basis:33.33%\">\n<figure class=\"wp-block-embed is-type-video is-provider-youtube wp-block-embed-youtube wp-embed-aspect-16-9 wp-has-aspect-ratio\"><div class=\"wp-block-embed__wrapper\">\n<div class=\"jetpack-video-wrapper\"><span class=\"embed-youtube\" style=\"text-align:center; display: block;\"><iframe loading=\"lazy\" class=\"youtube-player\" width=\"676\" height=\"381\" src=\"https:\/\/www.youtube.com\/embed\/yrjIoUnxKPc?version=3&#038;rel=1&#038;showsearch=0&#038;showinfo=1&#038;iv_load_policy=1&#038;fs=1&#038;hl=en-GB&#038;autohide=2&#038;wmode=transparent\" allowfullscreen=\"true\" style=\"border:0;\" sandbox=\"allow-scripts allow-same-origin allow-popups allow-presentation allow-popups-to-escape-sandbox\"><\/iframe><\/span><\/div>\n<\/div><\/figure>\n<\/div>\n\n\n\n<div class=\"wp-block-column is-layout-flow wp-block-column-is-layout-flow\" style=\"flex-basis:66.66%\">\n<ul style=\"font-size:15px\" class=\"wp-block-list\">\n<li><strong><a href=\"https:\/\/www.linkedin.com\/in\/romain-troubl%C3%A9-32838118\/\" target=\"_blank\" rel=\"noreferrer noopener\">Romain Troubl\u00e9<\/a><\/strong>Director General of the <a href=\"https:\/\/fondationtaraocean.org\/\" target=\"_blank\" rel=\"noreferrer noopener\">Tara Ocean Foundation<\/a>who, having just returned to Earth, will come to tell us about the last expedition, share his testimony and draw up the lessons and next steps. <em>&gt;&gt; Studying and protecting the Ocean is taking care of the global system of our planet. Our future depends on the health of the Ocean<\/em><\/li>\n\n\n\n<li><strong><a href=\"https:\/\/www.linkedin.com\/in\/roland-jourdain-6b0b7059\/\" target=\"_blank\" rel=\"noreferrer noopener\">Roland Jourdain<\/a><\/strong>a sailor, two-time winner of the Route du Rhum, co-manager of <a href=\"https:\/\/www.kairos-jourdain.com\/fr\" target=\"_blank\" rel=\"noreferrer noopener\">Kairos<\/a>co-founder of the <a href=\"https:\/\/www.we-explore.org\/\" target=\"_blank\" rel=\"noreferrer noopener\">Explore Fund<\/a>. <em>&gt;&gt; What if the real new performance was environmental performance?<\/em><\/li>\n<\/ul>\n<\/div>\n<\/div>\n\n\n\n<hr class=\"wp-block-separator has-css-opacity is-style-wide\"\/>\n\n\n\n<p class=\"has-black-color has-text-color\">2022 <strong><strong><span style=\"color: #ff6600;\"><span class=\"s2\"><b>[ Marc Faucon: laser processes inspired by life!<\/b><\/span><\/span><\/strong><\/strong><\/p>\n\n\n\n<p style=\"font-size:15px\">Life is an inexhaustible source of inspiration for improving the performance of surfaces. Many morphologies observed in nature can be reproduced using laser processes to modify the wettability of surfaces, create decorative effects and also give them many other functions. Come and discover them!<\/p>\n\n\n\n<div class=\"wp-block-columns is-layout-flex wp-container-core-columns-is-layout-9d6595d7 wp-block-columns-is-layout-flex\">\n<div class=\"wp-block-column is-layout-flow wp-block-column-is-layout-flow\" style=\"flex-basis:33.33%\">\n<figure class=\"wp-block-embed is-type-video is-provider-youtube wp-block-embed-youtube wp-embed-aspect-16-9 wp-has-aspect-ratio\"><div class=\"wp-block-embed__wrapper\">\n<div class=\"jetpack-video-wrapper\"><span class=\"embed-youtube\" style=\"text-align:center; display: block;\"><iframe loading=\"lazy\" class=\"youtube-player\" width=\"676\" height=\"381\" src=\"https:\/\/www.youtube.com\/embed\/-OAu4bLJiDM?version=3&#038;rel=1&#038;showsearch=0&#038;showinfo=1&#038;iv_load_policy=1&#038;fs=1&#038;hl=en-GB&#038;autohide=2&#038;wmode=transparent\" allowfullscreen=\"true\" style=\"border:0;\" sandbox=\"allow-scripts allow-same-origin allow-popups allow-presentation allow-popups-to-escape-sandbox\"><\/iframe><\/span><\/div>\n<\/div><\/figure>\n<\/div>\n\n\n\n<div class=\"wp-block-column is-layout-flow wp-block-column-is-layout-flow\" style=\"flex-basis:66.66%\">\n<ul style=\"font-size:15px\" class=\"wp-block-list\">\n<li><strong>Marc FAUCON<\/strong> is Business Unit Deputy Manager Laser Micromachining at ALPHANOV.<\/li>\n<\/ul>\n<\/div>\n<\/div>\n\n\n\n<hr class=\"wp-block-separator has-alpha-channel-opacity\"\/>\n\n\n\n<p class=\"has-black-color has-text-color\">2022 <strong><strong><span style=\"color: #ff6600;\"><span class=\"s2\"><b>[ PALAEOBIOMIMICRY : <strong><mark style=\"background-color:rgba(0, 0, 0, 0)\" class=\"has-inline-color has-luminous-vivid-orange-color\">When the bones of giant mammals and reptiles (present and fossil!) inspire the very high strength mechanical parts of the future ....<\/mark><\/strong><\/b><\/span><\/span><\/strong><\/strong><\/p>\n\n\n\n<p style=\"font-size:15px\">What if the solution came from the past? The great animals of the Jurassic and Cretaceous periods must also have had extraordinary bone structures to enable them to move and withstand the incredible pressures of their extraordinary size. Presentation of their joint work carried out in partnership with a major aeronautics industrial group in an attempt to resolve a number of issues relating to the wear and resistance of mechanical parts in highly stressed environments and applications. <\/p>\n\n\n\n<div class=\"wp-block-columns is-layout-flex wp-container-core-columns-is-layout-9d6595d7 wp-block-columns-is-layout-flex\">\n<div class=\"wp-block-column is-layout-flow wp-block-column-is-layout-flow\" style=\"flex-basis:33.33%\">\n<figure class=\"wp-block-embed is-type-video is-provider-youtube wp-block-embed-youtube wp-embed-aspect-16-9 wp-has-aspect-ratio\"><div class=\"wp-block-embed__wrapper\">\n<div class=\"jetpack-video-wrapper\"><span class=\"embed-youtube\" style=\"text-align:center; display: block;\"><iframe loading=\"lazy\" class=\"youtube-player\" width=\"676\" height=\"381\" src=\"https:\/\/www.youtube.com\/embed\/tycTKaCiDZI?version=3&#038;rel=1&#038;showsearch=0&#038;showinfo=1&#038;iv_load_policy=1&#038;fs=1&#038;hl=en-GB&#038;autohide=2&#038;wmode=transparent\" allowfullscreen=\"true\" style=\"border:0;\" sandbox=\"allow-scripts allow-same-origin allow-popups allow-presentation allow-popups-to-escape-sandbox\"><\/iframe><\/span><\/div>\n<\/div><\/figure>\n<\/div>\n\n\n\n<div class=\"wp-block-column is-layout-flow wp-block-column-is-layout-flow\" style=\"flex-basis:66.66%\">\n<ul style=\"font-size:15px\" class=\"wp-block-list\">\n<li><strong>Alexandra HOUSSAYE<\/strong> is a palaeontologist at the Mus\u00e9um National d'Histoire Naturelle, Director of Research at the CNRS, and a specialist in \u201cpalaeobiomimicry\u201d; ;<\/li>\n\n\n\n<li><strong>Julien Chaves-Jacob<\/strong> is a senior lecturer at Aix-Marseille University, specialising in bio-inspired design.<\/li>\n<\/ul>\n<\/div>\n<\/div>\n\n\n\n<hr class=\"wp-block-separator has-alpha-channel-opacity\"\/>\n\n\n\n<p class=\"has-black-color has-text-color\">2022 <strong><strong><span style=\"color: #ff6600;\"><span class=\"s2\"><b>[ <strong>Swaminath Venkateswaran<\/strong><\/b><\/span><\/span><\/strong><\/strong> : <strong><strong><span style=\"color: #ff6600;\"><span class=\"s2\"><b><strong><mark style=\"background-color:rgba(0, 0, 0, 0)\" class=\"has-inline-color has-luminous-vivid-orange-color\">Agile bio-inspired robots to get around.<\/mark><\/strong><\/b><\/span><\/span><\/strong><\/strong><\/p>\n\n\n\n<p style=\"font-size:15px\">Presentation of his research work, which focuses mainly on bio-inspired locomotion approaches for industrial applications! The inspection of pipes and pipelines is of crucial importance. How do you choose the right locomotion principle? how do you squeeze through bends, curves and junctions? elephant trunk, caterpillar... the living world offers solutions that are useful in many fields.<\/p>\n\n\n\n<div class=\"wp-block-columns is-layout-flex wp-container-core-columns-is-layout-9d6595d7 wp-block-columns-is-layout-flex\">\n<div class=\"wp-block-column is-layout-flow wp-block-column-is-layout-flow\" style=\"flex-basis:33.33%\">\n<figure class=\"wp-block-embed is-type-video is-provider-youtube wp-block-embed-youtube wp-embed-aspect-16-9 wp-has-aspect-ratio\"><div class=\"wp-block-embed__wrapper\">\n<div class=\"jetpack-video-wrapper\"><span class=\"embed-youtube\" style=\"text-align:center; display: block;\"><iframe loading=\"lazy\" class=\"youtube-player\" width=\"676\" height=\"381\" src=\"https:\/\/www.youtube.com\/embed\/vRXUEnpLvsk?version=3&#038;rel=1&#038;showsearch=0&#038;showinfo=1&#038;iv_load_policy=1&#038;fs=1&#038;hl=en-GB&#038;autohide=2&#038;wmode=transparent\" allowfullscreen=\"true\" style=\"border:0;\" sandbox=\"allow-scripts allow-same-origin allow-popups allow-presentation allow-popups-to-escape-sandbox\"><\/iframe><\/span><\/div>\n<\/div><\/figure>\n<\/div>\n\n\n\n<div class=\"wp-block-column is-layout-flow wp-block-column-is-layout-flow\" style=\"flex-basis:66.66%\">\n<ul style=\"font-size:15px\" class=\"wp-block-list\">\n<li><a href=\"https:\/\/www.linkedin.com\/in\/svenkate1991\/\" target=\"_blank\" rel=\"noreferrer noopener\">Swaminath Venkateswaran<\/a> is a teacher-researcher at the Ecole sup\u00e9rieure d'ing\u00e9nieurs L\u00e9onard-de-Vinci, has a PhD in mechanical engineering from the \u00c9cole Centrale de Nantes, and is affiliated with the Modeling research group of the De Vinci Research Centre (DVRC).<\/li>\n<\/ul>\n<\/div>\n<\/div>\n\n\n\n<hr class=\"wp-block-separator has-alpha-channel-opacity\"\/>\n\n\n\n<p class=\"has-black-color has-text-color\">2022 <strong><strong><span style=\"color: #ff6600;\"><span class=\"s2\"><b>[ PRESENTATION OF THE BIOMIM'CHALLENGE 2022 FINALIST PROJECTS<\/b><\/span><\/span><\/strong><\/strong><\/p>\n\n\n\n<div class=\"wp-block-columns is-layout-flex wp-container-core-columns-is-layout-9d6595d7 wp-block-columns-is-layout-flex\">\n<div class=\"wp-block-column is-layout-flow wp-block-column-is-layout-flow\" style=\"flex-basis:33.33%\">\n<figure class=\"wp-block-embed is-type-video is-provider-youtube wp-block-embed-youtube wp-embed-aspect-16-9 wp-has-aspect-ratio\"><div class=\"wp-block-embed__wrapper\">\n<div class=\"jetpack-video-wrapper\"><span class=\"embed-youtube\" style=\"text-align:center; display: block;\"><iframe loading=\"lazy\" class=\"youtube-player\" width=\"676\" height=\"381\" src=\"https:\/\/www.youtube.com\/embed\/1exn61Dk7S4?version=3&#038;rel=1&#038;showsearch=0&#038;showinfo=1&#038;iv_load_policy=1&#038;fs=1&#038;hl=en-GB&#038;autohide=2&#038;wmode=transparent\" allowfullscreen=\"true\" style=\"border:0;\" sandbox=\"allow-scripts allow-same-origin allow-popups allow-presentation allow-popups-to-escape-sandbox\"><\/iframe><\/span><\/div>\n<\/div><\/figure>\n<\/div>\n\n\n\n<div class=\"wp-block-column is-layout-flow wp-block-column-is-layout-flow\" style=\"flex-basis:66.66%\">\n<ul style=\"font-size:15px\" class=\"wp-block-list\">\n<li>The competition for bio-inspired projects, presented as part of the Biomim'expo and pitched in the final live on stage. Each project is given a 3-minute presentation and a few minutes for questions and answers.<\/li>\n<\/ul>\n<\/div>\n<\/div>\n\n\n\n<hr class=\"wp-block-separator has-css-opacity is-style-wide\"\/>\n\n\n\n<p class=\"has-black-color has-text-color\">2022 <strong><strong><span class=\"s2\" style=\"\"><b style=\"\"><font color=\"#ff6600\">[ Graduation ceremony of the Master of Science Nature-Inspired Design <\/font><\/b><\/span><span style=\"color: #ff6600;\"><span class=\"s2\"><b>ENSCI Les Ateliers<\/b><\/span><\/span><\/strong><\/strong> A committed speech by students<\/p>\n\n\n\n<div class=\"wp-block-columns is-layout-flex wp-container-core-columns-is-layout-9d6595d7 wp-block-columns-is-layout-flex\">\n<div class=\"wp-block-column is-layout-flow wp-block-column-is-layout-flow\" style=\"flex-basis:33.33%\">\n<figure class=\"wp-block-embed is-type-video is-provider-youtube wp-block-embed-youtube wp-embed-aspect-16-9 wp-has-aspect-ratio\"><div class=\"wp-block-embed__wrapper\">\n<div class=\"jetpack-video-wrapper\"><span class=\"embed-youtube\" style=\"text-align:center; display: block;\"><iframe loading=\"lazy\" class=\"youtube-player\" width=\"676\" height=\"381\" src=\"https:\/\/www.youtube.com\/embed\/czuq6JBSt4A?version=3&#038;rel=1&#038;showsearch=0&#038;showinfo=1&#038;iv_load_policy=1&#038;fs=1&#038;hl=en-GB&#038;autohide=2&#038;start=2626&#038;wmode=transparent\" allowfullscreen=\"true\" style=\"border:0;\" sandbox=\"allow-scripts allow-same-origin allow-popups allow-presentation allow-popups-to-escape-sandbox\"><\/iframe><\/span><\/div>\n<\/div><\/figure>\n<\/div>\n\n\n\n<div class=\"wp-block-column is-layout-flow wp-block-column-is-layout-flow\" style=\"flex-basis:66.66%\">\n<ul style=\"font-size:15px\" class=\"wp-block-list\">\n<li>Biomim'expo had the pleasure and honour of hosting a graduation ceremony, and not just any ceremony! The Master of Science Nature-Inspired Design (NID) from ENSCI - Les Ateliers - classes 1 &amp; 2. A first for Biomim'expo!<\/li>\n\n\n\n<li>The ceremony was an opportunity for the graduates to explain their commitment and expectations to us in no uncertain terms.<\/li>\n<\/ul>\n<\/div>\n<\/div>\n\n\n\n<hr class=\"wp-block-separator has-css-opacity is-style-wide\"\/>\n\n\n\n<p class=\"has-black-color has-text-color\">2022 <strong><strong><span style=\"color: #ff6600;\"><span class=\"s2\"><b>[ Nicolas Math\u00e9von: Let's (re)listen to Nature, she has lots to tell us.<\/b><\/span><\/span><\/strong><\/strong><\/p>\n\n\n\n<div class=\"wp-block-columns is-layout-flex wp-container-core-columns-is-layout-9d6595d7 wp-block-columns-is-layout-flex\">\n<div class=\"wp-block-column is-layout-flow wp-block-column-is-layout-flow\" style=\"flex-basis:33.33%\">\n<figure class=\"wp-block-embed is-type-video is-provider-youtube wp-block-embed-youtube wp-embed-aspect-16-9 wp-has-aspect-ratio\"><div class=\"wp-block-embed__wrapper\">\n<div class=\"jetpack-video-wrapper\"><span class=\"embed-youtube\" style=\"text-align:center; display: block;\"><iframe loading=\"lazy\" class=\"youtube-player\" width=\"676\" height=\"381\" src=\"https:\/\/www.youtube.com\/embed\/LvQJtuiEUfY?version=3&#038;rel=1&#038;showsearch=0&#038;showinfo=1&#038;iv_load_policy=1&#038;fs=1&#038;hl=en-GB&#038;autohide=2&#038;wmode=transparent\" allowfullscreen=\"true\" style=\"border:0;\" sandbox=\"allow-scripts allow-same-origin allow-popups allow-presentation allow-popups-to-escape-sandbox\"><\/iframe><\/span><\/div>\n<\/div><\/figure>\n<\/div>\n\n\n\n<div class=\"wp-block-column is-layout-flow wp-block-column-is-layout-flow\" style=\"flex-basis:66.66%\">\n<ul style=\"font-size:15px\" class=\"wp-block-list\">\n<li><strong><a href=\"https:\/\/www.linkedin.com\/in\/nicolas-mathevon-0654604b\/\" target=\"_blank\" rel=\"noreferrer noopener\">Nicolas Math\u00e9von<\/a><\/strong>Bioacoustician, Professor at the University of St-Etienne, Senior Member of the University Institute of France. Specialist in animal language and behaviour. Director of the ENES Sensory Neuro-Ethology Team at Jean-Monnet University.<\/li>\n<\/ul>\n<\/div>\n<\/div>\n\n\n\n<hr class=\"wp-block-separator has-alpha-channel-opacity\"\/>\n\n\n\n<p class=\"has-black-color has-text-color\">2022 <strong><strong><span style=\"color: #ff6600;\"><span class=\"s2\"><b>[ Benjamin Thiria: <strong><mark style=\"background-color:rgba(0, 0, 0, 0)\" class=\"has-inline-color has-luminous-vivid-orange-color\">Translating insect flight into a mathematical equation for innovative energy performance<\/mark><\/strong><\/b><\/span><\/span><\/strong><\/strong><\/p>\n\n\n\n<p style=\"font-size:15px\">Why are insect wings soft and elastic? Why and how do they deform under the effect of the surrounding fluid? How can wing beats be translated into a mathematical equation? How can we study insect flight in the laboratory to decipher its secrets? How can biomimicry help us study these strategies to find ways of innovating and optimising energy performance?<\/p>\n\n\n\n<div class=\"wp-block-columns is-layout-flex wp-container-core-columns-is-layout-9d6595d7 wp-block-columns-is-layout-flex\">\n<div class=\"wp-block-column is-layout-flow wp-block-column-is-layout-flow\" style=\"flex-basis:33.33%\">\n<figure class=\"wp-block-embed is-type-video is-provider-youtube wp-block-embed-youtube wp-embed-aspect-16-9 wp-has-aspect-ratio\"><div class=\"wp-block-embed__wrapper\">\n<div class=\"jetpack-video-wrapper\"><span class=\"embed-youtube\" style=\"text-align:center; display: block;\"><iframe loading=\"lazy\" class=\"youtube-player\" width=\"676\" height=\"381\" src=\"https:\/\/www.youtube.com\/embed\/Tu5AFoxnDAE?version=3&#038;rel=1&#038;showsearch=0&#038;showinfo=1&#038;iv_load_policy=1&#038;fs=1&#038;hl=en-GB&#038;autohide=2&#038;wmode=transparent\" allowfullscreen=\"true\" style=\"border:0;\" sandbox=\"allow-scripts allow-same-origin allow-popups allow-presentation allow-popups-to-escape-sandbox\"><\/iframe><\/span><\/div>\n<\/div><\/figure>\n<\/div>\n\n\n\n<div class=\"wp-block-column is-layout-flow wp-block-column-is-layout-flow\" style=\"flex-basis:66.66%\">\n<ul style=\"font-size:15px\" class=\"wp-block-list\">\n<li><a href=\"https:\/\/www.linkedin.com\/in\/thiria-benjamin-8211264a\/\" target=\"_blank\" rel=\"noreferrer noopener\">Benjamin Thiria<\/a> is a lecturer at the Laboratory of Physics and Mechanics of Heterogeneous Media at ESPCI Paris. He is also a lecturer at the \u00c9cole Polytechnique.<\/li>\n<\/ul>\n<\/div>\n<\/div>\n\n\n\n<hr class=\"wp-block-separator has-alpha-channel-opacity\"\/>\n\n\n\n<p class=\"has-black-color has-text-color\" style=\"font-size:18px\">2022 <strong><strong><span style=\"color: #ff6600;\"><span class=\"s2\"><b>[ Olivier Hamant : The Third Way of Life<\/b><\/span><\/span><\/strong><\/strong><\/p>\n\n\n\n<p style=\"font-size:15px\">What can we learn from the life sciences? While there are some remarkably efficient biological mechanisms, recent advances have highlighted the fundamental role of errors, slowness and inconsistencies in the construction and robustness of the natural world. Could this mean that life is sub-optimal? In what way can a biologically inspired sub-optimality constitute a counter-model to the credo of performance and control in the Anthropocene? In the face of pessimistic observations and environmental alarms, the author proposes courses of action to avoid catastrophe and outlines solutions for a viable future reconciled with nature.<\/p>\n\n\n\n<div class=\"wp-block-columns is-layout-flex wp-container-core-columns-is-layout-9d6595d7 wp-block-columns-is-layout-flex\">\n<div class=\"wp-block-column is-layout-flow wp-block-column-is-layout-flow\" style=\"flex-basis:33.33%\">\n<figure class=\"wp-block-embed is-type-video is-provider-youtube wp-block-embed-youtube wp-embed-aspect-16-9 wp-has-aspect-ratio\"><div class=\"wp-block-embed__wrapper\">\n<div class=\"jetpack-video-wrapper\"><span class=\"embed-youtube\" style=\"text-align:center; display: block;\"><iframe loading=\"lazy\" class=\"youtube-player\" width=\"676\" height=\"381\" src=\"https:\/\/www.youtube.com\/embed\/lOIzVitZe8Q?version=3&#038;rel=1&#038;showsearch=0&#038;showinfo=1&#038;iv_load_policy=1&#038;fs=1&#038;hl=en-GB&#038;autohide=2&#038;wmode=transparent\" allowfullscreen=\"true\" style=\"border:0;\" sandbox=\"allow-scripts allow-same-origin allow-popups allow-presentation allow-popups-to-escape-sandbox\"><\/iframe><\/span><\/div>\n<\/div><\/figure>\n<\/div>\n\n\n\n<div class=\"wp-block-column is-layout-flow wp-block-column-is-layout-flow\" style=\"flex-basis:66.66%\">\n<ul style=\"font-size:15px\" class=\"wp-block-list\">\n<li>The cult of performance leads our society to emphasise the values of success and permanent optimisation in all areas. Slowness, redundancy and randomness are then perceived negatively. <a href=\"https:\/\/www.linkedin.com\/in\/olivier-hamant-a55149153\/\" target=\"_blank\" rel=\"noreferrer noopener\">Olivier Hamant<\/a>In this book, the author attempts to rehabilitate them based on his knowledge of living processes.<\/li>\n\n\n\n<li><a href=\"https:\/\/www.odilejacob.fr\/catalogue\/sciences\/environnement-developpement-durable\/troisieme-voie-du-vivant_9782738157294.php\" target=\"_blank\" rel=\"noreferrer noopener\">Read more<\/a><\/li>\n<\/ul>\n<\/div>\n<\/div>\n\n\n\n<hr class=\"wp-block-separator has-alpha-channel-opacity\"\/>\n\n\n\n<p class=\"has-black-color has-text-color\" style=\"font-size:18px\">2022<strong> <strong><span style=\"color: #ff6600;\"><span class=\"s2\"><b>[ Vincent Doumeizel : The algae revolution<\/b><\/span><\/span><\/strong><\/strong><\/p>\n\n\n\n<p style=\"font-size:15px\">Wrongly regarded as a pollution of which they are only a symptom, algae actually offer us an infinite field of innovation and concrete solutions to the major challenges of our time. If we learned how to grow them sustainably, they could feed people, replace plastic, decarbonise the economy, cool the atmosphere, clean the oceans, rebuild marine ecosystems, treat ourselves and provide income for coastal populations... Algae are undoubtedly the world's largest untapped resource. As the first link in the chain of life, they communicate with each other, reproduce and grow very quickly. They do not need food, fresh water, land or pesticides. Today, overpopulation and the ecological emergency are leading us to take a fresh look at this forgotten treasure. 12,000 years ago, man emerged from prehistory by cultivating plants on land. Reconnecting with plants from the sea will be a revolution for our civilisation. A seaweed revolution! <span style=\"color: #000000;\"><a href=\"https:\/\/editionsdesequateurs.fr\/livre\/La-revolution-des-algues\/111\" target=\"_blank\" rel=\"noreferrer noopener\">Read more<\/a><\/span><\/p>\n\n\n\n<div class=\"wp-block-columns is-layout-flex wp-container-core-columns-is-layout-9d6595d7 wp-block-columns-is-layout-flex\">\n<div class=\"wp-block-column is-layout-flow wp-block-column-is-layout-flow\" style=\"flex-basis:33.33%\">\n<figure class=\"wp-block-embed is-type-video is-provider-youtube wp-block-embed-youtube wp-embed-aspect-16-9 wp-has-aspect-ratio\"><div class=\"wp-block-embed__wrapper\">\n<div class=\"jetpack-video-wrapper\"><span class=\"embed-youtube\" style=\"text-align:center; display: block;\"><iframe loading=\"lazy\" class=\"youtube-player\" width=\"676\" height=\"381\" src=\"https:\/\/www.youtube.com\/embed\/fteoeA6Cb8I?version=3&#038;rel=1&#038;showsearch=0&#038;showinfo=1&#038;iv_load_policy=1&#038;fs=1&#038;hl=en-GB&#038;autohide=2&#038;wmode=transparent\" allowfullscreen=\"true\" style=\"border:0;\" sandbox=\"allow-scripts allow-same-origin allow-popups allow-presentation allow-popups-to-escape-sandbox\"><\/iframe><\/span><\/div>\n<\/div><\/figure>\n<\/div>\n\n\n\n<div class=\"wp-block-column is-layout-flow wp-block-column-is-layout-flow\" style=\"flex-basis:66.66%\">\n<ul style=\"font-size:15px\" class=\"wp-block-list\">\n<li><a href=\"https:\/\/www.linkedin.com\/in\/vincent-doumeizel\/\" target=\"_blank\" rel=\"noreferrer noopener\"><strong>Vincent Doumeizel<\/strong><\/a> is Senior Adviser \"Ocean\" at United Nations Global Compact. Director for the Food Programme for the Lloyd's Register Foundation. Author at a book signing.<\/li>\n<\/ul>\n<\/div>\n<\/div>\n\n\n\n<hr class=\"wp-block-separator has-alpha-channel-opacity\"\/>\n\n\n\n<p class=\"has-black-color has-text-color\">2022 <strong><strong><span style=\"color: #ff6600;\"><span class=\"s2\"><b>[Entrepreneurs' Forum <\/b><\/span><\/span><\/strong><\/strong><\/p>\n\n\n\n<p style=\"font-size:15px\">On stage, entrepreneurs with innovative bio-inspired projects will present their innovation, their background, their needs and their development plans.<\/p>\n\n\n\n<div class=\"wp-block-columns is-layout-flex wp-container-core-columns-is-layout-9d6595d7 wp-block-columns-is-layout-flex\">\n<div class=\"wp-block-column is-layout-flow wp-block-column-is-layout-flow\" style=\"flex-basis:33.33%\">\n<figure class=\"wp-block-embed is-type-video is-provider-youtube wp-block-embed-youtube wp-embed-aspect-16-9 wp-has-aspect-ratio\"><div class=\"wp-block-embed__wrapper\">\n<div class=\"jetpack-video-wrapper\"><span class=\"embed-youtube\" style=\"text-align:center; display: block;\"><iframe loading=\"lazy\" class=\"youtube-player\" width=\"676\" height=\"381\" src=\"https:\/\/www.youtube.com\/embed\/1L5hOYKYD9A?version=3&#038;rel=1&#038;showsearch=0&#038;showinfo=1&#038;iv_load_policy=1&#038;fs=1&#038;hl=en-GB&#038;autohide=2&#038;wmode=transparent\" allowfullscreen=\"true\" style=\"border:0;\" sandbox=\"allow-scripts allow-same-origin allow-popups allow-presentation allow-popups-to-escape-sandbox\"><\/iframe><\/span><\/div>\n<\/div><\/figure>\n<\/div>\n\n\n\n<div class=\"wp-block-column is-layout-flow wp-block-column-is-layout-flow\" style=\"flex-basis:66.66%\">\n<ul style=\"font-size:15px\" class=\"wp-block-list\">\n<li><a href=\"https:\/\/www.linkedin.com\/in\/mathieu-fauve-5975185a\/\"><strong>Mathieu Fauve<\/strong><\/a>, He was a researcher at the Institute for Snow and Avalanche Research until 2009, when he joined St\u00f6ckli Swiss Sports AG as Head of R&amp;D. &gt;&gt; From product innovation to CSR: from a sea turtle that inspired a breakthrough technology for skis, biomimicry has become an innovation tool at the service of transition. &nbsp;<\/li>\n\n\n\n<li><a href=\"https:\/\/www.linkedin.com\/in\/emmanuel-roy-988aa947\/\"><strong>Emmanuel Roy<\/strong><\/a>, President &amp; CEO Eden Tech. &gt;&gt; Inspired by the exceptional capacity of microfluidics to manage and filter large flows of matter in living organisms, presentation of the Porrima project, a range of revolutionary solutions with unrivalled capacities for cleaning up plastic from the oceans.<\/li>\n\n\n\n<li><a href=\"https:\/\/www.linkedin.com\/in\/sidney-rostan\/\"><strong>Sidney Rostan<\/strong><\/a>, Founder &amp; CEO Bioxegy. &gt;&gt; Testimonials and feedback from various industrial applications of biomimicry. The promise and reality of a promising and demanding approach.<\/li>\n\n\n\n<li><strong><a href=\"https:\/\/www.linkedin.com\/in\/sandra-rey-99643542\/\" target=\"_blank\" rel=\"noreferrer noopener\">Sandra Rey<\/a><\/strong>Founder &amp; CEO of <strong><a href=\"https:\/\/www.glowee.com\/\" target=\"_blank\" rel=\"noreferrer noopener\">Glowee<\/a><\/strong>. &gt;&gt; It's the sea that enlightens us.<\/li>\n\n\n\n<li><strong><a href=\"https:\/\/www.linkedin.com\/in\/gil-burban-08845742\/\" target=\"_blank\" rel=\"noreferrer noopener\">Gil Burban<\/a><\/strong>President of <strong><a href=\"https:\/\/www.yphen.com\/\" target=\"_blank\" rel=\"noreferrer noopener\">YpHen<\/a><\/strong>. &gt;&gt; Biological solutions to man-made pollution .<\/li>\n<\/ul>\n<\/div>\n<\/div>\n\n\n\n<hr class=\"wp-block-separator has-alpha-channel-opacity\"\/>\n\n\n\n<p class=\"has-black-color has-text-color\">2022 <strong><strong><span style=\"color: #ff6600;\"><span class=\"s2\"><b>[ BIOMIg - Bio-inspired R&amp;D relies on the collective<\/b><\/span><\/span><\/strong><\/strong><\/p>\n\n\n\n<p class=\"has-text-align-justify\" style=\"font-size:15px\">Innovation, research and industry players are joining forces in the first large-scale French programme dedicated to biomimicry: BiOMIg. The aim is to remove scientific, technical and methodological barriers to accelerate the eco-design of bio-inspired solutions. How can this be achieved? By sharing the research effort and risk-taking, and by pooling tools. Here's a look at the experiences of 4 members of this programme, which is reinventing innovation strategies by focusing on the collective.<\/p>\n\n\n\n<div class=\"wp-block-columns is-layout-flex wp-container-core-columns-is-layout-9d6595d7 wp-block-columns-is-layout-flex\">\n<div class=\"wp-block-column is-layout-flow wp-block-column-is-layout-flow\" style=\"flex-basis:33.33%\">\n<figure class=\"wp-block-embed is-type-video is-provider-youtube wp-block-embed-youtube wp-embed-aspect-16-9 wp-has-aspect-ratio\"><div class=\"wp-block-embed__wrapper\">\n<div class=\"jetpack-video-wrapper\"><span class=\"embed-youtube\" style=\"text-align:center; display: block;\"><iframe loading=\"lazy\" class=\"youtube-player\" width=\"676\" height=\"381\" src=\"https:\/\/www.youtube.com\/embed\/HOcdGs0mJMA?version=3&#038;rel=1&#038;showsearch=0&#038;showinfo=1&#038;iv_load_policy=1&#038;fs=1&#038;hl=en-GB&#038;autohide=2&#038;wmode=transparent\" allowfullscreen=\"true\" style=\"border:0;\" sandbox=\"allow-scripts allow-same-origin allow-popups allow-presentation allow-popups-to-escape-sandbox\"><\/iframe><\/span><\/div>\n<\/div><\/figure>\n<\/div>\n\n\n\n<div class=\"wp-block-column is-layout-flow wp-block-column-is-layout-flow\" style=\"flex-basis:66.66%\">\n<ul style=\"font-size:15px\" class=\"wp-block-list\">\n<li>Hosted by Laura <strong>MAGRO<\/strong>Scientific Director of Ceebios, a centre for studies and expertise in biomimicry.<\/li>\n\n\n\n<li>Thomas <strong>PEYBERNES<\/strong>Head of the BiOMIG programme, Ceebios<\/li>\n\n\n\n<li>Delphine <strong>BOUVIER<\/strong>Director of the Green Sciences Programme, L'Or\u00e9al<\/li>\n\n\n\n<li>Philippe <strong>LUBINEAU<\/strong>Director of research and programmes, Cetim<\/li>\n\n\n\n<li>Pierre <strong>MEYER<\/strong>Director of Industrial Partnerships, RTE<\/li>\n<\/ul>\n<\/div>\n<\/div>\n\n\n\n<hr class=\"wp-block-separator has-alpha-channel-opacity\"\/>\n\n\n\n<p class=\"has-black-color has-text-color\">2022 <strong><strong><span style=\"color: #ff6600;\"><span class=\"s2\"><b>[ Emmanuel Delannoy : Biomimethics<\/b><\/span><\/span><\/strong><\/strong><\/p>\n\n\n\n<p class=\"has-text-align-justify\" style=\"font-size:15px\">Biomimicry has enjoyed considerable media and institutional recognition since the early 2010s. But how can this concept - which involves drawing inspiration from nature to eco-design products, processes or systems, while respecting the planet's limits - help us deal with the crisis in our relationship with living things, of which Covid-19 is just one symptom?<\/p>\n\n\n\n<div class=\"wp-block-columns is-layout-flex wp-container-core-columns-is-layout-9d6595d7 wp-block-columns-is-layout-flex\">\n<div class=\"wp-block-column is-layout-flow wp-block-column-is-layout-flow\" style=\"flex-basis:33.33%\">\n<figure class=\"wp-block-embed is-type-video is-provider-youtube wp-block-embed-youtube wp-embed-aspect-16-9 wp-has-aspect-ratio\"><div class=\"wp-block-embed__wrapper\">\n<div class=\"jetpack-video-wrapper\"><span class=\"embed-youtube\" style=\"text-align:center; display: block;\"><iframe loading=\"lazy\" class=\"youtube-player\" width=\"676\" height=\"381\" src=\"https:\/\/www.youtube.com\/embed\/HhHajZVylCE?version=3&#038;rel=1&#038;showsearch=0&#038;showinfo=1&#038;iv_load_policy=1&#038;fs=1&#038;hl=en-GB&#038;autohide=2&#038;wmode=transparent\" allowfullscreen=\"true\" style=\"border:0;\" sandbox=\"allow-scripts allow-same-origin allow-popups allow-presentation allow-popups-to-escape-sandbox\"><\/iframe><\/span><\/div>\n<\/div><\/figure>\n<\/div>\n\n\n\n<div class=\"wp-block-column is-layout-flow wp-block-column-is-layout-flow\" style=\"flex-basis:66.66%\">\n<p style=\"font-size:15px\">According to Emmanuel Delannoy, there is no crisis in the living world: there is only a crisis in our relationship with the living. The pandemic reveals the difficulty of integrating our social, economic and political organisations into the planetary web of life - which we call \u00abbiodiversity\u00bb without always understanding that we are one of its components. <\/p>\n\n\n\n<p style=\"font-size:15px\">After a first part devoted to studying the limits and potential pitfalls of our current conception of ecological transition, the author describes the conditions, values and principles of action of an ethical approach to biomimicry, which would contribute to the emergence of a new relationship with living things, or even a new collective imagination - the \u00abnarrative\u00bb that societies need to cement themselves together and civilisations to evolve. One of the pioneers of biomimicry in France, Emmanuel Delannoy has been exploring the areas of friction and possible convergence between the economy and biodiversity for over twenty years. Since 2018, he has been a founding partner of Pikaia, where he works to encourage the metamorphosis of businesses towards resilient, regenerative models inspired by living things. He is already the author of two books published by Wildproject: L'\u00e9conomie expliqu\u00e9e aux humains (2011) and Perma\u00e9conomie (2016).<\/p>\n<\/div>\n<\/div>\n\n\n\n<hr class=\"wp-block-separator has-alpha-channel-opacity\"\/>\n\n\n\n<p class=\"has-black-color has-text-color\">2021 <strong><strong><span style=\"color: #ff6600;\"><span class=\"s2\"><b>[ BIODIVERSITY AT THE HEART OF ORGANISATIONAL ISSUES<\/b><\/span><\/span><\/strong><\/strong><\/p>\n\n\n\n<p class=\"has-text-align-justify\" style=\"font-size:15px\">How and why are biodiversity issues and strategic and economic issues intimately linked? What can bio-inspiration bring in terms of innovation capacity to reconnect the objectives of performance, CSR and the preservation of our planet's natural capital? Hear from experts and representatives of major companies and institutions.<\/p>\n\n\n\n<div class=\"wp-block-columns is-layout-flex wp-container-core-columns-is-layout-9d6595d7 wp-block-columns-is-layout-flex\">\n<div class=\"wp-block-column is-layout-flow wp-block-column-is-layout-flow\" style=\"flex-basis:33.33%\">\n<figure class=\"wp-block-embed is-type-video is-provider-youtube wp-block-embed-youtube wp-embed-aspect-16-9 wp-has-aspect-ratio\"><div class=\"wp-block-embed__wrapper\">\n<div class=\"jetpack-video-wrapper\"><span class=\"embed-youtube\" style=\"text-align:center; display: block;\"><iframe loading=\"lazy\" class=\"youtube-player\" width=\"676\" height=\"381\" src=\"https:\/\/www.youtube.com\/embed\/ntTVb0BpinI?version=3&#038;rel=1&#038;showsearch=0&#038;showinfo=1&#038;iv_load_policy=1&#038;fs=1&#038;hl=en-GB&#038;autohide=2&#038;wmode=transparent\" allowfullscreen=\"true\" style=\"border:0;\" sandbox=\"allow-scripts allow-same-origin allow-popups allow-presentation allow-popups-to-escape-sandbox\"><\/iframe><\/span><\/div>\n<\/div><\/figure>\n<\/div>\n\n\n\n<div class=\"wp-block-column is-layout-flow wp-block-column-is-layout-flow\" style=\"flex-basis:66.66%\">\n<ul style=\"font-size:15px\" class=\"wp-block-list\">\n<li><strong>Emmanuel Delannoy<\/strong>He is the Secretary General of the French Committee of the International Union for Conservation of Nature (IUCN), an associate consultant at Pikaia, and the author of \"Perma\u00e9conomie\" published by Le Monde qui vient, and \"Biomim\u00e9thique\" published by Rue de l'Echiquier. <\/li>\n\n\n\n<li><strong>Kalina Raskin<\/strong>General Director of Ceebios. <\/li>\n\n\n\n<li><strong>Delphine Bouvier<\/strong>, R&amp;I director, Green sciences programme at L'Or\u00e9al.<\/li>\n\n\n\n<li><strong>Marion Touchard<\/strong>, S\u00e9ch\u00e9 Environnement <\/li>\n\n\n\n<li><strong>Rapha\u00ebla Le Gouvello<\/strong>, Independent expert (STERMOR), IUCN expert, President of the RespectOcean association. Presentation of the new biodiversity and business programme revealed at the IUCN.<\/li>\n<\/ul>\n<\/div>\n<\/div>\n\n\n\n<hr class=\"wp-block-separator has-alpha-channel-opacity\"\/>\n\n\n\n<p class=\"has-black-color has-text-color\">2021 <strong><strong><span style=\"color: #ff6600;\"><span class=\"s2\"><b>[ INNOVATIONS AND BIO-INSPIRED RESEARCH<\/b><\/span><\/span><\/strong><\/strong><\/p>\n\n\n\n<p class=\"has-text-align-justify\" style=\"font-size:15px\">Presentations of the latest advances in several research and development programmes in cutting-edge application areas (soil life and alternatives to plant protection products, therapeutic treatments, bio-mechanics, etc.).<\/p>\n\n\n\n<div class=\"wp-block-columns is-layout-flex wp-container-core-columns-is-layout-9d6595d7 wp-block-columns-is-layout-flex\">\n<div class=\"wp-block-column is-layout-flow wp-block-column-is-layout-flow\" style=\"flex-basis:33.33%\">\n<figure class=\"wp-block-embed is-type-video is-provider-youtube wp-block-embed-youtube wp-embed-aspect-16-9 wp-has-aspect-ratio\"><div class=\"wp-block-embed__wrapper\">\n<div class=\"jetpack-video-wrapper\"><span class=\"embed-youtube\" style=\"text-align:center; display: block;\"><iframe loading=\"lazy\" class=\"youtube-player\" width=\"676\" height=\"381\" src=\"https:\/\/www.youtube.com\/embed\/jsaOiZpG1UU?version=3&#038;rel=1&#038;showsearch=0&#038;showinfo=1&#038;iv_load_policy=1&#038;fs=1&#038;hl=en-GB&#038;autohide=2&#038;wmode=transparent\" allowfullscreen=\"true\" style=\"border:0;\" sandbox=\"allow-scripts allow-same-origin allow-popups allow-presentation allow-popups-to-escape-sandbox\"><\/iframe><\/span><\/div>\n<\/div><\/figure>\n<\/div>\n\n\n\n<div class=\"wp-block-column is-layout-flow wp-block-column-is-layout-flow\" style=\"flex-basis:66.66%\">\n<ul style=\"font-size:15px\" class=\"wp-block-list\">\n<li><strong>Mathilde Cl\u00e9ment<\/strong>Mycophyto, Head of Research &amp; Development, patented solutions for the implementation of native arbuscular mycorrhizal fungi (AMFs) in crops to recreate sustainable natural synergies with plant roots.<\/li>\n\n\n\n<li><strong>Mr Alessandro Cozzi<\/strong>, He is Managing Director and Director of Research and Innovation at IRSEA (Institut de Recherche en S\u00e9miochimie et Ethologie Appliqu\u00e9e). Specialist in the study of animal and human behaviour and their chemical interactions.<\/li>\n\n\n\n<li><strong>Jean-Marc Linar\u00e8s<\/strong>, Professor at the University of Aix-Marseille, teacher-researcher and specialist in bio-inspired design for mechanical and aeronautical processes.<\/li>\n\n\n\n<li><strong>Claire Lesieur<\/strong>CNRS Research Fellow, Lyon Institute of Complex Systems (IXXI-ENS-Lyon) &amp; AMPERE Laboratory. Why biodiversity is all about diversity: lessons in collective resilience from proteins.<\/li>\n<\/ul>\n<\/div>\n<\/div>\n\n\n\n<hr class=\"wp-block-separator has-alpha-channel-opacity\"\/>\n\n\n\n<p class=\"has-black-color has-text-color\">2021 <strong><strong><span style=\"color: #ff6600;\"><span class=\"s2\"><b>[ TELL ME ABOUT YOUR OCEAN<\/b><\/span><\/span><\/strong><\/strong><\/p>\n\n\n\n<p class=\"has-text-align-justify\" style=\"font-size:15px\">At lunchtime, sports, business, political and cultural personalities will be dropping in to tell us their stories of the ocean and the projects they are championing on the Biomim'expo stage.<\/p>\n\n\n\n<div class=\"wp-block-columns is-layout-flex wp-container-core-columns-is-layout-9d6595d7 wp-block-columns-is-layout-flex\">\n<div class=\"wp-block-column is-layout-flow wp-block-column-is-layout-flow\" style=\"flex-basis:33.33%\">\n<figure class=\"wp-block-embed is-type-video is-provider-youtube wp-block-embed-youtube wp-embed-aspect-16-9 wp-has-aspect-ratio\"><div class=\"wp-block-embed__wrapper\">\n<div class=\"jetpack-video-wrapper\"><span class=\"embed-youtube\" style=\"text-align:center; display: block;\"><iframe loading=\"lazy\" class=\"youtube-player\" width=\"676\" height=\"381\" src=\"https:\/\/www.youtube.com\/embed\/35yiCbqkreA?version=3&#038;rel=1&#038;showsearch=0&#038;showinfo=1&#038;iv_load_policy=1&#038;fs=1&#038;hl=en-GB&#038;autohide=2&#038;wmode=transparent\" allowfullscreen=\"true\" style=\"border:0;\" sandbox=\"allow-scripts allow-same-origin allow-popups allow-presentation allow-popups-to-escape-sandbox\"><\/iframe><\/span><\/div>\n<\/div><\/figure>\n<\/div>\n\n\n\n<div class=\"wp-block-column is-layout-flow wp-block-column-is-layout-flow\" style=\"flex-basis:66.66%\">\n<ul style=\"font-size:15px\" class=\"wp-block-list\">\n<li><strong>Emmanuel Dujardin<\/strong>, Chairman of Rougerie+Tangram<\/li>\n\n\n\n<li><strong>D\u00e9borah Pardo<\/strong>, scientist, explorer, president and founder of Earthship Sisters<\/li>\n\n\n\n<li><strong>Morgan Bourc'his<\/strong>world champion freediver, lecturer, instructor, ambassador <\/li>\n\n\n\n<li><strong>Jacques Rougerie<\/strong>, Jacques Rougerie, member of the Institut, associate architect of ROUGERIE+TANGRAM, merien, oceanographer, explorer of the infinite, creator of the Fondation Jacques Rougerie - Institut de France. <\/li>\n\n\n\n<li><strong>Fran\u00e7ois-Alexandre Bertrand<\/strong>Founder &amp; CEO Platypus Craft <\/li>\n\n\n\n<li><strong>Alexis Rosenfeld<\/strong>, photographer - photojournalist - diver, leader of the project \u00ab1 Ocean, le grand t\u00e9moignage sur l'Oc\u00e9an\u00bb (on display at Gare Saint Charles)<\/li>\n<\/ul>\n<\/div>\n<\/div>\n\n\n\n<hr class=\"wp-block-separator has-alpha-channel-opacity\"\/>\n\n\n\n<p class=\"has-black-color has-text-color\" style=\"font-size:18px\">2021 <strong><strong><span style=\"color: #ff6600;\"><span class=\"s2\"><b>[ THE SEA, A TREASURE TROVE OF BIODIVERSITY AND THE FUTURE OF HUMANITY<\/b><\/span><\/span><\/strong><\/strong><\/p>\n\n\n\n<p class=\"has-text-align-justify\" style=\"font-size:15px\">As the world's largest maritime nation, France has unique assets and a duty to set an example. A reminder of the vital importance of the sea's resources for mankind and the planet's equilibrium; of the sea's contribution to research; and of the scope of marine biomimicry.<\/p>\n\n\n\n<div class=\"wp-block-columns is-layout-flex wp-container-core-columns-is-layout-9d6595d7 wp-block-columns-is-layout-flex\">\n<div class=\"wp-block-column is-layout-flow wp-block-column-is-layout-flow\" style=\"flex-basis:33.33%\">\n<figure class=\"wp-block-embed is-type-video is-provider-youtube wp-block-embed-youtube wp-embed-aspect-16-9 wp-has-aspect-ratio\"><div class=\"wp-block-embed__wrapper\">\n<div class=\"jetpack-video-wrapper\"><span class=\"embed-youtube\" style=\"text-align:center; display: block;\"><iframe loading=\"lazy\" class=\"youtube-player\" width=\"676\" height=\"381\" src=\"https:\/\/www.youtube.com\/embed\/im6MpGGO-gk?version=3&#038;rel=1&#038;showsearch=0&#038;showinfo=1&#038;iv_load_policy=1&#038;fs=1&#038;hl=en-GB&#038;autohide=2&#038;wmode=transparent\" allowfullscreen=\"true\" style=\"border:0;\" sandbox=\"allow-scripts allow-same-origin allow-popups allow-presentation allow-popups-to-escape-sandbox\"><\/iframe><\/span><\/div>\n<\/div><\/figure>\n<\/div>\n\n\n\n<div class=\"wp-block-column is-layout-flow wp-block-column-is-layout-flow\" style=\"flex-basis:66.66%\">\n<ul style=\"font-size:15px\" class=\"wp-block-list\">\n<li><strong>Christophe Madrolle<\/strong>President of the Biodiversity, Sea and Coastal Commission, Regional Natural Parks, Risks - Preparation of the World Conservation Congress, Member of the Energy Transition, Waste Strategy and Air Quality Commission, Member of the Cooperation Territories - Mediterranean of the Future Commission.<\/li>\n\n\n\n<li><strong>Bruno David<\/strong>, Chairman of the Mus\u00e9um national d'Histoire naturelle.<\/li>\n\n\n\n<li><strong>Atlantine Boggio-Pasqua<\/strong>, Scientific Coordinator at Pure Ocean Fund. She has a degree in environmental science, specialising in marine biology and ecology.<\/li>\n\n\n\n<li><strong>Muriel Barron<\/strong>, Head of the Ocean Protection Division at Fondation de la Mer. Presentation of the \u00abSOS CORAIL\u00bb programme. And presentation of \u00abOCEAN APPROVED\u00ae\u00bb, the world's first label to distinguish companies committed to taking into account and improving their impact on the Ocean.<\/li>\n\n\n\n<li><strong>Sol\u00e8ne Basthard-Bogain<\/strong>, She is associated with the TRANSCOR project (experimental programme for transplanting red coral and red sea fans to natural and artificial sites).<\/li>\n\n\n\n<li><strong>Christophe Vasseur<\/strong>CEO and cofounder Inalve. Microalgae as a natural and sustainable source of protein for animal nutrition.<\/li>\n<\/ul>\n<\/div>\n<\/div>\n\n\n\n<hr class=\"wp-block-separator has-alpha-channel-opacity\"\/>\n\n\n\n<p class=\"has-text-align-justify\" style=\"font-size:18px\">2021 <strong><strong><span style=\"color: #ff6600;\"><span class=\"s2\"><b>[ ARCHITECTURE, CITIES, AND COASTAL ISSUES<\/b><\/span><\/span><\/strong><\/strong><\/p>\n\n\n\n<p class=\"has-text-align-justify\" style=\"font-size:15px\">While it is often said that two-thirds of humanity will be living in cities by 2050, a large majority will also be living less than 20 km from the coast. How can bio-inspiration help us to think differently about our habitat, and specifically about our coastal development zones exposed to rising sea levels? A review of the latest developments and some emblematic examples.<\/p>\n\n\n\n<div class=\"wp-block-columns is-layout-flex wp-container-core-columns-is-layout-9d6595d7 wp-block-columns-is-layout-flex\">\n<div class=\"wp-block-column is-layout-flow wp-block-column-is-layout-flow\" style=\"flex-basis:33.33%\">\n<figure class=\"wp-block-embed is-type-video is-provider-youtube wp-block-embed-youtube wp-embed-aspect-16-9 wp-has-aspect-ratio\"><div class=\"wp-block-embed__wrapper\">\n<div class=\"jetpack-video-wrapper\"><span class=\"embed-youtube\" style=\"text-align:center; display: block;\"><iframe loading=\"lazy\" class=\"youtube-player\" width=\"676\" height=\"381\" src=\"https:\/\/www.youtube.com\/embed\/qLS294XI-9A?version=3&#038;rel=1&#038;showsearch=0&#038;showinfo=1&#038;iv_load_policy=1&#038;fs=1&#038;hl=en-GB&#038;autohide=2&#038;wmode=transparent\" allowfullscreen=\"true\" style=\"border:0;\" sandbox=\"allow-scripts allow-same-origin allow-popups allow-presentation allow-popups-to-escape-sandbox\"><\/iframe><\/span><\/div>\n<\/div><\/figure>\n<\/div>\n\n\n\n<div class=\"wp-block-column is-layout-flow wp-block-column-is-layout-flow\" style=\"flex-basis:66.66%\">\n<ul style=\"font-size:15px\" class=\"wp-block-list\">\n<li><strong>Nicolas Vernoux-Th\u00e9lot<\/strong>CEO of In Situ Architecture and co-founder of the IN SITU LAB. When Sargasso becomes a building material. <\/li>\n\n\n\n<li><strong>Olivier Bocquet<\/strong>architect, director of the R&amp;D laboratory in biomimetic architecture, the ROUGERIE+TANGRAM Lab. What if floating anchors became islands of biodiversity? <\/li>\n\n\n\n<li><strong>Christian Tamburini<\/strong>, Research scientist, CNRS, Aix-Marseille University, MIO (Institut M\u00e9diterran\u00e9en d'Oc\u00e9anologie). Presentation of the Bathy_Bot and Bathy_Reef deep-sea observation and recolonisation project. <\/li>\n\n\n\n<li><strong>Clementine Marie<\/strong>, Freediving and breathing coach, founder of l'Air de Rien. <\/li>\n\n\n\n<li><strong>Julien Dalle<\/strong>Director of ecological engineering projects, Seaboost. Adaptation to climate change: how to meet the challenges of preserving the coastline, presentation of erosion control projects based on engineering ecosystems. <\/li>\n\n\n\n<li><strong>Guillaume S\u00e8de<\/strong>, Director of OGIC M\u00e9diterran\u00e9e. Presentation of the \u00abSeconde Nature\u00bb programme in Marseille<\/li>\n<\/ul>\n<\/div>\n<\/div>\n\n\n\n<hr class=\"wp-block-separator has-alpha-channel-opacity\"\/>\n\n\n\n<p class=\"has-text-align-justify\" style=\"font-size:18px\">2021 <strong><strong><span style=\"color: #ff6600;\"><span class=\"s2\"><b>[ANTHONY HERREL: Climbing like a gecko or a tree frog, the secrets of membership revealed<\/b><\/span><\/span><\/strong><\/strong><\/p>\n\n\n\n<p class=\"has-text-align-justify\" style=\"font-size:15px\">Anthony Herrel will begin by explaining the principles of adhesion and the physical mechanisms that enable animals like a tree frog or a gecko to climb smooth walls, with a few photos of the animals and a few diagrams. You will then see a demonstration using live animals to show that tree frogs and gecko do not have the same abilities. Finally, Anthony Herrel will show examples of bioinspiration from these animals using a piece of tyre (tree frog) and \u2018geckskin\u2019, an adhesive material inspired by the gecko.<\/p>\n\n\n\n<div class=\"wp-block-columns is-layout-flex wp-container-core-columns-is-layout-9d6595d7 wp-block-columns-is-layout-flex\">\n<div class=\"wp-block-column is-layout-flow wp-block-column-is-layout-flow\" style=\"flex-basis:33.33%\">\n<figure class=\"wp-block-embed is-type-video is-provider-youtube wp-block-embed-youtube wp-embed-aspect-16-9 wp-has-aspect-ratio\"><div class=\"wp-block-embed__wrapper\">\n<div class=\"jetpack-video-wrapper\"><span class=\"embed-youtube\" style=\"text-align:center; display: block;\"><iframe loading=\"lazy\" class=\"youtube-player\" width=\"676\" height=\"381\" src=\"https:\/\/www.youtube.com\/embed\/G5XXbXzH4Es?version=3&#038;rel=1&#038;showsearch=0&#038;showinfo=1&#038;iv_load_policy=1&#038;fs=1&#038;hl=en-GB&#038;autohide=2&#038;wmode=transparent\" allowfullscreen=\"true\" style=\"border:0;\" sandbox=\"allow-scripts allow-same-origin allow-popups allow-presentation allow-popups-to-escape-sandbox\"><\/iframe><\/span><\/div>\n<\/div><\/figure>\n<\/div>\n\n\n\n<div class=\"wp-block-column is-layout-flow wp-block-column-is-layout-flow\" style=\"flex-basis:66.66%\">\n<ul style=\"font-size:15px\" class=\"wp-block-list\">\n<li><strong>Anthony Herrel<\/strong>, Biologist, Editor Journal of Zoology, Head of IBEES UMR 7179 C.N.R.S\/M.N.H.N. D\u00e9partement Adaptations du Vivant, Mus\u00e9um national d'Histoire naturelle.<\/li>\n<\/ul>\n<\/div>\n<\/div>\n\n\n\n<hr class=\"wp-block-separator has-alpha-channel-opacity\"\/>\n\n\n\n<p class=\"has-text-align-justify\" style=\"font-size:18px\">2021 <strong><strong><span style=\"color: #ff6600;\"><span class=\"s2\"><b>[VINCENT FLODERER: Origami crumpling: a random structured structure inspired by nature with astonishing properties<\/b><\/span><\/span><\/strong><\/strong><\/p>\n\n\n\n<p class=\"has-text-align-justify\" style=\"font-size:15px\">Origami-inspired folding techniques have vast application potential thanks to their mechanical properties, which are often used by nature. During this presentation, you will discover this potential and how nature can inspire us to invent optimised structures. Vincent Floderer will describe the crumpling technique he has developed, its properties and its relevance, using demos of crumpled structures. We will then present the applications we are working on: lightweight deployable structures based on paper or lightweight synthetic materials for use in agriculture or for making shelters, etc. And what if we used the origami processes used in nature to design and offer innovative products for the entire industrial world?<\/p>\n\n\n\n<div class=\"wp-block-columns is-layout-flex wp-container-core-columns-is-layout-9d6595d7 wp-block-columns-is-layout-flex\">\n<div class=\"wp-block-column is-layout-flow wp-block-column-is-layout-flow\" style=\"flex-basis:33.33%\">\n<figure class=\"wp-block-embed is-type-video is-provider-youtube wp-block-embed-youtube wp-embed-aspect-16-9 wp-has-aspect-ratio\"><div class=\"wp-block-embed__wrapper\">\n<div class=\"jetpack-video-wrapper\"><span class=\"embed-youtube\" style=\"text-align:center; display: block;\"><iframe loading=\"lazy\" class=\"youtube-player\" width=\"676\" height=\"381\" src=\"https:\/\/www.youtube.com\/embed\/Men-cjLTQP4?version=3&#038;rel=1&#038;showsearch=0&#038;showinfo=1&#038;iv_load_policy=1&#038;fs=1&#038;hl=en-GB&#038;autohide=2&#038;wmode=transparent\" allowfullscreen=\"true\" style=\"border:0;\" sandbox=\"allow-scripts allow-same-origin allow-popups allow-presentation allow-popups-to-escape-sandbox\"><\/iframe><\/span><\/div>\n<\/div><\/figure>\n<\/div>\n\n\n\n<div class=\"wp-block-column is-layout-flow wp-block-column-is-layout-flow\" style=\"flex-basis:66.66%\">\n<ul style=\"font-size:15px\" class=\"wp-block-list\">\n<li><strong>Vincent Floderer<\/strong>, Artist, co-founder of Plifaltec<\/li>\n<\/ul>\n<\/div>\n<\/div>\n\n\n\n<hr class=\"wp-block-separator has-alpha-channel-opacity\"\/>\n\n\n\n<p class=\"has-text-align-justify\" style=\"font-size:18px\">2021 <strong><strong><span style=\"color: #ff6600;\"><span class=\"s2\"><b>[ SOPHIE RAMANANARIVO : Flexible mechanical design inspired by aquatic plants<\/b><\/span><\/span><\/strong><\/strong><\/p>\n\n\n\n<p class=\"has-text-align-justify\" style=\"font-size:15px\">How do plants survive strong winds or currents? And can we draw inspiration from them to develop resilient structures capable of adapting to changes in their environment without human intervention? Plants take advantage of their flexibility to bend and adopt a more streamlined shape under flow. This strategy reduces the stresses to which they are subjected, thereby preventing breakage or uprooting. You will discover how the particular morphology of plants and their leaves determines the way in which they deform, offering interesting solutions for the development of wind and current resistant structures for engineering and architecture.<\/p>\n\n\n\n<div class=\"wp-block-columns is-layout-flex wp-container-core-columns-is-layout-9d6595d7 wp-block-columns-is-layout-flex\">\n<div class=\"wp-block-column is-layout-flow wp-block-column-is-layout-flow\" style=\"flex-basis:33.33%\">\n<figure class=\"wp-block-embed is-type-video is-provider-youtube wp-block-embed-youtube wp-embed-aspect-16-9 wp-has-aspect-ratio\"><div class=\"wp-block-embed__wrapper\">\n<div class=\"jetpack-video-wrapper\"><span class=\"embed-youtube\" style=\"text-align:center; display: block;\"><iframe loading=\"lazy\" class=\"youtube-player\" width=\"676\" height=\"381\" src=\"https:\/\/www.youtube.com\/embed\/b1vaV9BNeiw?version=3&#038;rel=1&#038;showsearch=0&#038;showinfo=1&#038;iv_load_policy=1&#038;fs=1&#038;hl=en-GB&#038;autohide=2&#038;wmode=transparent&#038;listType=playlist&#038;list=PL6X0Z1l43EfkUV7UI7zx1ECgap5NK2Xnq\" allowfullscreen=\"true\" style=\"border:0;\" sandbox=\"allow-scripts allow-same-origin allow-popups allow-presentation allow-popups-to-escape-sandbox\"><\/iframe><\/span><\/div>\n<\/div><\/figure>\n<\/div>\n\n\n\n<div class=\"wp-block-column is-layout-flow wp-block-column-is-layout-flow\" style=\"flex-basis:66.66%\">\n<ul style=\"font-size:15px\" class=\"wp-block-list\">\n<li><strong>Sophie Ramananarivo<\/strong>, Senior Lecturer, Hydrodynamics Laboratory, Ecole Polytechnique and CNRS<\/li>\n<\/ul>\n<\/div>\n<\/div>\n\n\n\n<hr class=\"wp-block-separator has-alpha-channel-opacity\"\/>\n\n\n\n<p class=\"has-text-align-justify\" style=\"font-size:18px\">2021 <strong><strong><span style=\"color: #ff6600;\"><span class=\"s2\"><b>[ MARC JEANNIN : BeachCorail: Using the ocean to consolidate the coastline!<\/b><\/span><\/span><\/strong><\/strong><\/p>\n\n\n\n<p class=\"has-text-align-justify\" style=\"font-size:15px\">The considerable increase in erosion of ocean coasts in recent years has become a major issue. Sea walls are collapsing as a result of wave scouring. The aim of our study is to develop a coastal reinforcement system capable of being \u00abself-sustaining\u00bb from the natural elements in seawater, taking our inspiration from \u00abbeachrocks\u00bb, rocks that form naturally on ocean coasts through the precipitation of calcium carbonate under the combined action of several microbial communities and electrochemistry. Over the last few years, LaSIE has been developing a technique for inducing the precipitation of calcomagnesian deposits (the natural cement between marine sediments) by applying an electric current to metal grids placed in seawater. By combining calcifying marine bacteria isolated by microbiologists from the LIENSs laboratory, we are developing a beachrock \u00absimulator\u00bb that will accelerate the formation of an eco-material with a strength similar to that of rock.<\/p>\n\n\n\n<div class=\"wp-block-columns is-layout-flex wp-container-core-columns-is-layout-9d6595d7 wp-block-columns-is-layout-flex\">\n<div class=\"wp-block-column is-layout-flow wp-block-column-is-layout-flow\" style=\"flex-basis:33.33%\">\n<figure class=\"wp-block-embed is-type-video is-provider-youtube wp-block-embed-youtube wp-embed-aspect-16-9 wp-has-aspect-ratio\"><div class=\"wp-block-embed__wrapper\">\n<div class=\"jetpack-video-wrapper\"><span class=\"embed-youtube\" style=\"text-align:center; display: block;\"><iframe loading=\"lazy\" class=\"youtube-player\" width=\"676\" height=\"381\" src=\"https:\/\/www.youtube.com\/embed\/-XlIIgOI86E?version=3&#038;rel=1&#038;showsearch=0&#038;showinfo=1&#038;iv_load_policy=1&#038;fs=1&#038;hl=en-GB&#038;autohide=2&#038;wmode=transparent\" allowfullscreen=\"true\" style=\"border:0;\" sandbox=\"allow-scripts allow-same-origin allow-popups allow-presentation allow-popups-to-escape-sandbox\"><\/iframe><\/span><\/div>\n<\/div><\/figure>\n<\/div>\n\n\n\n<div class=\"wp-block-column is-layout-flow wp-block-column-is-layout-flow\" style=\"flex-basis:66.66%\">\n<ul style=\"font-size:15px\" class=\"wp-block-list\">\n<li><strong>Marc Jeannin<\/strong>, HDR Senior Lecturer. LaSIE - La Rochelle University<\/li>\n<\/ul>\n<\/div>\n<\/div>\n\n\n\n<hr class=\"wp-block-separator has-alpha-channel-opacity\"\/>\n\n\n\n<p class=\"has-text-align-justify\" style=\"font-size:18px\">2021 <strong><strong><span style=\"color: #ff6600;\"><span class=\"s2\"><b>[ FABRICE BONNIFET AND C\u00c9LINE PUFF ARDICHVILI: \u201cL'entreprise contributive - concilier monde des affaires et limites plan\u00e9taires\u201d, Dunod.<\/b><\/span><\/span><\/strong><\/strong><\/p>\n\n\n\n<p class=\"has-text-align-justify\" style=\"font-size:15px\">Presentation of the main inspirations and teachings.<\/p>\n\n\n\n<div class=\"wp-block-columns is-layout-flex wp-container-core-columns-is-layout-9d6595d7 wp-block-columns-is-layout-flex\">\n<div class=\"wp-block-column is-layout-flow wp-block-column-is-layout-flow\" style=\"flex-basis:33.33%\">\n<figure class=\"wp-block-embed is-type-video is-provider-youtube wp-block-embed-youtube wp-embed-aspect-16-9 wp-has-aspect-ratio\"><div class=\"wp-block-embed__wrapper\">\n<div class=\"jetpack-video-wrapper\"><span class=\"embed-youtube\" style=\"text-align:center; display: block;\"><iframe loading=\"lazy\" class=\"youtube-player\" width=\"676\" height=\"381\" src=\"https:\/\/www.youtube.com\/embed\/DsqexWrPZAI?version=3&#038;rel=1&#038;showsearch=0&#038;showinfo=1&#038;iv_load_policy=1&#038;fs=1&#038;hl=en-GB&#038;autohide=2&#038;wmode=transparent\" allowfullscreen=\"true\" style=\"border:0;\" sandbox=\"allow-scripts allow-same-origin allow-popups allow-presentation allow-popups-to-escape-sandbox\"><\/iframe><\/span><\/div>\n<\/div><\/figure>\n<\/div>\n\n\n\n<div class=\"wp-block-column is-layout-flow wp-block-column-is-layout-flow\" style=\"flex-basis:66.66%\">\n<ul style=\"font-size:15px\" class=\"wp-block-list\">\n<li><strong>C\u00e9line Puff Ardichvili<\/strong>, Managing Partner at Look Sharp.<\/li>\n\n\n\n<li><strong>Fabrice Bonnifet<\/strong>, Director of Sustainable Development for the Bouygues Group.<\/li>\n<\/ul>\n<\/div>\n<\/div>\n\n\n\n<hr class=\"wp-block-separator has-alpha-channel-opacity\"\/>\n\n\n\n<p class=\"has-text-align-justify\" style=\"font-size:18px\">2021 <strong><strong><span style=\"color: #ff6600;\"><span class=\"s2\"><b>[ Biomimicry and Energy<\/b><\/span><\/span><\/strong><\/strong><\/p>\n\n\n\n<p class=\"has-text-align-justify\" style=\"font-size:15px\">How do living organisms manage energy, and what are the avenues for innovation and ecosystem-based organisation for the future? A preview of the main conclusions of the \u201cBiomimicry and Energy\u201d report initiated by Rte and a call for expressions of interest for a collective dynamic for the 2022-2025 sector.<\/p>\n\n\n\n<div class=\"wp-block-columns is-layout-flex wp-container-core-columns-is-layout-9d6595d7 wp-block-columns-is-layout-flex\">\n<div class=\"wp-block-column is-layout-flow wp-block-column-is-layout-flow\" style=\"flex-basis:33.33%\">\n<figure class=\"wp-block-embed is-type-video is-provider-youtube wp-block-embed-youtube wp-embed-aspect-16-9 wp-has-aspect-ratio\"><div class=\"wp-block-embed__wrapper\">\n<div class=\"jetpack-video-wrapper\"><span class=\"embed-youtube\" style=\"text-align:center; display: block;\"><iframe loading=\"lazy\" class=\"youtube-player\" width=\"676\" height=\"381\" src=\"https:\/\/www.youtube.com\/embed\/wdVgZOXMzYs?version=3&#038;rel=1&#038;showsearch=0&#038;showinfo=1&#038;iv_load_policy=1&#038;fs=1&#038;hl=en-GB&#038;autohide=2&#038;wmode=transparent\" allowfullscreen=\"true\" style=\"border:0;\" sandbox=\"allow-scripts allow-same-origin allow-popups allow-presentation allow-popups-to-escape-sandbox\"><\/iframe><\/span><\/div>\n<\/div><\/figure>\n<\/div>\n\n\n\n<div class=\"wp-block-column is-layout-flow wp-block-column-is-layout-flow\" style=\"flex-basis:66.66%\">\n<ul style=\"font-size:15px\" class=\"wp-block-list\">\n<li><strong>Kalina Raskin<\/strong>General Director of Ceebios. Reminder of the panorama of the major dynamics of the sectors in progress. <\/li>\n\n\n\n<li><strong>Olivier Grabette<\/strong>, D\u00e9l\u00e9gu\u00e9 G\u00e9n\u00e9ral en charge des Affaires Industrielles Europ\u00e9ennes, member of Comex, Rte - R\u00e9seau de Transport d'Electricit\u00e9<\/li>\n\n\n\n<li><strong>Rodolphe de Beaufort<\/strong>, Deputy Managing Director, Gimelec<\/li>\n\n\n\n<li><strong>Iman Bahmani-Piaseczny<\/strong>, Ademe, Coordinator of the Research - Innovation - Future Investment Division <\/li>\n\n\n\n<li><strong>Eliot Graeff<\/strong>Industrial studies officer, Ceebios,<\/li>\n<\/ul>\n<\/div>\n<\/div>\n\n\n\n<hr class=\"wp-block-separator has-alpha-channel-opacity\"\/>\n\n\n\n<p class=\"has-text-align-justify\" style=\"font-size:18px\">2021 <strong><strong><span style=\"color: #ff6600;\"><span class=\"s2\"><b>[ Biomimicry, a strategy for France and its major industrial sectors<\/b><\/span><\/span><\/strong><\/strong><\/p>\n\n\n\n<p class=\"has-text-align-justify\" style=\"font-size:15px\">Recognition of a national strategic choice<\/p>\n\n\n\n<div class=\"wp-block-columns is-layout-flex wp-container-core-columns-is-layout-9d6595d7 wp-block-columns-is-layout-flex\">\n<div class=\"wp-block-column is-layout-flow wp-block-column-is-layout-flow\" style=\"flex-basis:33.33%\">\n<figure class=\"wp-block-embed is-type-video is-provider-youtube wp-block-embed-youtube wp-embed-aspect-16-9 wp-has-aspect-ratio\"><div class=\"wp-block-embed__wrapper\">\n<div class=\"jetpack-video-wrapper\"><span class=\"embed-youtube\" style=\"text-align:center; display: block;\"><iframe loading=\"lazy\" class=\"youtube-player\" width=\"676\" height=\"381\" src=\"https:\/\/www.youtube.com\/embed\/drgJMQgOkrs?version=3&#038;rel=1&#038;showsearch=0&#038;showinfo=1&#038;iv_load_policy=1&#038;fs=1&#038;hl=en-GB&#038;autohide=2&#038;wmode=transparent\" allowfullscreen=\"true\" style=\"border:0;\" sandbox=\"allow-scripts allow-same-origin allow-popups allow-presentation allow-popups-to-escape-sandbox\"><\/iframe><\/span><\/div>\n<\/div><\/figure>\n<\/div>\n\n\n\n<div class=\"wp-block-column is-layout-flow wp-block-column-is-layout-flow\" style=\"flex-basis:66.66%\">\n<ul style=\"font-size:15px\" class=\"wp-block-list\">\n<li><strong>Chrystelle Roger<\/strong>President and Founder of MYCECO, IHEST auditor. Author and initiator of the France Strat\u00e9gie report \"Biomimicry: what are the levers of development? What are the prospects in France?<\/li>\n\n\n\n<li><strong>Huguette Tiegna<\/strong>Member for Lot. Member of the Economic Affairs Committee. Member of the Parliamentary Office for the Evaluation of Scientific and Technological Options (OPECST). Vice-Chairwoman of the Special Committee on the Climate and Resilience Bill. Rapporteur of the report of the Parliamentary Office's study mission on biomimicry. <\/li>\n\n\n\n<li><strong>Emmanuel Chiva<\/strong>Director of the Defence Innovation Agency at the French Ministry of Defence <\/li>\n\n\n\n<li><strong>Fabienne Aujard<\/strong>Biologist. Director of Research at the CNRS, Director of UMR CNRS\/MNHN 7179, in charge of cross-disciplinary initiatives (MITI). <\/li>\n\n\n\n<li><strong>David Colon<\/strong>Delegate of the Strategic Committee of the Water Sector, Director of Institutional Relations &amp; CSR Veolia Water, President of the NGO Up2green<\/li>\n<\/ul>\n<\/div>\n<\/div>\n\n\n\n<hr class=\"wp-block-separator has-alpha-channel-opacity\"\/>\n\n\n\n<p class=\"has-text-align-justify\" style=\"font-size:18px\">2021 <strong><strong><span style=\"color: #ff6600;\"><span class=\"s2\"><b>[ Cities and architectures, A bio-inspired revolution is underway to rethink our habitat as a species<\/b><\/span><\/span><\/strong><\/strong><\/p>\n\n\n\n<p class=\"has-text-align-justify\" style=\"font-size:15px\">What if we thought of building envelopes like the envelopes of living organisms? \/ Autonomous shading systems that open and close like petals for adaptive and reactive fa\u00e7ades - Presentation of Pho'liage, which will be implemented on a large scale on the building of the International Agency for Research on Cancer (IARC) in Lyon-Gerland. \/ Presentation of the Citybiom project - How can we optimise the management of cities and limit their environmental impact by observing the continuous and efficient exchanges of nature? In collaboration with the Centre Scientifique et Technique du B\u00e2timent (CSTB) and the Amp\u00e8re Laboratory (\u00c9cole Centrale de Lyon - CNRS).  \/ Why we urgently need to look beyond the carbon issue and take a global view of the water - food - energy triptych.<\/p>\n\n\n\n<div class=\"wp-block-columns is-layout-flex wp-container-core-columns-is-layout-9d6595d7 wp-block-columns-is-layout-flex\">\n<div class=\"wp-block-column is-layout-flow wp-block-column-is-layout-flow\" style=\"flex-basis:33.33%\">\n<figure class=\"wp-block-embed is-type-video is-provider-youtube wp-block-embed-youtube wp-embed-aspect-16-9 wp-has-aspect-ratio\"><div class=\"wp-block-embed__wrapper\">\n<div class=\"jetpack-video-wrapper\"><span class=\"embed-youtube\" style=\"text-align:center; display: block;\"><iframe loading=\"lazy\" class=\"youtube-player\" width=\"676\" height=\"381\" src=\"https:\/\/www.youtube.com\/embed\/BipTpQBHu2w?version=3&#038;rel=1&#038;showsearch=0&#038;showinfo=1&#038;iv_load_policy=1&#038;fs=1&#038;hl=en-GB&#038;autohide=2&#038;wmode=transparent&#038;listType=playlist&#038;list=PL6X0Z1l43EfkUV7UI7zx1ECgap5NK2Xnq\" allowfullscreen=\"true\" style=\"border:0;\" sandbox=\"allow-scripts allow-same-origin allow-popups allow-presentation allow-popups-to-escape-sandbox\"><\/iframe><\/span><\/div>\n<\/div><\/figure>\n<\/div>\n\n\n\n<div class=\"wp-block-column is-layout-flow wp-block-column-is-layout-flow\" style=\"flex-basis:66.66%\">\n<ul style=\"font-size:15px\" class=\"wp-block-list\">\n<li><strong>Estelle Cruz, PhD, <\/strong>Head of the Habitat bio-inspired project at Ceebios, author of a CIFRE thesis entitled \u201cMulticriteria characterisation of biological envelopes: Towards the development of bio-inspired fa\u00e7ades\u201d, CEEBIOS and MECADEV at the Mus\u00e9um national d'Histoire Naturelle.<\/li>\n\n\n\n<li><strong>Steven Ware<\/strong>ARTBUILD Associate Architect. <\/li>\n\n\n\n<li><strong>Christophe M\u00e9n\u00e9zo<\/strong>Director of the LOCIE laboratory (Savoie Mont Blanc University\/CNRS). <\/li>\n\n\n\n<li><strong>Emma Haziza<\/strong>Hydrologist, specialist in the resilience of territories to extreme climate risks. Founder and President of Mayane. Doctor of the Ecole des Mines de Paris. <\/li>\n<\/ul>\n<\/div>\n<\/div>\n\n\n\n<hr class=\"wp-block-separator has-alpha-channel-opacity\"\/>\n\n\n\n<p class=\"has-text-align-justify\" style=\"font-size:18px\">2021 <strong><strong><span style=\"color: #ff6600;\"><span class=\"s2\"><b>[ Biomimicry and the materials of tomorrow - 4 rutpture startups to bring to light astonishing alternative materials derived from the study and observation of living organisms<\/b><\/span><\/span><\/strong><\/strong><\/p>\n\n\n\n<p class=\"has-text-align-justify\" style=\"font-size:15px\">It's amazing what you can do with mushrooms! Recycling biomass to grow food and medicinal products, creating plant-based alternative leathers and plastics, cleaning up pollution and regenerating ecosystems through mycorrhization... what if mushrooms were the future of mankind? \/ Modulatio, bio-inspired shapes that are both economical and multifunctional. Mimicking living things to save raw materials and CO2 is all very well, but getting parts with exceptional functional characteristics (strength\/mass ratio, dissipation of kinetic energy from shocks, vibration, heat and sound insulation, thermal and chemical exchanges, etc.) is even better. \/ Vision and inspiration from Asia: from the first experiments in biomimicry carried out in collaboration with The Fabrick Lab in Beijing to the new collection of innovative CArrele materials launched with Nature Squared, 15 years of Asia and a wonderful adventure where nature, luxury and innovation resonate in a circular perspective.<\/p>\n\n\n\n<div class=\"wp-block-columns is-layout-flex wp-container-core-columns-is-layout-9d6595d7 wp-block-columns-is-layout-flex\">\n<div class=\"wp-block-column is-layout-flow wp-block-column-is-layout-flow\" style=\"flex-basis:33.33%\">\n<figure class=\"wp-block-embed is-type-video is-provider-youtube wp-block-embed-youtube wp-embed-aspect-16-9 wp-has-aspect-ratio\"><div class=\"wp-block-embed__wrapper\">\n<div class=\"jetpack-video-wrapper\"><span class=\"embed-youtube\" style=\"text-align:center; display: block;\"><iframe loading=\"lazy\" class=\"youtube-player\" width=\"676\" height=\"381\" src=\"https:\/\/www.youtube.com\/embed\/X-5R-2uK_gY?version=3&#038;rel=1&#038;showsearch=0&#038;showinfo=1&#038;iv_load_policy=1&#038;fs=1&#038;hl=en-GB&#038;autohide=2&#038;wmode=transparent&#038;listType=playlist&#038;list=PL6X0Z1l43EfkUV7UI7zx1ECgap5NK2Xnq\" allowfullscreen=\"true\" style=\"border:0;\" sandbox=\"allow-scripts allow-same-origin allow-popups allow-presentation allow-popups-to-escape-sandbox\"><\/iframe><\/span><\/div>\n<\/div><\/figure>\n<\/div>\n\n\n\n<div class=\"wp-block-column is-layout-flow wp-block-column-is-layout-flow\" style=\"flex-basis:66.66%\">\n<ul style=\"font-size:15px\" class=\"wp-block-list\">\n<li><strong>Mariana Dominguez-Penalva<\/strong>Artist, biodesigner, researcher, entrepreneur. CEO Fungus Sapiens, an Agro-Biotechnological ecosystem in circular economy, social and solidarity, hybrid between a mushroom farm and a biomimetic research laboratory.  <\/li>\n\n\n\n<li><strong>Anthony Courtois<\/strong>, PhD - Marine Biotechnologies, co-founder of Polymaris.  Polymaris selects and cultivates innovative molecules from marine micro-organisms to create new biomolecules with exceptional properties that have no equivalent on land. Packaging, protection, antifouling, biodegradable bioplastics... the sea has all the solutions. <\/li>\n\n\n\n<li><strong>Romuald Vigier<\/strong>Modulatio founder. <\/li>\n\n\n\n<li><strong>Isabelle Pascal<\/strong>, Entrepreneur and consultant. Founder of \u516d Shiliu Design Bureau Bio-sourcing, bio-inspiration and biomimicry.<\/li>\n<\/ul>\n<\/div>\n<\/div>\n\n\n\n<hr class=\"wp-block-separator has-alpha-channel-opacity\"\/>\n\n\n\n<p class=\"has-text-align-justify\" style=\"font-size:18px\">2021 <strong><strong><span style=\"color: #ff6600;\"><span class=\"s2\"><b>[ Biomimicry and Space: When Earth inspires Space<\/b><\/span><\/span><\/strong><\/strong><\/p>\n\n\n\n<p class=\"has-text-align-justify\" style=\"font-size:15px\">... and vice versa<\/p>\n\n\n\n<p class=\"has-text-align-justify\" style=\"font-size:15px\">End of a special sequence for a collective experience: Jean-Pierre Goux, President &amp; Founder, OneHome Experience the \u00aboverview effect\u00bb. Audiences will be invited to plunge into the darkness and slow down time to fully experience the startling effect of discovering \u201cthe house of man\u201c. Explained and hosted by Jean-Pierre Goux, who explains: \u00bbWith these images of the Earth, we hope to generate a new enthusiasm for our planet. The overview effect has made astronauts aware of the fragility of the Earth, and given them the desire to protect it\u201d.<\/p>\n\n\n\n<div class=\"wp-block-columns is-layout-flex wp-container-core-columns-is-layout-9d6595d7 wp-block-columns-is-layout-flex\">\n<div class=\"wp-block-column is-layout-flow wp-block-column-is-layout-flow\" style=\"flex-basis:33.33%\">\n<figure class=\"wp-block-embed is-type-video is-provider-youtube wp-block-embed-youtube wp-embed-aspect-16-9 wp-has-aspect-ratio\"><div class=\"wp-block-embed__wrapper\">\n<div class=\"jetpack-video-wrapper\"><span class=\"embed-youtube\" style=\"text-align:center; display: block;\"><iframe loading=\"lazy\" class=\"youtube-player\" width=\"676\" height=\"381\" src=\"https:\/\/www.youtube.com\/embed\/juOIm6fAUb8?version=3&#038;rel=1&#038;showsearch=0&#038;showinfo=1&#038;iv_load_policy=1&#038;fs=1&#038;hl=en-GB&#038;autohide=2&#038;wmode=transparent&#038;listType=playlist&#038;list=PL6X0Z1l43EfkUV7UI7zx1ECgap5NK2Xnq\" allowfullscreen=\"true\" style=\"border:0;\" sandbox=\"allow-scripts allow-same-origin allow-popups allow-presentation allow-popups-to-escape-sandbox\"><\/iframe><\/span><\/div>\n<\/div><\/figure>\n<\/div>\n\n\n\n<div class=\"wp-block-column is-layout-flow wp-block-column-is-layout-flow\" style=\"flex-basis:66.66%\">\n<ul style=\"font-size:15px\" class=\"wp-block-list\">\n<li><strong>Sylvain Michel<\/strong>, CNES (Centre national d'\u00e9tudes spatiales), Innovation &amp; Operations &amp; System engineer with <strong>Laura Magro<\/strong>, Ceebios, Deputy Director for Scientific Development CNES's bio-inspired research programmes. Remote identification, in-orbit recycling, satellite swarms, shared intelligence... when Earth inspires Space, and vice versa. <\/li>\n\n\n\n<li><strong>Barbara Belvisi<\/strong>, Founder and CEO, Interstellar Lab with <strong>Jim Rhone<\/strong>, CPO at Interstellar Lab and co-founder of Soliquid A plan to live on the Moon so that we can live better on Earth. Growing plants, fruit and vegetables in all climates, in an environmentally-friendly way and with easy water recycling... economical bioclimatic space greenhouses that could well inspire cultivation on Earth.<\/li>\n\n\n\n<li><strong>Jean-Pierre Goux<\/strong>President &amp; Founder, OneHome<\/li>\n<\/ul>\n<\/div>\n<\/div>\n\n\n\n<hr class=\"wp-block-separator has-alpha-channel-opacity\"\/>\n\n\n\n<p class=\"has-text-align-justify\" style=\"font-size:18px\">2021 <strong><strong><span style=\"color: #ff6600;\"><span class=\"s2\"><b>[ PRESENTATION OF THE BIOMIM'CHALLENGE 2021 FINALIST PROJECTS<\/b><\/span><\/span><\/strong><\/strong><\/p>\n\n\n\n<p class=\"has-text-align-justify\" style=\"font-size:15px\">The competition for bio-inspired projects, presented as part of the Biomim'expo and pitched in the final live on stage. Each project is given a 3-minute presentation and a few minutes for questions and answers.<\/p>\n\n\n\n<div class=\"wp-block-columns is-layout-flex wp-container-core-columns-is-layout-9d6595d7 wp-block-columns-is-layout-flex\">\n<div class=\"wp-block-column is-layout-flow wp-block-column-is-layout-flow\" style=\"flex-basis:33.33%\">\n<figure class=\"wp-block-embed is-type-video is-provider-youtube wp-block-embed-youtube wp-embed-aspect-16-9 wp-has-aspect-ratio\"><div class=\"wp-block-embed__wrapper\">\n<div class=\"jetpack-video-wrapper\"><span class=\"embed-youtube\" style=\"text-align:center; display: block;\"><iframe loading=\"lazy\" class=\"youtube-player\" width=\"676\" height=\"381\" src=\"https:\/\/www.youtube.com\/embed\/3T3P9-naJas?version=3&#038;rel=1&#038;showsearch=0&#038;showinfo=1&#038;iv_load_policy=1&#038;fs=1&#038;hl=en-GB&#038;autohide=2&#038;wmode=transparent&#038;listType=playlist&#038;list=PL6X0Z1l43EfkUV7UI7zx1ECgap5NK2Xnq\" allowfullscreen=\"true\" style=\"border:0;\" sandbox=\"allow-scripts allow-same-origin allow-popups allow-presentation allow-popups-to-escape-sandbox\"><\/iframe><\/span><\/div>\n<\/div><\/figure>\n<\/div>\n\n\n\n<div class=\"wp-block-column is-layout-flow wp-block-column-is-layout-flow\" style=\"flex-basis:66.66%\">\n<ul style=\"font-size:15px\" class=\"wp-block-list\">\n<li>Thank you to the members of the jury: <strong>TARIK CHEKCHAK<\/strong> Institute of Desirable Futures, <strong>DARJA DUBRAVCIC<\/strong> Wild Innovation Agency, <strong>LO\u00cfC DEYRA <\/strong>Ceebios, <strong>ARTHUR BOUILL\u00c9 <\/strong>Big Bang Project,<strong> DELPHINE BOUVIER <\/strong>L'Or\u00e9al, <strong>GENEVI\u00c8VE SENGISSEN <\/strong>ENSCI Les Ateliers, <strong>STEVEN WARE <\/strong>ARTBUILD, <strong>SYLVIE B\u00c9NARD <\/strong>The Lady with the Unicorn, <strong>NICOLAS VERNOUX-TH\u00c9LOT<\/strong> IN SITU ARCHITECTURE<\/li>\n<\/ul>\n<\/div>\n<\/div>\n\n\n\n<hr class=\"wp-block-separator has-alpha-channel-opacity\"\/>\n\n\n\n<p class=\"has-text-align-justify\" style=\"font-size:18px\">2021 <strong><strong><span style=\"color: #ff6600;\"><span class=\"s2\"><b>[ Strat\u00e9gie France, Excellence and influence of France. Energy and Biodiversity, when Biomimicry becomes a strategic tool<\/b><\/span><\/span><\/strong><\/strong><\/p>\n\n\n\n<p class=\"has-text-align-justify\" style=\"font-size:15px\">Awesome Nature! Collective intelligence, forms and growth, ecosystems and symbiotic interactions... when biomimicry inspires and challenges mathematicians \/ Why and how Ademe is using biomimicry as a tool for reflection and action to meet the challenges of energy. Announcement of the latest Ceebios collective report initiated by Rte \u201cBiomimicry and Energy\u201d and call for expressions of interest \/ When the destruction of biodiversity and wildlife habitats jeopardises the future of humanity itself. If there is one strategic asset that must be protected because it is vital, it is biodiversity. Huguette Tiegna will close the sequence by inviting the audience to join the round table dedicated to the presentation of the preliminary report of the parliamentary information mission on biomimicry.<\/p>\n\n\n\n<div class=\"wp-block-columns is-layout-flex wp-container-core-columns-is-layout-9d6595d7 wp-block-columns-is-layout-flex\">\n<div class=\"wp-block-column is-layout-flow wp-block-column-is-layout-flow\" style=\"flex-basis:33.33%\">\n<figure class=\"wp-block-embed is-type-video is-provider-youtube wp-block-embed-youtube wp-embed-aspect-16-9 wp-has-aspect-ratio\"><div class=\"wp-block-embed__wrapper\">\n<div class=\"jetpack-video-wrapper\"><span class=\"embed-youtube\" style=\"text-align:center; display: block;\"><iframe loading=\"lazy\" class=\"youtube-player\" width=\"676\" height=\"381\" src=\"https:\/\/www.youtube.com\/embed\/P_0N8egbKoI?version=3&#038;rel=1&#038;showsearch=0&#038;showinfo=1&#038;iv_load_policy=1&#038;fs=1&#038;hl=en-GB&#038;autohide=2&#038;wmode=transparent&#038;listType=playlist&#038;list=PL6X0Z1l43EfkUV7UI7zx1ECgap5NK2Xnq\" allowfullscreen=\"true\" style=\"border:0;\" sandbox=\"allow-scripts allow-same-origin allow-popups allow-presentation allow-popups-to-escape-sandbox\"><\/iframe><\/span><\/div>\n<\/div><\/figure>\n<\/div>\n\n\n\n<div class=\"wp-block-column is-layout-flow wp-block-column-is-layout-flow\" style=\"flex-basis:66.66%\">\n<ul style=\"font-size:15px\" class=\"wp-block-list\">\n<li><strong>C\u00e9dric Villani<\/strong>Chairman of the Office parlementaire d'\u00e9valuation des choix scientifiques et technologiques (OPECST). Mathematician, Fields Medal winner in 2010. Member of parliament for Essonne. <\/li>\n\n\n\n<li><strong>Fabrice Boissier<\/strong>, Deputy Director General of Ademe Biomimicry &amp; Energy. <\/li>\n\n\n\n<li><strong>Bruno David<\/strong>, Biodiversity and human health.<\/li>\n\n\n\n<li><strong>Huguette Tiegna<\/strong>Member for Lot. Member of the Economic Affairs Committee. Member of the Parliamentary Office for the Evaluation of Scientific and Technological Options (OPECST). Vice-Chairwoman of the Special Committee on the Climate and Resilience Bill. Rapporteur of the report of the Parliamentary Office's study mission on biomimicry. <\/li>\n<\/ul>\n<\/div>\n<\/div>\n\n\n\n<hr class=\"wp-block-separator has-alpha-channel-opacity\"\/>\n\n\n\n<p class=\"has-text-align-justify\" style=\"font-size:18px\">2021 <strong><strong><span style=\"color: #ff6600;\"><span class=\"s2\"><b>[ Biomimetics and Medicine, a disruptive innovation approach for tomorrow's medical sector<\/b><\/span><\/span><\/strong><\/strong><\/p>\n\n\n\n<p class=\"has-text-align-justify\" style=\"font-size:15px\">Haemoglobin from the marine arenicolus worm: an example of marine biomimicry. \u201cBiomimicry is the key to the therapeutics of the future\u201d; \u201cThe marine arenicolus worm, the first universal oxygen carrier for therapeutic purposes\u201d. A look back with Franck Zal at the history of this discovery, the ground-breaking innovations it offers, and the incredible wealth of inspiration offered by marine biodiversity. \/ CorWave, a heart pump inspired by the way marine animals swim. CorWave is developing an innovative implantable heart pump for patients suffering from advanced heart failure. This medical device is based on a unique undulating membrane pump technology, inspired by the swimming of marine animals, which enables it to produce a pulsatile, physiological and adaptive blood flow, in order to bring clinical benefit to patients.<\/p>\n\n\n\n<div class=\"wp-block-columns is-layout-flex wp-container-core-columns-is-layout-9d6595d7 wp-block-columns-is-layout-flex\">\n<div class=\"wp-block-column is-layout-flow wp-block-column-is-layout-flow\" style=\"flex-basis:33.33%\">\n<figure class=\"wp-block-embed is-type-video is-provider-youtube wp-block-embed-youtube wp-embed-aspect-16-9 wp-has-aspect-ratio\"><div class=\"wp-block-embed__wrapper\">\n<div class=\"jetpack-video-wrapper\"><span class=\"embed-youtube\" style=\"text-align:center; display: block;\"><iframe loading=\"lazy\" class=\"youtube-player\" width=\"676\" height=\"381\" src=\"https:\/\/www.youtube.com\/embed\/ZwvQKkM182k?version=3&#038;rel=1&#038;showsearch=0&#038;showinfo=1&#038;iv_load_policy=1&#038;fs=1&#038;hl=en-GB&#038;autohide=2&#038;wmode=transparent&#038;listType=playlist&#038;list=PL6X0Z1l43EfkUV7UI7zx1ECgap5NK2Xnq\" allowfullscreen=\"true\" style=\"border:0;\" sandbox=\"allow-scripts allow-same-origin allow-popups allow-presentation allow-popups-to-escape-sandbox\"><\/iframe><\/span><\/div>\n<\/div><\/figure>\n<\/div>\n\n\n\n<div class=\"wp-block-column is-layout-flow wp-block-column-is-layout-flow\" style=\"flex-basis:66.66%\">\n<ul style=\"font-size:15px\" class=\"wp-block-list\">\n<li><strong>Franck Zal<\/strong>Co-founder, Scientific Director and CEO, Hemarina. <\/li>\n\n\n\n<li><strong>Charlotte Rasser<\/strong>Head of Strategy and Scientific Affairs, CorWave.<\/li>\n\n\n\n<li><strong>Christophe Madrolle<\/strong>, Chairman of the Biodiversity, Sea and Coastal Commission, South Region. Advisor to the Minister for the Sea Annick Girardin <\/li>\n<\/ul>\n<\/div>\n<\/div>\n\n\n\n<hr class=\"wp-block-separator has-alpha-channel-opacity\"\/>\n\n\n\n<p class=\"has-text-align-justify\" style=\"font-size:18px\">2021 <strong><strong><span style=\"color: #ff6600;\"><span class=\"s2\"><b>[ Biomimicry and Cosmetics, Nature as a source of inspiration and not just a resource <\/b><\/span><\/span><\/strong><\/strong><\/p>\n\n\n\n<p class=\"has-text-align-justify\" style=\"font-size:15px\">Look like the skin to protect it better. As the saying goes, \u201clike attracts like\u201d... at molecular levels too. Presentation of the latest discoveries and advances in Pierre Fabre Research on the benefits of mimicking the composition of the skin and its lipidic structural organisation in order to provide better care through formulations that are not only ultra-compatible with our skin microbiota but also reduced in the number of ingredients so as to provide our skin with only what it needs. \/ A new generation of bio-inspired molecules of interest. Presentation and revelation of recent research work and product applications in the fields of sensitive skin treatment, skin tissue regeneration, anti-ageing, or even astonishing applications resulting from the exceptional capacity of mosses to adapt over nearly 500 million years...<\/p>\n\n\n\n<div class=\"wp-block-columns is-layout-flex wp-container-core-columns-is-layout-9d6595d7 wp-block-columns-is-layout-flex\">\n<div class=\"wp-block-column is-layout-flow wp-block-column-is-layout-flow\" style=\"flex-basis:33.33%\">\n<figure class=\"wp-block-embed is-type-video is-provider-youtube wp-block-embed-youtube wp-embed-aspect-16-9 wp-has-aspect-ratio\"><div class=\"wp-block-embed__wrapper\">\n<div class=\"jetpack-video-wrapper\"><span class=\"embed-youtube\" style=\"text-align:center; display: block;\"><iframe loading=\"lazy\" class=\"youtube-player\" width=\"676\" height=\"381\" src=\"https:\/\/www.youtube.com\/embed\/UlyJmFp4gw8?version=3&#038;rel=1&#038;showsearch=0&#038;showinfo=1&#038;iv_load_policy=1&#038;fs=1&#038;hl=en-GB&#038;autohide=2&#038;wmode=transparent&#038;listType=playlist&#038;list=PL6X0Z1l43EfkUV7UI7zx1ECgap5NK2Xnq\" allowfullscreen=\"true\" style=\"border:0;\" sandbox=\"allow-scripts allow-same-origin allow-popups allow-presentation allow-popups-to-escape-sandbox\"><\/iframe><\/span><\/div>\n<\/div><\/figure>\n<\/div>\n\n\n\n<div class=\"wp-block-column is-layout-flow wp-block-column-is-layout-flow\" style=\"flex-basis:66.66%\">\n<ul style=\"font-size:15px\" class=\"wp-block-list\">\n<li><strong>Katia Ravard<\/strong>Head of Transversal Projects and Biomimicry, Pierre Fabre Group. <\/li>\n\n\n\n<li><strong>St\u00e9phane Poigny<\/strong>R&amp;D Director France, Mibelle Biochemistry France. <\/li>\n<\/ul>\n<\/div>\n<\/div>\n\n\n\n<hr class=\"wp-block-separator has-alpha-channel-opacity\"\/>\n\n\n\n<p class=\"has-text-align-justify\" style=\"font-size:18px\">2021 <strong><strong><span style=\"color: #ff6600;\"><span class=\"s2\"><b>[ Drawing inspiration from the living world for the ecological and industrial transition<\/b><\/span><\/span><\/strong><\/strong><\/p>\n\n\n\n<p class=\"has-text-align-justify\" style=\"font-size:15px\">An innovative R&amp;D strategy in line with Michelin's global sustainability objectives for a wide range of innovations in materials, production processes, sustainable mobility and recycling \/ Biomimicry and additive manufacturing, a revolutionary combination to reshape industry and contribute to a better world. How can we draw inspiration from the living world to design a new generation of products that are better quality, more sustainable and have less impact on the planet? \/ Towards new bio-inspired forms of product design. Biomimicry at Capgemini Engineering and its use in two research projects in the fields of transport and energy.<\/p>\n\n\n\n<div class=\"wp-block-columns is-layout-flex wp-container-core-columns-is-layout-9d6595d7 wp-block-columns-is-layout-flex\">\n<div class=\"wp-block-column is-layout-flow wp-block-column-is-layout-flow\" style=\"flex-basis:33.33%\">\n<figure class=\"wp-block-embed is-type-video is-provider-youtube wp-block-embed-youtube wp-embed-aspect-16-9 wp-has-aspect-ratio\"><div class=\"wp-block-embed__wrapper\">\n<div class=\"jetpack-video-wrapper\"><span class=\"embed-youtube\" style=\"text-align:center; display: block;\"><iframe loading=\"lazy\" class=\"youtube-player\" width=\"676\" height=\"381\" src=\"https:\/\/www.youtube.com\/embed\/WdV_NyYnOYU?version=3&#038;rel=1&#038;showsearch=0&#038;showinfo=1&#038;iv_load_policy=1&#038;fs=1&#038;hl=en-GB&#038;autohide=2&#038;wmode=transparent&#038;listType=playlist&#038;list=PL6X0Z1l43EfkUV7UI7zx1ECgap5NK2Xnq\" allowfullscreen=\"true\" style=\"border:0;\" sandbox=\"allow-scripts allow-same-origin allow-popups allow-presentation allow-popups-to-escape-sandbox\"><\/iframe><\/span><\/div>\n<\/div><\/figure>\n<\/div>\n\n\n\n<div class=\"wp-block-column is-layout-flow wp-block-column-is-layout-flow\" style=\"flex-basis:66.66%\">\n<ul style=\"font-size:15px\" class=\"wp-block-list\">\n<li><strong>Erik Grab<\/strong>Vice President Strategic Anticipation, Innovation &amp; Sustainable Development, Michelin. <\/li>\n\n\n\n<li><strong>Sylvain Legrand<\/strong>Manufacturing Accounts Executive, Autodesk. <\/li>\n\n\n\n<li><strong>Nassardin Guenfoud and Giovanni Tufano<\/strong>, PhDs in Mechanical Engineering. Research Project Managers and Engineering Consultants. Capgemini Engineering Introducing natural shapes in Design.<\/li>\n<\/ul>\n<\/div>\n<\/div>\n\n\n\n<hr class=\"wp-block-separator has-alpha-channel-opacity\"\/>\n\n\n\n<p class=\"has-text-align-justify\" style=\"font-size:18px\">2021 <strong><strong><span style=\"color: #ff6600;\"><span class=\"s2\"><b>[ The new ecological performance <\/b><\/span><\/span><\/strong><\/strong><\/p>\n\n\n\n<p class=\"has-text-align-justify\" style=\"font-size:15px\">Dear Minister <strong>Annick Girardin<\/strong>, Minister for the Sea: At a time when the exploration of the deep seabed has been announced as one of the major strategic axes of the France2030 plan by the President of the Republic, with a reference to biomimicry, as he had already done at the Assises de la Mer in mid-September, the presence of the Minister supports and testifies to the interest shown in this biomimicry approach as a lever for innovation and solutions. <\/p>\n\n\n\n<div class=\"wp-block-columns is-layout-flex wp-container-core-columns-is-layout-9d6595d7 wp-block-columns-is-layout-flex\">\n<div class=\"wp-block-column is-layout-flow wp-block-column-is-layout-flow\" style=\"flex-basis:33.33%\">\n<figure class=\"wp-block-embed is-type-video is-provider-youtube wp-block-embed-youtube wp-embed-aspect-16-9 wp-has-aspect-ratio\"><div class=\"wp-block-embed__wrapper\">\n<div class=\"jetpack-video-wrapper\"><span class=\"embed-youtube\" style=\"text-align:center; display: block;\"><iframe loading=\"lazy\" class=\"youtube-player\" width=\"676\" height=\"381\" src=\"https:\/\/www.youtube.com\/embed\/JlheQLRPUWI?version=3&#038;rel=1&#038;showsearch=0&#038;showinfo=1&#038;iv_load_policy=1&#038;fs=1&#038;hl=en-GB&#038;autohide=2&#038;wmode=transparent&#038;listType=playlist&#038;list=PL6X0Z1l43EfkUV7UI7zx1ECgap5NK2Xnq\" allowfullscreen=\"true\" style=\"border:0;\" sandbox=\"allow-scripts allow-same-origin allow-popups allow-presentation allow-popups-to-escape-sandbox\"><\/iframe><\/span><\/div>\n<\/div><\/figure>\n<\/div>\n\n\n\n<div class=\"wp-block-column is-layout-flow wp-block-column-is-layout-flow\" style=\"flex-basis:66.66%\">\n<ul style=\"font-size:15px\" class=\"wp-block-list\">\n<li>Dear Minister <strong>Annick Girardin<\/strong>, Minister for the Sea. <\/li>\n\n\n\n<li><strong>Olivier Hamant<\/strong>, Biologist, researcher at INRAE (Institut National de Recherche pour l'Agriculture, l'Alimentation et l'Environnement). Director of the Michel Serres Institute Rewarding underperformance. Is the search for \u201cindividual sub-optimality\u201d a key to resilience? According to Olivier Hamant, \u201cThe greatest weakness is performance\u201d.<\/li>\n\n\n\n<li><strong>Gilles Boeuf<\/strong>, Chairman of Ceebios. Biologist, Professor at Sorbonne University. Former President of the Mus\u00e9um national d'Histoire naturelle. Member of the Scientific Council of the Office Fran\u00e7ais de la Biodiversit\u00e9 (French Biodiversity Office). How to raise the awareness of decision-makers to accelerate ecological awareness.<\/li>\n\n\n\n<li><strong>C\u00e9dric Ringenbach<\/strong>, Chairman and founder of La Fresque du Climat, Consultant and teacher Better knowledge, better understanding, better action. <\/li>\n\n\n\n<li><strong>Virginie Raisson-Victor<\/strong>, Co-founder and spokesperson for the Grand D\u00e9fi des entreprises pour la plan\u00e8te.<\/li>\n<\/ul>\n<\/div>\n<\/div>\n\n\n\n<hr class=\"wp-block-separator has-alpha-channel-opacity\"\/>\n\n\n\n<p class=\"has-text-align-justify\" style=\"font-size:18px\">2020 <strong><strong><span style=\"color: #ff6600;\"><span class=\"s2\"><b>[ Biomimicry as a roadmap <\/b><\/span><\/span><\/strong><\/strong><\/p>\n\n\n\n<p class=\"has-text-align-justify\" style=\"font-size:15px\">Biomimicry, a new strategic roadmap of excellence for the ecological transition and France's influence?<\/p>\n\n\n\n<div class=\"wp-block-columns is-layout-flex wp-container-core-columns-is-layout-9d6595d7 wp-block-columns-is-layout-flex\">\n<div class=\"wp-block-column is-layout-flow wp-block-column-is-layout-flow\" style=\"flex-basis:33.33%\">\n<figure class=\"wp-block-embed is-type-video is-provider-youtube wp-block-embed-youtube wp-embed-aspect-16-9 wp-has-aspect-ratio\"><div class=\"wp-block-embed__wrapper\">\n<div class=\"jetpack-video-wrapper\"><span class=\"embed-youtube\" style=\"text-align:center; display: block;\"><iframe loading=\"lazy\" class=\"youtube-player\" width=\"676\" height=\"381\" src=\"https:\/\/www.youtube.com\/embed\/4D8E6ikdC4k?version=3&#038;rel=1&#038;showsearch=0&#038;showinfo=1&#038;iv_load_policy=1&#038;fs=1&#038;hl=en-GB&#038;autohide=2&#038;wmode=transparent&#038;listType=playlist&#038;list=PL6X0Z1l43EfmOG62jW9kDUDuZKsKCFVNl\" allowfullscreen=\"true\" style=\"border:0;\" sandbox=\"allow-scripts allow-same-origin allow-popups allow-presentation allow-popups-to-escape-sandbox\"><\/iframe><\/span><\/div>\n<\/div><\/figure>\n<\/div>\n\n\n\n<div class=\"wp-block-column is-layout-flow wp-block-column-is-layout-flow\" style=\"flex-basis:66.66%\">\n<ul style=\"font-size:15px\" class=\"wp-block-list\">\n<li><strong>Kalina Raskin<\/strong>, The next steps for Ceebios and the strategic roadmap for biomimicry in France.<\/li>\n\n\n\n<li><strong>Alain Renaudin<\/strong>, founder of Biomim'expo and chairman of NewCorp Conseil. Why is biomimicry emerging as a social project? What Covid-19 has taught us about our relationship with biodiversity, and how we can draw inspiration from living things to build the world of tomorrow.<\/li>\n\n\n\n<li><strong>Allain Bougrain Dubourg<\/strong>, President of the LPO. What the prodigious universe of birds, sentinels of biodiversity, tells us about our past and our future.<\/li>\n\n\n\n<li><strong>Sabine Roux de B\u00e9zieux<\/strong>, President of the Fondation de la Mer. Marine biodiversity, the treasure and future of humanity, and a strategic asset for France.<\/li>\n\n\n\n<li><strong>Emmanuelle Huet and L\u00e9a Falco<\/strong>, Pour un R\u00e9veil Ecologique\u00ab movement. How can we turn the current crisis into a transition accelerator?<\/li>\n\n\n\n<li><strong>Gilles Boeuf<\/strong>, Chairman of Ceebios, former Chairman of the Scientific Council of the French Biodiversity Agency; former adviser to several ministers; Professor at Sorbonne University; former Chairman of the Mus\u00e9um National d'Histoire Naturelle. What common destiny for biodiversity and mankind?<\/li>\n<\/ul>\n<\/div>\n<\/div>\n\n\n\n<hr class=\"wp-block-separator has-alpha-channel-opacity\"\/>\n\n\n\n<p class=\"has-text-align-justify\" style=\"font-size:18px\">2020 <strong><strong><span style=\"color: #ff6600;\"><span class=\"s2\"><b>[ <\/b>BIOMIMETISM AND TERRITORIES<\/span><\/span><\/strong><\/strong><\/p>\n\n\n\n<p class=\"has-text-align-justify\" style=\"font-size:15px\">How can we rethink the development and planning of our spaces to make them more resilient, more pleasant to live in and more respectful of biodiversity? Discuss the specifications that living things offer us, and share your experiences.&nbsp; <\/p>\n\n\n\n<div class=\"wp-block-columns is-layout-flex wp-container-core-columns-is-layout-9d6595d7 wp-block-columns-is-layout-flex\">\n<div class=\"wp-block-column is-layout-flow wp-block-column-is-layout-flow\" style=\"flex-basis:33.33%\">\n<figure class=\"wp-block-embed is-type-video is-provider-youtube wp-block-embed-youtube wp-embed-aspect-16-9 wp-has-aspect-ratio\"><div class=\"wp-block-embed__wrapper\">\n<div class=\"jetpack-video-wrapper\"><span class=\"embed-youtube\" style=\"text-align:center; display: block;\"><iframe loading=\"lazy\" class=\"youtube-player\" width=\"676\" height=\"381\" src=\"https:\/\/www.youtube.com\/embed\/Ivt-hXm_IP8?version=3&#038;rel=1&#038;showsearch=0&#038;showinfo=1&#038;iv_load_policy=1&#038;fs=1&#038;hl=en-GB&#038;autohide=2&#038;wmode=transparent&#038;listType=playlist&#038;list=PL6X0Z1l43EfmOG62jW9kDUDuZKsKCFVNl\" allowfullscreen=\"true\" style=\"border:0;\" sandbox=\"allow-scripts allow-same-origin allow-popups allow-presentation allow-popups-to-escape-sandbox\"><\/iframe><\/span><\/div>\n<\/div><\/figure>\n<\/div>\n\n\n\n<div class=\"wp-block-column is-layout-flow wp-block-column-is-layout-flow\" style=\"flex-basis:66.66%\">\n<ul style=\"font-size:15px\" class=\"wp-block-list\">\n<li><strong>Tarik Chekchak<\/strong>, The ecosystem dimension of biomimicry as a way of rethinking our organisations on a large scale. Explanations and background information. Discussions and debates with :<\/li>\n\n\n\n<li><strong>Caroline Balley-Tardy<\/strong>, DREAL Auvergne-Rh\u00f4ne-Alpes, urban planner and collective intelligence facilitator, working for the ecological and social transition.<\/li>\n\n\n\n<li><strong>Olivier Massicot<\/strong>Director of the Biovall\u00e9e association and member of the Territory Lab researchers' collective<\/li>\n\n\n\n<li><strong>David Nicogossian<\/strong>, Consultant to regional and local authorities at Cerema<\/li>\n\n\n\n<li><strong>Lisa Garnier-Durand<\/strong>, Head of Biodiversity R&amp;D at RTE R\u00e9seau de Transport d'Electricit\u00e9.<\/li>\n<\/ul>\n<\/div>\n<\/div>\n\n\n\n<hr class=\"wp-block-separator has-alpha-channel-opacity\"\/>\n\n\n\n<p class=\"has-text-align-justify\" style=\"font-size:18px\">2020 <strong><strong><span style=\"color: #ff6600;\"><span class=\"s2\"><b>[ <strong><strong><span style=\"color: #ff6600;\"><span class=\"s2\"><b><strong><strong><span style=\"color: #ff6600;\"><span class=\"s2\"><b>WHEN BIOMIMETISM INSPIRES ADEME <\/b><\/span><\/span><\/strong><\/strong><\/b><\/span><\/span><\/strong><\/strong><\/b><\/span><\/span><\/strong><\/strong><\/p>\n\n\n\n<p class=\"has-text-align-justify\" style=\"font-size:15px\">How can biomimicry help and inspire the major challenges of the ecological and energy transition?<\/p>\n\n\n\n<div class=\"wp-block-columns is-layout-flex wp-container-core-columns-is-layout-9d6595d7 wp-block-columns-is-layout-flex\">\n<div class=\"wp-block-column is-layout-flow wp-block-column-is-layout-flow\" style=\"flex-basis:33.33%\">\n<figure class=\"wp-block-embed is-type-video is-provider-youtube wp-block-embed-youtube wp-embed-aspect-16-9 wp-has-aspect-ratio\"><div class=\"wp-block-embed__wrapper\">\n<div class=\"jetpack-video-wrapper\"><span class=\"embed-youtube\" style=\"text-align:center; display: block;\"><iframe loading=\"lazy\" class=\"youtube-player\" width=\"676\" height=\"381\" src=\"https:\/\/www.youtube.com\/embed\/Sdn2M_5p3rk?version=3&#038;rel=1&#038;showsearch=0&#038;showinfo=1&#038;iv_load_policy=1&#038;fs=1&#038;hl=en-GB&#038;autohide=2&#038;wmode=transparent&#038;listType=playlist&#038;list=PL6X0Z1l43EfmOG62jW9kDUDuZKsKCFVNl\" allowfullscreen=\"true\" style=\"border:0;\" sandbox=\"allow-scripts allow-same-origin allow-popups allow-presentation allow-popups-to-escape-sandbox\"><\/iframe><\/span><\/div>\n<\/div><\/figure>\n<\/div>\n\n\n\n<div class=\"wp-block-column is-layout-flow wp-block-column-is-layout-flow\" style=\"flex-basis:66.66%\">\n<ul style=\"font-size:15px\" class=\"wp-block-list\">\n<li><strong>Arnaud Leroy<\/strong>President of Ademe<\/li>\n\n\n\n<li><strong>Kalina Raskin<\/strong>General Director of Ceebios<\/li>\n<\/ul>\n<\/div>\n<\/div>\n\n\n\n<hr class=\"wp-block-separator has-alpha-channel-opacity\"\/>\n\n\n\n<p class=\"has-text-align-justify\" style=\"font-size:18px\">2020 <strong><strong><span style=\"color: #ff6600;\"><span class=\"s2\"><b>[<strong><strong><span style=\"color: #ff6600;\"><span class=\"s2\"><b><strong><strong><span style=\"color: #ff6600;\"><span class=\"s2\"><b> BACK TO EARTH ... FERTILE AND NURTURING<\/b><\/span><\/span><\/strong><\/strong><\/b><\/span><\/span><\/strong><\/strong><\/b><\/span><\/span><\/strong><\/strong><\/p>\n\n\n\n<p class=\"has-text-align-justify\" style=\"font-size:15px\">Permaculture, soil health, freedom to sow, alternative and symbiotic approaches, short circuits... when agriculture reinvents itself<\/p>\n\n\n\n<div class=\"wp-block-columns is-layout-flex wp-container-core-columns-is-layout-9d6595d7 wp-block-columns-is-layout-flex\">\n<div class=\"wp-block-column is-layout-flow wp-block-column-is-layout-flow\" style=\"flex-basis:33.33%\">\n<figure class=\"wp-block-embed is-type-video is-provider-youtube wp-block-embed-youtube wp-embed-aspect-16-9 wp-has-aspect-ratio\"><div class=\"wp-block-embed__wrapper\">\n<div class=\"jetpack-video-wrapper\"><span class=\"embed-youtube\" style=\"text-align:center; display: block;\"><iframe loading=\"lazy\" class=\"youtube-player\" width=\"676\" height=\"381\" src=\"https:\/\/www.youtube.com\/embed\/KXCxefEGCKo?version=3&#038;rel=1&#038;showsearch=0&#038;showinfo=1&#038;iv_load_policy=1&#038;fs=1&#038;hl=en-GB&#038;autohide=2&#038;wmode=transparent&#038;listType=playlist&#038;list=PL6X0Z1l43EfmOG62jW9kDUDuZKsKCFVNl\" allowfullscreen=\"true\" style=\"border:0;\" sandbox=\"allow-scripts allow-same-origin allow-popups allow-presentation allow-popups-to-escape-sandbox\"><\/iframe><\/span><\/div>\n<\/div><\/figure>\n<\/div>\n\n\n\n<div class=\"wp-block-column is-layout-flow wp-block-column-is-layout-flow\" style=\"flex-basis:66.66%\">\n<ul style=\"font-size:15px\" class=\"wp-block-list\">\n<li><strong>Pierre-Henri Gouyon<\/strong>, Professor at the Mus\u00e9um National d'Histoire Naturelle (MNHN), AgroParisTech and ENS. Genetic systems, adaptation and domestication\u00ab team, Laboratory: \u00bbInstitut de Syst\u00e9matique, \u00c9volution, Biodiversit\u00e9\u00ab - MNHN-CNRS, UMR 7205, \u00bbSyst\u00e9matique &amp; \u00c9volution\u00ab Department. Deglobalising and decontaminating cultures. When human health depends on the freedom to sow. Discussions and debates with :<\/li>\n\n\n\n<li><strong>Marc-Andr\u00e9 Selosse<\/strong>, Professor at the University of Montpellier II and the Mus\u00e9um National d'Histoire Naturelle (MNHN) - \u00abDiversity, plant and fungal evolution\u00bb team at the Institut de syst\u00e9matique, \u00e9volution, biodiversit\u00e9 (ISYEB- UMR 7205 - CNRS\/MNHN\/UPMC\/EPHE) - head of the Interactions et \u00e9volution v\u00e9g\u00e9tale et fongique (INEVEF) team; chevalier du m\u00e9rite agricole.<\/li>\n\n\n\n<li><strong>Perrine Herv\u00e9-Gruyer<\/strong>Founder of the Bec Hellouin Organic Farm<\/li>\n\n\n\n<li><strong>Henri Landes<\/strong>, co-chairman of Landestini, former director of the GoodPlanet Foundation, co-founder of CliMates, co-founder of Croc-traiteur, co-author of D\u00e9ni climatique (2015) and Faites le Plein de Nature! (2018).<\/li>\n\n\n\n<li><strong>Daniel Rodary<\/strong>, Founder and coordinator of Biomimicry Europa's Shared Forests programme.<\/li>\n\n\n\n<li><strong>F\u00e9lix Noblia<\/strong>, A pioneer in Conservation Organic Farming, a farmer-researcher based on mixed farming on the Larrous farm in the Basque country! A pioneer of Conservation Organic Farming.  F\u00e9lix Noblia is also vice-president of Fermes d'avenir.<\/li>\n<\/ul>\n<\/div>\n<\/div>\n\n\n\n<hr class=\"wp-block-separator has-alpha-channel-opacity\"\/>\n\n\n\n<p class=\"has-text-align-justify\" style=\"font-size:18px\">2020 <strong><strong><span style=\"color: #ff6600;\"><span class=\"s2\"><b>[ <strong><strong><span style=\"color: #ff6600;\"><span class=\"s2\"><b><strong><strong><span style=\"color: #ff6600;\"><span class=\"s2\"><b>REGIONAL, LOCAL AND CITIZEN MOBILISATIONS<\/b><\/span><\/span><\/strong><\/strong><\/b><\/span><\/span><\/strong><\/strong><\/b><\/span><\/span><\/strong><\/strong><\/p>\n\n\n\n<p class=\"has-text-align-justify\" style=\"font-size:15px\">How are certain regions mobilising their biomimicry ecosystems? What are the roadmaps on environmental issues? What has been the dynamic over the last 10 years in terms of developments and changing attitudes? <\/p>\n\n\n\n<div class=\"wp-block-columns is-layout-flex wp-container-core-columns-is-layout-9d6595d7 wp-block-columns-is-layout-flex\">\n<div class=\"wp-block-column is-layout-flow wp-block-column-is-layout-flow\" style=\"flex-basis:33.33%\">\n<figure class=\"wp-block-embed is-type-video is-provider-youtube wp-block-embed-youtube wp-embed-aspect-16-9 wp-has-aspect-ratio\"><div class=\"wp-block-embed__wrapper\">\n<div class=\"jetpack-video-wrapper\"><span class=\"embed-youtube\" style=\"text-align:center; display: block;\"><iframe loading=\"lazy\" class=\"youtube-player\" width=\"676\" height=\"381\" src=\"https:\/\/www.youtube.com\/embed\/ctKESBDoE3o?version=3&#038;rel=1&#038;showsearch=0&#038;showinfo=1&#038;iv_load_policy=1&#038;fs=1&#038;hl=en-GB&#038;autohide=2&#038;wmode=transparent&#038;listType=playlist&#038;list=PL6X0Z1l43EfmOG62jW9kDUDuZKsKCFVNl\" allowfullscreen=\"true\" style=\"border:0;\" sandbox=\"allow-scripts allow-same-origin allow-popups allow-presentation allow-popups-to-escape-sandbox\"><\/iframe><\/span><\/div>\n<\/div><\/figure>\n<\/div>\n\n\n\n<div class=\"wp-block-column is-layout-flow wp-block-column-is-layout-flow\" style=\"flex-basis:66.66%\">\n<ul style=\"font-size:15px\" class=\"wp-block-list\">\n<li><strong>Maider Lassus Olasagasti<\/strong>, Blue Growth Project Manager, New Aquitaine Region<\/li>\n\n\n\n<li><strong>Delphine Mathou<\/strong>, Head of the Ocean Economy and Head of the Innovation Unit, Communaut\u00e9 d'agglo Pays Basque<\/li>\n\n\n\n<li><strong>Eglantine Breton<\/strong>, Nature and Biodiversity Officer - Regional Biodiversity Strategy, Ile de France Region<\/li>\n\n\n\n<li><strong>Sarah Jeanroy<\/strong>Biodiversity Officer, Directorate of Biodiversity and the Sea, SUD Region<\/li>\n\n\n\n<li><strong>Gilles Lecuir<\/strong>, Research Officer at the Ile-de-France Regional Biodiversity Agency. Coordinator of the national \u00abFrench Capitals of Biodiversity\u00bb competition.\u00bb<\/li>\n<\/ul>\n<\/div>\n<\/div>\n\n\n\n<hr class=\"wp-block-separator has-alpha-channel-opacity\"\/>\n\n\n\n<p class=\"has-text-align-justify\" style=\"font-size:18px\">2020 <strong><strong><span style=\"color: #ff6600;\"><span class=\"s2\"><b>[ <strong><strong><span style=\"color: #ff6600;\"><span class=\"s2\"><b><strong><strong><span style=\"color: #ff6600;\"><span class=\"s2\"><b>A NEW GENERATION OF BIO-INSPIRES START-UPS AND ENTREPRENEURS<\/b><\/span><\/span><\/strong><\/strong><\/b><\/span><\/span><\/strong><\/strong><\/b><\/span><\/span><\/strong><\/strong><\/p>\n\n\n\n<p class=\"has-text-align-justify\" style=\"font-size:15px\">They are breaking new ground in their sectors and proposing disruptive approaches<\/p>\n\n\n\n<div class=\"wp-block-columns is-layout-flex wp-container-core-columns-is-layout-9d6595d7 wp-block-columns-is-layout-flex\">\n<div class=\"wp-block-column is-layout-flow wp-block-column-is-layout-flow\" style=\"flex-basis:33.33%\">\n<figure class=\"wp-block-embed is-type-video is-provider-youtube wp-block-embed-youtube wp-embed-aspect-16-9 wp-has-aspect-ratio\"><div class=\"wp-block-embed__wrapper\">\n<div class=\"jetpack-video-wrapper\"><span class=\"embed-youtube\" style=\"text-align:center; display: block;\"><iframe loading=\"lazy\" class=\"youtube-player\" width=\"676\" height=\"381\" src=\"https:\/\/www.youtube.com\/embed\/MDmFhHTP29w?version=3&#038;rel=1&#038;showsearch=0&#038;showinfo=1&#038;iv_load_policy=1&#038;fs=1&#038;hl=en-GB&#038;autohide=2&#038;wmode=transparent&#038;listType=playlist&#038;list=PL6X0Z1l43EfmOG62jW9kDUDuZKsKCFVNl\" allowfullscreen=\"true\" style=\"border:0;\" sandbox=\"allow-scripts allow-same-origin allow-popups allow-presentation allow-popups-to-escape-sandbox\"><\/iframe><\/span><\/div>\n<\/div><\/figure>\n<\/div>\n\n\n\n<div class=\"wp-block-column is-layout-flow wp-block-column-is-layout-flow\" style=\"flex-basis:66.66%\">\n<ul style=\"font-size:15px\" class=\"wp-block-list\">\n<li><strong>Pierre Tuffigo<\/strong>, CEO and founder of ELWAVE \/ An electromagnetic detection system for navigation inspired by the \u00abelectric sense\u00bb of vision of certain fish in dark waters.<\/li>\n\n\n\n<li><strong>Laurent de Crasto<\/strong>, Agronomist, oenologist, co-founder of Immunrise Biocontrol \/ Bio-pesticipdes inspired by micro-algae to protect crops by stimulating plants' natural defences or acting on pathogens.<\/li>\n\n\n\n<li><strong>Marion Canale<\/strong>, CEARITIS founder \/ Winner of the Biomim'Challenge 2017, the project has now become a company. Treating olive trees with a natural bio-inspired treatment, news and outlook.<\/li>\n\n\n\n<li><strong>Harold Guillemin<\/strong>, CEO of FinX, the new bio-inspired marine propulsion system.<\/li>\n\n\n\n<li><strong>Laurent Maurice<\/strong>, Director of Operations, PUSH4M \/ biomimetic muscle<\/li>\n\n\n\n<li><strong>Dominique Machefert<\/strong>, Founder of Eco Life Group \/ The power of ozonated water<\/li>\n<\/ul>\n<\/div>\n<\/div>\n\n\n\n<hr class=\"wp-block-separator has-alpha-channel-opacity\"\/>\n\n\n\n<p class=\"has-text-align-justify\" style=\"font-size:18px\">2020 <strong><strong><span style=\"color: #ff6600;\"><span class=\"s2\"><b>[ <strong><strong><span style=\"color: #ff6600;\"><span class=\"s2\"><b><strong><strong><span style=\"color: #ff6600;\"><span class=\"s2\"><b>BIOMIM'CHALLENGE 2020 FINAL <\/b><\/span><\/span><\/strong><\/strong><\/b><\/span><\/span><\/strong><\/strong><\/b><\/span><\/span><\/strong><\/strong><\/p>\n\n\n\n<p class=\"has-text-align-justify\" style=\"font-size:15px\">The competition for bio-inspired projects, presented as part of the Biomim'expo \/ Biomim'week and pitched in the final live on TV during this special programme. 10 projects presented! Each project will have a 3-minute presentation and a few minutes for questions and answers. Co-presented by <strong>Pauline Millot<\/strong>, Head of CSR &amp; Innovation, BU France Renewables at ENGIE and <strong>Alain Renaudin<\/strong>, founder of NewCorp Conseil and Biomim'expo.<\/p>\n\n\n\n<div class=\"wp-block-columns is-layout-flex wp-container-core-columns-is-layout-9d6595d7 wp-block-columns-is-layout-flex\">\n<div class=\"wp-block-column is-layout-flow wp-block-column-is-layout-flow\" style=\"flex-basis:33.33%\">\n<figure class=\"wp-block-embed is-type-video is-provider-youtube wp-block-embed-youtube wp-embed-aspect-16-9 wp-has-aspect-ratio\"><div class=\"wp-block-embed__wrapper\">\n<div class=\"jetpack-video-wrapper\"><span class=\"embed-youtube\" style=\"text-align:center; display: block;\"><iframe loading=\"lazy\" class=\"youtube-player\" width=\"676\" height=\"381\" src=\"https:\/\/www.youtube.com\/embed\/GCaaRTqIUuo?version=3&#038;rel=1&#038;showsearch=0&#038;showinfo=1&#038;iv_load_policy=1&#038;fs=1&#038;hl=en-GB&#038;autohide=2&#038;wmode=transparent&#038;listType=playlist&#038;list=PL6X0Z1l43EfmOG62jW9kDUDuZKsKCFVNl\" allowfullscreen=\"true\" style=\"border:0;\" sandbox=\"allow-scripts allow-same-origin allow-popups allow-presentation allow-popups-to-escape-sandbox\"><\/iframe><\/span><\/div>\n<\/div><\/figure>\n<\/div>\n\n\n\n<div class=\"wp-block-column is-layout-flow wp-block-column-is-layout-flow\" style=\"flex-basis:66.66%\">\n<ul style=\"font-size:15px\" class=\"wp-block-list\">\n<li>Members of the JURY :<\/li>\n\n\n\n<li><strong>Pauline MILLOT<\/strong>, ENGIE<\/li>\n\n\n\n<li><strong>Nathalie DEVULDER<\/strong>TEN<\/li>\n\n\n\n<li><strong>Cl\u00e9mence BECHU<\/strong>, BECHU ET ASSOCIES<\/li>\n\n\n\n<li><strong>Dominique PIALOT<\/strong>, CLIMATICO<\/li>\n\n\n\n<li><strong>A\u00efna QUEIROZ<\/strong>, SEQENS COSMETICS<\/li>\n\n\n\n<li><strong>L\u00e9a ZASLAVSKY<\/strong>, MAKESENSE<\/li>\n\n\n\n<li><strong>Kalina RASKIN<\/strong>, CEEBIOS<\/li>\n\n\n\n<li><strong>Jean-Luc LAVAL<\/strong><\/li>\n\n\n\n<li><strong>Laurent BILLON<\/strong>, UPPA<\/li>\n<\/ul>\n<\/div>\n<\/div>\n\n\n\n<hr class=\"wp-block-separator has-alpha-channel-opacity\"\/>\n\n\n\n<p class=\"has-text-align-justify\" style=\"font-size:18px\">2020 <strong><strong><span style=\"color: #ff6600;\"><span class=\"s2\"><b>[ <strong><strong><span style=\"color: #ff6600;\"><span class=\"s2\"><b><strong><strong><span style=\"color: #ff6600;\"><span class=\"s2\"><b>BIOMIM'INVEST, DEVELOPING BIOMIM DEEPTECH <\/b><\/span><\/span><\/strong><\/strong><\/b><\/span><\/span><\/strong><\/strong><\/b><\/span><\/span><\/strong><\/strong><\/p>\n\n\n\n<p class=\"has-text-align-justify\" style=\"font-size:15px\">Bio-inspired innovations with impact are developing rapidly. We'll be talking about this with a panel of front-line players. This will also be an opportunity to present and discuss the launch of Biomim'Invest, a new initiative to reveal, evaluate, support and develop bio-inspired companies and innovations, by a multi-disciplinary group of investors, coaches and entrepreneurs in the Bio-Inspired Economy, serving the innovations of the future in Biomim Deeptech.&nbsp;<\/p>\n\n\n\n<div class=\"wp-block-columns is-layout-flex wp-container-core-columns-is-layout-9d6595d7 wp-block-columns-is-layout-flex\">\n<div class=\"wp-block-column is-layout-flow wp-block-column-is-layout-flow\" style=\"flex-basis:33.33%\">\n<figure class=\"wp-block-embed is-type-video is-provider-youtube wp-block-embed-youtube wp-embed-aspect-16-9 wp-has-aspect-ratio\"><div class=\"wp-block-embed__wrapper\">\n<div class=\"jetpack-video-wrapper\"><span class=\"embed-youtube\" style=\"text-align:center; display: block;\"><iframe loading=\"lazy\" class=\"youtube-player\" width=\"676\" height=\"381\" src=\"https:\/\/www.youtube.com\/embed\/AOKiqHAqKMI?version=3&#038;rel=1&#038;showsearch=0&#038;showinfo=1&#038;iv_load_policy=1&#038;fs=1&#038;hl=en-GB&#038;autohide=2&#038;wmode=transparent&#038;listType=playlist&#038;list=PL6X0Z1l43EfmOG62jW9kDUDuZKsKCFVNl\" allowfullscreen=\"true\" style=\"border:0;\" sandbox=\"allow-scripts allow-same-origin allow-popups allow-presentation allow-popups-to-escape-sandbox\"><\/iframe><\/span><\/div>\n<\/div><\/figure>\n<\/div>\n\n\n\n<div class=\"wp-block-column is-layout-flow wp-block-column-is-layout-flow\" style=\"flex-basis:66.66%\">\n<ul style=\"font-size:15px\" class=\"wp-block-list\">\n<li><strong>Alain Renaudin<\/strong>, founder of Biomim'expo and chairman of NewCorp Conseil, who initiated the project. With stakeholders including investment and support structures, as well as research organisations and manufacturers, this new group will be a pioneer in tomorrow's bio-inspired innovations:<\/li>\n\n\n\n<li><strong>G\u00e9raldine Gandveau<\/strong>, Marketing and Communication Manager 3DEXPERIENCE Lab, Open Innovation Laboratory of Dassault Syst\u00e8mes<\/li>\n\n\n\n<li><strong>Delphine Bouvier<\/strong>, Open innovation - R&amp;D strategic partnerships sustainable development, L'Or\u00e9al<\/li>\n\n\n\n<li><strong>Audrey Devidal<\/strong>, Development Officer, Mus\u00e9um National d'Histoire Naturelle (MNHN), Directorate General for Research, Expertise, Development and Education-Training (DGD-REVE)<\/li>\n\n\n\n<li><strong>Franck Sylvain<\/strong>, CEO of EEL ENERGY, the undulating tidal turbine.<\/li>\n\n\n\n<li><strong>Johann Fournil<\/strong>, Marketing, Communication &amp; Partnerships Director, M2i Life Sciences, the biocontrol solution for protecting crops, forests and gardens using pheromone-based mating disruption as a substitute for pesticides.<\/li>\n\n\n\n<li><strong>Pierre le Blainvaux<\/strong>, Chairman of Technofounders, co-founder of BIOINSPIR, creator of 100% biosourced molecules of interest for the cosmetics and fine chemicals sectors.<\/li>\n<\/ul>\n<\/div>\n<\/div>\n\n\n\n<hr class=\"wp-block-separator has-alpha-channel-opacity\"\/>\n\n\n\n<p class=\"has-text-align-justify\" style=\"font-size:18px\">2020 <strong><strong><span style=\"color: #ff6600;\"><span class=\"s2\"><b>[ <strong><strong><span style=\"color: #ff6600;\"><span class=\"s2\"><b><strong><strong><span style=\"color: #ff6600;\"><span class=\"s2\"><b>WHEN NATURE INSPIRES AND CHALLENGES MANAGEMENT AND ORGANISATION<\/b><\/span><\/span><\/strong><\/strong><\/b><\/span><\/span><\/strong><\/strong><\/b><\/span><\/span><\/strong><\/strong><\/p>\n\n\n\n<p class=\"has-text-align-justify\" style=\"font-size:15px\">LARGE-ANGLE INTERVIEW: How can the study of living organisms also teach us management and organisational lessons and ideas to stimulate our creativity, adaptability and innovation? Methodologies and innovation laboratories to bring your company back into harmony with the living world and learn lessons and innovations from it.<\/p>\n\n\n\n<div class=\"wp-block-columns is-layout-flex wp-container-core-columns-is-layout-9d6595d7 wp-block-columns-is-layout-flex\">\n<div class=\"wp-block-column is-layout-flow wp-block-column-is-layout-flow\" style=\"flex-basis:33.33%\">\n<figure class=\"wp-block-embed is-type-video is-provider-youtube wp-block-embed-youtube wp-embed-aspect-16-9 wp-has-aspect-ratio\"><div class=\"wp-block-embed__wrapper\">\n<div class=\"jetpack-video-wrapper\"><span class=\"embed-youtube\" style=\"text-align:center; display: block;\"><iframe loading=\"lazy\" class=\"youtube-player\" width=\"676\" height=\"381\" src=\"https:\/\/www.youtube.com\/embed\/cOd9Z0DJtT4?version=3&#038;rel=1&#038;showsearch=0&#038;showinfo=1&#038;iv_load_policy=1&#038;fs=1&#038;hl=en-GB&#038;autohide=2&#038;wmode=transparent&#038;listType=playlist&#038;list=PL6X0Z1l43EfmOG62jW9kDUDuZKsKCFVNl\" allowfullscreen=\"true\" style=\"border:0;\" sandbox=\"allow-scripts allow-same-origin allow-popups allow-presentation allow-popups-to-escape-sandbox\"><\/iframe><\/span><\/div>\n<\/div><\/figure>\n<\/div>\n\n\n\n<div class=\"wp-block-column is-layout-flow wp-block-column-is-layout-flow\" style=\"flex-basis:66.66%\">\n<ul style=\"font-size:15px\" class=\"wp-block-list\">\n<li><strong>Emmanuelle Joseph-Dailly<\/strong>anthropologist, teacher at the Grandes Ecoles, Director of the Research and Forecasting Lab of the Julhiet Sterwen Group.<\/li>\n\n\n\n<li><strong>Pierre G\u00e9rard<\/strong>, Founding Director, Regards M\u00eal\u00e9s, Sylvomim\u00e9tisme<\/li>\n\n\n\n<li><strong>Xavier Pineau<\/strong>, Founder and Consultant, Amacyte, leadership de sens, and Anna Matard, Associate Consultant&nbsp;<\/li>\n\n\n\n<li><strong>Jean-Mary Pierre<\/strong>, Co-founder of IEB, Institut pour une Entreprise Bio-anim\u00e9e \/ Drawing inspiration from life to manage people<\/li>\n\n\n\n<li><strong>Emmanuel Delannoy<\/strong>, Founding Partner of PIKAIA \/ The resilience of organisations<\/li>\n<\/ul>\n<\/div>\n<\/div>\n\n\n\n<hr class=\"wp-block-separator has-alpha-channel-opacity\"\/>\n\n\n\n<p class=\"has-text-align-justify\" style=\"font-size:18px\">2020 <strong><strong><span style=\"color: #ff6600;\"><span class=\"s2\"><b>[ <strong><strong><span style=\"color: #ff6600;\"><span class=\"s2\"><b><strong><strong><span style=\"color: #ff6600;\"><span class=\"s2\"><b>MORE LIFE IN CITIES<\/b><\/span><\/span><\/strong><\/strong><\/b><\/span><\/span><\/strong><\/strong><\/b><\/span><\/span><\/strong><\/strong><\/p>\n\n\n\n<p class=\"has-text-align-justify\" style=\"font-size:15px\">Urban biomimicry, or how to imitate ecosystems for a new multi-scale approach to rooftop agriculture. Feedback from experience. The GRAND ANGLE interview: <strong>Vincent Callebaut<\/strong>, Lead Archibiotect &amp; Founder of Vincent Callebaut Architectures. \u00abARCHIBIOTIC\u00bb (= ARCHItecture + BIO mimicry + ICT Information and Communication Technologies). When cities dream of becoming biomimetic, resilient cities<\/p>\n\n\n\n<div class=\"wp-block-columns is-layout-flex wp-container-core-columns-is-layout-9d6595d7 wp-block-columns-is-layout-flex\">\n<div class=\"wp-block-column is-layout-flow wp-block-column-is-layout-flow\" style=\"flex-basis:33.33%\">\n<figure class=\"wp-block-embed is-type-video is-provider-youtube wp-block-embed-youtube wp-embed-aspect-16-9 wp-has-aspect-ratio\"><div class=\"wp-block-embed__wrapper\">\n<div class=\"jetpack-video-wrapper\"><span class=\"embed-youtube\" style=\"text-align:center; display: block;\"><iframe loading=\"lazy\" class=\"youtube-player\" width=\"676\" height=\"381\" src=\"https:\/\/www.youtube.com\/embed\/tM3ZkWQzIWw?version=3&#038;rel=1&#038;showsearch=0&#038;showinfo=1&#038;iv_load_policy=1&#038;fs=1&#038;hl=en-GB&#038;autohide=2&#038;wmode=transparent&#038;listType=playlist&#038;list=PL6X0Z1l43EfmOG62jW9kDUDuZKsKCFVNl\" allowfullscreen=\"true\" style=\"border:0;\" sandbox=\"allow-scripts allow-same-origin allow-popups allow-presentation allow-popups-to-escape-sandbox\"><\/iframe><\/span><\/div>\n<\/div><\/figure>\n<\/div>\n\n\n\n<div class=\"wp-block-column is-layout-flow wp-block-column-is-layout-flow\" style=\"flex-basis:66.66%\">\n<ul style=\"font-size:15px\" class=\"wp-block-list\">\n<li><strong>Penelope Komit\u00e8s<\/strong>Deputy Mayor of Paris in charge of innovation and attractiveness.<\/li>\n\n\n\n<li><strong>Pierre Darmet<\/strong>, Co-founder of CIBI Biodivercity, Marketing and Innovation Director Les jardins de Gally<\/li>\n\n\n\n<li><strong>J\u00e9r\u00f4me Lhote<\/strong>, La Fresque du Climat coordinator and trainer, and pilot of the \u00abClimate Mandate\u00bb scheme (aimed at elected representatives and municipal or regional teams).<\/li>\n\n\n\n<li><strong>Olivier Winock<\/strong>, NAT'H Nature-Harmonie CEO<\/li>\n\n\n\n<li><strong>Nicolas Bel<\/strong>, co-founder of Topager<\/li>\n<\/ul>\n<\/div>\n<\/div>\n\n\n\n<hr class=\"wp-block-separator has-alpha-channel-opacity\"\/>\n\n\n\n<p class=\"has-text-align-justify\" style=\"font-size:18px\">2020 <strong><strong><span style=\"color: #ff6600;\"><span class=\"s2\"><b>[ <strong><strong><span style=\"color: #ff6600;\"><span class=\"s2\"><b><strong><strong><span style=\"color: #ff6600;\"><span class=\"s2\"><b>ARCHITECTURE REINVENTED&nbsp;<\/b><\/span><\/span><\/strong><\/strong><\/b><\/span><\/span><\/strong><\/strong><\/b><\/span><\/span><\/strong><\/strong><\/p>\n\n\n\n<p class=\"has-text-align-justify\" style=\"font-size:15px\">How does bio-inspiration help to imagine a new wave architecture?<\/p>\n\n\n\n<div class=\"wp-block-columns is-layout-flex wp-container-core-columns-is-layout-9d6595d7 wp-block-columns-is-layout-flex\">\n<div class=\"wp-block-column is-layout-flow wp-block-column-is-layout-flow\" style=\"flex-basis:33.33%\">\n<figure class=\"wp-block-embed is-type-video is-provider-youtube wp-block-embed-youtube wp-embed-aspect-16-9 wp-has-aspect-ratio\"><div class=\"wp-block-embed__wrapper\">\n<div class=\"jetpack-video-wrapper\"><span class=\"embed-youtube\" style=\"text-align:center; display: block;\"><iframe loading=\"lazy\" class=\"youtube-player\" width=\"676\" height=\"381\" src=\"https:\/\/www.youtube.com\/embed\/bre0051B2Jk?version=3&#038;rel=1&#038;showsearch=0&#038;showinfo=1&#038;iv_load_policy=1&#038;fs=1&#038;hl=en-GB&#038;autohide=2&#038;wmode=transparent&#038;listType=playlist&#038;list=PL6X0Z1l43EfmOG62jW9kDUDuZKsKCFVNl\" allowfullscreen=\"true\" style=\"border:0;\" sandbox=\"allow-scripts allow-same-origin allow-popups allow-presentation allow-popups-to-escape-sandbox\"><\/iframe><\/span><\/div>\n<\/div><\/figure>\n<\/div>\n\n\n\n<div class=\"wp-block-column is-layout-flow wp-block-column-is-layout-flow\" style=\"flex-basis:66.66%\">\n<ul style=\"font-size:15px\" class=\"wp-block-list\">\n<li><strong>Olivier Bocquet<\/strong>, Research\/Innovation Architect, Tangram Architects and Tangram Lab<\/li>\n\n\n\n<li><strong>Steven Ware<\/strong>, Art&amp;Build's associate architect, will be presenting the new \u00abArchitects Declare\u00bb initiative - French architects taking action to tackle the climate emergency. This is a fast-growing movement that demonstrates the strong parallels between the approaches of biomimeticists and committed architects.<\/li>\n\n\n\n<li><strong>Anouk Legendre<\/strong>architect, co-founder of XTU architects<\/li>\n\n\n\n<li><strong>Cl\u00e9mence B\u00e9chu<\/strong>, Director of Development, Innovation and Partnerships, B\u00e9chu et associ\u00e9s<\/li>\n\n\n\n<li><strong>Xavier Tellier<\/strong>, Elodie Grimoin, Co-founder of Urban Canopee, Head of Development, Urban Canopee \/ New forms of green roof structures inspired by the soap bubble.<\/li>\n<\/ul>\n<\/div>\n<\/div>\n\n\n\n<hr class=\"wp-block-separator has-alpha-channel-opacity\"\/>\n\n\n\n<p class=\"has-text-align-justify\" style=\"font-size:18px\">2020 <strong><strong><span style=\"color: #ff6600;\"><span class=\"s2\"><b>[ <strong><strong><span style=\"color: #ff6600;\"><span class=\"s2\"><b><strong><strong><span style=\"color: #ff6600;\"><span class=\"s2\"><b>BUILDING AND CONSTRUCTING, TOWARDS A NEW BIO-INSPIRED APPROACH <\/b><\/span><\/span><\/strong><\/strong><\/b><\/span><\/span><\/strong><\/strong><\/b><\/span><\/span><\/strong><\/strong><\/p>\n\n\n\n<p class=\"has-text-align-justify\" style=\"font-size:15px\">When biomimicry proposes living matter as the new specification for project managers.<\/p>\n\n\n\n<div class=\"wp-block-columns is-layout-flex wp-container-core-columns-is-layout-9d6595d7 wp-block-columns-is-layout-flex\">\n<div class=\"wp-block-column is-layout-flow wp-block-column-is-layout-flow\" style=\"flex-basis:33.33%\">\n<figure class=\"wp-block-embed is-type-video is-provider-youtube wp-block-embed-youtube wp-embed-aspect-16-9 wp-has-aspect-ratio\"><div class=\"wp-block-embed__wrapper\">\n<div class=\"jetpack-video-wrapper\"><span class=\"embed-youtube\" style=\"text-align:center; display: block;\"><iframe loading=\"lazy\" class=\"youtube-player\" width=\"676\" height=\"381\" src=\"https:\/\/www.youtube.com\/embed\/NaDICUpkWq4?version=3&#038;rel=1&#038;showsearch=0&#038;showinfo=1&#038;iv_load_policy=1&#038;fs=1&#038;hl=en-GB&#038;autohide=2&#038;wmode=transparent&#038;listType=playlist&#038;list=PL6X0Z1l43EfmOG62jW9kDUDuZKsKCFVNl\" allowfullscreen=\"true\" style=\"border:0;\" sandbox=\"allow-scripts allow-same-origin allow-popups allow-presentation allow-popups-to-escape-sandbox\"><\/iframe><\/span><\/div>\n<\/div><\/figure>\n<\/div>\n\n\n\n<div class=\"wp-block-column is-layout-flow wp-block-column-is-layout-flow\" style=\"flex-basis:66.66%\">\n<ul style=\"font-size:15px\" class=\"wp-block-list\">\n<li><strong>Philippe Clergeau<\/strong>, Professor at the Mus\u00e9um National d'Histoire Naturelle, consultant in urban biodiversity and ecological urban planning. Why and how can we create biodiverse cities? Discussions and debates with :<\/li>\n\n\n\n<li><strong>Olivier Lemoine<\/strong>, Biodiversity Director, ELAN real estate consultancy, responsible value creator. When scientific ecology inspires the sustainable city: functional concepts and examples of projects carried out.<\/li>\n\n\n\n<li><strong>Cl\u00e9ment Thery<\/strong>, Director of Innovation, member of Comex, OGIC<\/li>\n\n\n\n<li><strong>Annette Esnault-Filet<\/strong>, Project Manager, Soletanche Bachy.<\/li>\n\n\n\n<li><strong>Nicolas Vernoux-Th\u00e9lot<\/strong>, architect and founder of IN SITU ARCHITECTURE \/ Presentation of the Nianing Church in Senegal, an example of bio-inspired architecture<\/li>\n\n\n\n<li><strong>Erik Guillemin<\/strong>, CEO AMS R&amp;D Wavera \/ The power of marine corrugation for new-generation industrial pumps.<\/li>\n\n\n\n<li><strong>Sidney Rostan<\/strong>, Founder &amp; CEO, Bioxegy<\/li>\n<\/ul>\n<\/div>\n<\/div>\n\n\n\n<hr class=\"wp-block-separator has-alpha-channel-opacity\"\/>\n\n\n\n<p class=\"has-text-align-justify\" style=\"font-size:18px\">2020 <strong><strong><span style=\"color: #ff6600;\"><span class=\"s2\"><b>[ <strong><strong><span style=\"color: #ff6600;\"><span class=\"s2\"><b><strong><strong><span style=\"color: #ff6600;\"><span class=\"s2\"><b>FROM RESEARCH TO APPLICATIONS: WHEN BIOMIMETICS CHANGES THE GAME<\/b><\/span><\/span><\/strong><\/strong><\/b><\/span><\/span><\/strong><\/strong><\/b><\/span><\/span><\/strong><\/strong><\/p>\n\n\n\n<p class=\"has-text-align-justify\" style=\"font-size:15px\">The GRAND ANGLE interview: <strong>Laurent Billon<\/strong>, Master Bio-inspired Materials ; Coordinator of the ITN EJD Project eSCALED ; Deputy director of IPREM UMR 5254 \/ State of the art and perspectives. Materials, a field of excellence in the living world, a breeding ground for tomorrow's innovations Gallery of bio-inspired innovations, research and industrial applications<\/p>\n\n\n\n<div class=\"wp-block-columns is-layout-flex wp-container-core-columns-is-layout-9d6595d7 wp-block-columns-is-layout-flex\">\n<div class=\"wp-block-column is-layout-flow wp-block-column-is-layout-flow\" style=\"flex-basis:33.33%\">\n<figure class=\"wp-block-embed is-type-video is-provider-youtube wp-block-embed-youtube wp-embed-aspect-16-9 wp-has-aspect-ratio\"><div class=\"wp-block-embed__wrapper\">\n<div class=\"jetpack-video-wrapper\"><span class=\"embed-youtube\" style=\"text-align:center; display: block;\"><iframe loading=\"lazy\" class=\"youtube-player\" width=\"676\" height=\"381\" src=\"https:\/\/www.youtube.com\/embed\/H4JyHQ8xs5o?version=3&#038;rel=1&#038;showsearch=0&#038;showinfo=1&#038;iv_load_policy=1&#038;fs=1&#038;hl=en-GB&#038;autohide=2&#038;wmode=transparent&#038;listType=playlist&#038;list=PL6X0Z1l43EfmOG62jW9kDUDuZKsKCFVNl\" allowfullscreen=\"true\" style=\"border:0;\" sandbox=\"allow-scripts allow-same-origin allow-popups allow-presentation allow-popups-to-escape-sandbox\"><\/iframe><\/span><\/div>\n<\/div><\/figure>\n<\/div>\n\n\n\n<div class=\"wp-block-column is-layout-flow wp-block-column-is-layout-flow\" style=\"flex-basis:66.66%\">\n<ul style=\"font-size:15px\" class=\"wp-block-list\">\n<li><strong>Emmanuel Roy<\/strong>, President &amp; CEO of Eden Tech, ultra-compact and economical microfluidic technologies inspired by nature for breakthrough innovations (Biomim Deeptech) to transport and filter fluids in all industrial sectors.&nbsp;<\/li>\n\n\n\n<li><strong>Lo\u00efc Deyra<\/strong>, From the laboratory to industry: the potential of laser technologies for the manufacture of multifunctional bioinspired surfaces.<\/li>\n\n\n\n<li><strong>Jian-Sheng Sun<\/strong>, Professor, Director. Mus\u00e9um National d'Histoire Naturelle (MNHN), Department of Life Adaptations. A few examples of the major research themes of the labs in the Mus\u00e9um's Bio-inspire programme.<\/li>\n\n\n\n<li><strong>Carole Duboc<\/strong>, CNRS Research Director, Labex Arcane, Grenoble University School of Chemistry, Biology and Health. How can living organisms produce hydrogen and sequester CO2?<\/li>\n\n\n\n<li><strong>Lucie Couturier<\/strong>, Biomimicry Research Manager, L'Or\u00e9al Advanced Research. Projects and feedback on the setting up of a team dedicated to bio-inspired research at the heart of L'Or\u00e9al's Advanced Research, serving the objectives of \u00abL'Or\u00e9al for the future\u00bb.<\/li>\n<\/ul>\n<\/div>\n<\/div>\n\n\n\n<hr class=\"wp-block-separator has-alpha-channel-opacity\"\/>\n\n\n\n<p class=\"has-text-align-justify\" style=\"font-size:18px\">2020 <strong><strong><span style=\"color: #ff6600;\"><span class=\"s2\"><b>[ <strong><strong><span style=\"color: #ff6600;\"><span class=\"s2\"><b><strong><strong><span style=\"color: #ff6600;\"><span class=\"s2\"><b>DINOSAURS HAVE THINGS TO TELL US<\/b><\/span><\/span><\/strong><\/strong><\/b><\/span><\/span><\/strong><\/strong><\/b><\/span><\/span><\/strong><\/strong><\/p>\n\n\n\n<p class=\"has-text-align-justify\" style=\"font-size:15px\">Discovering the incredible lessons of \u00abpalaeobiomimicry\u00bb. When the very distant past resurfaces to reveal incredible capacities and aptitudes, capable of responding to the challenges of today and inspiring the innovations of tomorrow! You'll be amazed by this journey back in time, where the past speaks for itself.<\/p>\n\n\n\n<div class=\"wp-block-columns is-layout-flex wp-container-core-columns-is-layout-9d6595d7 wp-block-columns-is-layout-flex\">\n<div class=\"wp-block-column is-layout-flow wp-block-column-is-layout-flow\" style=\"flex-basis:33.33%\">\n<figure class=\"wp-block-embed is-type-video is-provider-youtube wp-block-embed-youtube wp-embed-aspect-16-9 wp-has-aspect-ratio\"><div class=\"wp-block-embed__wrapper\">\n<div class=\"jetpack-video-wrapper\"><span class=\"embed-youtube\" style=\"text-align:center; display: block;\"><iframe loading=\"lazy\" class=\"youtube-player\" width=\"676\" height=\"381\" src=\"https:\/\/www.youtube.com\/embed\/ajoxs0C_jwE?version=3&#038;rel=1&#038;showsearch=0&#038;showinfo=1&#038;iv_load_policy=1&#038;fs=1&#038;hl=en-GB&#038;autohide=2&#038;wmode=transparent&#038;listType=playlist&#038;list=PL6X0Z1l43EfmOG62jW9kDUDuZKsKCFVNl\" allowfullscreen=\"true\" style=\"border:0;\" sandbox=\"allow-scripts allow-same-origin allow-popups allow-presentation allow-popups-to-escape-sandbox\"><\/iframe><\/span><\/div>\n<\/div><\/figure>\n<\/div>\n\n\n\n<div class=\"wp-block-column is-layout-flow wp-block-column-is-layout-flow\" style=\"flex-basis:66.66%\">\n<ul style=\"font-size:15px\" class=\"wp-block-list\">\n<li><strong>Alexandra Houssaye<\/strong>, CNRS Research Director at the Mus\u00e9um National d'Histoire Naturelle (MNHN)<\/li>\n\n\n\n<li><strong>Romain Garrouste<\/strong>, Researcher, collection manager, lecturer, Institut de Syst\u00e9matique, \u00c9volution, Biodiversit\u00e9, CNRS (MNHN)<\/li>\n<\/ul>\n<\/div>\n<\/div>\n\n\n\n<hr class=\"wp-block-separator has-alpha-channel-opacity\"\/>\n\n\n\n<p class=\"has-text-align-justify\" style=\"font-size:18px\">2020 <strong><strong><span style=\"color: #ff6600;\"><span class=\"s2\"><b>[ <strong><strong><span style=\"color: #ff6600;\"><span class=\"s2\"><b><strong><strong><span style=\"color: #ff6600;\"><span class=\"s2\"><b>SCHOOLS TRAIN THE NEW BIO-INSPIRED GENERATION<\/b><\/span><\/span><\/strong><\/strong><\/b><\/span><\/span><\/strong><\/strong><\/b><\/span><\/span><\/strong><\/strong><\/p>\n\n\n\n<p class=\"has-text-align-justify\" style=\"font-size:15px\">Discovering the new courses offered by the pioneering biomimicry schools<\/p>\n\n\n\n<div class=\"wp-block-columns is-layout-flex wp-container-core-columns-is-layout-9d6595d7 wp-block-columns-is-layout-flex\">\n<div class=\"wp-block-column is-layout-flow wp-block-column-is-layout-flow\" style=\"flex-basis:33.33%\">\n<figure class=\"wp-block-embed is-type-video is-provider-youtube wp-block-embed-youtube wp-embed-aspect-16-9 wp-has-aspect-ratio\"><div class=\"wp-block-embed__wrapper\">\n<div class=\"jetpack-video-wrapper\"><span class=\"embed-youtube\" style=\"text-align:center; display: block;\"><iframe loading=\"lazy\" class=\"youtube-player\" width=\"676\" height=\"381\" src=\"https:\/\/www.youtube.com\/embed\/s3wHWX4ALNA?version=3&#038;rel=1&#038;showsearch=0&#038;showinfo=1&#038;iv_load_policy=1&#038;fs=1&#038;hl=en-GB&#038;autohide=2&#038;wmode=transparent&#038;listType=playlist&#038;list=PL6X0Z1l43EfmOG62jW9kDUDuZKsKCFVNl\" allowfullscreen=\"true\" style=\"border:0;\" sandbox=\"allow-scripts allow-same-origin allow-popups allow-presentation allow-popups-to-escape-sandbox\"><\/iframe><\/span><\/div>\n<\/div><\/figure>\n<\/div>\n\n\n\n<div class=\"wp-block-column is-layout-flow wp-block-column-is-layout-flow\" style=\"flex-basis:66.66%\">\n<ul style=\"font-size:15px\" class=\"wp-block-list\">\n<li><strong>Johan Verstraete<\/strong>, Director, ESME Sudria. How to train engineering students in biomimicry for the industry of the future<\/li>\n\n\n\n<li><strong>Genevi\u00e8ve Sengissen<\/strong>, Head of Continuing Education, ENSCI - Les Ateliers. Drawing inspiration from nature and the living world to change design methods and tools, and train new generations of project managers: the Nature-Inspired Design\u00ae (N.I.D) Master's degree, the first Biomimicry &amp; Design diploma.<\/li>\n\n\n\n<li><strong>Sophie Mothr\u00e9<\/strong>, Director of Innovative Projects, Leader of the Environment Minor, SUP'BIOTECH<\/li>\n\n\n\n<li><strong>Paul Jouan<\/strong>, Head of Interior Architecture &amp; Design LISAA Paris<\/li>\n\n\n\n<li><strong>Nathalie Raveau<\/strong>, Head of national pedagogical engineering projects, IGS Group and HEP EDUCATION Pedagogical Expert<\/li>\n\n\n\n<li><strong>Hugo Bachellier<\/strong>Ceebios, Training Officer &amp; Network Coordinator to support the structuring of a coherent training offer on the French territory.<\/li>\n\n\n\n<li><strong>Na\u00ebl Chekaf<\/strong>Student of the master Bio-Inspired Materials of the University of Pau and Pays de l'Adour<\/li>\n<\/ul>\n<\/div>\n<\/div>\n\n\n\n<hr class=\"wp-block-separator has-alpha-channel-opacity\"\/>\n\n\n\n<p class=\"has-text-align-justify\" style=\"font-size:18px\">2020 <strong><strong><span style=\"color: #ff6600;\"><span class=\"s2\"><b>[ <strong><strong><span style=\"color: #ff6600;\"><span class=\"s2\"><b><strong><strong><span style=\"color: #ff6600;\"><span class=\"s2\"><b>JOB TESTIMONIALS<\/b><\/span><\/span><\/strong><\/strong><\/b><\/span><\/span><\/strong><\/strong><\/b><\/span><\/span><\/strong><\/strong><\/p>\n\n\n\n<p class=\"has-text-align-justify\" style=\"font-size:15px\">5 portrait interviews for 5 professions that shape the bio-inspiration of today and tomorrow. \u00abComme \u00e0 la maison\u00bb, informal and intimate discussions with researchers, lab directors, company managers, teachers, designers, architects, farmers, etc., to discuss and discover their professions, passions and career paths.<\/p>\n\n\n\n<div class=\"wp-block-columns is-layout-flex wp-container-core-columns-is-layout-9d6595d7 wp-block-columns-is-layout-flex\">\n<div class=\"wp-block-column is-layout-flow wp-block-column-is-layout-flow\" style=\"flex-basis:33.33%\">\n<figure class=\"wp-block-embed is-type-video is-provider-youtube wp-block-embed-youtube wp-embed-aspect-16-9 wp-has-aspect-ratio\"><div class=\"wp-block-embed__wrapper\">\n<div class=\"jetpack-video-wrapper\"><span class=\"embed-youtube\" style=\"text-align:center; display: block;\"><iframe loading=\"lazy\" class=\"youtube-player\" width=\"676\" height=\"381\" src=\"https:\/\/www.youtube.com\/embed\/YqCkSCC2Qns?version=3&#038;rel=1&#038;showsearch=0&#038;showinfo=1&#038;iv_load_policy=1&#038;fs=1&#038;hl=en-GB&#038;autohide=2&#038;wmode=transparent&#038;listType=playlist&#038;list=PL6X0Z1l43EfmOG62jW9kDUDuZKsKCFVNl\" allowfullscreen=\"true\" style=\"border:0;\" sandbox=\"allow-scripts allow-same-origin allow-popups allow-presentation allow-popups-to-escape-sandbox\"><\/iframe><\/span><\/div>\n<\/div><\/figure>\n<\/div>\n\n\n\n<div class=\"wp-block-column is-layout-flow wp-block-column-is-layout-flow\" style=\"flex-basis:66.66%\">\n<ul style=\"font-size:15px\" class=\"wp-block-list\">\n<li><strong>PROFESSION ... \u00ab RESEARCHER - BUTTERFLY HUNTER\u00bb<\/strong>. How and why does one become passionate about the optical properties of materials? And how does one end up hunting Morphos butterflies in the Amazon? What's more, how do you prepare for such excursions? With whom are they organised? What is the day-to-day life of a physics teacher working on surface nanostructures? Are we no good at understanding the genius of living materials? <strong>Serge Berthier<\/strong>Professor of Physics at the University of Paris-Diderot; researcher at the Paris Institute of Nanosciences.<\/li>\n\n\n\n<li><strong>PROFESSION ... \u00abBIO-INSPIRED BIO-INSPIRED DESIGNER\u00bb<\/strong>. If it is not always easy to define biomimicry, do you know how to define design? ... and the job of a designer? ... <strong>Guillian Graves<\/strong>The designer, president of BigBangProject, will present his career path and his daily activities in order to draw inspiration from the living world, to eco-design, and to translate this into an innovative and operational way for industrialists, in response to their challenges and needs for use.<\/li>\n\n\n\n<li><strong>PROFESSION ... \u00ab FARMER RESEARCHER\u00bb<\/strong>. How can we constantly seek to reconcile organic farming and soil regeneration? How can we meet the challenges of carbon storage, water, biodiversity, etc., but also health and taste in our plates? How to convert a conventional farm to innovative and constantly improving practices?&nbsp;<strong>F\u00e9lix Noblia<\/strong>A pioneer in organic conservation agriculture who will tell you about his career, his progress and his vision of the agro-ecological transition. A pioneer of Organic Conservation Agriculture who will tell you about his career, his progress and his vision of the agroecological transition. F\u00e9lix Noblia is also vice-president of Fermes d'avenir.<\/li>\n\n\n\n<li><strong>PROFESSION ... \u00abECOLOGIST ECOLOGIST\u00bb<\/strong>. A term you hear more and more often, ecologists are more and more often associated, consulted, but in concrete terms, what do they do? where do they come from? are they militants or technicians? what is their role? &nbsp;<strong>Blanche Gomez<\/strong>The President of AFIE, the French Interprofessional Association of Ecologists, will tell you all about this new breed of partners at the service of your future projects.<\/li>\n\n\n\n<li><strong>PROFESSION ... \u00ab CONSERVATOR OF A NATIONAL NATURE RESERVE\u00bb<\/strong>. This is surely a dream job! ... but also with difficulties? stress? joys? struggles?  Studying nature, protecting it, observing it, living in it, but how does one become a conservator of a natural area? what is the career path? what are the missions? who decides what? how do you reconcile the different stakeholders? (a political and diplomatic job too?) ... <strong>Pascal Provost<\/strong>, a biologist by training and an ornithologist, curator of the Sept-\u00celes National Nature Reserve (created with the help of the LPO in 1912!!).<\/li>\n<\/ul>\n<\/div>\n<\/div>\n\n\n\n<hr class=\"wp-block-separator has-alpha-channel-opacity\"\/>\n\n\n\n<p class=\"has-text-align-justify\" style=\"font-size:18px\">2020 <strong><strong><span style=\"color: #ff6600;\"><span class=\"s2\"><b>[ <strong><strong><span style=\"color: #ff6600;\"><span class=\"s2\"><b><strong><strong><span style=\"color: #ff6600;\"><span class=\"s2\"><b>REGENERATING ECOSYSTEMS<\/b> THROUGH BIOMIMICRY<\/span><\/span><\/strong><\/strong><\/b><\/span><\/span><\/strong><\/strong><\/b><\/span><\/span><\/strong><\/strong><\/p>\n\n\n\n<p class=\"has-text-align-justify\" style=\"font-size:15px\">Time is no longer just for protection, but for repairing, regenerating, reconnecting ... current experiments show faster and more encouraging results than we think.<\/p>\n\n\n\n<div class=\"wp-block-columns is-layout-flex wp-container-core-columns-is-layout-9d6595d7 wp-block-columns-is-layout-flex\">\n<div class=\"wp-block-column is-layout-flow wp-block-column-is-layout-flow\" style=\"flex-basis:33.33%\">\n<figure class=\"wp-block-embed is-type-video is-provider-youtube wp-block-embed-youtube wp-embed-aspect-16-9 wp-has-aspect-ratio\"><div class=\"wp-block-embed__wrapper\">\n<div class=\"jetpack-video-wrapper\"><span class=\"embed-youtube\" style=\"text-align:center; display: block;\"><iframe loading=\"lazy\" class=\"youtube-player\" width=\"676\" height=\"381\" src=\"https:\/\/www.youtube.com\/embed\/xpQGBcx8x5o?version=3&#038;rel=1&#038;showsearch=0&#038;showinfo=1&#038;iv_load_policy=1&#038;fs=1&#038;hl=en-GB&#038;autohide=2&#038;wmode=transparent&#038;listType=playlist&#038;list=PL6X0Z1l43EfmOG62jW9kDUDuZKsKCFVNl\" allowfullscreen=\"true\" style=\"border:0;\" sandbox=\"allow-scripts allow-same-origin allow-popups allow-presentation allow-popups-to-escape-sandbox\"><\/iframe><\/span><\/div>\n<\/div><\/figure>\n<\/div>\n\n\n\n<div class=\"wp-block-column is-layout-flow wp-block-column-is-layout-flow\" style=\"flex-basis:66.66%\">\n<ul style=\"font-size:15px\" class=\"wp-block-list\">\n<li><strong>Thierry Dutoit<\/strong>, Director of Research at the CNRS, Institut M\u00e9diterran\u00e9en de la Biodiversit\u00e9 et d'Ecologie marine et continentale (IBME). Harvester ants, allies of living soils.<\/li>\n\n\n\n<li><strong>Fran\u00e7ois Briant<\/strong>, President and founder of the Polynesian Biomimicry Institute. Presentation of the coral regenerative nursery.<\/li>\n\n\n\n<li><strong>Alice Vitoux<\/strong>, Independent engineer - Climat&amp;Ocean. Fran\u00e7ois Briant, President and founder of the Polynesian Institute of Biomimicry. Presentation of the coral regenerative nursery.<\/li>\n\n\n\n<li><strong>Julien Dalle<\/strong>, Ecological Engineering Project Manager at SEABOOST. Presentations and updates on a number of current projects in regenerative approaches to marine biodiversity and coastal protection.<\/li>\n\n\n\n<li><strong>J\u00e9r\u00e9my Gob\u00e9<\/strong>, a visual artist and founder of Corail artefact. An unlikely meeting that gave rise to a unique project combining art, science, industry and education to save the coral reefs. <\/li>\n\n\n\n<li>The GRAND ANGLE interview: <strong>Gabrielle Halpern<\/strong>, Doctor of Philosophy; graduate of the \u00c9cole normale sup\u00e9rieure and associate researcher; author. All centaurs! In Praise of Hybridization Or How Can We Think About Nature?<\/li>\n<\/ul>\n<\/div>\n<\/div>\n\n\n\n<hr class=\"wp-block-separator has-alpha-channel-opacity\"\/>\n\n\n\n<p class=\"has-text-align-justify\" style=\"font-size:18px\">2020 <strong><strong><span style=\"color: #ff6600;\"><span class=\"s2\"><b>[ <strong><strong><span style=\"color: #ff6600;\"><span class=\"s2\"><b><strong><strong><span style=\"color: #ff6600;\"><span class=\"s2\"><b>DEPOLLUTING THROUGH BIOMIMICRY<\/b><\/span><\/span><\/strong><\/strong><\/b><\/span><\/span><\/strong><\/strong><\/b><\/span><\/span><\/strong><\/strong><\/p>\n\n\n\n<p class=\"has-text-align-justify\" style=\"font-size:15px\">Spotlight on citizens' and entrepreneurs' initiatives ....<\/p>\n\n\n\n<div class=\"wp-block-columns is-layout-flex wp-container-core-columns-is-layout-9d6595d7 wp-block-columns-is-layout-flex\">\n<div class=\"wp-block-column is-layout-flow wp-block-column-is-layout-flow\" style=\"flex-basis:33.33%\">\n<figure class=\"wp-block-embed is-type-video is-provider-youtube wp-block-embed-youtube wp-embed-aspect-16-9 wp-has-aspect-ratio\"><div class=\"wp-block-embed__wrapper\">\n<div class=\"jetpack-video-wrapper\"><span class=\"embed-youtube\" style=\"text-align:center; display: block;\"><iframe loading=\"lazy\" class=\"youtube-player\" width=\"676\" height=\"381\" src=\"https:\/\/www.youtube.com\/embed\/ZhjMIpFIkOE?version=3&#038;rel=1&#038;showsearch=0&#038;showinfo=1&#038;iv_load_policy=1&#038;fs=1&#038;hl=en-GB&#038;autohide=2&#038;wmode=transparent&#038;listType=playlist&#038;list=PL6X0Z1l43EfmOG62jW9kDUDuZKsKCFVNl\" allowfullscreen=\"true\" style=\"border:0;\" sandbox=\"allow-scripts allow-same-origin allow-popups allow-presentation allow-popups-to-escape-sandbox\"><\/iframe><\/span><\/div>\n<\/div><\/figure>\n<\/div>\n\n\n\n<div class=\"wp-block-column is-layout-flow wp-block-column-is-layout-flow\" style=\"flex-basis:66.66%\">\n<ul style=\"font-size:15px\" class=\"wp-block-list\">\n<li><strong>Clara Martin<\/strong>, <strong>Baptiste Jagoury<\/strong>, <strong>Thomas Gestel<\/strong>, <strong>Cretan Tristan<\/strong>,representatives of the Estaca student collective on the Green Turtle project \/ The plastic waste-tracking turtle robot<\/li>\n\n\n\n<li><strong>S\u00e9bastien Mar\u00e9chal<\/strong>, H2OPE \/ Innovative solution for collecting waste in aquatic environments<\/li>\n\n\n\n<li><strong>Yannick Lerat<\/strong>, Oceanographer, Scientific Director of The SeaCleaners \/ The Manta: a giant of the seas against pollution<\/li>\n\n\n\n<li><strong>Simon Bernard<\/strong>, CEO &amp; Co-Founder Plastic Odyssey \/ Fighting plastic pollution at sea by acting at source: on land!<\/li>\n\n\n\n<li><strong>Jean-Michel Scheuren<\/strong>Co-founder of Novobiom \/ Innovative ecological solutions for the remediation and bioremediation of contaminated soils offering an alternative to physical, chemical and thermal treatments.<\/li>\n<\/ul>\n<\/div>\n<\/div>\n\n\n\n<hr class=\"wp-block-separator has-alpha-channel-opacity\"\/>\n\n\n\n<p class=\"has-text-align-justify\" style=\"font-size:18px\">2020 <strong><strong><span style=\"color: #ff6600;\"><span class=\"s2\"><b>[ <strong><strong><span style=\"color: #ff6600;\"><span class=\"s2\"><b><strong><strong><span style=\"color: #ff6600;\"><span class=\"s2\"><b>BIO-INSPIRED REGENERATIVE ECONOMICS<\/b><\/span><\/span><\/strong><\/strong><\/b><\/span><\/span><\/strong><\/strong><\/b><\/span><\/span><\/strong><\/strong><\/p>\n\n\n\n<p class=\"has-text-align-justify\" style=\"font-size:15px\">Circular, low-carbon, social, mission-based economy... the economy is also hybridising to be resilient and regenerative for the future<\/p>\n\n\n\n<div class=\"wp-block-columns is-layout-flex wp-container-core-columns-is-layout-9d6595d7 wp-block-columns-is-layout-flex\">\n<div class=\"wp-block-column is-layout-flow wp-block-column-is-layout-flow\" style=\"flex-basis:33.33%\">\n<figure class=\"wp-block-embed is-type-video is-provider-youtube wp-block-embed-youtube wp-embed-aspect-16-9 wp-has-aspect-ratio\"><div class=\"wp-block-embed__wrapper\">\n<div class=\"jetpack-video-wrapper\"><span class=\"embed-youtube\" style=\"text-align:center; display: block;\"><iframe loading=\"lazy\" class=\"youtube-player\" width=\"676\" height=\"381\" src=\"https:\/\/www.youtube.com\/embed\/lijzW23HlSQ?version=3&#038;rel=1&#038;showsearch=0&#038;showinfo=1&#038;iv_load_policy=1&#038;fs=1&#038;hl=en-GB&#038;autohide=2&#038;wmode=transparent&#038;listType=playlist&#038;list=PL6X0Z1l43EfmOG62jW9kDUDuZKsKCFVNl\" allowfullscreen=\"true\" style=\"border:0;\" sandbox=\"allow-scripts allow-same-origin allow-popups allow-presentation allow-popups-to-escape-sandbox\"><\/iframe><\/span><\/div>\n<\/div><\/figure>\n<\/div>\n\n\n\n<div class=\"wp-block-column is-layout-flow wp-block-column-is-layout-flow\" style=\"flex-basis:66.66%\">\n<ul style=\"font-size:15px\" class=\"wp-block-list\">\n<li><strong>Claude Grison<\/strong>, Scientific Director of BIOINSPIR, CNRS Research Director, University of Montpellier. Bioinspir: creator of 100% biosourced molecules of interest for the cosmetics and fine chemicals sectors. Discussions and debates with :<\/li>\n\n\n\n<li><strong>Brieuc Saffr\u00e9<\/strong>, co-founders of Circulab. You too can go circular! How can you think of combined and virtuous approaches between eco-design, bio-inspiration and the circular economy? To innovate and rethink your habits and models<\/li>\n\n\n\n<li><strong>L\u00e9a Zaslavsky<\/strong>, co-founder of makesense. When biomimicry and the social economy meet to generate impact entrepreneurship.<\/li>\n\n\n\n<li><strong>Christophe Sachs<\/strong>, Founder \/ Captain of the Ga\u00efarta project. Mixed approaches for collective methodological intelligence!<\/li>\n\n\n\n<li><strong>Timoth\u00e9e Quellard<\/strong>, Co-founder of ekodev and BBR Biodiversity EKODEV. Why and how can companies play a practical part in regenerating ecosystems?<\/li>\n<\/ul>\n<\/div>\n<\/div>\n\n\n\n<hr class=\"wp-block-separator has-alpha-channel-opacity\"\/>\n\n\n\n<p class=\"has-text-align-justify\" style=\"font-size:18px\">2020 <strong><strong><span style=\"color: #ff6600;\"><span class=\"s2\"><b>[ <strong><strong><span style=\"color: #ff6600;\"><span class=\"s2\"><b><strong><strong><span style=\"color: #ff6600;\"><span class=\"s2\"><b>CLOSING OF THE COLLEGIAL MEETING, WHAT ARE THE MESSAGES FOR THE FUTURE?<\/b><\/span><\/span><\/strong><\/strong><\/b><\/span><\/span><\/strong><\/strong><\/b><\/span><\/span><\/strong><\/strong><\/p>\n\n\n\n<p class=\"has-text-align-justify\" style=\"font-size:15px\">With<\/p>\n\n\n\n<div class=\"wp-block-columns is-layout-flex wp-container-core-columns-is-layout-9d6595d7 wp-block-columns-is-layout-flex\">\n<div class=\"wp-block-column is-layout-flow wp-block-column-is-layout-flow\" style=\"flex-basis:33.33%\">\n<figure class=\"wp-block-embed is-type-video is-provider-youtube wp-block-embed-youtube wp-embed-aspect-16-9 wp-has-aspect-ratio\"><div class=\"wp-block-embed__wrapper\">\n<div class=\"jetpack-video-wrapper\"><span class=\"embed-youtube\" style=\"text-align:center; display: block;\"><iframe loading=\"lazy\" class=\"youtube-player\" width=\"676\" height=\"381\" src=\"https:\/\/www.youtube.com\/embed\/feOVxGx07ps?version=3&#038;rel=1&#038;showsearch=0&#038;showinfo=1&#038;iv_load_policy=1&#038;fs=1&#038;hl=en-GB&#038;autohide=2&#038;wmode=transparent&#038;listType=playlist&#038;list=PL6X0Z1l43EfmOG62jW9kDUDuZKsKCFVNl\" allowfullscreen=\"true\" style=\"border:0;\" sandbox=\"allow-scripts allow-same-origin allow-popups allow-presentation allow-popups-to-escape-sandbox\"><\/iframe><\/span><\/div>\n<\/div><\/figure>\n<\/div>\n\n\n\n<div class=\"wp-block-column is-layout-flow wp-block-column-is-layout-flow\" style=\"flex-basis:66.66%\">\n<ul style=\"font-size:15px\" class=\"wp-block-list\">\n<li><strong>Alain Renaudin<\/strong>, NewCorp Conseil, Biomim'expo<\/li>\n\n\n\n<li><strong>Kalina Raskin<\/strong>, Ceebios<\/li>\n\n\n\n<li><strong>Gilles Boeuf<\/strong>, Ceebios<\/li>\n\n\n\n<li><strong>Nathalie Devulder<\/strong>, Rte<\/li>\n\n\n\n<li><strong>Jacques Rougerie<\/strong>Jacques Rougerie Foundation<\/li>\n\n\n\n<li><strong>Olivier Bocquet<\/strong>, Tangram Architects<\/li>\n\n\n\n<li><strong>Thomas de Williencourt<\/strong>, Pure Ocean<\/li>\n\n\n\n<li><strong>Jean-Philippe Camborde<\/strong>, La Belle Soci\u00e9t\u00e9 Production<\/li>\n\n\n\n<li><strong>Emmanuel Delannoy<\/strong>, Pikaia<\/li>\n\n\n\n<li><strong>Francis Pruche<\/strong>, L'Or\u00e9al<\/li>\n\n\n\n<li><strong>Lucie Tournier-Couturier<\/strong>, L'Or\u00e9al<\/li>\n\n\n\n<li><strong>Pascal Benveniste<\/strong>, ILB (Biomim'Challenge 2020 First Prize)<\/li>\n\n\n\n<li><strong>Elodie Maginel<\/strong>, NewCorp Conseil, Biomim'expo<\/li>\n\n\n\n<li><strong>Olivier Floch<\/strong>, NewCorp Conseil, Biomim'expo<\/li>\n\n\n\n<li><strong>Aur\u00e9lie Wastin<\/strong>, NewCorp Conseil, Biomim'expo<\/li>\n\n\n\n<li><strong>Maylis Gruet<\/strong>, NewCorp Conseil, Biomim'expo<\/li>\n<\/ul>\n<\/div>\n<\/div>\n\n\n\n<hr class=\"wp-block-separator has-alpha-channel-opacity\"\/>\n\n\n\n<p class=\"has-text-align-justify\" style=\"font-size:18px\">2019 <strong><strong><span style=\"color: #ff6600;\"><span class=\"s2\"><b>[ <strong><strong><span style=\"color: #ff6600;\"><span class=\"s2\"><b><strong><strong><span style=\"color: #ff6600;\"><span class=\"s2\"><b>From insect to robot and vice versa <\/b><\/span><\/span><\/strong><\/strong><\/b><\/span><\/span><\/strong><\/strong><\/b><\/span><\/span><\/strong><\/strong><\/p>\n\n\n\n<p class=\"has-text-align-justify\" style=\"font-size:15px\">Neurophysiology combined with ethology enables us to better model the sensorimotor reflexes at play aboard these small animals. Robots are embodiments of bio-inspired principles to validate our knowledge models. This talk will present an example of bio-inspired robotics, the AntBot robot, combined with studies carried out on their biological models: ants.<\/p>\n\n\n\n<div class=\"wp-block-columns is-layout-flex wp-container-core-columns-is-layout-9d6595d7 wp-block-columns-is-layout-flex\">\n<div class=\"wp-block-column is-layout-flow wp-block-column-is-layout-flow\" style=\"flex-basis:33.33%\">\n<figure class=\"wp-block-embed is-type-video is-provider-youtube wp-block-embed-youtube wp-embed-aspect-16-9 wp-has-aspect-ratio\"><div class=\"wp-block-embed__wrapper\">\n<div class=\"jetpack-video-wrapper\"><span class=\"embed-youtube\" style=\"text-align:center; display: block;\"><iframe loading=\"lazy\" class=\"youtube-player\" width=\"676\" height=\"381\" src=\"https:\/\/www.youtube.com\/embed\/ckzUtbGqW9c?version=3&#038;rel=1&#038;showsearch=0&#038;showinfo=1&#038;iv_load_policy=1&#038;fs=1&#038;hl=en-GB&#038;autohide=2&#038;wmode=transparent&#038;listType=playlist&#038;list=PL6X0Z1l43EfkdKhIJaKpeQ0UwiPK5yDix\" allowfullscreen=\"true\" style=\"border:0;\" sandbox=\"allow-scripts allow-same-origin allow-popups allow-presentation allow-popups-to-escape-sandbox\"><\/iframe><\/span><\/div>\n<\/div><\/figure>\n<\/div>\n\n\n\n<div class=\"wp-block-column is-layout-flow wp-block-column-is-layout-flow\" style=\"flex-basis:66.66%\">\n<ul style=\"font-size:15px\" class=\"wp-block-list\">\n<li><strong>Dr. St\u00e9phane Viollet<\/strong>, Director of Research at the CNRS, Marseille Institute of Movement Sciences<\/li>\n\n\n\n<li><strong>Antoine Wystrach<\/strong>CNRS Research Fellow, Animal Cognition Research Centre in Toulouse (CNRS\/Paul Sabatier University).<\/li>\n<\/ul>\n<\/div>\n<\/div>\n\n\n\n<hr class=\"wp-block-separator has-alpha-channel-opacity\"\/>\n\n\n\n<p class=\"has-text-align-justify\" style=\"font-size:18px\">2019 <strong><strong><span style=\"color: #ff6600;\"><span class=\"s2\"><b>[ <strong><strong><span style=\"color: #ff6600;\"><span class=\"s2\"><b><strong><strong><span style=\"color: #ff6600;\"><span class=\"s2\"><b>Biomim'Challenge Final <\/b><\/span><\/span><\/strong><\/strong><\/b><\/span><\/span><\/strong><\/strong><\/b><\/span><\/span><\/strong><\/strong><\/p>\n\n\n\n<p class=\"has-text-align-justify\" style=\"font-size:15px\">Final of the Biomim'Challenge competition for schools and students! In collaboration with CEEBIOS and with the support of ENGIE. 7 teams in the final have 3 minutes to convince the jury. Relive the sequence live!<\/p>\n\n\n\n<div class=\"wp-block-columns is-layout-flex wp-container-core-columns-is-layout-9d6595d7 wp-block-columns-is-layout-flex\">\n<div class=\"wp-block-column is-layout-flow wp-block-column-is-layout-flow\" style=\"flex-basis:33.33%\">\n<figure class=\"wp-block-embed is-type-video is-provider-youtube wp-block-embed-youtube wp-embed-aspect-16-9 wp-has-aspect-ratio\"><div class=\"wp-block-embed__wrapper\">\n<div class=\"jetpack-video-wrapper\"><span class=\"embed-youtube\" style=\"text-align:center; display: block;\"><iframe loading=\"lazy\" class=\"youtube-player\" width=\"676\" height=\"381\" src=\"https:\/\/www.youtube.com\/embed\/TKK7_ylRA2U?version=3&#038;rel=1&#038;showsearch=0&#038;showinfo=1&#038;iv_load_policy=1&#038;fs=1&#038;hl=en-GB&#038;autohide=2&#038;wmode=transparent&#038;listType=playlist&#038;list=PL6X0Z1l43EfkdKhIJaKpeQ0UwiPK5yDix\" allowfullscreen=\"true\" style=\"border:0;\" sandbox=\"allow-scripts allow-same-origin allow-popups allow-presentation allow-popups-to-escape-sandbox\"><\/iframe><\/span><\/div>\n<\/div><\/figure>\n<\/div>\n\n\n\n<div class=\"wp-block-column is-layout-flow wp-block-column-is-layout-flow\" style=\"flex-basis:66.66%\">\n<ul style=\"font-size:15px\" class=\"wp-block-list\">\n<li>1st prize ex aequo : <strong>Thermo Lotus project<\/strong> \/ Sup'Biotech \/ Anne FAUVEL - Lucie FERNANDES - Marjorie GREE - Yanna\u00eblle ROUSSEAU - Fela TABET - <strong>Luna project <\/strong>\/ University of Nantes - Nantes Student Zoology Association \/ Steven ASCO\u00cbT<\/li>\n\n\n\n<li>2nd Prize : <strong>Glusea project <\/strong>\/ Sup'Biotech \/ L\u00e9a Perent - Chlo\u00e9 PENCHEMEL - Myl\u00e8ne RZEKEC - Oriane SABOUREAU - Chlo\u00e9 VIS<\/li>\n\n\n\n<li>Favourite prize : <strong>Project Implants <\/strong>\/ INSA Rouen-Normandie \/ Pedro KASPRZYKOWSKI - Elisa GARAND<\/li>\n\n\n\n<li>Other finalists: <strong>HighDr'O project <\/strong>\/ Sup'Biotech \/ Marine CHAMOREAU - Charlotte PICCOLI - Vincent PRUVOT - <strong>TEKASA'I Project <\/strong>\/ Strate Ecole de design \/ Lo\u00efs TAVERNIER - <strong>Panels project <\/strong>\/ ENSA PARIS VAL DE SEINE \/ Josua SAULLE<\/li>\n<\/ul>\n<\/div>\n<\/div>\n\n\n\n<hr class=\"wp-block-separator has-alpha-channel-opacity\"\/>\n\n\n\n<p class=\"has-text-align-justify\" style=\"font-size:18px\">2019 <strong><strong><span style=\"color: #ff6600;\"><span class=\"s2\"><b>[<strong><strong><span style=\"color: #ff6600;\"><span class=\"s2\"><b><strong><strong><span style=\"color: #ff6600;\"><span class=\"s2\"><b> NATURAL ENERGY - THE GREAT CHALLENGE OF ARTIFICIAL PHOTOSYNTHESIS<\/b><\/span><\/span><\/strong><\/strong><\/b><\/span><\/span><\/strong><\/strong><\/b><\/span><\/span><\/strong><\/strong><\/p>\n\n\n\n<p class=\"has-text-align-justify\" style=\"font-size:15px\">Artificial photosynthesis, a bio-inspired technology for achieving the objectives of the Paris Agreement? Drawing inspiration from the plant world to produce fuels, commodity chemicals and materials from renewable resources such as solar energy, water and atmospheric carbon dioxide in a totally circular way.<\/p>\n\n\n\n<div class=\"wp-block-columns is-layout-flex wp-container-core-columns-is-layout-9d6595d7 wp-block-columns-is-layout-flex\">\n<div class=\"wp-block-column is-layout-flow wp-block-column-is-layout-flow\" style=\"flex-basis:33.33%\">\n<figure class=\"wp-block-embed is-type-video is-provider-youtube wp-block-embed-youtube wp-embed-aspect-16-9 wp-has-aspect-ratio\"><div class=\"wp-block-embed__wrapper\">\n<div class=\"jetpack-video-wrapper\"><span class=\"embed-youtube\" style=\"text-align:center; display: block;\"><iframe loading=\"lazy\" class=\"youtube-player\" width=\"676\" height=\"381\" src=\"https:\/\/www.youtube.com\/embed\/v_6zn3k_WVk?version=3&#038;rel=1&#038;showsearch=0&#038;showinfo=1&#038;iv_load_policy=1&#038;fs=1&#038;hl=en-GB&#038;autohide=2&#038;wmode=transparent&#038;listType=playlist&#038;list=PL6X0Z1l43EfkdKhIJaKpeQ0UwiPK5yDix\" allowfullscreen=\"true\" style=\"border:0;\" sandbox=\"allow-scripts allow-same-origin allow-popups allow-presentation allow-popups-to-escape-sandbox\"><\/iframe><\/span><\/div>\n<\/div><\/figure>\n<\/div>\n\n\n\n<div class=\"wp-block-column is-layout-flow wp-block-column-is-layout-flow\" style=\"flex-basis:66.66%\">\n<ul style=\"font-size:15px\" class=\"wp-block-list\">\n<li><strong>Vincent Artero<\/strong>, CEA Research Director, Coordinator of the ARCANE Labex (Grenoble Alpes University).<\/li>\n<\/ul>\n<\/div>\n<\/div>\n\n\n\n<hr class=\"wp-block-separator has-alpha-channel-opacity\"\/>\n\n\n\n<p class=\"has-text-align-justify\" style=\"font-size:18px\">2019 <strong><strong><span style=\"color: #ff6600;\"><span class=\"s2\"><b>[ <strong><strong><span style=\"color: #ff6600;\"><span class=\"s2\"><b><strong><strong><span style=\"color: #ff6600;\"><span class=\"s2\"><b>SPIDER SILK, THE MOST ASTONISHING MATERIAL ?<\/b><\/span><\/span><\/strong><\/strong><\/b><\/span><\/span><\/strong><\/strong><\/b><\/span><\/span><\/strong><\/strong><\/p>\n\n\n\n<p class=\"has-text-align-justify\" style=\"font-size:15px\">Synthetic Spider Silk is now a reality, it's new, it's historical, and it's a revolution! An introduction to (re)discover the genius of the spider web and its secrets by <strong>Christine Rollard<\/strong>, arachnologist, Institut de syst\u00e9matique, \u00e9volution, biodiversit\u00e9 _ Mus\u00e9um National d'Histoire Naturelle (UMR 7205)<\/p>\n\n\n\n<div class=\"wp-block-columns is-layout-flex wp-container-core-columns-is-layout-9d6595d7 wp-block-columns-is-layout-flex\">\n<div class=\"wp-block-column is-layout-flow wp-block-column-is-layout-flow\" style=\"flex-basis:33.33%\">\n<figure class=\"wp-block-embed is-type-video is-provider-youtube wp-block-embed-youtube wp-embed-aspect-16-9 wp-has-aspect-ratio\"><div class=\"wp-block-embed__wrapper\">\n<div class=\"jetpack-video-wrapper\"><span class=\"embed-youtube\" style=\"text-align:center; display: block;\"><iframe loading=\"lazy\" class=\"youtube-player\" width=\"676\" height=\"381\" src=\"https:\/\/www.youtube.com\/embed\/406MnywW1IM?version=3&#038;rel=1&#038;showsearch=0&#038;showinfo=1&#038;iv_load_policy=1&#038;fs=1&#038;hl=en-GB&#038;autohide=2&#038;wmode=transparent&#038;listType=playlist&#038;list=PL6X0Z1l43EfkdKhIJaKpeQ0UwiPK5yDix\" allowfullscreen=\"true\" style=\"border:0;\" sandbox=\"allow-scripts allow-same-origin allow-popups allow-presentation allow-popups-to-escape-sandbox\"><\/iframe><\/span><\/div>\n<\/div><\/figure>\n<\/div>\n\n\n\n<div class=\"wp-block-column is-layout-flow wp-block-column-is-layout-flow\" style=\"flex-basis:66.66%\">\n<ul style=\"font-size:15px\" class=\"wp-block-list\">\n<li>Prof. Dr. G. <strong>Thomas Scheibel<\/strong>, full professor for Biomaterials and head of the department at the University of Bayreuth, Germany ; European Inventor Award 2018<\/li>\n<\/ul>\n<\/div>\n<\/div>\n\n\n\n<hr class=\"wp-block-separator has-alpha-channel-opacity\"\/>\n\n\n\n<p class=\"has-text-align-justify\" style=\"font-size:18px\">2019 <strong><strong><span style=\"color: #ff6600;\"><span class=\"s2\"><b>[ <strong><strong><span style=\"color: #ff6600;\"><span class=\"s2\"><b><strong><strong><span style=\"color: #ff6600;\"><span class=\"s2\"><b>M2i Life Sciences: pheromones to replace chemical plant protection products <\/b><\/span><\/span><\/strong><\/strong><\/b><\/span><\/span><\/strong><\/strong><\/b><\/span><\/span><\/strong><\/strong><\/p>\n\n\n\n<p class=\"has-text-align-justify\" style=\"font-size:15px\">Mating disruption using pheromones as a substitute for pesticides. M2i Life Sciences has developed a pheromone-based mating disruption process to replace current methods of controlling pests using pesticides or other techniques that present a risk to health and the environment, or are non-selective or difficult to implement for the greenest of them. During the flight period, the air is saturated with a large quantity of sex pheromone specific to the insect in order to prevent the males from detecting the females, thereby limiting mating and preventing proliferation.<\/p>\n\n\n\n<div class=\"wp-block-columns is-layout-flex wp-container-core-columns-is-layout-9d6595d7 wp-block-columns-is-layout-flex\">\n<div class=\"wp-block-column is-layout-flow wp-block-column-is-layout-flow\" style=\"flex-basis:33.33%\">\n<figure class=\"wp-block-embed is-type-video is-provider-youtube wp-block-embed-youtube wp-embed-aspect-16-9 wp-has-aspect-ratio\"><div class=\"wp-block-embed__wrapper\">\n<div class=\"jetpack-video-wrapper\"><span class=\"embed-youtube\" style=\"text-align:center; display: block;\"><iframe loading=\"lazy\" class=\"youtube-player\" width=\"676\" height=\"381\" src=\"https:\/\/www.youtube.com\/embed\/G2Yjedq-TJU?version=3&#038;rel=1&#038;showsearch=0&#038;showinfo=1&#038;iv_load_policy=1&#038;fs=1&#038;hl=en-GB&#038;autohide=2&#038;wmode=transparent&#038;listType=playlist&#038;list=PL6X0Z1l43EfkdKhIJaKpeQ0UwiPK5yDix\" allowfullscreen=\"true\" style=\"border:0;\" sandbox=\"allow-scripts allow-same-origin allow-popups allow-presentation allow-popups-to-escape-sandbox\"><\/iframe><\/span><\/div>\n<\/div><\/figure>\n<\/div>\n\n\n\n<div class=\"wp-block-column is-layout-flow wp-block-column-is-layout-flow\" style=\"flex-basis:66.66%\">\n<ul style=\"font-size:15px\" class=\"wp-block-list\">\n<li><strong>Johann Fournil<\/strong>, Marketing, Communication &amp; Partnerships Director, M2i Life Sciences <\/li>\n<\/ul>\n<\/div>\n<\/div>\n\n\n\n<hr class=\"wp-block-separator has-alpha-channel-opacity\"\/>\n\n\n\n<p class=\"has-text-align-justify\" style=\"font-size:18px\">2019 <strong><strong><span style=\"color: #ff6600;\"><span class=\"s2\"><b>[ <strong><strong><span style=\"color: #ff6600;\"><span class=\"s2\"><b><strong><strong><span style=\"color: #ff6600;\"><span class=\"s2\"><b>Biomimicry at CNES<\/b><\/span><\/span><\/strong><\/strong><\/b><\/span><\/span><\/strong><\/strong><\/b><\/span><\/span><\/strong><\/strong><\/p>\n\n\n\n<p class=\"has-text-align-justify\" style=\"font-size:15px\">The value of biomimicry in meeting the challenges of space activities.<\/p>\n\n\n\n<div class=\"wp-block-columns is-layout-flex wp-container-core-columns-is-layout-9d6595d7 wp-block-columns-is-layout-flex\">\n<div class=\"wp-block-column is-layout-flow wp-block-column-is-layout-flow\" style=\"flex-basis:33.33%\">\n<figure class=\"wp-block-embed is-type-video is-provider-youtube wp-block-embed-youtube wp-embed-aspect-16-9 wp-has-aspect-ratio\"><div class=\"wp-block-embed__wrapper\">\n<div class=\"jetpack-video-wrapper\"><span class=\"embed-youtube\" style=\"text-align:center; display: block;\"><iframe loading=\"lazy\" class=\"youtube-player\" width=\"676\" height=\"381\" src=\"https:\/\/www.youtube.com\/embed\/AXIzXs9zn7I?version=3&#038;rel=1&#038;showsearch=0&#038;showinfo=1&#038;iv_load_policy=1&#038;fs=1&#038;hl=en-GB&#038;autohide=2&#038;wmode=transparent&#038;listType=playlist&#038;list=PL6X0Z1l43EfkdKhIJaKpeQ0UwiPK5yDix\" allowfullscreen=\"true\" style=\"border:0;\" sandbox=\"allow-scripts allow-same-origin allow-popups allow-presentation allow-popups-to-escape-sandbox\"><\/iframe><\/span><\/div>\n<\/div><\/figure>\n<\/div>\n\n\n\n<div class=\"wp-block-column is-layout-flow wp-block-column-is-layout-flow\" style=\"flex-basis:66.66%\">\n<ul style=\"font-size:15px\" class=\"wp-block-list\">\n<li><strong>Fran\u00e7ois Spiero<\/strong>, Dr. Jean-Fran\u00e7ois B\u00e9dard, Head of Foresight at CNES (Centre National d'\u00c9tudes Spatiales)<\/li>\n<\/ul>\n<\/div>\n<\/div>\n\n\n\n<hr class=\"wp-block-separator has-alpha-channel-opacity\"\/>\n\n\n\n<p class=\"has-text-align-justify\" style=\"font-size:18px\">2019 <strong><strong><span style=\"color: #ff6600;\"><span class=\"s2\"><b>[ <strong><strong><span style=\"color: #ff6600;\"><span class=\"s2\"><b><strong><strong><span style=\"color: #ff6600;\"><span class=\"s2\"><b>The secrets of the bear<\/b><\/span><\/span><\/strong><\/strong><\/b><\/span><\/span><\/strong><\/strong><\/b><\/span><\/span><\/strong><\/strong><\/p>\n\n\n\n<p class=\"has-text-align-justify\" style=\"font-size:15px\">Understanding bear hibernation to combat muscular atrophy ... so they can travel in space, for example? While they hibernate for 5 to 7 months in their dens without eating, drinking or moving, brown bears lose almost no muscle. When they wake up, these fresh-faced carnivores are capable of sprinting. A performance far from shared by the human species. Muscle wasting is inevitable in people who are sedentary, hospitalised or in weightlessness. But bio-inspiration offers new avenues for improving their health, and perhaps one day sending humans to Mars.<\/p>\n\n\n\n<div class=\"wp-block-columns is-layout-flex wp-container-core-columns-is-layout-9d6595d7 wp-block-columns-is-layout-flex\">\n<div class=\"wp-block-column is-layout-flow wp-block-column-is-layout-flow\" style=\"flex-basis:33.33%\">\n<figure class=\"wp-block-embed is-type-video is-provider-youtube wp-block-embed-youtube wp-embed-aspect-16-9 wp-has-aspect-ratio\"><div class=\"wp-block-embed__wrapper\">\n<div class=\"jetpack-video-wrapper\"><span class=\"embed-youtube\" style=\"text-align:center; display: block;\"><iframe loading=\"lazy\" class=\"youtube-player\" width=\"676\" height=\"381\" src=\"https:\/\/www.youtube.com\/embed\/UXSzT4Je8d4?version=3&#038;rel=1&#038;showsearch=0&#038;showinfo=1&#038;iv_load_policy=1&#038;fs=1&#038;hl=en-GB&#038;autohide=2&#038;wmode=transparent&#038;listType=playlist&#038;list=PL6X0Z1l43EfkdKhIJaKpeQ0UwiPK5yDix\" allowfullscreen=\"true\" style=\"border:0;\" sandbox=\"allow-scripts allow-same-origin allow-popups allow-presentation allow-popups-to-escape-sandbox\"><\/iframe><\/span><\/div>\n<\/div><\/figure>\n<\/div>\n\n\n\n<div class=\"wp-block-column is-layout-flow wp-block-column-is-layout-flow\" style=\"flex-basis:66.66%\">\n<ul style=\"font-size:15px\" class=\"wp-block-list\">\n<li><strong>Fabrice Bertile<\/strong>Institut pluridisciplinaire Hubert Curien (CNRS-University of Strasbourg joint research unit).<\/li>\n<\/ul>\n<\/div>\n<\/div>\n\n\n\n<hr class=\"wp-block-separator has-alpha-channel-opacity\"\/>\n\n\n\n<p class=\"has-text-align-justify\" style=\"font-size:18px\">2019 <strong><strong><span style=\"color: #ff6600;\"><span class=\"s2\"><b>[ <strong><strong><span style=\"color: #ff6600;\"><span class=\"s2\"><b><strong><strong><span style=\"color: #ff6600;\"><span class=\"s2\"><b>Introducing Prophesee<\/b><\/span><\/span><\/strong><\/strong><\/b><\/span><\/span><\/strong><\/strong><\/b><\/span><\/span><\/strong><\/strong><\/p>\n\n\n\n<p class=\"has-text-align-justify\" style=\"font-size:15px\">The history and development prospects of a revolutionary sensor inspired by the human retina.<\/p>\n\n\n\n<div class=\"wp-block-columns is-layout-flex wp-container-core-columns-is-layout-9d6595d7 wp-block-columns-is-layout-flex\">\n<div class=\"wp-block-column is-layout-flow wp-block-column-is-layout-flow\" style=\"flex-basis:33.33%\">\n<figure class=\"wp-block-embed is-type-video is-provider-youtube wp-block-embed-youtube wp-embed-aspect-16-9 wp-has-aspect-ratio\"><div class=\"wp-block-embed__wrapper\">\n<div class=\"jetpack-video-wrapper\"><span class=\"embed-youtube\" style=\"text-align:center; display: block;\"><iframe loading=\"lazy\" class=\"youtube-player\" width=\"676\" height=\"381\" src=\"https:\/\/www.youtube.com\/embed\/uMZ-wFVGH8E?version=3&#038;rel=1&#038;showsearch=0&#038;showinfo=1&#038;iv_load_policy=1&#038;fs=1&#038;hl=en-GB&#038;autohide=2&#038;wmode=transparent&#038;listType=playlist&#038;list=PL6X0Z1l43EfkdKhIJaKpeQ0UwiPK5yDix\" allowfullscreen=\"true\" style=\"border:0;\" sandbox=\"allow-scripts allow-same-origin allow-popups allow-presentation allow-popups-to-escape-sandbox\"><\/iframe><\/span><\/div>\n<\/div><\/figure>\n<\/div>\n\n\n\n<div class=\"wp-block-column is-layout-flow wp-block-column-is-layout-flow\" style=\"flex-basis:66.66%\">\n<ul style=\"font-size:15px\" class=\"wp-block-list\">\n<li><strong>Guillaume Butin<\/strong>, Marketing Communications Director at PROPHESEE<\/li>\n<\/ul>\n<\/div>\n<\/div>\n\n\n\n<hr class=\"wp-block-separator has-alpha-channel-opacity\"\/>\n\n\n\n<p class=\"has-text-align-justify\" style=\"font-size:18px\">2019 <strong><strong><span style=\"color: #ff6600;\"><span class=\"s2\"><b>[ <strong><strong><span style=\"color: #ff6600;\"><span class=\"s2\"><b><strong><strong><span style=\"color: #ff6600;\"><span class=\"s2\"><b>Suez: working with nature <\/b><\/span><\/span><\/strong><\/strong><\/b><\/span><\/span><\/strong><\/strong><\/b><\/span><\/span><\/strong><\/strong><\/p>\n\n\n\n<p class=\"has-text-align-justify\" style=\"font-size:15px\">Nature as an ally: innovative applications and prospects.<\/p>\n\n\n\n<div class=\"wp-block-columns is-layout-flex wp-container-core-columns-is-layout-9d6595d7 wp-block-columns-is-layout-flex\">\n<div class=\"wp-block-column is-layout-flow wp-block-column-is-layout-flow\" style=\"flex-basis:33.33%\">\n<figure class=\"wp-block-embed is-type-video is-provider-youtube wp-block-embed-youtube wp-embed-aspect-16-9 wp-has-aspect-ratio\"><div class=\"wp-block-embed__wrapper\">\n<div class=\"jetpack-video-wrapper\"><span class=\"embed-youtube\" style=\"text-align:center; display: block;\"><iframe loading=\"lazy\" class=\"youtube-player\" width=\"676\" height=\"381\" src=\"https:\/\/www.youtube.com\/embed\/I-fiizh0z04?version=3&#038;rel=1&#038;showsearch=0&#038;showinfo=1&#038;iv_load_policy=1&#038;fs=1&#038;hl=en-GB&#038;autohide=2&#038;wmode=transparent&#038;listType=playlist&#038;list=PL6X0Z1l43EfkdKhIJaKpeQ0UwiPK5yDix\" allowfullscreen=\"true\" style=\"border:0;\" sandbox=\"allow-scripts allow-same-origin allow-popups allow-presentation allow-popups-to-escape-sandbox\"><\/iframe><\/span><\/div>\n<\/div><\/figure>\n<\/div>\n\n\n\n<div class=\"wp-block-column is-layout-flow wp-block-column-is-layout-flow\" style=\"flex-basis:66.66%\">\n<ul style=\"font-size:15px\" class=\"wp-block-list\">\n<li><strong>Marc Simon<\/strong>, Innovation Director, Suez Eau France, Innovation and Strategy Division, Suez France.<\/li>\n<\/ul>\n<\/div>\n<\/div>\n\n\n\n<hr class=\"wp-block-separator has-alpha-channel-opacity\"\/>\n\n\n\n<p class=\"has-text-align-justify\" style=\"font-size:18px\">2019 <strong><strong><span style=\"color: #ff6600;\"><span class=\"s2\"><b>[ <strong><strong><span style=\"color: #ff6600;\"><span class=\"s2\"><b><strong><strong><span style=\"color: #ff6600;\"><span class=\"s2\"><b>Introducing Tissium <\/b><\/span><\/span><\/strong><\/strong><\/b><\/span><\/span><\/strong><\/strong><\/b><\/span><\/span><\/strong><\/strong><\/p>\n\n\n\n<p class=\"has-text-align-justify\" style=\"font-size:15px\">Bioresorbable and biocompatible polymers bio-inspired by marine organisms, to bond tissues during surgical procedures, as a complement or even a substitute for traditional sutures.<\/p>\n\n\n\n<div class=\"wp-block-columns is-layout-flex wp-container-core-columns-is-layout-9d6595d7 wp-block-columns-is-layout-flex\">\n<div class=\"wp-block-column is-layout-flow wp-block-column-is-layout-flow\" style=\"flex-basis:33.33%\">\n<figure class=\"wp-block-embed is-type-video is-provider-youtube wp-block-embed-youtube wp-embed-aspect-16-9 wp-has-aspect-ratio\"><div class=\"wp-block-embed__wrapper\">\n<div class=\"jetpack-video-wrapper\"><span class=\"embed-youtube\" style=\"text-align:center; display: block;\"><iframe loading=\"lazy\" class=\"youtube-player\" width=\"676\" height=\"381\" src=\"https:\/\/www.youtube.com\/embed\/TwLyo2NLTeg?version=3&#038;rel=1&#038;showsearch=0&#038;showinfo=1&#038;iv_load_policy=1&#038;fs=1&#038;hl=en-GB&#038;autohide=2&#038;wmode=transparent&#038;listType=playlist&#038;list=PL6X0Z1l43EfkdKhIJaKpeQ0UwiPK5yDix\" allowfullscreen=\"true\" style=\"border:0;\" sandbox=\"allow-scripts allow-same-origin allow-popups allow-presentation allow-popups-to-escape-sandbox\"><\/iframe><\/span><\/div>\n<\/div><\/figure>\n<\/div>\n\n\n\n<div class=\"wp-block-column is-layout-flow wp-block-column-is-layout-flow\" style=\"flex-basis:66.66%\">\n<ul style=\"font-size:15px\" class=\"wp-block-list\">\n<li><strong>Maria Pereira<\/strong>, Chief Innovation Officer at TISSIUM<\/li>\n<\/ul>\n<\/div>\n<\/div>\n\n\n\n<hr class=\"wp-block-separator has-alpha-channel-opacity\"\/>\n\n\n\n<p class=\"has-text-align-justify\" style=\"font-size:18px\">2019 <strong><strong><span style=\"color: #ff6600;\"><span class=\"s2\"><b>[ <strong><strong><span style=\"color: #ff6600;\"><span class=\"s2\"><b><strong><strong><span style=\"color: #ff6600;\"><span class=\"s2\"><b>A\u00efna Queiroz: when the Orang-Outang put us on the trail<\/b><\/span><\/span><\/strong><\/strong><\/b><\/span><\/span><\/strong><\/strong><\/b><\/span><\/span><\/strong><\/strong><\/p>\n\n\n\n<p class=\"has-text-align-justify\" style=\"font-size:15px\">No, Homo sapiens does not have a monopoly on herbal medicine.<\/p>\n\n\n\n<div class=\"wp-block-columns is-layout-flex wp-container-core-columns-is-layout-9d6595d7 wp-block-columns-is-layout-flex\">\n<div class=\"wp-block-column is-layout-flow wp-block-column-is-layout-flow\" style=\"flex-basis:33.33%\">\n<figure class=\"wp-block-embed is-type-video is-provider-youtube wp-block-embed-youtube wp-embed-aspect-16-9 wp-has-aspect-ratio\"><div class=\"wp-block-embed__wrapper\">\n<div class=\"jetpack-video-wrapper\"><span class=\"embed-youtube\" style=\"text-align:center; display: block;\"><iframe loading=\"lazy\" class=\"youtube-player\" width=\"676\" height=\"381\" src=\"https:\/\/www.youtube.com\/embed\/UbfdXwXEjuw?version=3&#038;rel=1&#038;showsearch=0&#038;showinfo=1&#038;iv_load_policy=1&#038;fs=1&#038;hl=en-GB&#038;autohide=2&#038;wmode=transparent&#038;listType=playlist&#038;list=PL6X0Z1l43EfkdKhIJaKpeQ0UwiPK5yDix\" allowfullscreen=\"true\" style=\"border:0;\" sandbox=\"allow-scripts allow-same-origin allow-popups allow-presentation allow-popups-to-escape-sandbox\"><\/iframe><\/span><\/div>\n<\/div><\/figure>\n<\/div>\n\n\n\n<div class=\"wp-block-column is-layout-flow wp-block-column-is-layout-flow\" style=\"flex-basis:66.66%\">\n<ul style=\"font-size:15px\" class=\"wp-block-list\">\n<li><strong>A\u00efna Queiroz<\/strong>, Head of Innovation &amp; Scientific Communication at SEQENS Cosmetics.<\/li>\n<\/ul>\n<\/div>\n<\/div>\n\n\n\n<hr class=\"wp-block-separator has-alpha-channel-opacity\"\/>\n\n\n\n<p class=\"has-text-align-justify\" style=\"font-size:18px\">2019 <strong><strong><span style=\"color: #ff6600;\"><span class=\"s2\"><b>[ <strong><strong><span style=\"color: #ff6600;\"><span class=\"s2\"><b><strong><strong><span style=\"color: #ff6600;\"><span class=\"s2\"><b>The Bathy Bot project <\/b><\/span><\/span><\/strong><\/strong><\/b><\/span><\/span><\/strong><\/strong><\/b><\/span><\/span><\/strong><\/strong><\/p>\n\n\n\n<p class=\"has-text-align-justify\" style=\"font-size:15px\">The artificial deep-sea coloniser. In the style of a news programme, we take a look back at some of the latest projects and entrepreneurial adventures ... including here : The deep-sea artificial coloniser ... presentation of the underwater nursery project that will be submerged at the bottom of the Mediterranean by Ifremer's Nautile in spring 2020. A collective project :<\/p>\n\n\n\n<div class=\"wp-block-columns is-layout-flex wp-container-core-columns-is-layout-9d6595d7 wp-block-columns-is-layout-flex\">\n<div class=\"wp-block-column is-layout-flow wp-block-column-is-layout-flow\" style=\"flex-basis:33.33%\">\n<figure class=\"wp-block-embed is-type-video is-provider-youtube wp-block-embed-youtube wp-embed-aspect-16-9 wp-has-aspect-ratio\"><div class=\"wp-block-embed__wrapper\">\n<div class=\"jetpack-video-wrapper\"><span class=\"embed-youtube\" style=\"text-align:center; display: block;\"><iframe loading=\"lazy\" class=\"youtube-player\" width=\"676\" height=\"381\" src=\"https:\/\/www.youtube.com\/embed\/GXXzpQ4VfIk?version=3&#038;rel=1&#038;showsearch=0&#038;showinfo=1&#038;iv_load_policy=1&#038;fs=1&#038;hl=en-GB&#038;autohide=2&#038;wmode=transparent&#038;listType=playlist&#038;list=PL6X0Z1l43EfkdKhIJaKpeQ0UwiPK5yDix\" allowfullscreen=\"true\" style=\"border:0;\" sandbox=\"allow-scripts allow-same-origin allow-popups allow-presentation allow-popups-to-escape-sandbox\"><\/iframe><\/span><\/div>\n<\/div><\/figure>\n<\/div>\n\n\n\n<div class=\"wp-block-column is-layout-flow wp-block-column-is-layout-flow\" style=\"flex-basis:66.66%\">\n<ul style=\"font-size:15px\" class=\"wp-block-list\">\n<li><strong>Christian Tamburini,<\/strong> M I O, HDR CNRS scientific project leader<\/li>\n\n\n\n<li><strong>Jacques Rougerie<\/strong>Jacques Rougerie Foundation<\/li>\n\n\n\n<li><strong>Olivier Bocquet<\/strong>Tangram Architects and Tangram Lab<\/li>\n\n\n\n<li>Tangram LAB, TREEX and the Jacques Rougerie Foundation designed the coloniser; ;<\/li>\n\n\n\n<li><strong>Guillaume Terrasse<\/strong>, VICAT and <strong>Amaury Thomas<\/strong>, SOLIQUID; 3D printing<\/li>\n<\/ul>\n<\/div>\n<\/div>\n\n\n\n<hr class=\"wp-block-separator has-alpha-channel-opacity\"\/>\n\n\n\n<p class=\"has-text-align-justify\" style=\"font-size:18px\">2019 <strong><strong><span style=\"color: #ff6600;\"><span class=\"s2\"><b>[ <strong><strong><span style=\"color: #ff6600;\"><span class=\"s2\"><b><strong><strong><span style=\"color: #ff6600;\"><span class=\"s2\"><b>Introducing FinX <\/b><\/span><\/span><\/strong><\/strong><\/b><\/span><\/span><\/strong><\/strong><\/b><\/span><\/span><\/strong><\/strong><\/p>\n\n\n\n<p class=\"has-text-align-justify\" style=\"font-size:15px\">FinX, the new bio-inspired marine propulsion! Spotlight on a start-up with a bright future.<\/p>\n\n\n\n<div class=\"wp-block-columns is-layout-flex wp-container-core-columns-is-layout-9d6595d7 wp-block-columns-is-layout-flex\">\n<div class=\"wp-block-column is-layout-flow wp-block-column-is-layout-flow\" style=\"flex-basis:33.33%\">\n<figure class=\"wp-block-embed is-type-video is-provider-youtube wp-block-embed-youtube wp-embed-aspect-16-9 wp-has-aspect-ratio\"><div class=\"wp-block-embed__wrapper\">\n<div class=\"jetpack-video-wrapper\"><span class=\"embed-youtube\" style=\"text-align:center; display: block;\"><iframe loading=\"lazy\" class=\"youtube-player\" width=\"676\" height=\"381\" src=\"https:\/\/www.youtube.com\/embed\/UMOkh-OdNrg?version=3&#038;rel=1&#038;showsearch=0&#038;showinfo=1&#038;iv_load_policy=1&#038;fs=1&#038;hl=en-GB&#038;autohide=2&#038;wmode=transparent&#038;listType=playlist&#038;list=PL6X0Z1l43EfkdKhIJaKpeQ0UwiPK5yDix\" allowfullscreen=\"true\" style=\"border:0;\" sandbox=\"allow-scripts allow-same-origin allow-popups allow-presentation allow-popups-to-escape-sandbox\"><\/iframe><\/span><\/div>\n<\/div><\/figure>\n<\/div>\n\n\n\n<div class=\"wp-block-column is-layout-flow wp-block-column-is-layout-flow\" style=\"flex-basis:66.66%\">\n<ul style=\"font-size:15px\" class=\"wp-block-list\">\n<li><strong>Harold Guillemin<\/strong>, CEO of FinX<\/li>\n<\/ul>\n<\/div>\n<\/div>\n\n\n\n<hr class=\"wp-block-separator has-alpha-channel-opacity\"\/>\n\n\n\n<p class=\"has-text-align-justify\" style=\"font-size:18px\">2019 <strong><strong><span style=\"color: #ff6600;\"><span class=\"s2\"><b>[ <strong><strong><span style=\"color: #ff6600;\"><span class=\"s2\"><b><strong><strong><span style=\"color: #ff6600;\"><span class=\"s2\"><b>Presentation of the \u00abFrench Capitals of Biodiversity\" winners<\/b><\/span><\/span><\/strong><\/strong><\/b><\/span><\/span><\/strong><\/strong><\/b><\/span>\"\u00a0<\/span><\/strong><\/strong><\/p>\n\n\n\n<p class=\"has-text-align-justify\" style=\"font-size:15px\">The \u00abFrench Capitals of Biodiversity - Climate: nature as a source of solutions\u00bb competition: presentation of the 2019 winners<\/p>\n\n\n\n<div class=\"wp-block-columns is-layout-flex wp-container-core-columns-is-layout-9d6595d7 wp-block-columns-is-layout-flex\">\n<div class=\"wp-block-column is-layout-flow wp-block-column-is-layout-flow\" style=\"flex-basis:33.33%\">\n<figure class=\"wp-block-embed is-type-video is-provider-youtube wp-block-embed-youtube wp-embed-aspect-16-9 wp-has-aspect-ratio\"><div class=\"wp-block-embed__wrapper\">\n<div class=\"jetpack-video-wrapper\"><span class=\"embed-youtube\" style=\"text-align:center; display: block;\"><iframe loading=\"lazy\" class=\"youtube-player\" width=\"676\" height=\"381\" src=\"https:\/\/www.youtube.com\/embed\/qXlyYczCFXI?version=3&#038;rel=1&#038;showsearch=0&#038;showinfo=1&#038;iv_load_policy=1&#038;fs=1&#038;hl=en-GB&#038;autohide=2&#038;wmode=transparent&#038;listType=playlist&#038;list=PL6X0Z1l43EfkdKhIJaKpeQ0UwiPK5yDix\" allowfullscreen=\"true\" style=\"border:0;\" sandbox=\"allow-scripts allow-same-origin allow-popups allow-presentation allow-popups-to-escape-sandbox\"><\/iframe><\/span><\/div>\n<\/div><\/figure>\n<\/div>\n\n\n\n<div class=\"wp-block-column is-layout-flow wp-block-column-is-layout-flow\" style=\"flex-basis:66.66%\">\n<ul style=\"font-size:15px\" class=\"wp-block-list\">\n<li><strong>Gilles Lecuir<\/strong>, Research Officer, \u00cele-de-France Regional Biodiversity Agency.<\/li>\n<\/ul>\n<\/div>\n<\/div>\n\n\n\n<hr class=\"wp-block-separator has-alpha-channel-opacity\"\/>\n\n\n\n<p class=\"has-text-align-justify\" style=\"font-size:18px\">2019 <strong><strong><span style=\"color: #ff6600;\"><span class=\"s2\"><b>[ <strong><strong><span style=\"color: #ff6600;\"><span class=\"s2\"><b><strong><strong><span style=\"color: #ff6600;\"><span class=\"s2\"><b>Launch of the Biomim City Lab <\/b><\/span><\/span><\/strong><\/strong><\/b><\/span><\/span><\/strong><\/strong><\/b><\/span><\/span><\/strong><\/strong><\/p>\n\n\n\n<p class=\"has-text-align-justify\" style=\"font-size:15px\">Biomim'City Lab: announcement of the launch of this new collective and call for action to \u00abreinvent the city for and through living things\u00bb.<\/p>\n\n\n\n<div class=\"wp-block-columns is-layout-flex wp-container-core-columns-is-layout-9d6595d7 wp-block-columns-is-layout-flex\">\n<div class=\"wp-block-column is-layout-flow wp-block-column-is-layout-flow\" style=\"flex-basis:33.33%\">\n<figure class=\"wp-block-embed is-type-video is-provider-youtube wp-block-embed-youtube wp-embed-aspect-16-9 wp-has-aspect-ratio\"><div class=\"wp-block-embed__wrapper\">\n<div class=\"jetpack-video-wrapper\"><span class=\"embed-youtube\" style=\"text-align:center; display: block;\"><iframe loading=\"lazy\" class=\"youtube-player\" width=\"676\" height=\"381\" src=\"https:\/\/www.youtube.com\/embed\/vGmkswhpv2g?version=3&#038;rel=1&#038;showsearch=0&#038;showinfo=1&#038;iv_load_policy=1&#038;fs=1&#038;hl=en-GB&#038;autohide=2&#038;wmode=transparent&#038;listType=playlist&#038;list=PL6X0Z1l43EfkdKhIJaKpeQ0UwiPK5yDix\" allowfullscreen=\"true\" style=\"border:0;\" sandbox=\"allow-scripts allow-same-origin allow-popups allow-presentation allow-popups-to-escape-sandbox\"><\/iframe><\/span><\/div>\n<\/div><\/figure>\n<\/div>\n\n\n\n<div class=\"wp-block-column is-layout-flow wp-block-column-is-layout-flow\" style=\"flex-basis:66.66%\">\n<ul style=\"font-size:15px\" class=\"wp-block-list\">\n<li><strong>Ana Maria Cartier<\/strong>, Development Manager - SYNERGIES URBAINES by ICADE.<\/li>\n<\/ul>\n<\/div>\n<\/div>\n\n\n\n<hr class=\"wp-block-separator has-alpha-channel-opacity\"\/>\n\n\n\n<p class=\"has-text-align-justify\" style=\"font-size:18px\">2019 <strong><strong><span style=\"color: #ff6600;\"><span class=\"s2\"><b>[ <strong><strong><span style=\"color: #ff6600;\"><span class=\"s2\"><b><strong><strong><span style=\"color: #ff6600;\"><span class=\"s2\"><b>About EEL Energy <\/b><\/span><\/span><\/strong><\/strong><\/b><\/span><\/span><\/strong><\/strong><\/b><\/span><\/span><\/strong><\/strong><\/p>\n\n\n\n<p class=\"has-text-align-justify\" style=\"font-size:15px\">EEL Energy, the wave-generating tidal turbine, has moved into the testing phase under real conditions ... and the results are good!!! News with \u00abthe EEL gang\u00bb \ud83d\ude09 :<\/p>\n\n\n\n<div class=\"wp-block-columns is-layout-flex wp-container-core-columns-is-layout-9d6595d7 wp-block-columns-is-layout-flex\">\n<div class=\"wp-block-column is-layout-flow wp-block-column-is-layout-flow\" style=\"flex-basis:33.33%\">\n<figure class=\"wp-block-embed is-type-video is-provider-youtube wp-block-embed-youtube wp-embed-aspect-16-9 wp-has-aspect-ratio\"><div class=\"wp-block-embed__wrapper\">\n<div class=\"jetpack-video-wrapper\"><span class=\"embed-youtube\" style=\"text-align:center; display: block;\"><iframe loading=\"lazy\" class=\"youtube-player\" width=\"676\" height=\"381\" src=\"https:\/\/www.youtube.com\/embed\/VOHwJb7g4DQ?version=3&#038;rel=1&#038;showsearch=0&#038;showinfo=1&#038;iv_load_policy=1&#038;fs=1&#038;hl=en-GB&#038;autohide=2&#038;wmode=transparent&#038;listType=playlist&#038;list=PL6X0Z1l43EfkdKhIJaKpeQ0UwiPK5yDix\" allowfullscreen=\"true\" style=\"border:0;\" sandbox=\"allow-scripts allow-same-origin allow-popups allow-presentation allow-popups-to-escape-sandbox\"><\/iframe><\/span><\/div>\n<\/div><\/figure>\n<\/div>\n\n\n\n<div class=\"wp-block-column is-layout-flow wp-block-column-is-layout-flow\" style=\"flex-basis:66.66%\">\n<ul style=\"font-size:15px\" class=\"wp-block-list\">\n<li><strong>Franck Sylvain<\/strong>, CEO of EEL Energy, accompanied by the project's partners, associates and supporters:<\/li>\n\n\n\n<li><strong>Francois Frisquet<\/strong>, CEO of Chaudi\u00e8res Frisquet<\/li>\n\n\n\n<li><strong>Tahar Zgolli<\/strong>, Sales Engineer, Hutchinson<\/li>\n\n\n\n<li><strong>G\u00e9raldine Gandveau<\/strong>, Marketing and Communication Manager 3DEXPERIENCE Lab, Dassault Syst\u00e8mes<\/li>\n\n\n\n<li><strong>Gr\u00e9gory Germain<\/strong>, researcher, in charge of the test tank, Ifremer<\/li>\n<\/ul>\n<\/div>\n<\/div>\n\n\n\n<hr class=\"wp-block-separator has-alpha-channel-opacity\"\/>\n\n\n\n<p class=\"has-text-align-justify\" style=\"font-size:18px\">2019 <strong><strong><span style=\"color: #ff6600;\"><span class=\"s2\"><b>[ <strong><strong><span style=\"color: #ff6600;\"><span class=\"s2\"><b><strong><strong><span style=\"color: #ff6600;\"><span class=\"s2\"><b>Lost in Transition, Emmanuel DELANNOY <\/b><\/span><\/span><\/strong><\/strong><\/b><\/span><\/span><\/strong><\/strong><\/b><\/span><\/span><\/strong><\/strong><\/p>\n\n\n\n<p class=\"has-text-align-justify\" style=\"font-size:15px\">\u00abLost in translation\u00bb, by Emmanuel Delannoy, Pikaia associate consultant, author of \u00abPerma\u00e9conomie\u00bb and \u00abL'\u00e9conomie expliqu\u00e9e aux humains\u00bb published by Wildproject, and contributor to numerous collective works, including the \u00abDictionnaire de la pens\u00e9e \u00e9cologique\u00bb (PUF); \u00abHumanit\u00e9 et biodiversit\u00e9, manifeste pour une nouvelle alliance\u00bb (Descartes et Cie); and the guide \u00abNatureParif Entreprises, relevez le d\u00e9fi de la biodiversit\u00e9\u00bb.<\/p>\n\n\n\n<div class=\"wp-block-columns is-layout-flex wp-container-core-columns-is-layout-9d6595d7 wp-block-columns-is-layout-flex\">\n<div class=\"wp-block-column is-layout-flow wp-block-column-is-layout-flow\" style=\"flex-basis:33.33%\">\n<figure class=\"wp-block-embed is-type-video is-provider-youtube wp-block-embed-youtube wp-embed-aspect-16-9 wp-has-aspect-ratio\"><div class=\"wp-block-embed__wrapper\">\n<div class=\"jetpack-video-wrapper\"><span class=\"embed-youtube\" style=\"text-align:center; display: block;\"><iframe loading=\"lazy\" class=\"youtube-player\" width=\"676\" height=\"381\" src=\"https:\/\/www.youtube.com\/embed\/byt8LOExTT4?version=3&#038;rel=1&#038;showsearch=0&#038;showinfo=1&#038;iv_load_policy=1&#038;fs=1&#038;hl=en-GB&#038;autohide=2&#038;wmode=transparent&#038;listType=playlist&#038;list=PL6X0Z1l43EfkdKhIJaKpeQ0UwiPK5yDix\" allowfullscreen=\"true\" style=\"border:0;\" sandbox=\"allow-scripts allow-same-origin allow-popups allow-presentation allow-popups-to-escape-sandbox\"><\/iframe><\/span><\/div>\n<\/div><\/figure>\n<\/div>\n\n\n\n<div class=\"wp-block-column is-layout-flow wp-block-column-is-layout-flow\" style=\"flex-basis:66.66%\">\n<ul style=\"font-size:15px\" class=\"wp-block-list\">\n<li><strong>Emmanuel Delannoy<\/strong>, Pikaia associate consultant, author of \u00abPerma\u00e9conomie\u00bb and \u00abL'\u00e9conomie expliqu\u00e9e aux humains\u00bb.\u00bb<\/li>\n<\/ul>\n<\/div>\n<\/div>\n\n\n\n<hr class=\"wp-block-separator has-alpha-channel-opacity\"\/>\n\n\n\n<p class=\"has-text-align-justify\" style=\"font-size:18px\">2019 <strong><strong><span style=\"color: #ff6600;\"><span class=\"s2\"><b>[ <strong><strong><span style=\"color: #ff6600;\"><span class=\"s2\"><b><strong><strong><span style=\"color: #ff6600;\"><span class=\"s2\"><b>Emmanuelle WARGON, Biomimicry and the challenges of biodiversity<\/b><\/span><\/span><\/strong><\/strong><\/b><\/span><\/span><\/strong><\/strong><\/b><\/span><\/span><\/strong><\/strong><\/p>\n\n\n\n<p class=\"has-text-align-justify\" style=\"font-size:15px\">Biomimicry and the challenges of biodiversity. <\/p>\n\n\n\n<div class=\"wp-block-columns is-layout-flex wp-container-core-columns-is-layout-9d6595d7 wp-block-columns-is-layout-flex\">\n<div class=\"wp-block-column is-layout-flow wp-block-column-is-layout-flow\" style=\"flex-basis:33.33%\">\n<figure class=\"wp-block-embed is-type-video is-provider-youtube wp-block-embed-youtube wp-embed-aspect-16-9 wp-has-aspect-ratio\"><div class=\"wp-block-embed__wrapper\">\n<div class=\"jetpack-video-wrapper\"><span class=\"embed-youtube\" style=\"text-align:center; display: block;\"><iframe loading=\"lazy\" class=\"youtube-player\" width=\"676\" height=\"381\" src=\"https:\/\/www.youtube.com\/embed\/xuM2rD4yrsU?version=3&#038;rel=1&#038;showsearch=0&#038;showinfo=1&#038;iv_load_policy=1&#038;fs=1&#038;hl=en-GB&#038;autohide=2&#038;wmode=transparent&#038;listType=playlist&#038;list=PL6X0Z1l43EfkdKhIJaKpeQ0UwiPK5yDix\" allowfullscreen=\"true\" style=\"border:0;\" sandbox=\"allow-scripts allow-same-origin allow-popups allow-presentation allow-popups-to-escape-sandbox\"><\/iframe><\/span><\/div>\n<\/div><\/figure>\n<\/div>\n\n\n\n<div class=\"wp-block-column is-layout-flow wp-block-column-is-layout-flow\" style=\"flex-basis:66.66%\">\n<ul style=\"font-size:15px\" class=\"wp-block-list\">\n<li><strong>Emmanuelle Wargon<\/strong>, Secretary of State to the Minister for Ecological Transition and Solidarity.<\/li>\n<\/ul>\n<\/div>\n<\/div>\n\n\n\n<hr class=\"wp-block-separator has-alpha-channel-opacity\"\/>\n\n\n\n<p class=\"has-text-align-justify\" style=\"font-size:18px\">2019 <strong><strong><span style=\"color: #ff6600;\"><span class=\"s2\"><b>[ <strong><strong><span style=\"color: #ff6600;\"><span class=\"s2\"><b><strong><strong><span style=\"color: #ff6600;\"><span class=\"s2\"><b>RETURNING THE FAVOUR: TAKING INSPIRATION FROM THE LIVING TO SERVE THE LIVING, FOR BIOMIMICRY THAT BENEFITS ITS BIODIVERSITY MUSE <\/b><\/span><\/span><\/strong><\/strong><\/b><\/span><\/span><\/strong><\/strong><\/b><\/span><\/span><\/strong><\/strong><\/p>\n\n\n\n<p class=\"has-text-align-justify\" style=\"font-size:15px\">Biodiversity is the source of inspiration for biomimicry. It is also a living capital that is collapsing before our eyes, as citizens, researchers and entrepreneurs. How can biomimicry - also - serve biodiversity to protect and regenerate it?<\/p>\n\n\n\n<div class=\"wp-block-columns is-layout-flex wp-container-core-columns-is-layout-9d6595d7 wp-block-columns-is-layout-flex\">\n<div class=\"wp-block-column is-layout-flow wp-block-column-is-layout-flow\" style=\"flex-basis:33.33%\">\n<figure class=\"wp-block-embed is-type-video is-provider-youtube wp-block-embed-youtube wp-embed-aspect-16-9 wp-has-aspect-ratio\"><div class=\"wp-block-embed__wrapper\">\n<div class=\"jetpack-video-wrapper\"><span class=\"embed-youtube\" style=\"text-align:center; display: block;\"><iframe loading=\"lazy\" class=\"youtube-player\" width=\"676\" height=\"381\" src=\"https:\/\/www.youtube.com\/embed\/i0Y78J15zH8?version=3&#038;rel=1&#038;showsearch=0&#038;showinfo=1&#038;iv_load_policy=1&#038;fs=1&#038;hl=en-GB&#038;autohide=2&#038;wmode=transparent&#038;listType=playlist&#038;list=PL6X0Z1l43EfkdKhIJaKpeQ0UwiPK5yDix\" allowfullscreen=\"true\" style=\"border:0;\" sandbox=\"allow-scripts allow-same-origin allow-popups allow-presentation allow-popups-to-escape-sandbox\"><\/iframe><\/span><\/div>\n<\/div><\/figure>\n<\/div>\n\n\n\n<div class=\"wp-block-column is-layout-flow wp-block-column-is-layout-flow\" style=\"flex-basis:66.66%\">\n<ul style=\"font-size:15px\" class=\"wp-block-list\">\n<li><strong>Gilles Boeuf<\/strong>, Chairman of the Scientific Council of the Agence Fran\u00e7aise pour la Biodiversit\u00e9 (AFB); Professor at Sorbonne University; first Chairman of Ceebios; former Chairman of the Mus\u00e9um National d'Histoire Naturelle. <\/li>\n\n\n\n<li><strong>Emmanuel Delannoy<\/strong>, a Pikaia associate consultant and author of \u00abPerma\u00e9conomie\u00bb and \u00abL'\u00e9conomie expliqu\u00e9e aux humains\u00bb. <\/li>\n\n\n\n<li><strong>Aur\u00e9lie Pontal<\/strong>, Head of Partnerships, Corporate Engagement Manager, WWF France <\/li>\n\n\n\n<li><strong>Nathalie Devulder<\/strong>, Director of Sustainable Development, R\u00e9seau de Transport d'\u00c9lectricit\u00e9 RTE<\/li>\n<\/ul>\n<\/div>\n<\/div>\n\n\n\n<hr class=\"wp-block-separator has-alpha-channel-opacity\"\/>\n\n\n\n<p class=\"has-text-align-justify\" style=\"font-size:18px\">2019 <strong><strong><span style=\"color: #ff6600;\"><span class=\"s2\"><b>[ <strong><strong><span style=\"color: #ff6600;\"><span class=\"s2\"><b><strong><strong><span style=\"color: #ff6600;\"><span class=\"s2\"><b>From sea to land<\/b><\/span><\/span><\/strong><\/strong><\/b><\/span><\/span><\/strong><\/strong><\/b><\/span><\/span><\/strong><\/strong><\/p>\n\n\n\n<p class=\"has-text-align-justify\" style=\"font-size:15px\">And what if re-inspiring ourselves from the living would help us to become aware of our common destiny as a species? To reconnect with our biotope in harmonious and happy dependence? Will we be able to think and react in collective intelligence? Or will we be the - supposedly superior - species with the shortest life span on planet Earth, the living planet.<\/p>\n\n\n\n<div class=\"wp-block-columns is-layout-flex wp-container-core-columns-is-layout-9d6595d7 wp-block-columns-is-layout-flex\">\n<div class=\"wp-block-column is-layout-flow wp-block-column-is-layout-flow\" style=\"flex-basis:33.33%\">\n<figure class=\"wp-block-embed is-type-video is-provider-youtube wp-block-embed-youtube wp-embed-aspect-16-9 wp-has-aspect-ratio\"><div class=\"wp-block-embed__wrapper\">\n<div class=\"jetpack-video-wrapper\"><span class=\"embed-youtube\" style=\"text-align:center; display: block;\"><iframe loading=\"lazy\" class=\"youtube-player\" width=\"676\" height=\"381\" src=\"https:\/\/www.youtube.com\/embed\/cBH9k1PXgwQ?version=3&#038;rel=1&#038;showsearch=0&#038;showinfo=1&#038;iv_load_policy=1&#038;fs=1&#038;hl=en-GB&#038;autohide=2&#038;wmode=transparent&#038;listType=playlist&#038;list=PL6X0Z1l43EfkdKhIJaKpeQ0UwiPK5yDix\" allowfullscreen=\"true\" style=\"border:0;\" sandbox=\"allow-scripts allow-same-origin allow-popups allow-presentation allow-popups-to-escape-sandbox\"><\/iframe><\/span><\/div>\n<\/div><\/figure>\n<\/div>\n\n\n\n<div class=\"wp-block-column is-layout-flow wp-block-column-is-layout-flow\" style=\"flex-basis:66.66%\">\n<ul style=\"font-size:15px\" class=\"wp-block-list\">\n<li>Hosted by <strong>Sabine Roux de B\u00e9zieux<\/strong>, President of the Fondation de la Mer. Marine biodiversity, humanity's treasure and future, and with : <\/li>\n\n\n\n<li><strong>Yvan Bourgnon<\/strong>, navigator, adventurer, ecologist; president and founder of The SeaCleaners. Cleaning up the ocean, a moral duty and a requirement for resilience. <\/li>\n\n\n\n<li><strong>Tarik Chekchak<\/strong>, Director of the Biomimicry Department at the Institut des Futurs souhaitables; associate expert at PIKAIA; former Director of Science and Environment at Equipe Cousteau. <\/li>\n\n\n\n<li><strong>Marie-Agn\u00e8s Dupouey<\/strong>Director of Blue Growth, New Aquitaine Region. Biomimicry as a strategic regional, technological, scientific and political project is also a work of team leadership and ecosystem symbiosis.<\/li>\n<\/ul>\n<\/div>\n<\/div>\n\n\n\n<hr class=\"wp-block-separator has-alpha-channel-opacity\"\/>\n\n\n\n<p class=\"has-text-align-justify\" style=\"font-size:18px\">2019 <strong><strong><span style=\"color: #ff6600;\"><span class=\"s2\"><b>[ <strong><strong><span style=\"color: #ff6600;\"><span class=\"s2\"><b><strong><strong><span style=\"color: #ff6600;\"><span class=\"s2\"><b>Christophe Goupil: Urban metabolism: what if the city were an animal? <\/b><\/span><\/span><\/strong><\/strong><\/b><\/span><\/span><\/strong><\/strong><\/b><\/span><\/span><\/strong><\/strong><\/p>\n\n\n\n<p class=\"has-text-align-justify\" style=\"font-size:15px\">By looking at how an animal functions when under stress, we propose to analyse some of the lessons learned from this bio-inspired view of living beings in their environment. Some of the questions that populate our debates are shed in a new, sometimes unexpected light: Do circular flows go round in circles? Do metabolisms always function optimally? What is optimal functioning? Why are divergent flows the rule in our cities? Who governs metabolic dynamics: flows, waste, counter-reactions? Why are buildings not so intelligent and users not so stupid? How do users confirm the second law of thermodynamics? Beyond purely technical observations, we propose to consider these bio-inspired insights as food for thought, enabling us to move away from metaphors and anchor our decisions as closely as possible to physical realities on the one hand, and social and cultural realities on the other. After all, doesn't urban metabolism mean above all that we are the animals that bring our cities to life?<\/p>\n\n\n\n<div class=\"wp-block-columns is-layout-flex wp-container-core-columns-is-layout-9d6595d7 wp-block-columns-is-layout-flex\">\n<div class=\"wp-block-column is-layout-flow wp-block-column-is-layout-flow\" style=\"flex-basis:33.33%\">\n<figure class=\"wp-block-embed is-type-video is-provider-youtube wp-block-embed-youtube wp-embed-aspect-16-9 wp-has-aspect-ratio\"><div class=\"wp-block-embed__wrapper\">\n<div class=\"jetpack-video-wrapper\"><span class=\"embed-youtube\" style=\"text-align:center; display: block;\"><iframe loading=\"lazy\" class=\"youtube-player\" width=\"676\" height=\"381\" src=\"https:\/\/www.youtube.com\/embed\/O1JOIw04Cac?version=3&#038;rel=1&#038;showsearch=0&#038;showinfo=1&#038;iv_load_policy=1&#038;fs=1&#038;hl=en-GB&#038;autohide=2&#038;wmode=transparent\" allowfullscreen=\"true\" style=\"border:0;\" sandbox=\"allow-scripts allow-same-origin allow-popups allow-presentation allow-popups-to-escape-sandbox\"><\/iframe><\/span><\/div>\n<\/div><\/figure>\n<\/div>\n\n\n\n<div class=\"wp-block-column is-layout-flow wp-block-column-is-layout-flow\" style=\"flex-basis:66.66%\">\n<ul style=\"font-size:15px\" class=\"wp-block-list\">\n<li><strong>Christophe Goupil<\/strong>, Christophe Goupil, Professor at the University of Paris (Diderot); DyCo Team, LIED\/Laboratoire Interdisciplinaire des Energies de Demain.<\/li>\n<\/ul>\n<\/div>\n<\/div>\n\n\n\n<hr class=\"wp-block-separator has-alpha-channel-opacity\"\/>\n\n\n\n<p class=\"has-text-align-justify\" style=\"font-size:18px\">2019 <strong><strong><span style=\"color: #ff6600;\"><span class=\"s2\"><b>[ <strong><strong><span style=\"color: #ff6600;\"><span class=\"s2\"><b><strong><strong><span style=\"color: #ff6600;\"><span class=\"s2\"><b>Karim Lapp: Biomimicry to the rescue of territories <\/b><\/span><\/span><\/strong><\/strong><\/b><\/span><\/span><\/strong><\/strong><\/b><\/span><\/span><\/strong><\/strong><\/p>\n\n\n\n<p class=\"has-text-align-justify\" style=\"font-size:15px\">How can other living things help us to make good decisions?<\/p>\n\n\n\n<div class=\"wp-block-columns is-layout-flex wp-container-core-columns-is-layout-9d6595d7 wp-block-columns-is-layout-flex\">\n<div class=\"wp-block-column is-layout-flow wp-block-column-is-layout-flow\" style=\"flex-basis:33.33%\">\n<figure class=\"wp-block-embed is-type-video is-provider-youtube wp-block-embed-youtube wp-embed-aspect-16-9 wp-has-aspect-ratio\"><div class=\"wp-block-embed__wrapper\">\n<div class=\"jetpack-video-wrapper\"><span class=\"embed-youtube\" style=\"text-align:center; display: block;\"><iframe loading=\"lazy\" class=\"youtube-player\" width=\"676\" height=\"381\" src=\"https:\/\/www.youtube.com\/embed\/1S6j7UeIkvY?version=3&#038;rel=1&#038;showsearch=0&#038;showinfo=1&#038;iv_load_policy=1&#038;fs=1&#038;hl=en-GB&#038;autohide=2&#038;wmode=transparent\" allowfullscreen=\"true\" style=\"border:0;\" sandbox=\"allow-scripts allow-same-origin allow-popups allow-presentation allow-popups-to-escape-sandbox\"><\/iframe><\/span><\/div>\n<\/div><\/figure>\n<\/div>\n\n\n\n<div class=\"wp-block-column is-layout-flow wp-block-column-is-layout-flow\" style=\"flex-basis:66.66%\">\n<ul style=\"font-size:15px\" class=\"wp-block-list\">\n<li><strong>Karim Lapp<\/strong>, Independent researcher in Biomimicry. Co-founder and former Secretary General of Biomimcry Europa. Chairman of Agir pour l'Environnement<\/li>\n<\/ul>\n<\/div>\n<\/div>\n\n\n\n<hr class=\"wp-block-separator has-alpha-channel-opacity\"\/>\n\n\n\n<p class=\"has-text-align-justify\" style=\"font-size:18px\">2019 <strong><strong><span style=\"color: #ff6600;\"><span class=\"s2\"><b>[ <strong><strong><span style=\"color: #ff6600;\"><span class=\"s2\"><b><strong><strong><span style=\"color: #ff6600;\"><span class=\"s2\"><b>S\u00e9bastien Maire: The resilient city, transition through balance and confluence <\/b><\/span><\/span><\/strong><\/strong><\/b><\/span><\/span><\/strong><\/strong><\/b><\/span><\/span><\/strong><\/strong><\/p>\n\n\n\n<p class=\"has-text-align-justify\" style=\"font-size:15px\">The resilient city, transition through balance and confluence: a holistic and symbiotic approach in line with the major principles of resilience in natural ecosystems. Definition, feedback and illustrations with concrete examples.<\/p>\n\n\n\n<div class=\"wp-block-columns is-layout-flex wp-container-core-columns-is-layout-9d6595d7 wp-block-columns-is-layout-flex\">\n<div class=\"wp-block-column is-layout-flow wp-block-column-is-layout-flow\" style=\"flex-basis:33.33%\">\n<figure class=\"wp-block-embed is-type-video is-provider-youtube wp-block-embed-youtube wp-embed-aspect-16-9 wp-has-aspect-ratio\"><div class=\"wp-block-embed__wrapper\">\n<div class=\"jetpack-video-wrapper\"><span class=\"embed-youtube\" style=\"text-align:center; display: block;\"><iframe loading=\"lazy\" class=\"youtube-player\" width=\"676\" height=\"381\" src=\"https:\/\/www.youtube.com\/embed\/qlbKVwo_T3A?version=3&#038;rel=1&#038;showsearch=0&#038;showinfo=1&#038;iv_load_policy=1&#038;fs=1&#038;hl=en-GB&#038;autohide=2&#038;wmode=transparent\" allowfullscreen=\"true\" style=\"border:0;\" sandbox=\"allow-scripts allow-same-origin allow-popups allow-presentation allow-popups-to-escape-sandbox\"><\/iframe><\/span><\/div>\n<\/div><\/figure>\n<\/div>\n\n\n\n<div class=\"wp-block-column is-layout-flow wp-block-column-is-layout-flow\" style=\"flex-basis:66.66%\">\n<ul style=\"font-size:15px\" class=\"wp-block-list\">\n<li><strong>S\u00e9bastien Maire<\/strong>Chief Officer for Ecological Transition and Resilience, General Secretariat of the City of Paris.<\/li>\n<\/ul>\n<\/div>\n<\/div>\n\n\n\n<hr class=\"wp-block-separator has-alpha-channel-opacity\"\/>\n\n\n\n<p class=\"has-text-align-justify\" style=\"font-size:18px\">2019 <strong><strong><span style=\"color: #ff6600;\"><span class=\"s2\"><b>[ <strong><strong><span style=\"color: #ff6600;\"><span class=\"s2\"><b><strong><strong><span style=\"color: #ff6600;\"><span class=\"s2\"><b>Marion Waller: stop designing our buildings just for people<\/b><\/span><\/span><\/strong><\/strong><\/b><\/span><\/span><\/strong><\/strong><\/b><\/span><\/span><\/strong><\/strong><\/p>\n\n\n\n<p class=\"has-text-align-justify\" style=\"font-size:15px\">What are the conditions for legitimate and responsible ecological restoration, for positive and regenerative human intervention in nature?<\/p>\n\n\n\n<div class=\"wp-block-columns is-layout-flex wp-container-core-columns-is-layout-9d6595d7 wp-block-columns-is-layout-flex\">\n<div class=\"wp-block-column is-layout-flow wp-block-column-is-layout-flow\" style=\"flex-basis:33.33%\">\n<figure class=\"wp-block-embed is-type-video is-provider-youtube wp-block-embed-youtube wp-embed-aspect-16-9 wp-has-aspect-ratio\"><div class=\"wp-block-embed__wrapper\">\n<div class=\"jetpack-video-wrapper\"><span class=\"embed-youtube\" style=\"text-align:center; display: block;\"><iframe loading=\"lazy\" class=\"youtube-player\" width=\"676\" height=\"381\" src=\"https:\/\/www.youtube.com\/embed\/BS7nzHL9azs?version=3&#038;rel=1&#038;showsearch=0&#038;showinfo=1&#038;iv_load_policy=1&#038;fs=1&#038;hl=en-GB&#038;autohide=2&#038;wmode=transparent\" allowfullscreen=\"true\" style=\"border:0;\" sandbox=\"allow-scripts allow-same-origin allow-popups allow-presentation allow-popups-to-escape-sandbox\"><\/iframe><\/span><\/div>\n<\/div><\/figure>\n<\/div>\n\n\n\n<div class=\"wp-block-column is-layout-flow wp-block-column-is-layout-flow\" style=\"flex-basis:66.66%\">\n<ul style=\"font-size:15px\" class=\"wp-block-list\">\n<li><strong>Marion Waller<\/strong>, Marion Waller is an environmental philosopher and deputy chief of staff to Jean-Louis Missika, deputy mayor of Paris. Marion Waller is also the author of \u00abArtefacts naturels\u00bb (\u00e9ditions de l'Eclat).<\/li>\n<\/ul>\n<\/div>\n<\/div>\n\n\n\n<hr class=\"wp-block-separator has-alpha-channel-opacity\"\/>\n\n\n\n<p class=\"has-text-align-justify\" style=\"font-size:18px\">2019 <strong><strong><span style=\"color: #ff6600;\"><span class=\"s2\"><b>[ <strong><strong><span style=\"color: #ff6600;\"><span class=\"s2\"><b><strong><strong><span style=\"color: #ff6600;\"><span class=\"s2\"><b>Pascale Dalix: when biodiversity goes back to school <\/b><\/span><\/span><\/strong><\/strong><\/b><\/span><\/span><\/strong><\/strong><\/b><\/span><\/span><\/strong><\/strong><\/p>\n\n\n\n<p class=\"has-text-align-justify\" style=\"font-size:15px\">The primary school for science and biodiversity in Boulogne-Billancourt (92): when the reintegration of biodiversity through the creation of an ecosystem of soil-wall-roof connections inspired by the fringes also plays into the pedagogical and educational projects. A textbook case!<\/p>\n\n\n\n<div class=\"wp-block-columns is-layout-flex wp-container-core-columns-is-layout-9d6595d7 wp-block-columns-is-layout-flex\">\n<div class=\"wp-block-column is-layout-flow wp-block-column-is-layout-flow\" style=\"flex-basis:33.33%\">\n<figure class=\"wp-block-embed is-type-video is-provider-youtube wp-block-embed-youtube wp-embed-aspect-16-9 wp-has-aspect-ratio\"><div class=\"wp-block-embed__wrapper\">\n<div class=\"jetpack-video-wrapper\"><span class=\"embed-youtube\" style=\"text-align:center; display: block;\"><iframe loading=\"lazy\" class=\"youtube-player\" width=\"676\" height=\"381\" src=\"https:\/\/www.youtube.com\/embed\/FgmlHkLRpAc?version=3&#038;rel=1&#038;showsearch=0&#038;showinfo=1&#038;iv_load_policy=1&#038;fs=1&#038;hl=en-GB&#038;autohide=2&#038;wmode=transparent\" allowfullscreen=\"true\" style=\"border:0;\" sandbox=\"allow-scripts allow-same-origin allow-popups allow-presentation allow-popups-to-escape-sandbox\"><\/iframe><\/span><\/div>\n<\/div><\/figure>\n<\/div>\n\n\n\n<div class=\"wp-block-column is-layout-flow wp-block-column-is-layout-flow\" style=\"flex-basis:66.66%\">\n<ul style=\"font-size:15px\" class=\"wp-block-list\">\n<li><strong>Pascale Dalix<\/strong>, ChartierDalix, urban planner and co-founder of the ChartierDalix agency with Fr\u00e9d\u00e9ric Chartier since 2008. A look back at the new Ecole primaire des Sciences et de la Biodiversit\u00e9 in Boulogne-Billancourt.<\/li>\n<\/ul>\n<\/div>\n<\/div>\n\n\n\n<hr class=\"wp-block-separator has-alpha-channel-opacity\"\/>\n\n\n\n<p class=\"has-text-align-justify\" style=\"font-size:18px\">2019 <strong><strong><span style=\"color: #ff6600;\"><span class=\"s2\"><b>[ Lo\u00efs Tavernier: presentation of the TEKASA'I project<\/b><\/span><\/span><\/strong><\/strong><\/p>\n\n\n\n<p class=\"has-text-align-justify\" style=\"font-size:15px\">Presentation of the \u00abTEKASA'I\u00bb project, a bamboo habitat on water inspired by mangroves in response to the challenges of rising waters in Bangladesh. 2018 Coup de coeur prize in the Jacques Rougerie Foundation International Architecture Competition.<\/p>\n\n\n\n<div class=\"wp-block-columns is-layout-flex wp-container-core-columns-is-layout-9d6595d7 wp-block-columns-is-layout-flex\">\n<div class=\"wp-block-column is-layout-flow wp-block-column-is-layout-flow\" style=\"flex-basis:33.33%\">\n<figure class=\"wp-block-embed is-type-video is-provider-youtube wp-block-embed-youtube wp-embed-aspect-16-9 wp-has-aspect-ratio\"><div class=\"wp-block-embed__wrapper\">\n<div class=\"jetpack-video-wrapper\"><span class=\"embed-youtube\" style=\"text-align:center; display: block;\"><iframe loading=\"lazy\" class=\"youtube-player\" width=\"676\" height=\"381\" src=\"https:\/\/www.youtube.com\/embed\/C1-Io939HMI?version=3&#038;rel=1&#038;showsearch=0&#038;showinfo=1&#038;iv_load_policy=1&#038;fs=1&#038;hl=en-GB&#038;autohide=2&#038;wmode=transparent\" allowfullscreen=\"true\" style=\"border:0;\" sandbox=\"allow-scripts allow-same-origin allow-popups allow-presentation allow-popups-to-escape-sandbox\"><\/iframe><\/span><\/div>\n<\/div><\/figure>\n<\/div>\n\n\n\n<div class=\"wp-block-column is-layout-flow wp-block-column-is-layout-flow\" style=\"flex-basis:66.66%\">\n<ul style=\"font-size:15px\" class=\"wp-block-list\">\n<li><strong>Lo\u00efs Tavernier<\/strong>architect designer.<\/li>\n<\/ul>\n<\/div>\n<\/div>\n\n\n\n<hr class=\"wp-block-separator has-alpha-channel-opacity\"\/>\n\n\n\n<p class=\"has-text-align-justify\" style=\"font-size:18px\">2019 <strong><strong><span style=\"color: #ff6600;\"><span class=\"s2\"><b>[ <strong><strong>Pierre Darmet: call to action for a \u00abNATURAL CITY\u00bb<span style=\"color: #ff6600;\"><span class=\"s2\"><b><strong><strong><span style=\"color: #ff6600;\"><span class=\"s2\"><b> <\/b><\/span><\/span><\/strong><\/strong><\/b><\/span><\/span><\/strong><\/strong><\/b><\/span><\/span><\/strong><\/strong><\/p>\n\n\n\n<div class=\"wp-block-columns is-layout-flex wp-container-core-columns-is-layout-9d6595d7 wp-block-columns-is-layout-flex\">\n<div class=\"wp-block-column is-layout-flow wp-block-column-is-layout-flow\" style=\"flex-basis:33.33%\">\n<figure class=\"wp-block-embed is-type-video is-provider-youtube wp-block-embed-youtube wp-embed-aspect-16-9 wp-has-aspect-ratio\"><div class=\"wp-block-embed__wrapper\">\n<div class=\"jetpack-video-wrapper\"><span class=\"embed-youtube\" style=\"text-align:center; display: block;\"><iframe loading=\"lazy\" class=\"youtube-player\" width=\"676\" height=\"381\" src=\"https:\/\/www.youtube.com\/embed\/wRUJlgdrJUw?version=3&#038;rel=1&#038;showsearch=0&#038;showinfo=1&#038;iv_load_policy=1&#038;fs=1&#038;hl=en-GB&#038;autohide=2&#038;wmode=transparent\" allowfullscreen=\"true\" style=\"border:0;\" sandbox=\"allow-scripts allow-same-origin allow-popups allow-presentation allow-popups-to-escape-sandbox\"><\/iframe><\/span><\/div>\n<\/div><\/figure>\n<\/div>\n\n\n\n<div class=\"wp-block-column is-layout-flow wp-block-column-is-layout-flow\" style=\"flex-basis:66.66%\">\n<ul style=\"font-size:15px\" class=\"wp-block-list\">\n<li><strong>Pierre Darmet<\/strong>Marketing and Business Development Director of Jardins de Gally, Secretary General of CIBI, the International Biodiversity and Real Estate Council.<\/li>\n<\/ul>\n<\/div>\n<\/div>\n\n\n\n<hr class=\"wp-block-separator has-alpha-channel-opacity\"\/>\n\n\n\n<p class=\"has-text-align-justify\" style=\"font-size:18px\">2019 <strong><strong><span style=\"color: #ff6600;\"><span class=\"s2\"><b>[ <strong><strong><span style=\"color: #ff6600;\"><span class=\"s2\"><b><strong><strong><span style=\"color: #ff6600;\"><span class=\"s2\"><b>J\u00e9r\u00f4me PERRIN: bio-inspired urban mobility? <\/b><\/span><\/span><\/strong><\/strong><\/b><\/span><\/span><\/strong><\/strong><\/b><\/span><\/span><\/strong><\/strong><\/p>\n\n\n\n<p class=\"has-text-align-justify\" style=\"font-size:15px\"><br>A forward-looking vision of bio-inspired urban mobility up to 2050: the sharing and functionality economy, flow and data management, energy, adaptation to climate challenges... the city of tomorrow, a laboratory for innovation in a new mobility offering.<\/p>\n\n\n\n<div class=\"wp-block-columns is-layout-flex wp-container-core-columns-is-layout-9d6595d7 wp-block-columns-is-layout-flex\">\n<div class=\"wp-block-column is-layout-flow wp-block-column-is-layout-flow\" style=\"flex-basis:33.33%\">\n<figure class=\"wp-block-embed is-type-video is-provider-youtube wp-block-embed-youtube wp-embed-aspect-16-9 wp-has-aspect-ratio\"><div class=\"wp-block-embed__wrapper\">\n<div class=\"jetpack-video-wrapper\"><span class=\"embed-youtube\" style=\"text-align:center; display: block;\"><iframe loading=\"lazy\" class=\"youtube-player\" width=\"676\" height=\"381\" src=\"https:\/\/www.youtube.com\/embed\/sksYdii3Kjs?version=3&#038;rel=1&#038;showsearch=0&#038;showinfo=1&#038;iv_load_policy=1&#038;fs=1&#038;hl=en-GB&#038;autohide=2&#038;start=87&#038;wmode=transparent\" allowfullscreen=\"true\" style=\"border:0;\" sandbox=\"allow-scripts allow-same-origin allow-popups allow-presentation allow-popups-to-escape-sandbox\"><\/iframe><\/span><\/div>\n<\/div><\/figure>\n<\/div>\n\n\n\n<div class=\"wp-block-column is-layout-flow wp-block-column-is-layout-flow\" style=\"flex-basis:66.66%\">\n<ul style=\"font-size:15px\" class=\"wp-block-list\">\n<li><strong>J\u00e9r\u00f4me Perrin<\/strong>Renault's scientific director.<\/li>\n<\/ul>\n<\/div>\n<\/div>\n\n\n\n<hr class=\"wp-block-separator has-alpha-channel-opacity\"\/>\n\n\n\n<p class=\"has-text-align-justify\" style=\"font-size:18px\">2019 <strong><strong><span style=\"color: #ff6600;\"><span class=\"s2\"><b>[ <strong><strong><span style=\"color: #ff6600;\"><span class=\"s2\"><b><strong><strong><span style=\"color: #ff6600;\"><span class=\"s2\"><b>Elodie Stephan: reintegrating the water cycle into cities <\/b><\/span><\/span><\/strong><\/strong><\/b><\/span><\/span><\/strong><\/strong><\/b><\/span><\/span><\/strong><\/strong><\/p>\n\n\n\n<p class=\"has-text-align-justify\" style=\"font-size:15px\">Reintegrating the water cycle for a modular landscape design that offers alternative rainwater management by creating a synergy between water and plants at the heart of the public space.<\/p>\n\n\n\n<div class=\"wp-block-columns is-layout-flex wp-container-core-columns-is-layout-9d6595d7 wp-block-columns-is-layout-flex\">\n<div class=\"wp-block-column is-layout-flow wp-block-column-is-layout-flow\" style=\"flex-basis:33.33%\">\n<figure class=\"wp-block-embed is-type-video is-provider-youtube wp-block-embed-youtube wp-embed-aspect-16-9 wp-has-aspect-ratio\"><div class=\"wp-block-embed__wrapper\">\n<div class=\"jetpack-video-wrapper\"><span class=\"embed-youtube\" style=\"text-align:center; display: block;\"><iframe loading=\"lazy\" class=\"youtube-player\" width=\"676\" height=\"381\" src=\"https:\/\/www.youtube.com\/embed\/QjWPW73ciAc?version=3&#038;rel=1&#038;showsearch=0&#038;showinfo=1&#038;iv_load_policy=1&#038;fs=1&#038;hl=en-GB&#038;autohide=2&#038;wmode=transparent\" allowfullscreen=\"true\" style=\"border:0;\" sandbox=\"allow-scripts allow-same-origin allow-popups allow-presentation allow-popups-to-escape-sandbox\"><\/iframe><\/span><\/div>\n<\/div><\/figure>\n<\/div>\n\n\n\n<div class=\"wp-block-column is-layout-flow wp-block-column-is-layout-flow\" style=\"flex-basis:66.66%\">\n<ul style=\"font-size:15px\" class=\"wp-block-list\">\n<li><strong>Elodie Stephan<\/strong>, designer, creator of Bocage urbain in association with ICADE<\/li>\n<\/ul>\n<\/div>\n<\/div>\n\n\n\n<hr class=\"wp-block-separator has-alpha-channel-opacity\"\/>\n\n\n\n<p class=\"has-text-align-left\" style=\"font-size:18px\">2019 <strong><strong><span style=\"color: #ff6600;\"><span class=\"s2\"><b>[ <strong><strong><span style=\"color: #ff6600;\"><span class=\"s2\"><b><strong><strong><span style=\"color: #ff6600;\"><span class=\"s2\"><b>Claire Lesieur: rethinking traffic flows in cities by studying proteins? <\/b><\/span><\/span><\/strong><\/strong><\/b><\/span><\/span><\/strong><\/strong><\/b><\/span><\/span><\/strong><\/strong><\/p>\n\n\n\n<p class=\"has-text-align-justify\" style=\"font-size:15px\">From proteins to cities: how can we optimise the geography of cities to make exchanges and flows more fluid, taking inspiration from and modelling what the organisation of networks of atoms in proteins teaches us? We struggle to get pedestrians, cyclists, buses and cars to live together in the confined spaces of our cities. Yet natural systems can cope with densities of elements largely equivalent to those of our largest megalopolises, in a space that is often infinitesimally small, and with perfect control of their mobility. They are even capable, under the effect of disturbances such as internal changes (genetic mutations) or environmental changes, of adapting to maintain the mobility associated with a function. Their secret is the optimised management of shapes and arrangements of shapes in space to create customised empty spaces and thus supervise the desired mobility. Can we, like natural systems, modify the shape of our buildings and the way they are arranged in urban space to give us greater control over mobility?<\/p>\n\n\n\n<div class=\"wp-block-columns is-layout-flex wp-container-core-columns-is-layout-9d6595d7 wp-block-columns-is-layout-flex\">\n<div class=\"wp-block-column is-layout-flow wp-block-column-is-layout-flow\" style=\"flex-basis:33.33%\">\n<figure class=\"wp-block-embed is-type-video is-provider-youtube wp-block-embed-youtube wp-embed-aspect-16-9 wp-has-aspect-ratio\"><div class=\"wp-block-embed__wrapper\">\n<div class=\"jetpack-video-wrapper\"><span class=\"embed-youtube\" style=\"text-align:center; display: block;\"><iframe loading=\"lazy\" class=\"youtube-player\" width=\"676\" height=\"381\" src=\"https:\/\/www.youtube.com\/embed\/AQXxoTd9lS0?version=3&#038;rel=1&#038;showsearch=0&#038;showinfo=1&#038;iv_load_policy=1&#038;fs=1&#038;hl=en-GB&#038;autohide=2&#038;wmode=transparent\" allowfullscreen=\"true\" style=\"border:0;\" sandbox=\"allow-scripts allow-same-origin allow-popups allow-presentation allow-popups-to-escape-sandbox\"><\/iframe><\/span><\/div>\n<\/div><\/figure>\n<\/div>\n\n\n\n<div class=\"wp-block-column is-layout-flow wp-block-column-is-layout-flow\" style=\"flex-basis:66.66%\">\n<ul style=\"font-size:15px\" class=\"wp-block-list\">\n<li><strong>Claire Lesieur<\/strong>CNRS Research Fellow, Lyon Institute of Complex Systems (IXXI-ENS-Lyon) &amp; AMPERE Laboratory.<\/li>\n<\/ul>\n<\/div>\n<\/div>\n\n\n\n<hr class=\"wp-block-separator has-alpha-channel-opacity\"\/>\n\n\n\n<p class=\"has-text-align-left\" style=\"font-size:18px\">2019 <strong><strong><span style=\"color: #ff6600;\"><span class=\"s2\"><b>[ <strong><strong><span style=\"color: #ff6600;\"><span class=\"s2\"><b><strong><strong><span style=\"color: #ff6600;\"><span class=\"s2\"><b>Val\u00e9rie Masson-Delmotte<\/b><\/span><\/span><\/strong><\/strong><\/b> How can the city be adapted to combat global warming?<\/span><\/span><\/strong><\/strong><\/b><\/span><\/span><\/strong><\/strong><\/p>\n\n\n\n<div class=\"wp-block-columns is-layout-flex wp-container-core-columns-is-layout-9d6595d7 wp-block-columns-is-layout-flex\">\n<div class=\"wp-block-column is-layout-flow wp-block-column-is-layout-flow\" style=\"flex-basis:33.33%\">\n<figure class=\"wp-block-embed is-type-video is-provider-youtube wp-block-embed-youtube wp-embed-aspect-16-9 wp-has-aspect-ratio\"><div class=\"wp-block-embed__wrapper\">\n<div class=\"jetpack-video-wrapper\"><span class=\"embed-youtube\" style=\"text-align:center; display: block;\"><iframe loading=\"lazy\" class=\"youtube-player\" width=\"676\" height=\"381\" src=\"https:\/\/www.youtube.com\/embed\/xml5Uz8ey3Y?version=3&#038;rel=1&#038;showsearch=0&#038;showinfo=1&#038;iv_load_policy=1&#038;fs=1&#038;hl=en-GB&#038;autohide=2&#038;wmode=transparent\" allowfullscreen=\"true\" style=\"border:0;\" sandbox=\"allow-scripts allow-same-origin allow-popups allow-presentation allow-popups-to-escape-sandbox\"><\/iframe><\/span><\/div>\n<\/div><\/figure>\n<\/div>\n\n\n\n<div class=\"wp-block-column is-layout-flow wp-block-column-is-layout-flow\" style=\"flex-basis:66.66%\">\n<ul style=\"font-size:15px\" class=\"wp-block-list\">\n<li><strong>Val\u00e9rie Masson-Delmotte<\/strong>, Val\u00e9rie Masson-Delmotte, CEA Senior Researcher at the LSCE (Laboratoire des Sciences du Climat et de l'Environnement); Vice-Chair of Group I of the IPCC.<\/li>\n<\/ul>\n<\/div>\n<\/div>\n\n\n\n<hr class=\"wp-block-separator has-alpha-channel-opacity\"\/>\n\n\n\n<p class=\"has-text-align-left\" style=\"font-size:18px\">2019 <strong><strong><span style=\"color: #ff6600;\"><span class=\"s2\"><b>[ <strong><strong><span style=\"color: #ff6600;\"><span class=\"s2\"><b><strong><strong><span style=\"color: #ff6600;\"><span class=\"s2\"><b>Gilles Boeuf: hy and how can we draw inspiration from life to rethink our habitat, our urban ecosystems and our relationship with living things as a city-dwelling species? <\/b><\/span><\/span><\/strong><\/strong><\/b><\/span><\/span><\/strong><\/strong><\/b><\/span><\/span><\/strong><\/strong><\/p>\n\n\n\n<div class=\"wp-block-columns is-layout-flex wp-container-core-columns-is-layout-9d6595d7 wp-block-columns-is-layout-flex\">\n<div class=\"wp-block-column is-layout-flow wp-block-column-is-layout-flow\" style=\"flex-basis:33.33%\">\n<figure class=\"wp-block-embed is-type-video is-provider-youtube wp-block-embed-youtube wp-embed-aspect-16-9 wp-has-aspect-ratio\"><div class=\"wp-block-embed__wrapper\">\n<div class=\"jetpack-video-wrapper\"><span class=\"embed-youtube\" style=\"text-align:center; display: block;\"><iframe loading=\"lazy\" class=\"youtube-player\" width=\"676\" height=\"381\" src=\"https:\/\/www.youtube.com\/embed\/6kg56bZHoNw?version=3&#038;rel=1&#038;showsearch=0&#038;showinfo=1&#038;iv_load_policy=1&#038;fs=1&#038;hl=en-GB&#038;autohide=2&#038;wmode=transparent\" allowfullscreen=\"true\" style=\"border:0;\" sandbox=\"allow-scripts allow-same-origin allow-popups allow-presentation allow-popups-to-escape-sandbox\"><\/iframe><\/span><\/div>\n<\/div><\/figure>\n<\/div>\n\n\n\n<div class=\"wp-block-column is-layout-flow wp-block-column-is-layout-flow\" style=\"flex-basis:66.66%\">\n<ul style=\"font-size:15px\" class=\"wp-block-list\">\n<li><strong>Gilles Boeuf<\/strong>, Chairman of the Scientific Council of the Agence Fran\u00e7aise pour la Biodiversit\u00e9 (AFB); former adviser to several Ministers; Professor at Sorbonne University; first Chairman of Ceebios; former Chairman of the Mus\u00e9um National d'Histoire Naturelle.<\/li>\n<\/ul>\n<\/div>\n<\/div>\n\n\n\n<hr class=\"wp-block-separator has-alpha-channel-opacity\"\/>\n\n\n\n<p class=\"has-text-align-justify\" style=\"font-size:18px\">2019 <strong><strong><span style=\"color: #ff6600;\"><span class=\"s2\"><b>[ <strong><strong><span style=\"color: #ff6600;\"><span class=\"s2\"><b><strong><strong><span style=\"color: #ff6600;\"><span class=\"s2\"><b>Chris Younes: Are we discovering ourselves as a species? <\/b><\/span><\/span><\/strong><\/strong><\/b><\/span><\/span><\/strong><\/strong><\/b><\/span><\/span><\/strong><\/strong><\/p>\n\n\n\n<div class=\"wp-block-columns is-layout-flex wp-container-core-columns-is-layout-9d6595d7 wp-block-columns-is-layout-flex\">\n<div class=\"wp-block-column is-layout-flow wp-block-column-is-layout-flow\" style=\"flex-basis:33.33%\">\n<figure class=\"wp-block-embed is-type-video is-provider-youtube wp-block-embed-youtube wp-embed-aspect-16-9 wp-has-aspect-ratio\"><div class=\"wp-block-embed__wrapper\">\n<div class=\"jetpack-video-wrapper\"><span class=\"embed-youtube\" style=\"text-align:center; display: block;\"><iframe loading=\"lazy\" class=\"youtube-player\" width=\"676\" height=\"381\" src=\"https:\/\/www.youtube.com\/embed\/gEMulk5LVXI?version=3&#038;rel=1&#038;showsearch=0&#038;showinfo=1&#038;iv_load_policy=1&#038;fs=1&#038;hl=en-GB&#038;autohide=2&#038;wmode=transparent\" allowfullscreen=\"true\" style=\"border:0;\" sandbox=\"allow-scripts allow-same-origin allow-popups allow-presentation allow-popups-to-escape-sandbox\"><\/iframe><\/span><\/div>\n<\/div><\/figure>\n<\/div>\n\n\n\n<div class=\"wp-block-column is-layout-flow wp-block-column-is-layout-flow\" style=\"flex-basis:66.66%\">\n<ul style=\"font-size:15px\" class=\"wp-block-list\">\n<li><strong>Chris Younes<\/strong>philosopher, professor at the Ecole Sp\u00e9ciale d'Architecture and the Ecole Nationale Sup\u00e9rieure d'Architecture de Paris-La Villette; Founder of the Gerphau laboratory; Director of the PhiLAU international network.<\/li>\n<\/ul>\n<\/div>\n<\/div>\n\n\n\n<hr class=\"wp-block-separator has-alpha-channel-opacity\"\/>\n\n\n\n<p class=\"has-text-align-left\" style=\"font-size:18px\">2019 <strong><strong><span style=\"color: #ff6600;\"><span class=\"s2\"><b>[ <strong><strong><span style=\"color: #ff6600;\"><span class=\"s2\"><b><strong><strong><span style=\"color: #ff6600;\"><span class=\"s2\">Gilles Lecuir: How are French towns relying on nature to tackle climate change?<b> <\/b><\/span><\/span><\/strong><\/strong><\/b><\/span><\/span><\/strong><\/strong><\/b><\/span><\/span><\/strong><\/strong><\/p>\n\n\n\n<p class=\"has-text-align-justify\" style=\"font-size:15px\">Neurophysiology combined with ethology enables us to better model the sensorimotor reflexes at play aboard these small animals. Robots are embodiments of bio-inspired principles to validate our knowledge models. This talk will present an example of bio-inspired robotics, the AntBot robot, combined with studies carried out on their biological models: ants.<\/p>\n\n\n\n<div class=\"wp-block-columns is-layout-flex wp-container-core-columns-is-layout-9d6595d7 wp-block-columns-is-layout-flex\">\n<div class=\"wp-block-column is-layout-flow wp-block-column-is-layout-flow\" style=\"flex-basis:33.33%\">\n<figure class=\"wp-block-embed is-type-video is-provider-youtube wp-block-embed-youtube wp-embed-aspect-16-9 wp-has-aspect-ratio\"><div class=\"wp-block-embed__wrapper\">\n<div class=\"jetpack-video-wrapper\"><span class=\"embed-youtube\" style=\"text-align:center; display: block;\"><iframe loading=\"lazy\" class=\"youtube-player\" width=\"676\" height=\"381\" src=\"https:\/\/www.youtube.com\/embed\/PsRXQeuvfhY?version=3&#038;rel=1&#038;showsearch=0&#038;showinfo=1&#038;iv_load_policy=1&#038;fs=1&#038;hl=en-GB&#038;autohide=2&#038;wmode=transparent\" allowfullscreen=\"true\" style=\"border:0;\" sandbox=\"allow-scripts allow-same-origin allow-popups allow-presentation allow-popups-to-escape-sandbox\"><\/iframe><\/span><\/div>\n<\/div><\/figure>\n<\/div>\n\n\n\n<div class=\"wp-block-column is-layout-flow wp-block-column-is-layout-flow\" style=\"flex-basis:66.66%\">\n<ul style=\"font-size:15px\" class=\"wp-block-list\">\n<li><strong>Gilles Lecuir<\/strong>, Research Officer, \u00cele-de-France Regional Biodiversity Agency, and coordinator of the national competition \u00abCapitales fran\u00e7aises de la Biodiversit\u00e9\" (French Capitals of Biodiversity).<\/li>\n<\/ul>\n<\/div>\n<\/div>\n\n\n\n<hr class=\"wp-block-separator has-alpha-channel-opacity\"\/>\n\n\n\n<p class=\"has-text-align-left\" style=\"font-size:18px\">2018 <strong><strong><span style=\"color: #ff6600;\"><span class=\"s2\"><b>[ <strong><strong><span style=\"color: #ff6600;\"><span class=\"s2\"><b><strong><strong><span style=\"color: #ff6600;\"><span class=\"s2\">Nicolas Vernoux-Thelot<\/span><\/span><\/strong><\/strong><\/b><\/span><\/span><\/strong><\/strong><\/b><\/span>, bio-inspired architect <\/span><\/strong><\/strong><\/p>\n\n\n\n<div class=\"wp-block-columns is-layout-flex wp-container-core-columns-is-layout-9d6595d7 wp-block-columns-is-layout-flex\">\n<div class=\"wp-block-column is-layout-flow wp-block-column-is-layout-flow\" style=\"flex-basis:33.33%\">\n<figure class=\"wp-block-embed is-type-video is-provider-youtube wp-block-embed-youtube wp-embed-aspect-16-9 wp-has-aspect-ratio\"><div class=\"wp-block-embed__wrapper\">\n<div class=\"jetpack-video-wrapper\"><span class=\"embed-youtube\" style=\"text-align:center; display: block;\"><iframe loading=\"lazy\" class=\"youtube-player\" width=\"676\" height=\"381\" src=\"https:\/\/www.youtube.com\/embed\/5R4Ucj5HemI?version=3&#038;rel=1&#038;showsearch=0&#038;showinfo=1&#038;iv_load_policy=1&#038;fs=1&#038;hl=en-GB&#038;autohide=2&#038;wmode=transparent&#038;listType=playlist&#038;list=PL6X0Z1l43EfkQVn-gTOktpD8McP-uz4_b\" allowfullscreen=\"true\" style=\"border:0;\" sandbox=\"allow-scripts allow-same-origin allow-popups allow-presentation allow-popups-to-escape-sandbox\"><\/iframe><\/span><\/div>\n<\/div><\/figure>\n<\/div>\n\n\n\n<div class=\"wp-block-column is-layout-flow wp-block-column-is-layout-flow\" style=\"flex-basis:66.66%\">\n<ul style=\"font-size:15px\" class=\"wp-block-list\">\n<li><strong>Nicolas Vernoux-Thelot<\/strong>, Architect, founder of IN SITU architecture. <\/li>\n<\/ul>\n<\/div>\n<\/div>\n\n\n\n<hr class=\"wp-block-separator has-alpha-channel-opacity\"\/>\n\n\n\n<p class=\"has-text-align-left\" style=\"font-size:18px\">2018 <strong><strong><span style=\"color: #ff6600;\"><span class=\"s2\"><b>[ <strong>Serge Orru: life at the heart of the city and our lives<\/strong><\/b><\/span><\/span><\/strong><\/strong><\/p>\n\n\n\n<div class=\"wp-block-columns is-layout-flex wp-container-core-columns-is-layout-9d6595d7 wp-block-columns-is-layout-flex\">\n<div class=\"wp-block-column is-layout-flow wp-block-column-is-layout-flow\" style=\"flex-basis:33.33%\">\n<figure class=\"wp-block-embed is-type-video is-provider-youtube wp-block-embed-youtube wp-embed-aspect-16-9 wp-has-aspect-ratio\"><div class=\"wp-block-embed__wrapper\">\n<div class=\"jetpack-video-wrapper\"><span class=\"embed-youtube\" style=\"text-align:center; display: block;\"><iframe loading=\"lazy\" class=\"youtube-player\" width=\"676\" height=\"381\" src=\"https:\/\/www.youtube.com\/embed\/k5GGkUh8ye4?version=3&#038;rel=1&#038;showsearch=0&#038;showinfo=1&#038;iv_load_policy=1&#038;fs=1&#038;hl=en-GB&#038;autohide=2&#038;wmode=transparent&#038;listType=playlist&#038;list=PL6X0Z1l43EfkQVn-gTOktpD8McP-uz4_b\" allowfullscreen=\"true\" style=\"border:0;\" sandbox=\"allow-scripts allow-same-origin allow-popups allow-presentation allow-popups-to-escape-sandbox\"><\/iframe><\/span><\/div>\n<\/div><\/figure>\n<\/div>\n\n\n\n<div class=\"wp-block-column is-layout-flow wp-block-column-is-layout-flow\" style=\"flex-basis:66.66%\">\n<ul style=\"font-size:15px\" class=\"wp-block-list\">\n<li><strong>Serge Orru<\/strong>, Councillor to the Mayor of Paris, Sustainable Development, Environment, Sustainable Plan, Circular Economy.<\/li>\n<\/ul>\n<\/div>\n<\/div>\n\n\n\n<hr class=\"wp-block-separator has-alpha-channel-opacity\"\/>\n\n\n\n<p class=\"has-text-align-left\" style=\"font-size:18px\">2018 <strong><strong><span style=\"color: #ff6600;\"><span class=\"s2\"><b>[ Interview with Jean Jouzel on climate and life<\/b><\/span><\/span><\/strong><\/strong><\/p>\n\n\n\n<div class=\"wp-block-columns is-layout-flex wp-container-core-columns-is-layout-9d6595d7 wp-block-columns-is-layout-flex\">\n<div class=\"wp-block-column is-layout-flow wp-block-column-is-layout-flow\" style=\"flex-basis:33.33%\">\n<figure class=\"wp-block-embed is-type-video is-provider-youtube wp-block-embed-youtube wp-embed-aspect-16-9 wp-has-aspect-ratio\"><div class=\"wp-block-embed__wrapper\">\n<div class=\"jetpack-video-wrapper\"><span class=\"embed-youtube\" style=\"text-align:center; display: block;\"><iframe loading=\"lazy\" class=\"youtube-player\" width=\"676\" height=\"381\" src=\"https:\/\/www.youtube.com\/embed\/2yPQ_JnISj4?version=3&#038;rel=1&#038;showsearch=0&#038;showinfo=1&#038;iv_load_policy=1&#038;fs=1&#038;hl=en-GB&#038;autohide=2&#038;wmode=transparent&#038;listType=playlist&#038;list=PL6X0Z1l43EfkQVn-gTOktpD8McP-uz4_b\" allowfullscreen=\"true\" style=\"border:0;\" sandbox=\"allow-scripts allow-same-origin allow-popups allow-presentation allow-popups-to-escape-sandbox\"><\/iframe><\/span><\/div>\n<\/div><\/figure>\n<\/div>\n\n\n\n<div class=\"wp-block-column is-layout-flow wp-block-column-is-layout-flow\" style=\"flex-basis:66.66%\">\n<ul style=\"font-size:15px\" class=\"wp-block-list\">\n<li><strong>Jean Jouzel<\/strong>, He is a climatologist and vice-chairman of the IPCC (Intergovernmental Panel on Climate Change).<\/li>\n\n\n\n<li><strong>Jean-Louis Missika<\/strong>, Deputy Mayor of Paris in charge of urban planning, architecture, Greater Paris projects, economic development and attractiveness.<\/li>\n<\/ul>\n<\/div>\n<\/div>\n\n\n\n<hr class=\"wp-block-separator has-alpha-channel-opacity\"\/>\n\n\n\n<p class=\"has-text-align-left\" style=\"font-size:18px\">2018 <strong><strong><span style=\"color: #ff6600;\"><span class=\"s2\"><b>[ Jacques Rougerie and Philippe Madec tell us about the city of tomorrow<\/b><\/span><\/span><\/strong><\/strong><\/p>\n\n\n\n<div class=\"wp-block-columns is-layout-flex wp-container-core-columns-is-layout-9d6595d7 wp-block-columns-is-layout-flex\">\n<div class=\"wp-block-column is-layout-flow wp-block-column-is-layout-flow\" style=\"flex-basis:33.33%\">\n<figure class=\"wp-block-embed is-type-video is-provider-youtube wp-block-embed-youtube wp-embed-aspect-16-9 wp-has-aspect-ratio\"><div class=\"wp-block-embed__wrapper\">\n<div class=\"jetpack-video-wrapper\"><span class=\"embed-youtube\" style=\"text-align:center; display: block;\"><iframe loading=\"lazy\" class=\"youtube-player\" width=\"676\" height=\"381\" src=\"https:\/\/www.youtube.com\/embed\/FMLRA0NHZbc?version=3&#038;rel=1&#038;showsearch=0&#038;showinfo=1&#038;iv_load_policy=1&#038;fs=1&#038;hl=en-GB&#038;autohide=2&#038;wmode=transparent&#038;listType=playlist&#038;list=PL6X0Z1l43EfkQVn-gTOktpD8McP-uz4_b\" allowfullscreen=\"true\" style=\"border:0;\" sandbox=\"allow-scripts allow-same-origin allow-popups allow-presentation allow-popups-to-escape-sandbox\"><\/iframe><\/span><\/div>\n<\/div><\/figure>\n<\/div>\n\n\n\n<div class=\"wp-block-column is-layout-flow wp-block-column-is-layout-flow\" style=\"flex-basis:66.66%\">\n<ul style=\"font-size:15px\" class=\"wp-block-list\">\n<li><strong>Jacques Rougerie<\/strong>, Architect and Oceanographer, Chairman of the Jacques Rougerie Foundation, Chairman of the Jacques Rougerie Agency, Sea Orbiter Project, Member of the Intitut de France<\/li>\n\n\n\n<li><strong>Philippe Madec<\/strong>, Architect, urban planner, author and lecturer.  <\/li>\n<\/ul>\n<\/div>\n<\/div>\n\n\n\n<hr class=\"wp-block-separator has-alpha-channel-opacity\"\/>\n\n\n\n<p class=\"has-text-align-left\" id=\"2018-Gauthier-Chapelle\" style=\"font-size:18px\">2018 <strong><strong><span style=\"color: #ff6600;\"><span class=\"s2\"><b>[ <strong><strong><span style=\"color: #ff6600;\"><span class=\"s2\"><b><strong><strong><span style=\"color: #ff6600;\"><span class=\"s2\">Gauthier Chapelle : <\/span><\/span><\/strong><\/strong><\/b><\/span><\/span><\/strong><\/strong><\/b><\/span>principles of life and post-oil civilisation<\/span><\/strong><\/strong><\/p>\n\n\n\n<div class=\"wp-block-columns is-layout-flex wp-container-core-columns-is-layout-9d6595d7 wp-block-columns-is-layout-flex\">\n<div class=\"wp-block-column is-layout-flow wp-block-column-is-layout-flow\" style=\"flex-basis:33.33%\">\n<figure class=\"wp-block-embed is-type-video is-provider-youtube wp-block-embed-youtube wp-embed-aspect-16-9 wp-has-aspect-ratio\"><div class=\"wp-block-embed__wrapper\">\n<div class=\"jetpack-video-wrapper\"><span class=\"embed-youtube\" style=\"text-align:center; display: block;\"><iframe loading=\"lazy\" class=\"youtube-player\" width=\"676\" height=\"381\" src=\"https:\/\/www.youtube.com\/embed\/A6IG_JGNo0Y?version=3&#038;rel=1&#038;showsearch=0&#038;showinfo=1&#038;iv_load_policy=1&#038;fs=1&#038;hl=en-GB&#038;autohide=2&#038;wmode=transparent&#038;listType=playlist&#038;list=PL6X0Z1l43EfkQVn-gTOktpD8McP-uz4_b\" allowfullscreen=\"true\" style=\"border:0;\" sandbox=\"allow-scripts allow-same-origin allow-popups allow-presentation allow-popups-to-escape-sandbox\"><\/iframe><\/span><\/div>\n<\/div><\/figure>\n<\/div>\n\n\n\n<div class=\"wp-block-column is-layout-flow wp-block-column-is-layout-flow\" style=\"flex-basis:66.66%\">\n<ul style=\"font-size:15px\" class=\"wp-block-list\">\n<li><strong>Gauthier Chapelle, <\/strong>Agricultural engineer, biomimicry researcher, naturalist, author.  <\/li>\n<\/ul>\n<\/div>\n<\/div>\n\n\n\n<hr class=\"wp-block-separator has-alpha-channel-opacity\"\/>\n\n\n\n<p class=\"has-text-align-left\" style=\"font-size:18px\">2018 <strong><strong><span style=\"color: #ff6600;\"><span class=\"s2\"><b>[ Bruno Maquart, Arnaud Leroy, Antonio Molina<\/b><\/span><\/span><\/strong><\/strong><\/p>\n\n\n\n<div class=\"wp-block-columns is-layout-flex wp-container-core-columns-is-layout-9d6595d7 wp-block-columns-is-layout-flex\">\n<div class=\"wp-block-column is-layout-flow wp-block-column-is-layout-flow\" style=\"flex-basis:33.33%\">\n<figure class=\"wp-block-embed is-type-video is-provider-youtube wp-block-embed-youtube wp-embed-aspect-16-9 wp-has-aspect-ratio\"><div class=\"wp-block-embed__wrapper\">\n<div class=\"jetpack-video-wrapper\"><span class=\"embed-youtube\" style=\"text-align:center; display: block;\"><iframe loading=\"lazy\" class=\"youtube-player\" width=\"676\" height=\"381\" src=\"https:\/\/www.youtube.com\/embed\/TaFVfa93Mrw?version=3&#038;rel=1&#038;showsearch=0&#038;showinfo=1&#038;iv_load_policy=1&#038;fs=1&#038;hl=en-GB&#038;autohide=2&#038;wmode=transparent&#038;listType=playlist&#038;list=PL6X0Z1l43EfkQVn-gTOktpD8McP-uz4_b\" allowfullscreen=\"true\" style=\"border:0;\" sandbox=\"allow-scripts allow-same-origin allow-popups allow-presentation allow-popups-to-escape-sandbox\"><\/iframe><\/span><\/div>\n<\/div><\/figure>\n<\/div>\n\n\n\n<div class=\"wp-block-column is-layout-flow wp-block-column-is-layout-flow\" style=\"flex-basis:66.66%\">\n<ul style=\"font-size:15px\" class=\"wp-block-list\">\n<li><strong>Bruno Maquart<\/strong>, Chairman of Universcience.<\/li>\n\n\n\n<li><strong>Arnaud Leroy<\/strong>, Chairman of ADEME.<\/li>\n\n\n\n<li><strong>Antonio Molina, <\/strong>Chairman of CEEBIOS.<\/li>\n<\/ul>\n<\/div>\n<\/div>\n\n\n\n<hr class=\"wp-block-separator has-alpha-channel-opacity\"\/>\n\n\n\n<p class=\"has-text-align-left\" style=\"font-size:18px\">2018 <strong><strong><span style=\"color: #ff6600;\"><span class=\"s2\"><b>[ <strong><strong><span style=\"color: #ff6600;\"><span class=\"s2\"><b><strong><strong><span style=\"color: #ff6600;\"><span class=\"s2\">Laure Couteau: Nature, an eternal source of inspiration and performance for the aeronautics industry<\/span><\/span><\/strong><\/strong><\/b><\/span><\/span><\/strong><\/strong><\/b><\/span><\/span><\/strong><\/strong><\/p>\n\n\n\n<div class=\"wp-block-columns is-layout-flex wp-container-core-columns-is-layout-9d6595d7 wp-block-columns-is-layout-flex\">\n<div class=\"wp-block-column is-layout-flow wp-block-column-is-layout-flow\" style=\"flex-basis:33.33%\">\n<figure class=\"wp-block-embed is-type-video is-provider-youtube wp-block-embed-youtube wp-embed-aspect-16-9 wp-has-aspect-ratio\"><div class=\"wp-block-embed__wrapper\">\n<div class=\"jetpack-video-wrapper\"><span class=\"embed-youtube\" style=\"text-align:center; display: block;\"><iframe loading=\"lazy\" class=\"youtube-player\" width=\"676\" height=\"381\" src=\"https:\/\/www.youtube.com\/embed\/j4ET4_0p1TU?version=3&#038;rel=1&#038;showsearch=0&#038;showinfo=1&#038;iv_load_policy=1&#038;fs=1&#038;hl=en-GB&#038;autohide=2&#038;wmode=transparent&#038;listType=playlist&#038;list=PL6X0Z1l43EfkQVn-gTOktpD8McP-uz4_b\" allowfullscreen=\"true\" style=\"border:0;\" sandbox=\"allow-scripts allow-same-origin allow-popups allow-presentation allow-popups-to-escape-sandbox\"><\/iframe><\/span><\/div>\n<\/div><\/figure>\n<\/div>\n\n\n\n<div class=\"wp-block-column is-layout-flow wp-block-column-is-layout-flow\" style=\"flex-basis:66.66%\">\n<ul style=\"font-size:15px\" class=\"wp-block-list\">\n<li><strong>Laure Couteau<\/strong>, Calculation and eco-design engineer, at AIRBUS <\/li>\n<\/ul>\n<\/div>\n<\/div>\n\n\n\n<hr class=\"wp-block-separator has-alpha-channel-opacity\"\/>\n\n\n\n<p class=\"has-text-align-left\" style=\"font-size:18px\">2018 <strong><strong><span style=\"color: #ff6600;\"><span class=\"s2\"><b>[ <strong><strong><span style=\"color: #ff6600;\"><span class=\"s2\"><b><strong><strong><span style=\"color: #ff6600;\"><span class=\"s2\">Eric Rampelberg, Geanne Van Arkel: the incredible story of Interface<\/span><\/span><\/strong><\/strong><\/b><\/span><\/span><\/strong><\/strong><\/b><\/span><\/span><\/strong><\/strong><\/p>\n\n\n\n<div class=\"wp-block-columns is-layout-flex wp-container-core-columns-is-layout-9d6595d7 wp-block-columns-is-layout-flex\">\n<div class=\"wp-block-column is-layout-flow wp-block-column-is-layout-flow\" style=\"flex-basis:33.33%\">\n<figure class=\"wp-block-embed is-type-video is-provider-youtube wp-block-embed-youtube wp-embed-aspect-16-9 wp-has-aspect-ratio\"><div class=\"wp-block-embed__wrapper\">\n<div class=\"jetpack-video-wrapper\"><span class=\"embed-youtube\" style=\"text-align:center; display: block;\"><iframe loading=\"lazy\" class=\"youtube-player\" width=\"676\" height=\"381\" src=\"https:\/\/www.youtube.com\/embed\/vHU5iuJmGvQ?version=3&#038;rel=1&#038;showsearch=0&#038;showinfo=1&#038;iv_load_policy=1&#038;fs=1&#038;hl=en-GB&#038;autohide=2&#038;wmode=transparent&#038;listType=playlist&#038;list=PL6X0Z1l43EfkQVn-gTOktpD8McP-uz4_b\" allowfullscreen=\"true\" style=\"border:0;\" sandbox=\"allow-scripts allow-same-origin allow-popups allow-presentation allow-popups-to-escape-sandbox\"><\/iframe><\/span><\/div>\n<\/div><\/figure>\n<\/div>\n\n\n\n<div class=\"wp-block-column is-layout-flow wp-block-column-is-layout-flow\" style=\"flex-basis:66.66%\">\n<ul style=\"font-size:15px\" class=\"wp-block-list\">\n<li><strong>Eric Rampelberg<\/strong>, Vice President and Managing Director Southern Europe at INTERFACES.<\/li>\n\n\n\n<li><strong>Geanne Van Arkel<\/strong>, President of Sustainable Development Europe at INTERFACES.<\/li>\n<\/ul>\n<\/div>\n<\/div>\n\n\n\n<hr class=\"wp-block-separator has-alpha-channel-opacity\"\/>\n\n\n\n<p class=\"has-text-align-left\" style=\"font-size:18px\">2018 <strong><strong><span style=\"color: #ff6600;\"><span class=\"s2\"><b>[ <strong><strong><span style=\"color: #ff6600;\"><span class=\"s2\"><b><strong><strong><span style=\"color: #ff6600;\"><span class=\"s2\">Marianne Gallardo: How can we innovate in the preservation of industrial infrastructures using marine biopolymers?<\/span><\/span><\/strong><\/strong><\/b><\/span><\/span><\/strong><\/strong><\/b><\/span><\/span><\/strong><\/strong><\/p>\n\n\n\n<div class=\"wp-block-columns is-layout-flex wp-container-core-columns-is-layout-9d6595d7 wp-block-columns-is-layout-flex\">\n<div class=\"wp-block-column is-layout-flow wp-block-column-is-layout-flow\" style=\"flex-basis:33.33%\">\n<figure class=\"wp-block-embed is-type-video is-provider-youtube wp-block-embed-youtube wp-embed-aspect-16-9 wp-has-aspect-ratio\"><div class=\"wp-block-embed__wrapper\">\n<div class=\"jetpack-video-wrapper\"><span class=\"embed-youtube\" style=\"text-align:center; display: block;\"><iframe loading=\"lazy\" class=\"youtube-player\" width=\"676\" height=\"381\" src=\"https:\/\/www.youtube.com\/embed\/IWQOu3t1YX0?version=3&#038;rel=1&#038;showsearch=0&#038;showinfo=1&#038;iv_load_policy=1&#038;fs=1&#038;hl=en-GB&#038;autohide=2&#038;wmode=transparent&#038;listType=playlist&#038;list=PL6X0Z1l43EfkQVn-gTOktpD8McP-uz4_b\" allowfullscreen=\"true\" style=\"border:0;\" sandbox=\"allow-scripts allow-same-origin allow-popups allow-presentation allow-popups-to-escape-sandbox\"><\/iframe><\/span><\/div>\n<\/div><\/figure>\n<\/div>\n\n\n\n<div class=\"wp-block-column is-layout-flow wp-block-column-is-layout-flow\" style=\"flex-basis:66.66%\">\n<ul style=\"font-size:15px\" class=\"wp-block-list\">\n<li><strong>Marianne Gallardo<\/strong>, Project Manager, ENGIE LAB CRIGEN<\/li>\n<\/ul>\n<\/div>\n<\/div>\n\n\n\n<hr class=\"wp-block-separator has-alpha-channel-opacity\"\/>\n\n\n\n<p class=\"has-text-align-left\" style=\"font-size:18px\">2018 <strong><strong><span style=\"color: #ff6600;\"><span class=\"s2\"><b>[ Olivier Grabette: Rte and Biomimicry: why? <\/b><\/span><\/span><\/strong><\/strong><\/p>\n\n\n\n<div class=\"wp-block-columns is-layout-flex wp-container-core-columns-is-layout-9d6595d7 wp-block-columns-is-layout-flex\">\n<div class=\"wp-block-column is-layout-flow wp-block-column-is-layout-flow\" style=\"flex-basis:33.33%\">\n<figure class=\"wp-block-embed is-type-video is-provider-youtube wp-block-embed-youtube wp-embed-aspect-16-9 wp-has-aspect-ratio\"><div class=\"wp-block-embed__wrapper\">\n<div class=\"jetpack-video-wrapper\"><span class=\"embed-youtube\" style=\"text-align:center; display: block;\"><iframe loading=\"lazy\" class=\"youtube-player\" width=\"676\" height=\"381\" src=\"https:\/\/www.youtube.com\/embed\/5ZuBPwp8nz8?version=3&#038;rel=1&#038;showsearch=0&#038;showinfo=1&#038;iv_load_policy=1&#038;fs=1&#038;hl=en-GB&#038;autohide=2&#038;wmode=transparent&#038;listType=playlist&#038;list=PL6X0Z1l43EfkQVn-gTOktpD8McP-uz4_b\" allowfullscreen=\"true\" style=\"border:0;\" sandbox=\"allow-scripts allow-same-origin allow-popups allow-presentation allow-popups-to-escape-sandbox\"><\/iframe><\/span><\/div>\n<\/div><\/figure>\n<\/div>\n\n\n\n<div class=\"wp-block-column is-layout-flow wp-block-column-is-layout-flow\" style=\"flex-basis:66.66%\">\n<ul style=\"font-size:15px\" class=\"wp-block-list\">\n<li><strong>Olivier Grabette<\/strong>, Deputy Director General, RTE<\/li>\n<\/ul>\n<\/div>\n<\/div>\n\n\n\n<hr class=\"wp-block-separator has-alpha-channel-opacity\"\/>\n\n\n\n<p class=\"has-text-align-left\" style=\"font-size:18px\">2018 <strong><strong><span style=\"color: #ff6600;\"><span class=\"s2\"><b>[ <strong><strong><span style=\"color: #ff6600;\"><span class=\"s2\"><b><strong><strong><span style=\"color: #ff6600;\"><span class=\"s2\">Olivier Lepine :<\/span><\/span><\/strong><\/strong><\/b><\/span><\/span><\/strong><\/strong><\/b><\/span> Microalgae<\/span><\/strong><\/strong><\/p>\n\n\n\n<div class=\"wp-block-columns is-layout-flex wp-container-core-columns-is-layout-9d6595d7 wp-block-columns-is-layout-flex\">\n<div class=\"wp-block-column is-layout-flow wp-block-column-is-layout-flow\" style=\"flex-basis:33.33%\">\n<figure class=\"wp-block-embed is-type-video is-provider-youtube wp-block-embed-youtube wp-embed-aspect-16-9 wp-has-aspect-ratio\"><div class=\"wp-block-embed__wrapper\">\n<div class=\"jetpack-video-wrapper\"><span class=\"embed-youtube\" style=\"text-align:center; display: block;\"><iframe loading=\"lazy\" class=\"youtube-player\" width=\"676\" height=\"381\" src=\"https:\/\/www.youtube.com\/embed\/6WTnvA8cD5E?version=3&#038;rel=1&#038;showsearch=0&#038;showinfo=1&#038;iv_load_policy=1&#038;fs=1&#038;hl=en-GB&#038;autohide=2&#038;wmode=transparent&#038;listType=playlist&#038;list=PL6X0Z1l43EfkQVn-gTOktpD8McP-uz4_b\" allowfullscreen=\"true\" style=\"border:0;\" sandbox=\"allow-scripts allow-same-origin allow-popups allow-presentation allow-popups-to-escape-sandbox\"><\/iframe><\/span><\/div>\n<\/div><\/figure>\n<\/div>\n\n\n\n<div class=\"wp-block-column is-layout-flow wp-block-column-is-layout-flow\" style=\"flex-basis:66.66%\">\n<ul style=\"font-size:15px\" class=\"wp-block-list\">\n<li><strong>Olivier L\u00e9pine<\/strong>, Co-founder and Managing Director of ALGOSOURCE.<\/li>\n<\/ul>\n<\/div>\n<\/div>\n\n\n\n<hr class=\"wp-block-separator has-alpha-channel-opacity\"\/>\n\n\n\n<p class=\"has-text-align-left\" style=\"font-size:18px\">2018 <strong><strong><span style=\"color: #ff6600;\"><span class=\"s2\"><b>[ Serge Berthier : The fascinating world of insects<\/b><\/span><\/span><\/strong><\/strong><\/p>\n\n\n\n<div class=\"wp-block-columns is-layout-flex wp-container-core-columns-is-layout-9d6595d7 wp-block-columns-is-layout-flex\">\n<div class=\"wp-block-column is-layout-flow wp-block-column-is-layout-flow\" style=\"flex-basis:33.33%\">\n<figure class=\"wp-block-embed is-type-video is-provider-youtube wp-block-embed-youtube wp-embed-aspect-16-9 wp-has-aspect-ratio\"><div class=\"wp-block-embed__wrapper\">\n<div class=\"jetpack-video-wrapper\"><span class=\"embed-youtube\" style=\"text-align:center; display: block;\"><iframe loading=\"lazy\" class=\"youtube-player\" width=\"676\" height=\"381\" src=\"https:\/\/www.youtube.com\/embed\/Iw-8R2dR41o?version=3&#038;rel=1&#038;showsearch=0&#038;showinfo=1&#038;iv_load_policy=1&#038;fs=1&#038;hl=en-GB&#038;autohide=2&#038;wmode=transparent&#038;listType=playlist&#038;list=PL6X0Z1l43EfkQVn-gTOktpD8McP-uz4_b\" allowfullscreen=\"true\" style=\"border:0;\" sandbox=\"allow-scripts allow-same-origin allow-popups allow-presentation allow-popups-to-escape-sandbox\"><\/iframe><\/span><\/div>\n<\/div><\/figure>\n<\/div>\n\n\n\n<div class=\"wp-block-column is-layout-flow wp-block-column-is-layout-flow\" style=\"flex-basis:66.66%\">\n<ul style=\"font-size:15px\" class=\"wp-block-list\">\n<li><strong>Serge Berthier,<\/strong> Researcher at the Paris Nanoscience Institute (INSP: UPMC \/ CNRS)<\/li>\n<\/ul>\n<\/div>\n<\/div>\n\n\n\n<hr class=\"wp-block-separator has-alpha-channel-opacity\"\/>\n\n\n\n<p class=\"has-text-align-left\" style=\"font-size:18px\">2018 <strong><strong><span style=\"color: #ff6600;\"><span class=\"s2\"><b>[ <strong><strong><span style=\"color: #ff6600;\"><span class=\"s2\"><b><strong><strong><span style=\"color: #ff6600;\"><span class=\"s2\">Laurent Billon, Michel Veunac: a marine biomimicry centre in Biarritz?<\/span><\/span><\/strong><\/strong><\/b><\/span><\/span><\/strong><\/strong><\/b><\/span><\/span><\/strong><\/strong><\/p>\n\n\n\n<div class=\"wp-block-columns is-layout-flex wp-container-core-columns-is-layout-9d6595d7 wp-block-columns-is-layout-flex\">\n<div class=\"wp-block-column is-layout-flow wp-block-column-is-layout-flow\" style=\"flex-basis:33.33%\">\n<figure class=\"wp-block-embed is-type-video is-provider-youtube wp-block-embed-youtube wp-embed-aspect-16-9 wp-has-aspect-ratio\"><div class=\"wp-block-embed__wrapper\">\n<div class=\"jetpack-video-wrapper\"><span class=\"embed-youtube\" style=\"text-align:center; display: block;\"><iframe loading=\"lazy\" class=\"youtube-player\" width=\"676\" height=\"381\" src=\"https:\/\/www.youtube.com\/embed\/gODbjZuBsMw?version=3&#038;rel=1&#038;showsearch=0&#038;showinfo=1&#038;iv_load_policy=1&#038;fs=1&#038;hl=en-GB&#038;autohide=2&#038;wmode=transparent&#038;listType=playlist&#038;list=PL6X0Z1l43EfkQVn-gTOktpD8McP-uz4_b\" allowfullscreen=\"true\" style=\"border:0;\" sandbox=\"allow-scripts allow-same-origin allow-popups allow-presentation allow-popups-to-escape-sandbox\"><\/iframe><\/span><\/div>\n<\/div><\/figure>\n<\/div>\n\n\n\n<div class=\"wp-block-column is-layout-flow wp-block-column-is-layout-flow\" style=\"flex-basis:66.66%\">\n<ul style=\"font-size:15px\" class=\"wp-block-list\">\n<li><strong>Laurent BILLON<\/strong>, Professor, Universit\u00e9 de Pau et des Pays de l'Adour \/ Polymer Physics &amp; Chemistry Team Manager, Bio-inspired Materials Group <\/li>\n\n\n\n<li><strong>Michel VEUNAC<\/strong>, Mayor of Biarritz, Vice-Chairman of the Communaut\u00e9 d'Agglom\u00e9ration Pays Basque.<\/li>\n<\/ul>\n<\/div>\n<\/div>\n\n\n\n<hr class=\"wp-block-separator has-alpha-channel-opacity\"\/>\n\n\n\n<p class=\"has-text-align-left\" style=\"font-size:18px\">2017 <strong><strong><span style=\"color: #ff6600;\"><span class=\"s2\"><b>[ Gilles Boeuf: Prodigious biodiversity<\/b><\/span><\/span><\/strong><\/strong><\/p>\n\n\n\n<div class=\"wp-block-columns is-layout-flex wp-container-core-columns-is-layout-9d6595d7 wp-block-columns-is-layout-flex\">\n<div class=\"wp-block-column is-layout-flow wp-block-column-is-layout-flow\" style=\"flex-basis:33.33%\">\n<figure class=\"wp-block-embed is-type-video is-provider-youtube wp-block-embed-youtube wp-embed-aspect-16-9 wp-has-aspect-ratio\"><div class=\"wp-block-embed__wrapper\">\n<div class=\"jetpack-video-wrapper\"><span class=\"embed-youtube\" style=\"text-align:center; display: block;\"><iframe loading=\"lazy\" class=\"youtube-player\" width=\"676\" height=\"381\" src=\"https:\/\/www.youtube.com\/embed\/1-PBkIJDkvU?version=3&#038;rel=1&#038;showsearch=0&#038;showinfo=1&#038;iv_load_policy=1&#038;fs=1&#038;hl=en-GB&#038;autohide=2&#038;wmode=transparent&#038;listType=playlist&#038;list=PL6X0Z1l43Efm-z5Icv5sLlv6dmcMqHGhF\" allowfullscreen=\"true\" style=\"border:0;\" sandbox=\"allow-scripts allow-same-origin allow-popups allow-presentation allow-popups-to-escape-sandbox\"><\/iframe><\/span><\/div>\n<\/div><\/figure>\n<\/div>\n\n\n\n<div class=\"wp-block-column is-layout-flow wp-block-column-is-layout-flow\" style=\"flex-basis:66.66%\">\n<ul style=\"font-size:15px\" class=\"wp-block-list\">\n<li><strong>Gilles Boeuf<\/strong>, Chairman of the Scientific Council of the Agence Fran\u00e7aise pour la Biodiversit\u00e9 (AFB), adviser to Minister Nicolas Hulot; Professor at the Universit\u00e9 Pierre et Marie Curie; former Chairman of the Mus\u00e9um National d'Histoire Naturelle.<\/li>\n<\/ul>\n<\/div>\n<\/div>\n\n\n\n<hr class=\"wp-block-separator has-alpha-channel-opacity\"\/>\n\n\n\n<p class=\"has-text-align-left\" style=\"font-size:18px\">2017 <strong><strong><span style=\"color: #ff6600;\"><span class=\"s2\"><b>[ The challenges and potential of biomimicry <\/b><\/span><\/span><\/strong><\/strong><\/p>\n\n\n\n<div class=\"wp-block-columns is-layout-flex wp-container-core-columns-is-layout-9d6595d7 wp-block-columns-is-layout-flex\">\n<div class=\"wp-block-column is-layout-flow wp-block-column-is-layout-flow\" style=\"flex-basis:33.33%\">\n<figure class=\"wp-block-embed is-type-video is-provider-youtube wp-block-embed-youtube wp-embed-aspect-16-9 wp-has-aspect-ratio\"><div class=\"wp-block-embed__wrapper\">\n<div class=\"jetpack-video-wrapper\"><span class=\"embed-youtube\" style=\"text-align:center; display: block;\"><iframe loading=\"lazy\" class=\"youtube-player\" width=\"676\" height=\"381\" src=\"https:\/\/www.youtube.com\/embed\/zhkFWbxH4-k?version=3&#038;rel=1&#038;showsearch=0&#038;showinfo=1&#038;iv_load_policy=1&#038;fs=1&#038;hl=en-GB&#038;autohide=2&#038;wmode=transparent&#038;listType=playlist&#038;list=PL6X0Z1l43Efm-z5Icv5sLlv6dmcMqHGhF\" allowfullscreen=\"true\" style=\"border:0;\" sandbox=\"allow-scripts allow-same-origin allow-popups allow-presentation allow-popups-to-escape-sandbox\"><\/iframe><\/span><\/div>\n<\/div><\/figure>\n<\/div>\n\n\n\n<div class=\"wp-block-column is-layout-flow wp-block-column-is-layout-flow\" style=\"flex-basis:66.66%\">\n<ul style=\"font-size:15px\" class=\"wp-block-list\">\n<li><strong>Laurence Monnoyer-Smith<\/strong>, Commissaire g\u00e9n\u00e9ral au d\u00e9veloppement durable, Minist\u00e8re de la transition \u00e9cologique et solidaire; D\u00e9l\u00e9gu\u00e9e interminist\u00e9rielle au d\u00e9veloppement durable. <\/li>\n\n\n\n<li><strong>Pascale Loiseleur<\/strong>, Mayor of Senlis, who founded Ceebios. <\/li>\n\n\n\n<li><strong>Antonio Molina<\/strong>, Chairman of Ceebios, Chairman of the Matikem cluster, Chairman of the M\u00e4der Group. <\/li>\n\n\n\n<li><strong>Nicolas Thierry<\/strong>Vice President of the New Aquitaine Regional Council<\/li>\n<\/ul>\n<\/div>\n<\/div>\n\n\n\n<hr class=\"wp-block-separator has-alpha-channel-opacity\"\/>\n\n\n\n<p class=\"has-text-align-left\" style=\"font-size:18px\">2017 <strong><strong><span style=\"color: #ff6600;\"><span class=\"s2\"><b>[ Laurent Gilbert : L'Or\u00e9al and Biomimicry<\/b><\/span><\/span><\/strong><\/strong><\/p>\n\n\n\n<p class=\"has-text-align-left\" style=\"font-size:18px\">Why and how the L'Or\u00e9al Group is making biomimicry a strategic focus for research and innovation to meet the 2020 objectives of the \u201cSharing beauty with all\u201d programme.<\/p>\n\n\n\n<div class=\"wp-block-columns is-layout-flex wp-container-core-columns-is-layout-9d6595d7 wp-block-columns-is-layout-flex\">\n<div class=\"wp-block-column is-layout-flow wp-block-column-is-layout-flow\" style=\"flex-basis:33.33%\">\n<figure class=\"wp-block-embed is-type-video is-provider-youtube wp-block-embed-youtube wp-embed-aspect-16-9 wp-has-aspect-ratio\"><div class=\"wp-block-embed__wrapper\">\n<div class=\"jetpack-video-wrapper\"><span class=\"embed-youtube\" style=\"text-align:center; display: block;\"><iframe loading=\"lazy\" class=\"youtube-player\" width=\"676\" height=\"381\" src=\"https:\/\/www.youtube.com\/embed\/uNUw9Mrj_Vk?version=3&#038;rel=1&#038;showsearch=0&#038;showinfo=1&#038;iv_load_policy=1&#038;fs=1&#038;hl=en-GB&#038;autohide=2&#038;wmode=transparent&#038;listType=playlist&#038;list=PL6X0Z1l43Efm-z5Icv5sLlv6dmcMqHGhF\" allowfullscreen=\"true\" style=\"border:0;\" sandbox=\"allow-scripts allow-same-origin allow-popups allow-presentation allow-popups-to-escape-sandbox\"><\/iframe><\/span><\/div>\n<\/div><\/figure>\n<\/div>\n\n\n\n<div class=\"wp-block-column is-layout-flow wp-block-column-is-layout-flow\" style=\"flex-basis:66.66%\">\n<ul style=\"font-size:15px\" class=\"wp-block-list\">\n<li><strong>Laurent Gilbert<\/strong>, advanced research international development director of L'Or\u00e9al<\/li>\n<\/ul>\n<\/div>\n<\/div>\n\n\n\n<hr class=\"wp-block-separator has-alpha-channel-opacity\"\/>\n\n\n\n<p class=\"has-text-align-left\" style=\"font-size:18px\">2017 <strong><strong><span style=\"color: #ff6600;\"><span class=\"s2\"><b>[ Marc Fontecave : Hydrogen, artificial photosynthesis ... what kind of energy for tomorrow?<\/b><\/span><\/span><\/strong><\/strong><\/p>\n\n\n\n<div class=\"wp-block-columns is-layout-flex wp-container-core-columns-is-layout-9d6595d7 wp-block-columns-is-layout-flex\">\n<div class=\"wp-block-column is-layout-flow wp-block-column-is-layout-flow\" style=\"flex-basis:33.33%\">\n<figure class=\"wp-block-embed is-type-video is-provider-youtube wp-block-embed-youtube wp-embed-aspect-16-9 wp-has-aspect-ratio\"><div class=\"wp-block-embed__wrapper\">\n<div class=\"jetpack-video-wrapper\"><span class=\"embed-youtube\" style=\"text-align:center; display: block;\"><iframe loading=\"lazy\" class=\"youtube-player\" width=\"676\" height=\"381\" src=\"https:\/\/www.youtube.com\/embed\/K_DmCjB4-eE?version=3&#038;rel=1&#038;showsearch=0&#038;showinfo=1&#038;iv_load_policy=1&#038;fs=1&#038;hl=en-GB&#038;autohide=2&#038;wmode=transparent&#038;listType=playlist&#038;list=PL6X0Z1l43Efm-z5Icv5sLlv6dmcMqHGhF\" allowfullscreen=\"true\" style=\"border:0;\" sandbox=\"allow-scripts allow-same-origin allow-popups allow-presentation allow-popups-to-escape-sandbox\"><\/iframe><\/span><\/div>\n<\/div><\/figure>\n<\/div>\n\n\n\n<div class=\"wp-block-column is-layout-flow wp-block-column-is-layout-flow\" style=\"flex-basis:66.66%\">\n<ul style=\"font-size:15px\" class=\"wp-block-list\">\n<li><strong>Marc Fontecave<\/strong>Professor at the Coll\u00e8ge de France, Chair of Chemistry of Biological Processes, Director of the Laboratory of Chemistry of Biological Processes, Coll\u00e8ge de France (FRE Coll\u00e8ge de France-CNRS no 3488).<\/li>\n<\/ul>\n<\/div>\n<\/div>\n\n\n\n<hr class=\"wp-block-separator has-alpha-channel-opacity\"\/>\n\n\n\n<p class=\"has-text-align-left\" style=\"font-size:18px\">2017 <span style=\"\"><span class=\"s2\" style=\"\"><b style=\"font-weight: bold; color: rgb(255, 102, 0);\">[ Biomimicry, a source of inspiration and innovation for the automotive industry<\/b><\/span><\/span><strong><strong><span style=\"color: #ff6600;\"> <\/span><\/strong><\/strong><\/p>\n\n\n\n<div class=\"wp-block-columns is-layout-flex wp-container-core-columns-is-layout-9d6595d7 wp-block-columns-is-layout-flex\">\n<div class=\"wp-block-column is-layout-flow wp-block-column-is-layout-flow\" style=\"flex-basis:33.33%\">\n<figure class=\"wp-block-embed is-type-video is-provider-youtube wp-block-embed-youtube wp-embed-aspect-16-9 wp-has-aspect-ratio\"><div class=\"wp-block-embed__wrapper\">\n<div class=\"jetpack-video-wrapper\"><span class=\"embed-youtube\" style=\"text-align:center; display: block;\"><iframe loading=\"lazy\" class=\"youtube-player\" width=\"676\" height=\"381\" src=\"https:\/\/www.youtube.com\/embed\/fOGcDWJzwCA?version=3&#038;rel=1&#038;showsearch=0&#038;showinfo=1&#038;iv_load_policy=1&#038;fs=1&#038;hl=en-GB&#038;autohide=2&#038;wmode=transparent&#038;listType=playlist&#038;list=PL6X0Z1l43Efm-z5Icv5sLlv6dmcMqHGhF\" allowfullscreen=\"true\" style=\"border:0;\" sandbox=\"allow-scripts allow-same-origin allow-popups allow-presentation allow-popups-to-escape-sandbox\"><\/iframe><\/span><\/div>\n<\/div><\/figure>\n<\/div>\n\n\n\n<div class=\"wp-block-column is-layout-flow wp-block-column-is-layout-flow\" style=\"flex-basis:66.66%\">\n<ul style=\"font-size:15px\" class=\"wp-block-list\">\n<li><strong>J\u00e9r\u00f4me Perrin<\/strong>, Scientific Director of Renault<\/li>\n<\/ul>\n<\/div>\n<\/div>\n\n\n\n<hr class=\"wp-block-separator has-alpha-channel-opacity\"\/>\n\n\n\n<p class=\"has-text-align-left\" style=\"font-size:18px\">2017 <strong><strong><span style=\"color: #ff6600;\"><span class=\"s2\"><b>[ When Biomimicry drives Rte to reinvent its businesses<\/b><\/span><\/span><\/strong><\/strong><\/p>\n\n\n\n<p class=\"has-text-align-justify\" style=\"font-size:15px\">Meshing, networks, flows, matter, interconnections... are natural ecosystems a source of inspiration for the ecosystem and the electricity network, which are undergoing radical change?<\/p>\n\n\n\n<div class=\"wp-block-columns is-layout-flex wp-container-core-columns-is-layout-9d6595d7 wp-block-columns-is-layout-flex\">\n<div class=\"wp-block-column is-layout-flow wp-block-column-is-layout-flow\" style=\"flex-basis:33.33%\">\n<figure class=\"wp-block-embed is-type-video is-provider-youtube wp-block-embed-youtube wp-embed-aspect-16-9 wp-has-aspect-ratio\"><div class=\"wp-block-embed__wrapper\">\n<div class=\"jetpack-video-wrapper\"><span class=\"embed-youtube\" style=\"text-align:center; display: block;\"><iframe loading=\"lazy\" class=\"youtube-player\" width=\"676\" height=\"381\" src=\"https:\/\/www.youtube.com\/embed\/7xxYUEmrwv0?version=3&#038;rel=1&#038;showsearch=0&#038;showinfo=1&#038;iv_load_policy=1&#038;fs=1&#038;hl=en-GB&#038;autohide=2&#038;wmode=transparent&#038;listType=playlist&#038;list=PL6X0Z1l43Efm-z5Icv5sLlv6dmcMqHGhF\" allowfullscreen=\"true\" style=\"border:0;\" sandbox=\"allow-scripts allow-same-origin allow-popups allow-presentation allow-popups-to-escape-sandbox\"><\/iframe><\/span><\/div>\n<\/div><\/figure>\n<\/div>\n\n\n\n<div class=\"wp-block-column is-layout-flow wp-block-column-is-layout-flow\" style=\"flex-basis:66.66%\">\n<ul style=\"font-size:15px\" class=\"wp-block-list\">\n<li><strong>Nathalie Devulder<\/strong>, RTE Sustainable Development Director<\/li>\n<\/ul>\n<\/div>\n<\/div>\n\n\n\n<hr class=\"wp-block-separator has-alpha-channel-opacity\"\/>\n\n\n\n<p class=\"has-text-align-left\" style=\"font-size:18px\">2017 <strong><strong><span style=\"color: #ff6600;\"><span class=\"s2\"><b>[ Biomimicry at a great builder ...<\/b><\/span><\/span><\/strong><\/strong><\/p>\n\n\n\n<p class=\"has-text-align-justify\" style=\"font-size:15px\">Urban agriculture, bio-inspired housing, eco-neighbourhoods... how biomimicry is being incorporated into current projects.<\/p>\n\n\n\n<div class=\"wp-block-columns is-layout-flex wp-container-core-columns-is-layout-9d6595d7 wp-block-columns-is-layout-flex\">\n<div class=\"wp-block-column is-layout-flow wp-block-column-is-layout-flow\" style=\"flex-basis:33.33%\">\n<figure class=\"wp-block-embed is-type-video is-provider-youtube wp-block-embed-youtube wp-embed-aspect-16-9 wp-has-aspect-ratio\"><div class=\"wp-block-embed__wrapper\">\n<div class=\"jetpack-video-wrapper\"><span class=\"embed-youtube\" style=\"text-align:center; display: block;\"><iframe loading=\"lazy\" class=\"youtube-player\" width=\"676\" height=\"381\" src=\"https:\/\/www.youtube.com\/embed\/8ejmSrCv5zE?version=3&#038;rel=1&#038;showsearch=0&#038;showinfo=1&#038;iv_load_policy=1&#038;fs=1&#038;hl=en-GB&#038;autohide=2&#038;wmode=transparent&#038;listType=playlist&#038;list=PL6X0Z1l43Efm-z5Icv5sLlv6dmcMqHGhF\" allowfullscreen=\"true\" style=\"border:0;\" sandbox=\"allow-scripts allow-same-origin allow-popups allow-presentation allow-popups-to-escape-sandbox\"><\/iframe><\/span><\/div>\n<\/div><\/figure>\n<\/div>\n\n\n\n<div class=\"wp-block-column is-layout-flow wp-block-column-is-layout-flow\" style=\"flex-basis:66.66%\">\n<ul style=\"font-size:15px\" class=\"wp-block-list\">\n<li><strong>Iswann Ali Benali and Fran\u00e7ois Dapilly<\/strong>, Sustainable Development and Transverse Innovation Department, Eiffage Group<\/li>\n<\/ul>\n<\/div>\n<\/div>\n\n\n\n<hr class=\"wp-block-separator has-alpha-channel-opacity\"\/>\n\n\n\n<p class=\"has-text-align-left\" style=\"font-size:18px\">2017 <strong><strong><span style=\"color: #ff6600;\"><span class=\"s2\"><b>[ <strong><strong><span style=\"color: #ff6600;\"><span class=\"s2\"><b><strong><strong><span style=\"color: #ff6600;\"><span class=\"s2\">When two brothers, one an architect and the other a biologist, work together ...<\/span><\/span><\/strong><\/strong><\/b><\/span><\/span><\/strong><\/strong><\/b><\/span><\/span><\/strong><\/strong><\/p>\n\n\n\n<p class=\"has-text-align-justify\" style=\"font-size:15px\">An algorithm inspired by plant morphology to optimise light and solar gain.<\/p>\n\n\n\n<div class=\"wp-block-columns is-layout-flex wp-container-core-columns-is-layout-9d6595d7 wp-block-columns-is-layout-flex\">\n<div class=\"wp-block-column is-layout-flow wp-block-column-is-layout-flow\" style=\"flex-basis:33.33%\">\n<figure class=\"wp-block-embed is-type-video is-provider-youtube wp-block-embed-youtube wp-embed-aspect-16-9 wp-has-aspect-ratio\"><div class=\"wp-block-embed__wrapper\">\n<div class=\"jetpack-video-wrapper\"><span class=\"embed-youtube\" style=\"text-align:center; display: block;\"><iframe loading=\"lazy\" class=\"youtube-player\" width=\"676\" height=\"381\" src=\"https:\/\/www.youtube.com\/embed\/d0_fgPgQeYc?version=3&#038;rel=1&#038;showsearch=0&#038;showinfo=1&#038;iv_load_policy=1&#038;fs=1&#038;hl=en-GB&#038;autohide=2&#038;wmode=transparent&#038;listType=playlist&#038;list=PL6X0Z1l43Efm-z5Icv5sLlv6dmcMqHGhF\" allowfullscreen=\"true\" style=\"border:0;\" sandbox=\"allow-scripts allow-same-origin allow-popups allow-presentation allow-popups-to-escape-sandbox\"><\/iframe><\/span><\/div>\n<\/div><\/figure>\n<\/div>\n\n\n\n<div class=\"wp-block-column is-layout-flow wp-block-column-is-layout-flow\" style=\"flex-basis:66.66%\">\n<ul style=\"font-size:15px\" class=\"wp-block-list\">\n<li><strong>Nicolas Vernoux-Th\u00e9lot<\/strong>, DPLG architect and founder of In Situ Architecture<\/li>\n\n\n\n<li><strong>Teva Vernoux<\/strong>, Doctor of Plant Biology and Director of Research at the CNRS<\/li>\n<\/ul>\n<\/div>\n<\/div>\n\n\n\n<hr class=\"wp-block-separator has-alpha-channel-opacity\"\/>\n\n\n\n<p class=\"has-text-align-left\" style=\"font-size:18px\">2017 <strong><strong><span style=\"color: #ff6600;\"><span class=\"s2\"><b>[ <strong><strong><span style=\"color: #ff6600;\"><span class=\"s2\"><b><strong><strong><span style=\"color: #ff6600;\"><span class=\"s2\">Olivier Bocquet: A Biomimicry Lab at the heart of tomorrow's architectural profession<\/span><\/span><\/strong><\/strong><\/b><\/span><\/span><\/strong><\/strong><\/b><\/span><\/span><\/strong><\/strong><\/p>\n\n\n\n<p class=\"has-text-align-justify\" style=\"font-size:15px\">One example is the bioluminescence of marine animals as a new source of lighting. <\/p>\n\n\n\n<div class=\"wp-block-columns is-layout-flex wp-container-core-columns-is-layout-9d6595d7 wp-block-columns-is-layout-flex\">\n<div class=\"wp-block-column is-layout-flow wp-block-column-is-layout-flow\" style=\"flex-basis:33.33%\">\n<figure class=\"wp-block-embed is-type-video is-provider-youtube wp-block-embed-youtube wp-embed-aspect-16-9 wp-has-aspect-ratio\"><div class=\"wp-block-embed__wrapper\">\n<div class=\"jetpack-video-wrapper\"><span class=\"embed-youtube\" style=\"text-align:center; display: block;\"><iframe loading=\"lazy\" class=\"youtube-player\" width=\"676\" height=\"381\" src=\"https:\/\/www.youtube.com\/embed\/zWfayiU60n8?version=3&#038;rel=1&#038;showsearch=0&#038;showinfo=1&#038;iv_load_policy=1&#038;fs=1&#038;hl=en-GB&#038;autohide=2&#038;wmode=transparent&#038;listType=playlist&#038;list=PL6X0Z1l43Efm-z5Icv5sLlv6dmcMqHGhF\" allowfullscreen=\"true\" style=\"border:0;\" sandbox=\"allow-scripts allow-same-origin allow-popups allow-presentation allow-popups-to-escape-sandbox\"><\/iframe><\/span><\/div>\n<\/div><\/figure>\n<\/div>\n\n\n\n<div class=\"wp-block-column is-layout-flow wp-block-column-is-layout-flow\" style=\"flex-basis:66.66%\">\n<ul style=\"font-size:15px\" class=\"wp-block-list\">\n<li><strong>Olivier Bocquet<\/strong>, Head of Tangram Lab. Winner of the Jacques Rougerie Foundation international architecture competition.<\/li>\n<\/ul>\n<\/div>\n<\/div>\n\n\n\n<hr class=\"wp-block-separator has-alpha-channel-opacity\"\/>\n\n\n\n<p class=\"has-text-align-left\" style=\"font-size:18px\">2017 <strong><strong><span style=\"color: #ff6600;\"><span class=\"s2\"><b>[ How does a major architecture firm embrace biomimicry? Between philosophy and achievements<\/b><\/span><\/span><\/strong><\/strong><\/p>\n\n\n\n<div class=\"wp-block-columns is-layout-flex wp-container-core-columns-is-layout-9d6595d7 wp-block-columns-is-layout-flex\">\n<div class=\"wp-block-column is-layout-flow wp-block-column-is-layout-flow\" style=\"flex-basis:33.33%\">\n<figure class=\"wp-block-embed is-type-video is-provider-youtube wp-block-embed-youtube wp-embed-aspect-16-9 wp-has-aspect-ratio\"><div class=\"wp-block-embed__wrapper\">\n<div class=\"jetpack-video-wrapper\"><span class=\"embed-youtube\" style=\"text-align:center; display: block;\"><iframe loading=\"lazy\" class=\"youtube-player\" width=\"676\" height=\"381\" src=\"https:\/\/www.youtube.com\/embed\/2FUc28E0_BU?version=3&#038;rel=1&#038;showsearch=0&#038;showinfo=1&#038;iv_load_policy=1&#038;fs=1&#038;hl=en-GB&#038;autohide=2&#038;wmode=transparent&#038;listType=playlist&#038;list=PL6X0Z1l43Efm-z5Icv5sLlv6dmcMqHGhF\" allowfullscreen=\"true\" style=\"border:0;\" sandbox=\"allow-scripts allow-same-origin allow-popups allow-presentation allow-popups-to-escape-sandbox\"><\/iframe><\/span><\/div>\n<\/div><\/figure>\n<\/div>\n\n\n\n<div class=\"wp-block-column is-layout-flow wp-block-column-is-layout-flow\" style=\"flex-basis:66.66%\">\n<ul style=\"font-size:15px\" class=\"wp-block-list\">\n<li><strong>Pablo Lorenzino and Luca Bertacchi<\/strong>&nbsp;by Agence d'Architecture A. Bechu<\/li>\n<\/ul>\n<\/div>\n<\/div>\n\n\n\n<hr class=\"wp-block-separator has-alpha-channel-opacity\"\/>\n\n\n\n<p class=\"has-text-align-left\" style=\"font-size:18px\">2017 <strong><strong><span style=\"color: #ff6600;\"><span class=\"s2\"><b>[ Olivier Scheffer : Biomimicry and Architecture<\/b><\/span><\/span><\/strong><\/strong><\/p>\n\n\n\n<div class=\"wp-block-columns is-layout-flex wp-container-core-columns-is-layout-9d6595d7 wp-block-columns-is-layout-flex\">\n<div class=\"wp-block-column is-layout-flow wp-block-column-is-layout-flow\" style=\"flex-basis:33.33%\">\n<figure class=\"wp-block-embed is-type-video is-provider-youtube wp-block-embed-youtube wp-embed-aspect-16-9 wp-has-aspect-ratio\"><div class=\"wp-block-embed__wrapper\">\n<div class=\"jetpack-video-wrapper\"><span class=\"embed-youtube\" style=\"text-align:center; display: block;\"><iframe loading=\"lazy\" class=\"youtube-player\" width=\"676\" height=\"381\" src=\"https:\/\/www.youtube.com\/embed\/eITf5qYyKwE?version=3&#038;rel=1&#038;showsearch=0&#038;showinfo=1&#038;iv_load_policy=1&#038;fs=1&#038;hl=en-GB&#038;autohide=2&#038;wmode=transparent&#038;listType=playlist&#038;list=PL6X0Z1l43Efm-z5Icv5sLlv6dmcMqHGhF\" allowfullscreen=\"true\" style=\"border:0;\" sandbox=\"allow-scripts allow-same-origin allow-popups allow-presentation allow-popups-to-escape-sandbox\"><\/iframe><\/span><\/div>\n<\/div><\/figure>\n<\/div>\n\n\n\n<div class=\"wp-block-column is-layout-flow wp-block-column-is-layout-flow\" style=\"flex-basis:66.66%\">\n<ul style=\"font-size:15px\" class=\"wp-block-list\">\n<li><strong>Olivier Scheffer<\/strong>, Managing Director of NOBATEK\/INEF4, Institut pour la Transition \u00c9nerg\u00e9tique du B\u00e2timent (Institute for the Energy Transition in Buildings)<\/li>\n<\/ul>\n<\/div>\n<\/div>\n\n\n\n<hr class=\"wp-block-separator has-alpha-channel-opacity\"\/>\n\n\n\n<p class=\"has-text-align-left\" style=\"font-size:18px\">2017 <strong><strong><span style=\"color: #ff6600;\"><span class=\"s2\"><b>[ Jacques Rougerie as patron of the Biomim Challenge: Life, the sea of inspiration<\/b><\/span><\/span><\/strong><\/strong><\/p>\n\n\n\n<div class=\"wp-block-columns is-layout-flex wp-container-core-columns-is-layout-9d6595d7 wp-block-columns-is-layout-flex\">\n<div class=\"wp-block-column is-layout-flow wp-block-column-is-layout-flow\" style=\"flex-basis:33.33%\">\n<figure class=\"wp-block-embed is-type-video is-provider-youtube wp-block-embed-youtube wp-embed-aspect-16-9 wp-has-aspect-ratio\"><div class=\"wp-block-embed__wrapper\">\n<div class=\"jetpack-video-wrapper\"><span class=\"embed-youtube\" style=\"text-align:center; display: block;\"><iframe loading=\"lazy\" class=\"youtube-player\" width=\"676\" height=\"381\" src=\"https:\/\/www.youtube.com\/embed\/5NT2W6hcWe4?version=3&#038;rel=1&#038;showsearch=0&#038;showinfo=1&#038;iv_load_policy=1&#038;fs=1&#038;hl=en-GB&#038;autohide=2&#038;wmode=transparent&#038;listType=playlist&#038;list=PL6X0Z1l43Efm-z5Icv5sLlv6dmcMqHGhF\" allowfullscreen=\"true\" style=\"border:0;\" sandbox=\"allow-scripts allow-same-origin allow-popups allow-presentation allow-popups-to-escape-sandbox\"><\/iframe><\/span><\/div>\n<\/div><\/figure>\n<\/div>\n\n\n\n<div class=\"wp-block-column is-layout-flow wp-block-column-is-layout-flow\" style=\"flex-basis:66.66%\">\n<ul style=\"font-size:15px\" class=\"wp-block-list\">\n<li><strong>Jacques Rougerie<\/strong>, Architect, graduate of the Beaux Arts and the Institut Oc\u00e9anographique de Paris. Institut de France; Acad\u00e9mie des Beaux-Arts. Chairman of the Jacques Rougerie Foundation<\/li>\n<\/ul>\n<\/div>\n<\/div>\n\n\n\n<hr class=\"wp-block-separator has-alpha-channel-opacity\"\/>\n\n\n\n<p class=\"has-text-align-left\" style=\"font-size:18px\">2017 <strong><strong><span style=\"color: #ff6600;\"><span class=\"s2\"><b>[ BIOMINNOVATE CHALLENGE FINAL (STUDENT COMPETITION): BIOMITIZATION AND SUSTAINABLE DEVELOPMENT - student pitches<\/b><\/span><\/span><\/strong><\/strong> <\/p>\n\n\n\n<p class=\"has-text-align-justify\" style=\"font-size:15px\">How to draw inspiration from the living world to re-invent the world of tomorrow.<\/p>\n\n\n\n<div class=\"wp-block-columns is-layout-flex wp-container-core-columns-is-layout-9d6595d7 wp-block-columns-is-layout-flex\">\n<div class=\"wp-block-column is-layout-flow wp-block-column-is-layout-flow\" style=\"flex-basis:33.33%\">\n<figure class=\"wp-block-embed is-type-video is-provider-youtube wp-block-embed-youtube wp-embed-aspect-16-9 wp-has-aspect-ratio\"><div class=\"wp-block-embed__wrapper\">\n<div class=\"jetpack-video-wrapper\"><span class=\"embed-youtube\" style=\"text-align:center; display: block;\"><iframe loading=\"lazy\" class=\"youtube-player\" width=\"676\" height=\"381\" src=\"https:\/\/www.youtube.com\/embed\/RmwlX72tbl8?version=3&#038;rel=1&#038;showsearch=0&#038;showinfo=1&#038;iv_load_policy=1&#038;fs=1&#038;hl=en-GB&#038;autohide=2&#038;wmode=transparent&#038;listType=playlist&#038;list=PL6X0Z1l43Efm-z5Icv5sLlv6dmcMqHGhF\" allowfullscreen=\"true\" style=\"border:0;\" sandbox=\"allow-scripts allow-same-origin allow-popups allow-presentation allow-popups-to-escape-sandbox\"><\/iframe><\/span><\/div>\n<\/div><\/figure>\n<\/div>\n\n\n\n<div class=\"wp-block-column is-layout-flow wp-block-column-is-layout-flow\" style=\"flex-basis:66.66%\">\n<ul style=\"font-size:15px\" class=\"wp-block-list\">\n<li>Succession of the 8 finalist teams<\/li>\n<\/ul>\n<\/div>\n<\/div>\n\n\n\n<hr class=\"wp-block-separator has-alpha-channel-opacity\"\/>\n\n\n\n<p class=\"has-text-align-left\" style=\"font-size:18px\">2017 <strong><strong><span style=\"color: #ff6600;\"><span class=\"s2\"><b>[ Why does a top-level sailor and sportsman consider environmental performance to be the only performance that counts?<\/b><\/span><\/span><\/strong><\/strong><\/p>\n\n\n\n<div class=\"wp-block-columns is-layout-flex wp-container-core-columns-is-layout-9d6595d7 wp-block-columns-is-layout-flex\">\n<div class=\"wp-block-column is-layout-flow wp-block-column-is-layout-flow\" style=\"flex-basis:33.33%\">\n<figure class=\"wp-block-embed is-type-video is-provider-youtube wp-block-embed-youtube wp-embed-aspect-16-9 wp-has-aspect-ratio\"><div class=\"wp-block-embed__wrapper\">\n<div class=\"jetpack-video-wrapper\"><span class=\"embed-youtube\" style=\"text-align:center; display: block;\"><iframe loading=\"lazy\" class=\"youtube-player\" width=\"676\" height=\"381\" src=\"https:\/\/www.youtube.com\/embed\/WZRYeHgehO4?version=3&#038;rel=1&#038;showsearch=0&#038;showinfo=1&#038;iv_load_policy=1&#038;fs=1&#038;hl=en-GB&#038;autohide=2&#038;wmode=transparent&#038;listType=playlist&#038;list=PL6X0Z1l43Efm-z5Icv5sLlv6dmcMqHGhF\" allowfullscreen=\"true\" style=\"border:0;\" sandbox=\"allow-scripts allow-same-origin allow-popups allow-presentation allow-popups-to-escape-sandbox\"><\/iframe><\/span><\/div>\n<\/div><\/figure>\n<\/div>\n\n\n\n<div class=\"wp-block-column is-layout-flow wp-block-column-is-layout-flow\" style=\"flex-basis:66.66%\">\n<ul style=\"font-size:15px\" class=\"wp-block-list\">\n<li><strong>Roland Jourdain<\/strong>, a yachtsman and two-time winner of the Route du Rhum (2006 and 2010), is behind the creation of the Explore Fund.<\/li>\n\n\n\n<li><strong>Emmanuel Delannoy<\/strong>, Director of the Inspire Institute, author of the book \u00abPerma\u00e9conomie\u00bb (Wildproject - Le Monde Qui Vient collection).<\/li>\n<\/ul>\n<\/div>\n<\/div>\n\n\n\n<hr class=\"wp-block-separator has-alpha-channel-opacity\"\/>\n\n\n\n<p class=\"has-text-align-left\" style=\"font-size:18px\">2017 <strong><strong><span style=\"color: #ff6600;\"><span class=\"s2\"><b>[ Mariana Braza: towards aircraft wings with variable geometry and deformation?<\/b><\/span><\/span><\/strong><\/strong><\/p>\n\n\n\n<p class=\"has-text-align-justify\" style=\"font-size:15px\">Bio-inspired morphing applied to aeronautics, or how to develop flexible, intelligent wings and fins capable of reacting to external stresses.<\/p>\n\n\n\n<div class=\"wp-block-columns is-layout-flex wp-container-core-columns-is-layout-9d6595d7 wp-block-columns-is-layout-flex\">\n<div class=\"wp-block-column is-layout-flow wp-block-column-is-layout-flow\" style=\"flex-basis:33.33%\">\n<figure class=\"wp-block-embed is-type-video is-provider-youtube wp-block-embed-youtube wp-embed-aspect-16-9 wp-has-aspect-ratio\"><div class=\"wp-block-embed__wrapper\">\n<div class=\"jetpack-video-wrapper\"><span class=\"embed-youtube\" style=\"text-align:center; display: block;\"><iframe loading=\"lazy\" class=\"youtube-player\" width=\"676\" height=\"381\" src=\"https:\/\/www.youtube.com\/embed\/y6qaEKaO7DQ?version=3&#038;rel=1&#038;showsearch=0&#038;showinfo=1&#038;iv_load_policy=1&#038;fs=1&#038;hl=en-GB&#038;autohide=2&#038;wmode=transparent&#038;listType=playlist&#038;list=PL6X0Z1l43Efm-z5Icv5sLlv6dmcMqHGhF\" allowfullscreen=\"true\" style=\"border:0;\" sandbox=\"allow-scripts allow-same-origin allow-popups allow-presentation allow-popups-to-escape-sandbox\"><\/iframe><\/span><\/div>\n<\/div><\/figure>\n<\/div>\n\n\n\n<div class=\"wp-block-column is-layout-flow wp-block-column-is-layout-flow\" style=\"flex-basis:66.66%\">\n<ul style=\"font-size:15px\" class=\"wp-block-list\">\n<li><strong>Marianna Braza<\/strong>, CNRS Research Director, Toulouse Institute of Fluid Mechanics, UMR CNRS\/INPT N\u00b05502<\/li>\n<\/ul>\n<\/div>\n<\/div>\n\n\n\n<hr class=\"wp-block-separator has-alpha-channel-opacity\"\/>\n\n\n\n<p class=\"has-text-align-left\" style=\"font-size:18px\">2017 <strong><strong><span style=\"color: #ff6600;\"><span class=\"s2\"><b>[ Eric Herbert: How does a top athlete consume energy?<\/b><\/span><\/span><\/strong><\/strong><\/p>\n\n\n\n<p class=\"has-text-align-justify\" style=\"font-size:15px\">Bio-inspired uses of energy to understand sports performance.<\/p>\n\n\n\n<div class=\"wp-block-columns is-layout-flex wp-container-core-columns-is-layout-9d6595d7 wp-block-columns-is-layout-flex\">\n<div class=\"wp-block-column is-layout-flow wp-block-column-is-layout-flow\" style=\"flex-basis:33.33%\">\n<figure class=\"wp-block-embed is-type-video is-provider-youtube wp-block-embed-youtube wp-embed-aspect-16-9 wp-has-aspect-ratio\"><div class=\"wp-block-embed__wrapper\">\n<div class=\"jetpack-video-wrapper\"><span class=\"embed-youtube\" style=\"text-align:center; display: block;\"><iframe loading=\"lazy\" class=\"youtube-player\" width=\"676\" height=\"381\" src=\"https:\/\/www.youtube.com\/embed\/EVp1Y-J7lVM?version=3&#038;rel=1&#038;showsearch=0&#038;showinfo=1&#038;iv_load_policy=1&#038;fs=1&#038;hl=en-GB&#038;autohide=2&#038;wmode=transparent&#038;listType=playlist&#038;list=PL6X0Z1l43Efm-z5Icv5sLlv6dmcMqHGhF\" allowfullscreen=\"true\" style=\"border:0;\" sandbox=\"allow-scripts allow-same-origin allow-popups allow-presentation allow-popups-to-escape-sandbox\"><\/iframe><\/span><\/div>\n<\/div><\/figure>\n<\/div>\n\n\n\n<div class=\"wp-block-column is-layout-flow wp-block-column-is-layout-flow\" style=\"flex-basis:66.66%\">\n<ul style=\"font-size:15px\" class=\"wp-block-list\">\n<li><strong>Eric Herbert<\/strong>, Laboratoire Interdisciplinaire des Energies de Demain, UMR 8236 LIED, Universit\u00e9 Paris Diderot, in association with Hotel-Dieu and INSEP<\/li>\n<\/ul>\n<\/div>\n<\/div>\n\n\n\n<hr class=\"wp-block-separator has-alpha-channel-opacity\"\/>\n\n\n\n<p class=\"has-text-align-left\" style=\"font-size:18px\">2017 <strong><strong><span style=\"color: #ff6600;\"><span class=\"s2\"><b>[ <strong>Vincent Cognet: <\/strong>Biomimicry, materials and wind power: what if flexible blades were more productive?<\/b><\/span><\/span><\/strong><\/strong><\/p>\n\n\n\n<p class=\"has-text-align-justify\" style=\"font-size:15px\">The advantages of reconfiguring a flexible material applied to wind energy<\/p>\n\n\n\n<div class=\"wp-block-columns is-layout-flex wp-container-core-columns-is-layout-9d6595d7 wp-block-columns-is-layout-flex\">\n<div class=\"wp-block-column is-layout-flow wp-block-column-is-layout-flow\" style=\"flex-basis:33.33%\">\n<figure class=\"wp-block-embed is-type-video is-provider-youtube wp-block-embed-youtube wp-embed-aspect-16-9 wp-has-aspect-ratio\"><div class=\"wp-block-embed__wrapper\">\n<div class=\"jetpack-video-wrapper\"><span class=\"embed-youtube\" style=\"text-align:center; display: block;\"><iframe loading=\"lazy\" class=\"youtube-player\" width=\"676\" height=\"381\" src=\"https:\/\/www.youtube.com\/embed\/GzHqzCHEn1s?version=3&#038;rel=1&#038;showsearch=0&#038;showinfo=1&#038;iv_load_policy=1&#038;fs=1&#038;hl=en-GB&#038;autohide=2&#038;wmode=transparent&#038;listType=playlist&#038;list=PL6X0Z1l43Efm-z5Icv5sLlv6dmcMqHGhF\" allowfullscreen=\"true\" style=\"border:0;\" sandbox=\"allow-scripts allow-same-origin allow-popups allow-presentation allow-popups-to-escape-sandbox\"><\/iframe><\/span><\/div>\n<\/div><\/figure>\n<\/div>\n\n\n\n<div class=\"wp-block-column is-layout-flow wp-block-column-is-layout-flow\" style=\"flex-basis:66.66%\">\n<ul style=\"font-size:15px\" class=\"wp-block-list\">\n<li><strong>Vincent Cognet<\/strong>, Laboratoire de Physique et M\u00e9canique des Milieux H\u00e9t\u00e9rog\u00e8nes, ESPCI Paris<\/li>\n<\/ul>\n<\/div>\n<\/div>\n\n\n\n<hr class=\"wp-block-separator has-alpha-channel-opacity\"\/>\n\n\n\n<p class=\"has-text-align-left\" style=\"font-size:18px\">2017 <strong><strong><span style=\"color: #ff6600;\"><span class=\"s2\"><b>[ St\u00e9phane M\u00e9nage: using chemistry and biology to rethink the metals of the future<\/b><\/span><\/span><\/strong><\/strong><\/p>\n\n\n\n<div class=\"wp-block-columns is-layout-flex wp-container-core-columns-is-layout-9d6595d7 wp-block-columns-is-layout-flex\">\n<div class=\"wp-block-column is-layout-flow wp-block-column-is-layout-flow\" style=\"flex-basis:33.33%\">\n<figure class=\"wp-block-embed is-type-video is-provider-youtube wp-block-embed-youtube wp-embed-aspect-16-9 wp-has-aspect-ratio\"><div class=\"wp-block-embed__wrapper\">\n<div class=\"jetpack-video-wrapper\"><span class=\"embed-youtube\" style=\"text-align:center; display: block;\"><iframe loading=\"lazy\" class=\"youtube-player\" width=\"676\" height=\"381\" src=\"https:\/\/www.youtube.com\/embed\/x6LmgdOhOMM?version=3&#038;rel=1&#038;showsearch=0&#038;showinfo=1&#038;iv_load_policy=1&#038;fs=1&#038;hl=en-GB&#038;autohide=2&#038;wmode=transparent&#038;listType=playlist&#038;list=PL6X0Z1l43Efm-z5Icv5sLlv6dmcMqHGhF\" allowfullscreen=\"true\" style=\"border:0;\" sandbox=\"allow-scripts allow-same-origin allow-popups allow-presentation allow-popups-to-escape-sandbox\"><\/iframe><\/span><\/div>\n<\/div><\/figure>\n<\/div>\n\n\n\n<div class=\"wp-block-column is-layout-flow wp-block-column-is-layout-flow\" style=\"flex-basis:66.66%\">\n<ul style=\"font-size:15px\" class=\"wp-block-list\">\n<li><strong>St\u00e9phane M\u00e9nage<\/strong>, Director of the Chemistry and Biology of Metals Laboratory, Universit\u00e9 de Grenoble Alpes, UMR 5249 CNRS\/CEA\/UGA, CEA-Grenoble<\/li>\n<\/ul>\n<\/div>\n<\/div>\n\n\n\n<hr class=\"wp-block-separator has-alpha-channel-opacity\"\/>\n\n\n\n<p class=\"has-text-align-left\" style=\"font-size:18px\">2017 <strong><strong><span style=\"color: #ff6600;\"><span class=\"s2\"><b>[ <strong>Marc Desmulliez: Biomimetics, green chemistry and additive printing<\/strong><\/b><\/span><\/span><\/strong><\/strong><\/p>\n\n\n\n<p class=\"has-text-align-justify\" style=\"font-size:15px\">Computer-aided biomimetics or in the field of green chemistry for the 3D printing of multi-materials such as plastic and metals<\/p>\n\n\n\n<div class=\"wp-block-columns is-layout-flex wp-container-core-columns-is-layout-9d6595d7 wp-block-columns-is-layout-flex\">\n<div class=\"wp-block-column is-layout-flow wp-block-column-is-layout-flow\" style=\"flex-basis:33.33%\">\n<figure class=\"wp-block-embed is-type-video is-provider-youtube wp-block-embed-youtube wp-embed-aspect-16-9 wp-has-aspect-ratio\"><div class=\"wp-block-embed__wrapper\">\n<div class=\"jetpack-video-wrapper\"><span class=\"embed-youtube\" style=\"text-align:center; display: block;\"><iframe loading=\"lazy\" class=\"youtube-player\" width=\"676\" height=\"381\" src=\"https:\/\/www.youtube.com\/embed\/yBEJuBLte0w?version=3&#038;rel=1&#038;showsearch=0&#038;showinfo=1&#038;iv_load_policy=1&#038;fs=1&#038;hl=en-GB&#038;autohide=2&#038;wmode=transparent&#038;listType=playlist&#038;list=PL6X0Z1l43Efm-z5Icv5sLlv6dmcMqHGhF\" allowfullscreen=\"true\" style=\"border:0;\" sandbox=\"allow-scripts allow-same-origin allow-popups allow-presentation allow-popups-to-escape-sandbox\"><\/iframe><\/span><\/div>\n<\/div><\/figure>\n<\/div>\n\n\n\n<div class=\"wp-block-column is-layout-flow wp-block-column-is-layout-flow\" style=\"flex-basis:66.66%\">\n<ul style=\"font-size:15px\" class=\"wp-block-list\">\n<li><strong>Prof. Marc Desmulliez,<\/strong> CPhys, Ceng, FIET, FInstP, Deputy Head of Institute of Sensors, Signals and Systems (ISSS), Founder\/Director\/Chairman MicroSense Technologies Ltd, Founder\/Director of Nature Inspired Manufacturing Centre (NIMC)<\/li>\n<\/ul>\n<\/div>\n<\/div>\n\n\n\n<hr class=\"wp-block-separator has-alpha-channel-opacity\"\/>\n\n\n\n<p class=\"has-text-align-left\" style=\"font-size:18px\">2017 <strong><strong><span style=\"color: #ff6600;\"><span class=\"s2\"><b>[ Claude Grison : these incredible hyper-accumulating and depolluting plants<\/b><\/span><\/span><\/strong><\/strong><\/p>\n\n\n\n<p class=\"has-text-align-justify\" style=\"font-size:15px\">Metallivorous\u00ab plants, remediation solutions for the regeneration of degraded soils and bio-inspired catalysis.<\/p>\n\n\n\n<div class=\"wp-block-columns is-layout-flex wp-container-core-columns-is-layout-9d6595d7 wp-block-columns-is-layout-flex\">\n<div class=\"wp-block-column is-layout-flow wp-block-column-is-layout-flow\" style=\"flex-basis:33.33%\">\n<figure class=\"wp-block-embed is-type-video is-provider-youtube wp-block-embed-youtube wp-embed-aspect-16-9 wp-has-aspect-ratio\"><div class=\"wp-block-embed__wrapper\">\n<div class=\"jetpack-video-wrapper\"><span class=\"embed-youtube\" style=\"text-align:center; display: block;\"><iframe loading=\"lazy\" class=\"youtube-player\" width=\"676\" height=\"381\" src=\"https:\/\/www.youtube.com\/embed\/U_BqJ1gPk1w?version=3&#038;rel=1&#038;showsearch=0&#038;showinfo=1&#038;iv_load_policy=1&#038;fs=1&#038;hl=en-GB&#038;autohide=2&#038;wmode=transparent&#038;listType=playlist&#038;list=PL6X0Z1l43Efm-z5Icv5sLlv6dmcMqHGhF\" allowfullscreen=\"true\" style=\"border:0;\" sandbox=\"allow-scripts allow-same-origin allow-popups allow-presentation allow-popups-to-escape-sandbox\"><\/iframe><\/span><\/div>\n<\/div><\/figure>\n<\/div>\n\n\n\n<div class=\"wp-block-column is-layout-flow wp-block-column-is-layout-flow\" style=\"flex-basis:66.66%\">\n<ul style=\"font-size:15px\" class=\"wp-block-list\">\n<li><strong>Claude Grison<\/strong>, Professor of Bio-Organic Chemistry at the University of Montpellier, Director of the ChimEco Laboratory for Bio-Inspired Chemistry and Ecological Innovation (UMR 5021 CNRS - UM).<\/li>\n<\/ul>\n<\/div>\n<\/div>\n\n\n\n<hr class=\"wp-block-separator has-alpha-channel-opacity\"\/>\n\n\n\n<p class=\"has-text-align-left\" style=\"font-size:18px\">2017 <strong><strong><span style=\"color: #ff6600;\"><span class=\"s2\"><b>[ Audrey Dussutour: everything you always wanted to know about the Blob ...<\/b><\/span><\/span><\/strong><\/strong><\/p>\n\n\n\n<p class=\"has-text-align-justify\" style=\"font-size:15px\">The enigmatic and bewitching \u00abblob\u00bb.<\/p>\n\n\n\n<div class=\"wp-block-columns is-layout-flex wp-container-core-columns-is-layout-9d6595d7 wp-block-columns-is-layout-flex\">\n<div class=\"wp-block-column is-layout-flow wp-block-column-is-layout-flow\" style=\"flex-basis:33.33%\">\n<figure class=\"wp-block-embed is-type-video is-provider-youtube wp-block-embed-youtube wp-embed-aspect-16-9 wp-has-aspect-ratio\"><div class=\"wp-block-embed__wrapper\">\n<div class=\"jetpack-video-wrapper\"><span class=\"embed-youtube\" style=\"text-align:center; display: block;\"><iframe loading=\"lazy\" class=\"youtube-player\" width=\"676\" height=\"381\" src=\"https:\/\/www.youtube.com\/embed\/S9DP97Mnpp0?version=3&#038;rel=1&#038;showsearch=0&#038;showinfo=1&#038;iv_load_policy=1&#038;fs=1&#038;hl=en-GB&#038;autohide=2&#038;wmode=transparent&#038;listType=playlist&#038;list=PL6X0Z1l43Efm-z5Icv5sLlv6dmcMqHGhF\" allowfullscreen=\"true\" style=\"border:0;\" sandbox=\"allow-scripts allow-same-origin allow-popups allow-presentation allow-popups-to-escape-sandbox\"><\/iframe><\/span><\/div>\n<\/div><\/figure>\n<\/div>\n\n\n\n<div class=\"wp-block-column is-layout-flow wp-block-column-is-layout-flow\" style=\"flex-basis:66.66%\">\n<ul style=\"font-size:15px\" class=\"wp-block-list\">\n<li><strong>Audrey Dussutour<\/strong>, CNRS researcher, Centre de Recherches sur la Cognition Animale UMR 5169, Toulouse III University. Author of the book \u00abTout ce que vous avez toujours voulu savoir sur le Blob sans jamais oser le demander\u00bb, published by Les Equateurs.<\/li>\n<\/ul>\n<\/div>\n<\/div>\n\n\n\n<hr class=\"wp-block-separator has-alpha-channel-opacity\"\/>\n\n\n\n<p class=\"has-text-align-left\" style=\"font-size:18px\">2017 <strong><strong><span style=\"color: #ff6600;\"><span class=\"s2\"><b>[Cl\u00e9ment Sanchez: the countless prospects and innovations offered by soft chemistry and bio-inspired hybrid materials.<\/b><\/span><\/span><\/strong><\/strong><\/p>\n\n\n\n<div class=\"wp-block-columns is-layout-flex wp-container-core-columns-is-layout-9d6595d7 wp-block-columns-is-layout-flex\">\n<div class=\"wp-block-column is-layout-flow wp-block-column-is-layout-flow\" style=\"flex-basis:33.33%\">\n<figure class=\"wp-block-embed is-type-video is-provider-youtube wp-block-embed-youtube wp-embed-aspect-16-9 wp-has-aspect-ratio\"><div class=\"wp-block-embed__wrapper\">\n<div class=\"jetpack-video-wrapper\"><span class=\"embed-youtube\" style=\"text-align:center; display: block;\"><iframe loading=\"lazy\" class=\"youtube-player\" width=\"676\" height=\"381\" src=\"https:\/\/www.youtube.com\/embed\/1CDf4Y8oXok?version=3&#038;rel=1&#038;showsearch=0&#038;showinfo=1&#038;iv_load_policy=1&#038;fs=1&#038;hl=en-GB&#038;autohide=2&#038;wmode=transparent&#038;listType=playlist&#038;list=PL6X0Z1l43Efm-z5Icv5sLlv6dmcMqHGhF\" allowfullscreen=\"true\" style=\"border:0;\" sandbox=\"allow-scripts allow-same-origin allow-popups allow-presentation allow-popups-to-escape-sandbox\"><\/iframe><\/span><\/div>\n<\/div><\/figure>\n<\/div>\n\n\n\n<div class=\"wp-block-column is-layout-flow wp-block-column-is-layout-flow\" style=\"flex-basis:66.66%\">\n<ul style=\"font-size:15px\" class=\"wp-block-list\">\n<li><strong>Cl\u00e9ment Sanchez<\/strong>, Professor at the Coll\u00e8ge de France, Chair of \u201cHybrid Materials Chemistry\u201d, Director of the \u00abCondensed Matter Chemistry\u00bb laboratory\u00bb<\/li>\n<\/ul>\n<\/div>\n<\/div>\n\n\n\n<hr class=\"wp-block-separator has-alpha-channel-opacity\"\/>\n\n\n\n<p class=\"has-text-align-left\" id=\"2016\" style=\"font-size:18px\">2016 <strong><strong><span style=\"color: #ff6600;\"><span class=\"s2\"><b>[ Biomimicry at the heart of L'Or\u00e9al's dual CSR + R&amp;D strategy<\/b><\/span><\/span><\/strong><\/strong><\/p>\n\n\n\n<div class=\"wp-block-columns is-layout-flex wp-container-core-columns-is-layout-9d6595d7 wp-block-columns-is-layout-flex\">\n<div class=\"wp-block-column is-layout-flow wp-block-column-is-layout-flow\" style=\"flex-basis:33.33%\">\n<figure class=\"wp-block-embed is-type-video is-provider-youtube wp-block-embed-youtube wp-embed-aspect-16-9 wp-has-aspect-ratio\"><div class=\"wp-block-embed__wrapper\">\n<div class=\"jetpack-video-wrapper\"><span class=\"embed-youtube\" style=\"text-align:center; display: block;\"><iframe loading=\"lazy\" class=\"youtube-player\" width=\"676\" height=\"381\" src=\"https:\/\/www.youtube.com\/embed\/U-iceMyObxA?version=3&#038;rel=1&#038;showsearch=0&#038;showinfo=1&#038;iv_load_policy=1&#038;fs=1&#038;hl=en-GB&#038;autohide=2&#038;wmode=transparent&#038;listType=playlist&#038;list=PL6X0Z1l43Efl-n_CjS9lmeS9Hcs-S5Cm7\" allowfullscreen=\"true\" style=\"border:0;\" sandbox=\"allow-scripts allow-same-origin allow-popups allow-presentation allow-popups-to-escape-sandbox\"><\/iframe><\/span><\/div>\n<\/div><\/figure>\n<\/div>\n\n\n\n<div class=\"wp-block-column is-layout-flow wp-block-column-is-layout-flow\" style=\"flex-basis:66.66%\">\n<ul style=\"font-size:15px\" class=\"wp-block-list\">\n<li><strong>Alexandra Palt<\/strong>Chief Sustainability Officer <\/li>\n\n\n\n<li><strong>Laurent Gilbert<\/strong>Advanced Research International Development, Director <\/li>\n\n\n\n<li><strong>Francis Pruche<\/strong>, Senior Research Associate<\/li>\n<\/ul>\n<\/div>\n<\/div>\n\n\n\n<hr class=\"wp-block-separator has-alpha-channel-opacity\"\/>\n\n\n\n<p class=\"has-text-align-left\" style=\"font-size:18px\">2016 <strong><strong><span style=\"color: #ff6600;\"><span class=\"s2\"><b>[ Biodiversity, a source of inspiration and innovation for new sustainable growth<\/b><\/span><\/span><\/strong><\/strong><\/p>\n\n\n\n<div class=\"wp-block-columns is-layout-flex wp-container-core-columns-is-layout-9d6595d7 wp-block-columns-is-layout-flex\">\n<div class=\"wp-block-column is-layout-flow wp-block-column-is-layout-flow\" style=\"flex-basis:33.33%\">\n<figure class=\"wp-block-embed is-type-video is-provider-youtube wp-block-embed-youtube wp-embed-aspect-16-9 wp-has-aspect-ratio\"><div class=\"wp-block-embed__wrapper\">\n<div class=\"jetpack-video-wrapper\"><span class=\"embed-youtube\" style=\"text-align:center; display: block;\"><iframe loading=\"lazy\" class=\"youtube-player\" width=\"676\" height=\"381\" src=\"https:\/\/www.youtube.com\/embed\/ylP7cphpWgY?version=3&#038;rel=1&#038;showsearch=0&#038;showinfo=1&#038;iv_load_policy=1&#038;fs=1&#038;hl=en-GB&#038;autohide=2&#038;wmode=transparent&#038;listType=playlist&#038;list=PL6X0Z1l43Efl-n_CjS9lmeS9Hcs-S5Cm7\" allowfullscreen=\"true\" style=\"border:0;\" sandbox=\"allow-scripts allow-same-origin allow-popups allow-presentation allow-popups-to-escape-sandbox\"><\/iframe><\/span><\/div>\n<\/div><\/figure>\n<\/div>\n\n\n\n<div class=\"wp-block-column is-layout-flow wp-block-column-is-layout-flow\" style=\"flex-basis:66.66%\">\n<ul style=\"font-size:15px\" class=\"wp-block-list\">\n<li><strong>Gilles Boeuf<\/strong>, scientific adviser to Minister S\u00e9gol\u00e8ne Royal on life and natural sciences, climate and the oceans <\/li>\n\n\n\n<li><strong>Philippe Vasseur<\/strong>, Special Commissioner for the revitalisation and re-industrialisation of the Hauts-de-France region <\/li>\n\n\n\n<li><strong>Nathalie Lebas<\/strong>, Chairwoman of the Education and Research Commission of the Hauts-de-France Regional Council <\/li>\n\n\n\n<li><strong>Jacques Livage<\/strong>, member of the Acad\u00e9mie des Sciences, professor at the Coll\u00e8ge de France <\/li>\n\n\n\n<li><strong>Olivier Varlet<\/strong>, Managing Director of the Matikem competitiveness cluster, representing the President of Ceebios<\/li>\n<\/ul>\n<\/div>\n<\/div>\n\n\n\n<hr class=\"wp-block-separator has-alpha-channel-opacity\"\/>\n\n\n\n<p class=\"has-text-align-left\" style=\"font-size:18px\">2016 <strong><strong><span style=\"color: #ff6600;\"><span class=\"s2\"><b>[ Biomimicry and industry: testimonials and innovations - I-Lab Air Liquide - Greenever<\/b><\/span><\/span><\/strong><\/strong> <\/p>\n\n\n\n<div class=\"wp-block-columns is-layout-flex wp-container-core-columns-is-layout-9d6595d7 wp-block-columns-is-layout-flex\">\n<div class=\"wp-block-column is-layout-flow wp-block-column-is-layout-flow\" style=\"flex-basis:33.33%\">\n<figure class=\"wp-block-embed is-type-video is-provider-youtube wp-block-embed-youtube wp-embed-aspect-16-9 wp-has-aspect-ratio\"><div class=\"wp-block-embed__wrapper\">\n<div class=\"jetpack-video-wrapper\"><span class=\"embed-youtube\" style=\"text-align:center; display: block;\"><iframe loading=\"lazy\" class=\"youtube-player\" width=\"676\" height=\"381\" src=\"https:\/\/www.youtube.com\/embed\/73VHtTiAY6Y?version=3&#038;rel=1&#038;showsearch=0&#038;showinfo=1&#038;iv_load_policy=1&#038;fs=1&#038;hl=en-GB&#038;autohide=2&#038;wmode=transparent&#038;listType=playlist&#038;list=PL6X0Z1l43Efl-n_CjS9lmeS9Hcs-S5Cm7\" allowfullscreen=\"true\" style=\"border:0;\" sandbox=\"allow-scripts allow-same-origin allow-popups allow-presentation allow-popups-to-escape-sandbox\"><\/iframe><\/span><\/div>\n<\/div><\/figure>\n<\/div>\n\n\n\n<div class=\"wp-block-column is-layout-flow wp-block-column-is-layout-flow\" style=\"flex-basis:66.66%\">\n<ul style=\"font-size:15px\" class=\"wp-block-list\">\n<li><strong>Bernard Saulnier<\/strong>International Fellow Expert Air Liquide <\/li>\n\n\n\n<li><strong>Adrijana Sehovac<\/strong>I-Lab Air Liquide <\/li>\n\n\n\n<li><strong>J\u00e9r\u00f4me Loeuil<\/strong>Product Manager <\/li>\n\n\n\n<li><strong>Thierry Fradetal<\/strong>, Project Manager Bio H2 Greenever<\/li>\n<\/ul>\n<\/div>\n<\/div>\n\n\n\n<hr class=\"wp-block-separator has-alpha-channel-opacity\"\/>\n\n\n\n<p class=\"has-text-align-left\" style=\"font-size:18px\">2016 <strong><strong><span style=\"color: #ff6600;\"><span class=\"s2\"><b>[ Using fungi to clean up soil (mycoremediation): the example of Eiffage  <\/b><\/span><\/span><\/strong><\/strong><\/p>\n\n\n\n<div class=\"wp-block-columns is-layout-flex wp-container-core-columns-is-layout-9d6595d7 wp-block-columns-is-layout-flex\">\n<div class=\"wp-block-column is-layout-flow wp-block-column-is-layout-flow\" style=\"flex-basis:33.33%\">\n<figure class=\"wp-block-embed is-type-video is-provider-youtube wp-block-embed-youtube wp-embed-aspect-16-9 wp-has-aspect-ratio\"><div class=\"wp-block-embed__wrapper\">\n<div class=\"jetpack-video-wrapper\"><span class=\"embed-youtube\" style=\"text-align:center; display: block;\"><iframe loading=\"lazy\" class=\"youtube-player\" width=\"676\" height=\"381\" src=\"https:\/\/www.youtube.com\/embed\/HqGd5asWdCM?version=3&#038;rel=1&#038;showsearch=0&#038;showinfo=1&#038;iv_load_policy=1&#038;fs=1&#038;hl=en-GB&#038;autohide=2&#038;wmode=transparent&#038;listType=playlist&#038;list=PL6X0Z1l43Efl-n_CjS9lmeS9Hcs-S5Cm7\" allowfullscreen=\"true\" style=\"border:0;\" sandbox=\"allow-scripts allow-same-origin allow-popups allow-presentation allow-popups-to-escape-sandbox\"><\/iframe><\/span><\/div>\n<\/div><\/figure>\n<\/div>\n\n\n\n<div class=\"wp-block-column is-layout-flow wp-block-column-is-layout-flow\" style=\"flex-basis:66.66%\">\n<ul style=\"font-size:15px\" class=\"wp-block-list\">\n<li><strong>Iswann Ali Benali and Fran\u00e7ois Dapilly<\/strong>Sustainable Development Department<\/li>\n<\/ul>\n<\/div>\n<\/div>\n\n\n\n<hr class=\"wp-block-separator has-alpha-channel-opacity\"\/>\n\n\n\n<p class=\"has-text-align-left\" style=\"font-size:18px\">2016 <strong><strong><span style=\"color: #ff6600;\"><span class=\"s2\"><b>[ Inspired by the driving force of marine waves  <\/b><\/span><\/span><\/strong><\/strong><\/p>\n\n\n\n<div class=\"wp-block-columns is-layout-flex wp-container-core-columns-is-layout-9d6595d7 wp-block-columns-is-layout-flex\">\n<div class=\"wp-block-column is-layout-flow wp-block-column-is-layout-flow\" style=\"flex-basis:33.33%\">\n<figure class=\"wp-block-embed is-type-video is-provider-youtube wp-block-embed-youtube wp-embed-aspect-16-9 wp-has-aspect-ratio\"><div class=\"wp-block-embed__wrapper\">\n<div class=\"jetpack-video-wrapper\"><span class=\"embed-youtube\" style=\"text-align:center; display: block;\"><iframe loading=\"lazy\" class=\"youtube-player\" width=\"676\" height=\"381\" src=\"https:\/\/www.youtube.com\/embed\/cVduC1dQ5EU?version=3&#038;rel=1&#038;showsearch=0&#038;showinfo=1&#038;iv_load_policy=1&#038;fs=1&#038;hl=en-GB&#038;autohide=2&#038;wmode=transparent&#038;listType=playlist&#038;list=PL6X0Z1l43Efl-n_CjS9lmeS9Hcs-S5Cm7\" allowfullscreen=\"true\" style=\"border:0;\" sandbox=\"allow-scripts allow-same-origin allow-popups allow-presentation allow-popups-to-escape-sandbox\"><\/iframe><\/span><\/div>\n<\/div><\/figure>\n<\/div>\n\n\n\n<div class=\"wp-block-column is-layout-flow wp-block-column-is-layout-flow\" style=\"flex-basis:66.66%\">\n<ul style=\"font-size:15px\" class=\"wp-block-list\">\n<li><strong>Jean-Baptiste Drevet<\/strong>, Chairman and inventor<\/li>\n<\/ul>\n<\/div>\n<\/div>\n\n\n\n<hr class=\"wp-block-separator has-alpha-channel-opacity\"\/>\n\n\n\n<p class=\"has-text-align-left\" style=\"font-size:18px\">2016 <strong><strong><span style=\"color: #ff6600;\"><span class=\"s2\"><b>[ Dassault Syst\u00e8me; Modelling and Biomimicry: how to make the unmanufacturable?<\/b><\/span><\/span><\/strong><\/strong><\/p>\n\n\n\n<div class=\"wp-block-columns is-layout-flex wp-container-core-columns-is-layout-9d6595d7 wp-block-columns-is-layout-flex\">\n<div class=\"wp-block-column is-layout-flow wp-block-column-is-layout-flow\" style=\"flex-basis:33.33%\">\n<figure class=\"wp-block-embed is-type-video is-provider-youtube wp-block-embed-youtube wp-embed-aspect-16-9 wp-has-aspect-ratio\"><div class=\"wp-block-embed__wrapper\">\n<div class=\"jetpack-video-wrapper\"><span class=\"embed-youtube\" style=\"text-align:center; display: block;\"><iframe loading=\"lazy\" class=\"youtube-player\" width=\"676\" height=\"381\" src=\"https:\/\/www.youtube.com\/embed\/6E0PiDe6TfM?version=3&#038;rel=1&#038;showsearch=0&#038;showinfo=1&#038;iv_load_policy=1&#038;fs=1&#038;hl=en-GB&#038;autohide=2&#038;wmode=transparent&#038;listType=playlist&#038;list=PL6X0Z1l43Efl-n_CjS9lmeS9Hcs-S5Cm7\" allowfullscreen=\"true\" style=\"border:0;\" sandbox=\"allow-scripts allow-same-origin allow-popups allow-presentation allow-popups-to-escape-sandbox\"><\/iframe><\/span><\/div>\n<\/div><\/figure>\n<\/div>\n\n\n\n<div class=\"wp-block-column is-layout-flow wp-block-column-is-layout-flow\" style=\"flex-basis:66.66%\">\n<ul style=\"font-size:15px\" class=\"wp-block-list\">\n<li><strong>Fr\u00e9d\u00e9ric Vacher<\/strong>Director of Innovation<\/li>\n<\/ul>\n<\/div>\n<\/div>\n\n\n\n<hr class=\"wp-block-separator has-alpha-channel-opacity\"\/>\n\n\n\n<p class=\"has-text-align-left\" style=\"font-size:18px\">2016 <strong><strong><span style=\"color: #ff6600;\"><span class=\"s2\"><b>[ A wind tree to produce energy<\/b><\/span><\/span><\/strong><\/strong><\/p>\n\n\n\n<div class=\"wp-block-columns is-layout-flex wp-container-core-columns-is-layout-9d6595d7 wp-block-columns-is-layout-flex\">\n<div class=\"wp-block-column is-layout-flow wp-block-column-is-layout-flow\" style=\"flex-basis:33.33%\">\n<figure class=\"wp-block-embed is-type-video is-provider-youtube wp-block-embed-youtube wp-embed-aspect-16-9 wp-has-aspect-ratio\"><div class=\"wp-block-embed__wrapper\">\n<div class=\"jetpack-video-wrapper\"><span class=\"embed-youtube\" style=\"text-align:center; display: block;\"><iframe loading=\"lazy\" class=\"youtube-player\" width=\"676\" height=\"381\" src=\"https:\/\/www.youtube.com\/embed\/58r6czE3iEI?version=3&#038;rel=1&#038;showsearch=0&#038;showinfo=1&#038;iv_load_policy=1&#038;fs=1&#038;hl=en-GB&#038;autohide=2&#038;wmode=transparent&#038;listType=playlist&#038;list=PL6X0Z1l43Efl-n_CjS9lmeS9Hcs-S5Cm7\" allowfullscreen=\"true\" style=\"border:0;\" sandbox=\"allow-scripts allow-same-origin allow-popups allow-presentation allow-popups-to-escape-sandbox\"><\/iframe><\/span><\/div>\n<\/div><\/figure>\n<\/div>\n\n\n\n<div class=\"wp-block-column is-layout-flow wp-block-column-is-layout-flow\" style=\"flex-basis:66.66%\">\n<ul style=\"font-size:15px\" class=\"wp-block-list\">\n<li><strong>J\u00e9r\u00f4me Michaud-Larivi\u00e8re<\/strong>, Chairman<\/li>\n<\/ul>\n<\/div>\n<\/div>\n\n\n\n<hr class=\"wp-block-separator has-alpha-channel-opacity\"\/>\n\n\n\n<p class=\"has-text-align-left\" style=\"font-size:18px\">2016 <strong><strong><span style=\"color: #ff6600;\"><span class=\"s2\"><b>[ Reduce evaporation from hydrocarbon tanks with a duckweed cover? What is it?<\/b><\/span><\/span><\/strong><\/strong><\/p>\n\n\n\n<p class=\"has-text-align-justify\" style=\"font-size:15px\"><\/p>\n\n\n\n<div class=\"wp-block-columns is-layout-flex wp-container-core-columns-is-layout-9d6595d7 wp-block-columns-is-layout-flex\">\n<div class=\"wp-block-column is-layout-flow wp-block-column-is-layout-flow\" style=\"flex-basis:33.33%\">\n<figure class=\"wp-block-embed is-type-video is-provider-youtube wp-block-embed-youtube wp-embed-aspect-16-9 wp-has-aspect-ratio\"><div class=\"wp-block-embed__wrapper\">\n<div class=\"jetpack-video-wrapper\"><span class=\"embed-youtube\" style=\"text-align:center; display: block;\"><iframe loading=\"lazy\" class=\"youtube-player\" width=\"676\" height=\"381\" src=\"https:\/\/www.youtube.com\/embed\/6yUPYC4RJQg?version=3&#038;rel=1&#038;showsearch=0&#038;showinfo=1&#038;iv_load_policy=1&#038;fs=1&#038;hl=en-GB&#038;autohide=2&#038;wmode=transparent&#038;listType=playlist&#038;list=PL6X0Z1l43Efl-n_CjS9lmeS9Hcs-S5Cm7\" allowfullscreen=\"true\" style=\"border:0;\" sandbox=\"allow-scripts allow-same-origin allow-popups allow-presentation allow-popups-to-escape-sandbox\"><\/iframe><\/span><\/div>\n<\/div><\/figure>\n<\/div>\n\n\n\n<div class=\"wp-block-column is-layout-flow wp-block-column-is-layout-flow\" style=\"flex-basis:66.66%\">\n<ul style=\"font-size:15px\" class=\"wp-block-list\">\n<li><strong>Laurent Bedel<\/strong>Founder<\/li>\n<\/ul>\n<\/div>\n<\/div>\n\n\n\n<hr class=\"wp-block-separator has-alpha-channel-opacity\"\/>\n\n\n\n<p class=\"has-text-align-left\" id=\"zal2016\" style=\"font-size:18px\">2016 <strong><strong><span style=\"color: #ff6600;\"><span class=\"s2\"><b>[ Hemarina : Franck Zal explains how a sea worm can save your life<\/b><\/span><\/span><\/strong><\/strong><\/p>\n\n\n\n<div class=\"wp-block-columns is-layout-flex wp-container-core-columns-is-layout-9d6595d7 wp-block-columns-is-layout-flex\">\n<div class=\"wp-block-column is-layout-flow wp-block-column-is-layout-flow\" style=\"flex-basis:33.33%\">\n<figure class=\"wp-block-embed is-type-video is-provider-youtube wp-block-embed-youtube wp-embed-aspect-16-9 wp-has-aspect-ratio\"><div class=\"wp-block-embed__wrapper\">\n<div class=\"jetpack-video-wrapper\"><span class=\"embed-youtube\" style=\"text-align:center; display: block;\"><iframe loading=\"lazy\" class=\"youtube-player\" width=\"676\" height=\"381\" src=\"https:\/\/www.youtube.com\/embed\/oE0f-UdevXk?version=3&#038;rel=1&#038;showsearch=0&#038;showinfo=1&#038;iv_load_policy=1&#038;fs=1&#038;hl=en-GB&#038;autohide=2&#038;wmode=transparent&#038;listType=playlist&#038;list=PL6X0Z1l43Efl-n_CjS9lmeS9Hcs-S5Cm7\" allowfullscreen=\"true\" style=\"border:0;\" sandbox=\"allow-scripts allow-same-origin allow-popups allow-presentation allow-popups-to-escape-sandbox\"><\/iframe><\/span><\/div>\n<\/div><\/figure>\n<\/div>\n\n\n\n<div class=\"wp-block-column is-layout-flow wp-block-column-is-layout-flow\" style=\"flex-basis:66.66%\">\n<ul style=\"font-size:15px\" class=\"wp-block-list\">\n<li><strong>Dr Franck Zal<\/strong>, co-founder, CEO<\/li>\n<\/ul>\n<\/div>\n<\/div>\n\n\n\n<hr class=\"wp-block-separator has-alpha-channel-opacity\"\/>\n\n\n\n<p class=\"has-text-align-left\" style=\"font-size:18px\">2016 <strong><strong><span style=\"color: #ff6600;\"><span class=\"s2\"><b>[ Saint Gobain, experience-sharing on the implementation of biomimicry <\/b><\/span><\/span><\/strong><\/strong><\/p>\n\n\n\n<div class=\"wp-block-columns is-layout-flex wp-container-core-columns-is-layout-9d6595d7 wp-block-columns-is-layout-flex\">\n<div class=\"wp-block-column is-layout-flow wp-block-column-is-layout-flow\" style=\"flex-basis:33.33%\">\n<figure class=\"wp-block-embed is-type-video is-provider-youtube wp-block-embed-youtube wp-embed-aspect-16-9 wp-has-aspect-ratio\"><div class=\"wp-block-embed__wrapper\">\n<div class=\"jetpack-video-wrapper\"><span class=\"embed-youtube\" style=\"text-align:center; display: block;\"><iframe loading=\"lazy\" class=\"youtube-player\" width=\"676\" height=\"381\" src=\"https:\/\/www.youtube.com\/embed\/kVkTkJqgDxs?version=3&#038;rel=1&#038;showsearch=0&#038;showinfo=1&#038;iv_load_policy=1&#038;fs=1&#038;hl=en-GB&#038;autohide=2&#038;wmode=transparent&#038;listType=playlist&#038;list=PL6X0Z1l43Efl-n_CjS9lmeS9Hcs-S5Cm7\" allowfullscreen=\"true\" style=\"border:0;\" sandbox=\"allow-scripts allow-same-origin allow-popups allow-presentation allow-popups-to-escape-sandbox\"><\/iframe><\/span><\/div>\n<\/div><\/figure>\n<\/div>\n\n\n\n<div class=\"wp-block-column is-layout-flow wp-block-column-is-layout-flow\" style=\"flex-basis:66.66%\">\n<ul style=\"font-size:15px\" class=\"wp-block-list\">\n<li><strong>Maria Fabra Puchol<\/strong>, R&amp;D Group Manager<\/li>\n<\/ul>\n<\/div>\n<\/div>\n\n\n\n<hr class=\"wp-block-separator has-alpha-channel-opacity\"\/>\n\n\n\n<p class=\"has-text-align-left\" style=\"font-size:18px\">2016 <strong><strong><span style=\"color: #ff6600;\"><span class=\"s2\"><b>[ How bio-inspired innovations are moving from research to the market - Questions from the public<\/b><\/span><\/span><\/strong><\/strong><\/p>\n\n\n\n<p class=\"has-text-align-justify\" style=\"font-size:15px\">5 industrial examples, 5 testimonials<\/p>\n\n\n\n<div class=\"wp-block-columns is-layout-flex wp-container-core-columns-is-layout-9d6595d7 wp-block-columns-is-layout-flex\">\n<div class=\"wp-block-column is-layout-flow wp-block-column-is-layout-flow\" style=\"flex-basis:33.33%\">\n<figure class=\"wp-block-embed is-type-video is-provider-youtube wp-block-embed-youtube wp-embed-aspect-16-9 wp-has-aspect-ratio\"><div class=\"wp-block-embed__wrapper\">\n<div class=\"jetpack-video-wrapper\"><span class=\"embed-youtube\" style=\"text-align:center; display: block;\"><iframe loading=\"lazy\" class=\"youtube-player\" width=\"676\" height=\"381\" src=\"https:\/\/www.youtube.com\/embed\/UPIfMETQCe8?version=3&#038;rel=1&#038;showsearch=0&#038;showinfo=1&#038;iv_load_policy=1&#038;fs=1&#038;hl=en-GB&#038;autohide=2&#038;wmode=transparent&#038;listType=playlist&#038;list=PL6X0Z1l43Efl-n_CjS9lmeS9Hcs-S5Cm7\" allowfullscreen=\"true\" style=\"border:0;\" sandbox=\"allow-scripts allow-same-origin allow-popups allow-presentation allow-popups-to-escape-sandbox\"><\/iframe><\/span><\/div>\n<\/div><\/figure>\n<\/div>\n\n\n\n<div class=\"wp-block-column is-layout-flow wp-block-column-is-layout-flow\" style=\"flex-basis:66.66%\">\n<ul style=\"font-size:15px\" class=\"wp-block-list\">\n<li>Hemarina - <strong>Franck Zal <\/strong><\/li>\n\n\n\n<li>Newwind - <strong>J\u00e9r\u00f4me Michaud Larivi\u00e8re <\/strong><\/li>\n\n\n\n<li>Elb\u00e9 Petro - <strong>Laurent Bedel <\/strong><\/li>\n\n\n\n<li>EEL Energy - <strong>Jean-Baptiste Drevet <\/strong><\/li>\n\n\n\n<li>Saint-Gobain Isover - <strong>Maria Fabra Puchol<\/strong><\/li>\n<\/ul>\n<\/div>\n<\/div>\n\n\n\n<hr class=\"wp-block-separator has-alpha-channel-opacity\"\/>\n\n\n\n<p class=\"has-text-align-left\" style=\"font-size:18px\">2016 <strong><strong><span style=\"color: #ff6600;\"><span class=\"s2\"><b>[ When research imagines the world of tomorrow ... inspired by this one<\/b><\/span><\/span><\/strong><\/strong><\/p>\n\n\n\n<p class=\"has-text-align-justify\" style=\"font-size:15px\">Sharing of experience and expertise between 4 atypical researchers in the fields of energy, materials and robotics. Moderated by Kalina Raskin, Managing Director of Ceebios.<\/p>\n\n\n\n<div class=\"wp-block-columns is-layout-flex wp-container-core-columns-is-layout-9d6595d7 wp-block-columns-is-layout-flex\">\n<div class=\"wp-block-column is-layout-flow wp-block-column-is-layout-flow\" style=\"flex-basis:33.33%\">\n<figure class=\"wp-block-embed is-type-video is-provider-youtube wp-block-embed-youtube wp-embed-aspect-16-9 wp-has-aspect-ratio\"><div class=\"wp-block-embed__wrapper\">\n<div class=\"jetpack-video-wrapper\"><span class=\"embed-youtube\" style=\"text-align:center; display: block;\"><iframe loading=\"lazy\" class=\"youtube-player\" width=\"676\" height=\"381\" src=\"https:\/\/www.youtube.com\/embed\/n1uetGexTdo?version=3&#038;rel=1&#038;showsearch=0&#038;showinfo=1&#038;iv_load_policy=1&#038;fs=1&#038;hl=en-GB&#038;autohide=2&#038;wmode=transparent&#038;listType=playlist&#038;list=PL6X0Z1l43Efl-n_CjS9lmeS9Hcs-S5Cm7\" allowfullscreen=\"true\" style=\"border:0;\" sandbox=\"allow-scripts allow-same-origin allow-popups allow-presentation allow-popups-to-escape-sandbox\"><\/iframe><\/span><\/div>\n<\/div><\/figure>\n<\/div>\n\n\n\n<div class=\"wp-block-column is-layout-flow wp-block-column-is-layout-flow\" style=\"flex-basis:66.66%\">\n<ul style=\"font-size:15px\" class=\"wp-block-list\">\n<li><strong>Christophe Goupil <\/strong>- Laboratoire Interdisciplinaire des Energies de Demain, UMR 8236 LIED, Universit\u00e9 Paris Diderot. <\/li>\n\n\n\n<li><strong>Sylvain Deville <\/strong>- Ceramics synthesis and functionalisation laboratory (LSFC), CNRS \/ Saint-Gobain, Cavaillon <\/li>\n\n\n\n<li><strong>St\u00e9phane Viollet <\/strong>- CNRS Research Director - Head of the Biorobotics team - UMR 7287 Institut des Sciences du Mouvement - Marseilles <\/li>\n\n\n\n<li><strong>Christophe Egles<\/strong>, PhD. Professor, CNRS UMR 7338: BioMechanics and Bioengineering (BMBI) - Universit\u00e9 de Technologie de Compi\u00e8gne (France) \/ Tufts University, School of Dental Medicine, Boston (USA) <\/li>\n\n\n\n<li><strong>Arnaud Antkowiak, <\/strong>Senior Lecturer UPMC; Researcher at the Institut Jean Le Rond d'Alembert (UPMC-CNRS); Member of the FCIH team: complex fluids and hydrodynamic instabilities.<\/li>\n<\/ul>\n<\/div>\n<\/div>\n\n\n\n<hr class=\"wp-block-separator has-alpha-channel-opacity\"\/>\n\n\n\n<p class=\"has-text-align-left\" style=\"font-size:18px\">2016 <strong><strong><span style=\"color: #ff6600;\"><span class=\"s2\"><b>[ Ceebios missions and news\/trends in biomimicry<\/b><\/span><\/span><\/strong><\/strong><\/p>\n\n\n\n<div class=\"wp-block-columns is-layout-flex wp-container-core-columns-is-layout-9d6595d7 wp-block-columns-is-layout-flex\">\n<div class=\"wp-block-column is-layout-flow wp-block-column-is-layout-flow\" style=\"flex-basis:33.33%\">\n<figure class=\"wp-block-embed is-type-video is-provider-youtube wp-block-embed-youtube wp-embed-aspect-16-9 wp-has-aspect-ratio\"><div class=\"wp-block-embed__wrapper\">\n<div class=\"jetpack-video-wrapper\"><span class=\"embed-youtube\" style=\"text-align:center; display: block;\"><iframe loading=\"lazy\" class=\"youtube-player\" width=\"676\" height=\"381\" src=\"https:\/\/www.youtube.com\/embed\/bOWp8PS1_1w?version=3&#038;rel=1&#038;showsearch=0&#038;showinfo=1&#038;iv_load_policy=1&#038;fs=1&#038;hl=en-GB&#038;autohide=2&#038;wmode=transparent&#038;listType=playlist&#038;list=PL6X0Z1l43Efl-n_CjS9lmeS9Hcs-S5Cm7\" allowfullscreen=\"true\" style=\"border:0;\" sandbox=\"allow-scripts allow-same-origin allow-popups allow-presentation allow-popups-to-escape-sandbox\"><\/iframe><\/span><\/div>\n<\/div><\/figure>\n<\/div>\n\n\n\n<div class=\"wp-block-column is-layout-flow wp-block-column-is-layout-flow\" style=\"flex-basis:66.66%\">\n<ul style=\"font-size:15px\" class=\"wp-block-list\">\n<li><strong>Kalina Raskin<\/strong>General Director of Ceebios<\/li>\n<\/ul>\n<\/div>\n<\/div>\n\n\n\n<hr class=\"wp-block-separator has-alpha-channel-opacity\"\/>\n\n\n\n<p class=\"has-text-align-left\" style=\"font-size:18px\">2016 <strong><strong><span style=\"color: #ff6600;\"><span class=\"s2\"><b>[ Reconciliation between Technosphere and Biosphere.<\/b><\/span><\/span><\/strong><\/strong><\/p>\n\n\n\n<div class=\"wp-block-columns is-layout-flex wp-container-core-columns-is-layout-9d6595d7 wp-block-columns-is-layout-flex\">\n<div class=\"wp-block-column is-layout-flow wp-block-column-is-layout-flow\" style=\"flex-basis:33.33%\">\n<figure class=\"wp-block-embed is-type-video is-provider-youtube wp-block-embed-youtube wp-embed-aspect-16-9 wp-has-aspect-ratio\"><div class=\"wp-block-embed__wrapper\">\n<div class=\"jetpack-video-wrapper\"><span class=\"embed-youtube\" style=\"text-align:center; display: block;\"><iframe loading=\"lazy\" class=\"youtube-player\" width=\"676\" height=\"381\" src=\"https:\/\/www.youtube.com\/embed\/vcbYWL6Ka58?version=3&#038;rel=1&#038;showsearch=0&#038;showinfo=1&#038;iv_load_policy=1&#038;fs=1&#038;hl=en-GB&#038;autohide=2&#038;wmode=transparent&#038;listType=playlist&#038;list=PL6X0Z1l43Efl-n_CjS9lmeS9Hcs-S5Cm7\" allowfullscreen=\"true\" style=\"border:0;\" sandbox=\"allow-scripts allow-same-origin allow-popups allow-presentation allow-popups-to-escape-sandbox\"><\/iframe><\/span><\/div>\n<\/div><\/figure>\n<\/div>\n\n\n\n<div class=\"wp-block-column is-layout-flow wp-block-column-is-layout-flow\" style=\"flex-basis:66.66%\">\n<ul style=\"font-size:15px\" class=\"wp-block-list\">\n<li><strong>Tarik Chekchak<\/strong>, Institut des Futurs souhaitables<\/li>\n<\/ul>\n<\/div>\n<\/div>\n\n\n\n<hr class=\"wp-block-separator has-alpha-channel-opacity\"\/>\n\n\n\n<p class=\"has-text-align-left\" style=\"font-size:18px\">2016<strong><strong><span style=\"color: #ff6600;\"><span class=\"s2\"> <b>[ How can we ensure that biomimicry ALSO benefits biodiversity?<\/b><\/span><\/span><\/strong><\/strong><\/p>\n\n\n\n<p class=\"has-text-align-justify\" style=\"font-size:15px\">Hosted by Emmanuel Delannoy<\/p>\n\n\n\n<div class=\"wp-block-columns is-layout-flex wp-container-core-columns-is-layout-9d6595d7 wp-block-columns-is-layout-flex\">\n<div class=\"wp-block-column is-layout-flow wp-block-column-is-layout-flow\" style=\"flex-basis:33.33%\">\n<figure class=\"wp-block-embed is-type-video is-provider-youtube wp-block-embed-youtube wp-embed-aspect-16-9 wp-has-aspect-ratio\"><div class=\"wp-block-embed__wrapper\">\n<div class=\"jetpack-video-wrapper\"><span class=\"embed-youtube\" style=\"text-align:center; display: block;\"><iframe loading=\"lazy\" class=\"youtube-player\" width=\"676\" height=\"381\" src=\"https:\/\/www.youtube.com\/embed\/LdxHFE3bWTg?version=3&#038;rel=1&#038;showsearch=0&#038;showinfo=1&#038;iv_load_policy=1&#038;fs=1&#038;hl=en-GB&#038;autohide=2&#038;wmode=transparent&#038;listType=playlist&#038;list=PL6X0Z1l43Efl-n_CjS9lmeS9Hcs-S5Cm7\" allowfullscreen=\"true\" style=\"border:0;\" sandbox=\"allow-scripts allow-same-origin allow-popups allow-presentation allow-popups-to-escape-sandbox\"><\/iframe><\/span><\/div>\n<\/div><\/figure>\n<\/div>\n\n\n\n<div class=\"wp-block-column is-layout-flow wp-block-column-is-layout-flow\" style=\"flex-basis:66.66%\">\n<ul style=\"font-size:15px\" class=\"wp-block-list\">\n<li><strong>Guillaume Lecointre<\/strong>, Professor at the Mus\u00e9um National d'Histoire Naturelle; researcher in systematics, director of the \u00abSystematics and Evolution\u00bb department. <\/li>\n\n\n\n<li><strong>Jean-Fran\u00e7ois Silvain<\/strong>, Chairman of the Biodiversity Research Foundation (FRB) <\/li>\n\n\n\n<li><strong>Audrey Coreau<\/strong>, Agence Fran\u00e7aise pour la Biodiversit\u00e9, Project Manager, National, European and International Strategies Department\u00ab <\/li>\n\n\n\n<li><strong>Sylvie B\u00e9nard<\/strong>, Environment Director of the LVMH Group <\/li>\n\n\n\n<li><strong>Christian Beranger<\/strong>, Director of Sustainable Development France for the CEMEX Group<\/li>\n<\/ul>\n<\/div>\n<\/div>\n\n\n\n<hr class=\"wp-block-separator has-alpha-channel-opacity\"\/>\n\n\n\n<p class=\"has-text-align-left\" style=\"font-size:18px\">2016 <strong><strong><span style=\"color: #ff6600;\"><span class=\"s2\"><b>[ Oceans and biodiversity, infinite sources of inspiration and levers for new growth: is the sea the future of the Earth?<\/b><\/span><\/span><\/strong><\/strong><\/p>\n\n\n\n<p class=\"has-text-align-justify\" style=\"font-size:15px\">Hosted by <strong>Alain Renaudin, <\/strong>Chairman and founder of NewCorp Conseil and Biomim'expo<\/p>\n\n\n\n<div class=\"wp-block-columns is-layout-flex wp-container-core-columns-is-layout-9d6595d7 wp-block-columns-is-layout-flex\">\n<div class=\"wp-block-column is-layout-flow wp-block-column-is-layout-flow\" style=\"flex-basis:33.33%\">\n<figure class=\"wp-block-embed is-type-video is-provider-youtube wp-block-embed-youtube wp-embed-aspect-16-9 wp-has-aspect-ratio\"><div class=\"wp-block-embed__wrapper\">\n<div class=\"jetpack-video-wrapper\"><span class=\"embed-youtube\" style=\"text-align:center; display: block;\"><iframe loading=\"lazy\" class=\"youtube-player\" width=\"676\" height=\"381\" src=\"https:\/\/www.youtube.com\/embed\/1CDf4Y8oXok?version=3&#038;rel=1&#038;showsearch=0&#038;showinfo=1&#038;iv_load_policy=1&#038;fs=1&#038;hl=en-GB&#038;autohide=2&#038;wmode=transparent&#038;listType=playlist&#038;list=PL6X0Z1l43Efm-z5Icv5sLlv6dmcMqHGhF\" allowfullscreen=\"true\" style=\"border:0;\" sandbox=\"allow-scripts allow-same-origin allow-popups allow-presentation allow-popups-to-escape-sandbox\"><\/iframe><\/span><\/div>\n<\/div><\/figure>\n<\/div>\n\n\n\n<div class=\"wp-block-column is-layout-flow wp-block-column-is-layout-flow\" style=\"flex-basis:66.66%\">\n<ul style=\"font-size:15px\" class=\"wp-block-list\">\n<li><strong>Patricia Ricard<\/strong>, President of the Institut oc\u00e9anographique Paul Ricard <\/li>\n\n\n\n<li><strong>Emmanuel Poisson<\/strong>, member of the Explore team - le Fonds Roland Jourdain <\/li>\n\n\n\n<li><strong>S\u00e9bastien Colin<\/strong>, Research Engineer, Plankton Planet <\/li>\n\n\n\n<li><strong>Tarik Chekchak<\/strong>, Director of Science and Environment, Equipe Cousteau <\/li>\n\n\n\n<li><strong>Giacomo Bersano<\/strong>, Chairman, ASI Innovations<\/li>\n<\/ul>\n<\/div>\n<\/div>\n\n\n\n<hr class=\"wp-block-separator has-alpha-channel-opacity\"\/>","protected":false},"excerpt":{"rendered":"<p>A veritable library\/video library on biomimicry! And the biggest there is! We've put together all the lectures recorded on stage at Biomim'expo! Each one more fascinating than the last. The result of 10 years of work and 9 editions of Biomim'expo, ... <a href=\"https:\/\/biomimexpo.com\/en\/les-conferences-biomimexpo-en-replay\/\" class=\"more-link\">Continue reading <span class=\"screen-reader-text\">217 (!!) Biomim'expo conferences and podcasts on REPLAY (2016-2025). Nuggets!<\/span><\/a><\/p>","protected":false},"author":30655367,"featured_media":42249,"parent":0,"menu_order":0,"comment_status":"closed","ping_status":"closed","template":"","meta":{"ngg_post_thumbnail":0,"footnotes":""},"class_list":["post-41201","page","type-page","status-publish","has-post-thumbnail","hentry"],"yoast_head":"<!-- This site is optimized with the Yoast SEO plugin v27.5 - https:\/\/yoast.com\/product\/yoast-seo-wordpress\/ -->\n<title>217 (!!) conf\u00e9rences-podcasts Biomim&#039;expo en REPLAY (2016-2025). Des p\u00e9pites ! - Biomim&#039;expo<\/title>\n<meta name=\"robots\" content=\"index, follow, max-snippet:-1, max-image-preview:large, max-video-preview:-1\" \/>\n<link rel=\"canonical\" href=\"https:\/\/biomimexpo.com\/en\/les-conferences-biomimexpo-en-replay\/\" \/>\n<meta property=\"og:locale\" content=\"en_GB\" \/>\n<meta property=\"og:type\" content=\"article\" \/>\n<meta property=\"og:title\" content=\"217 (!!) conf\u00e9rences-podcasts Biomim&#039;expo en REPLAY (2016-2025). Des p\u00e9pites ! - Biomim&#039;expo\" \/>\n<meta property=\"og:description\" content=\"Une v\u00e9ritable biblioth\u00e8que \/ vid\u00e9oth\u00e8que sur le biomim\u00e9tisme ! Et la plus grande qui soit! Nous avons replacer ici l&rsquo;int\u00e9gralit\u00e9 des conf\u00e9rences enregistr\u00e9es sur la sc\u00e8ne de Biomim&rsquo;expo ! Toutes plus passionnantes les unes que les autres. Un travail fastidieux et continu, issu de ces 10 ans d&rsquo;existences et ces 9 \u00e9ditions de la Biomim&rsquo;expo, &hellip; Continue reading 217 (!!) conf\u00e9rences-podcasts Biomim&rsquo;expo en REPLAY (2016-2025). Des p\u00e9pites !\" \/>\n<meta property=\"og:url\" content=\"https:\/\/biomimexpo.com\/en\/les-conferences-biomimexpo-en-replay\/\" \/>\n<meta property=\"og:site_name\" content=\"Biomim&#039;expo\" \/>\n<meta property=\"article:modified_time\" content=\"2026-03-24T11:56:18+00:00\" \/>\n<meta property=\"og:image\" content=\"https:\/\/biomimexpo.com\/wp-content\/uploads\/2026\/03\/Bandeau-Biomimexpo-2026-1928-600-SITE-WEB_CONF-1024x319.jpg\" \/>\n\t<meta property=\"og:image:width\" content=\"1024\" \/>\n\t<meta property=\"og:image:height\" content=\"319\" \/>\n\t<meta property=\"og:image:type\" content=\"image\/jpeg\" \/>\n<meta name=\"twitter:card\" content=\"summary_large_image\" \/>\n<meta name=\"twitter:label1\" content=\"Estimated reading time\" \/>\n\t<meta name=\"twitter:data1\" content=\"138 minutes\" \/>\n<script type=\"application\/ld+json\" class=\"yoast-schema-graph\">{\"@context\":\"https:\\\/\\\/schema.org\",\"@graph\":[{\"@type\":\"WebPage\",\"@id\":\"https:\\\/\\\/biomimexpo.com\\\/en\\\/les-conferences-biomimexpo-en-replay\\\/\",\"url\":\"https:\\\/\\\/biomimexpo.com\\\/en\\\/les-conferences-biomimexpo-en-replay\\\/\",\"name\":\"217 (!!) conf\u00e9rences-podcasts Biomim'expo en REPLAY (2016-2025). Des p\u00e9pites ! - Biomim&#039;expo\",\"isPartOf\":{\"@id\":\"https:\\\/\\\/biomimexpo.com\\\/#website\"},\"primaryImageOfPage\":{\"@id\":\"https:\\\/\\\/biomimexpo.com\\\/en\\\/les-conferences-biomimexpo-en-replay\\\/#primaryimage\"},\"image\":{\"@id\":\"https:\\\/\\\/biomimexpo.com\\\/en\\\/les-conferences-biomimexpo-en-replay\\\/#primaryimage\"},\"thumbnailUrl\":\"https:\\\/\\\/i0.wp.com\\\/biomimexpo.com\\\/wp-content\\\/uploads\\\/2026\\\/03\\\/Bandeau-Biomimexpo-2026-1928-600-SITE-WEB_CONF.jpg?fit=8033%2C2500&ssl=1\",\"datePublished\":\"2026-01-04T20:28:42+00:00\",\"dateModified\":\"2026-03-24T11:56:18+00:00\",\"breadcrumb\":{\"@id\":\"https:\\\/\\\/biomimexpo.com\\\/en\\\/les-conferences-biomimexpo-en-replay\\\/#breadcrumb\"},\"inLanguage\":\"en-GB\",\"potentialAction\":[{\"@type\":\"ReadAction\",\"target\":[\"https:\\\/\\\/biomimexpo.com\\\/en\\\/les-conferences-biomimexpo-en-replay\\\/\"]}]},{\"@type\":\"ImageObject\",\"inLanguage\":\"en-GB\",\"@id\":\"https:\\\/\\\/biomimexpo.com\\\/en\\\/les-conferences-biomimexpo-en-replay\\\/#primaryimage\",\"url\":\"https:\\\/\\\/i0.wp.com\\\/biomimexpo.com\\\/wp-content\\\/uploads\\\/2026\\\/03\\\/Bandeau-Biomimexpo-2026-1928-600-SITE-WEB_CONF.jpg?fit=8033%2C2500&ssl=1\",\"contentUrl\":\"https:\\\/\\\/i0.wp.com\\\/biomimexpo.com\\\/wp-content\\\/uploads\\\/2026\\\/03\\\/Bandeau-Biomimexpo-2026-1928-600-SITE-WEB_CONF.jpg?fit=8033%2C2500&ssl=1\",\"width\":8033,\"height\":2500},{\"@type\":\"BreadcrumbList\",\"@id\":\"https:\\\/\\\/biomimexpo.com\\\/en\\\/les-conferences-biomimexpo-en-replay\\\/#breadcrumb\",\"itemListElement\":[{\"@type\":\"ListItem\",\"position\":1,\"name\":\"Accueil\",\"item\":\"https:\\\/\\\/biomimexpo.com\\\/\"},{\"@type\":\"ListItem\",\"position\":2,\"name\":\"217 (!!) conf\u00e9rences-podcasts Biomim&rsquo;expo en REPLAY (2016-2025). Des p\u00e9pites !\"}]},{\"@type\":\"WebSite\",\"@id\":\"https:\\\/\\\/biomimexpo.com\\\/#website\",\"url\":\"https:\\\/\\\/biomimexpo.com\\\/\",\"name\":\"Biomim&#039;expo\",\"description\":\"Le premier salon et showroom du biomim\u00e9tisme\",\"potentialAction\":[{\"@type\":\"SearchAction\",\"target\":{\"@type\":\"EntryPoint\",\"urlTemplate\":\"https:\\\/\\\/biomimexpo.com\\\/?s={search_term_string}\"},\"query-input\":{\"@type\":\"PropertyValueSpecification\",\"valueRequired\":true,\"valueName\":\"search_term_string\"}}],\"inLanguage\":\"en-GB\"}]}<\/script>\n<!-- \/ Yoast SEO plugin. -->","yoast_head_json":{"title":"217 (!!) conf\u00e9rences-podcasts Biomim'expo en REPLAY (2016-2025). Des p\u00e9pites ! - Biomim&#039;expo","robots":{"index":"index","follow":"follow","max-snippet":"max-snippet:-1","max-image-preview":"max-image-preview:large","max-video-preview":"max-video-preview:-1"},"canonical":"https:\/\/biomimexpo.com\/en\/les-conferences-biomimexpo-en-replay\/","og_locale":"en_GB","og_type":"article","og_title":"217 (!!) conf\u00e9rences-podcasts Biomim'expo en REPLAY (2016-2025). Des p\u00e9pites ! - Biomim&#039;expo","og_description":"Une v\u00e9ritable biblioth\u00e8que \/ vid\u00e9oth\u00e8que sur le biomim\u00e9tisme ! Et la plus grande qui soit! Nous avons replacer ici l&rsquo;int\u00e9gralit\u00e9 des conf\u00e9rences enregistr\u00e9es sur la sc\u00e8ne de Biomim&rsquo;expo ! Toutes plus passionnantes les unes que les autres. Un travail fastidieux et continu, issu de ces 10 ans d&rsquo;existences et ces 9 \u00e9ditions de la Biomim&rsquo;expo, &hellip; Continue reading 217 (!!) conf\u00e9rences-podcasts Biomim&rsquo;expo en REPLAY (2016-2025). Des p\u00e9pites !","og_url":"https:\/\/biomimexpo.com\/en\/les-conferences-biomimexpo-en-replay\/","og_site_name":"Biomim&#039;expo","article_modified_time":"2026-03-24T11:56:18+00:00","og_image":[{"width":1024,"height":319,"url":"https:\/\/biomimexpo.com\/wp-content\/uploads\/2026\/03\/Bandeau-Biomimexpo-2026-1928-600-SITE-WEB_CONF-1024x319.jpg","type":"image\/jpeg"}],"twitter_card":"summary_large_image","twitter_misc":{"Estimated reading time":"138 minutes"},"schema":{"@context":"https:\/\/schema.org","@graph":[{"@type":"WebPage","@id":"https:\/\/biomimexpo.com\/en\/les-conferences-biomimexpo-en-replay\/","url":"https:\/\/biomimexpo.com\/en\/les-conferences-biomimexpo-en-replay\/","name":"217 (!!) conf\u00e9rences-podcasts Biomim'expo en REPLAY (2016-2025). Des p\u00e9pites ! - Biomim&#039;expo","isPartOf":{"@id":"https:\/\/biomimexpo.com\/#website"},"primaryImageOfPage":{"@id":"https:\/\/biomimexpo.com\/en\/les-conferences-biomimexpo-en-replay\/#primaryimage"},"image":{"@id":"https:\/\/biomimexpo.com\/en\/les-conferences-biomimexpo-en-replay\/#primaryimage"},"thumbnailUrl":"https:\/\/i0.wp.com\/biomimexpo.com\/wp-content\/uploads\/2026\/03\/Bandeau-Biomimexpo-2026-1928-600-SITE-WEB_CONF.jpg?fit=8033%2C2500&ssl=1","datePublished":"2026-01-04T20:28:42+00:00","dateModified":"2026-03-24T11:56:18+00:00","breadcrumb":{"@id":"https:\/\/biomimexpo.com\/en\/les-conferences-biomimexpo-en-replay\/#breadcrumb"},"inLanguage":"en-GB","potentialAction":[{"@type":"ReadAction","target":["https:\/\/biomimexpo.com\/en\/les-conferences-biomimexpo-en-replay\/"]}]},{"@type":"ImageObject","inLanguage":"en-GB","@id":"https:\/\/biomimexpo.com\/en\/les-conferences-biomimexpo-en-replay\/#primaryimage","url":"https:\/\/i0.wp.com\/biomimexpo.com\/wp-content\/uploads\/2026\/03\/Bandeau-Biomimexpo-2026-1928-600-SITE-WEB_CONF.jpg?fit=8033%2C2500&ssl=1","contentUrl":"https:\/\/i0.wp.com\/biomimexpo.com\/wp-content\/uploads\/2026\/03\/Bandeau-Biomimexpo-2026-1928-600-SITE-WEB_CONF.jpg?fit=8033%2C2500&ssl=1","width":8033,"height":2500},{"@type":"BreadcrumbList","@id":"https:\/\/biomimexpo.com\/en\/les-conferences-biomimexpo-en-replay\/#breadcrumb","itemListElement":[{"@type":"ListItem","position":1,"name":"Accueil","item":"https:\/\/biomimexpo.com\/"},{"@type":"ListItem","position":2,"name":"217 (!!) conf\u00e9rences-podcasts Biomim&rsquo;expo en REPLAY (2016-2025). Des p\u00e9pites !"}]},{"@type":"WebSite","@id":"https:\/\/biomimexpo.com\/#website","url":"https:\/\/biomimexpo.com\/","name":"Biomim&#039;expo","description":"Le premier salon et showroom du biomim\u00e9tisme","potentialAction":[{"@type":"SearchAction","target":{"@type":"EntryPoint","urlTemplate":"https:\/\/biomimexpo.com\/?s={search_term_string}"},"query-input":{"@type":"PropertyValueSpecification","valueRequired":true,"valueName":"search_term_string"}}],"inLanguage":"en-GB"}]}},"jetpack_likes_enabled":true,"jetpack_sharing_enabled":true,"jetpack_shortlink":"https:\/\/wp.me\/P51wao-aIx","_links":{"self":[{"href":"https:\/\/biomimexpo.com\/en\/wp-json\/wp\/v2\/pages\/41201","targetHints":{"allow":["GET"]}}],"collection":[{"href":"https:\/\/biomimexpo.com\/en\/wp-json\/wp\/v2\/pages"}],"about":[{"href":"https:\/\/biomimexpo.com\/en\/wp-json\/wp\/v2\/types\/page"}],"author":[{"embeddable":true,"href":"https:\/\/biomimexpo.com\/en\/wp-json\/wp\/v2\/users\/30655367"}],"replies":[{"embeddable":true,"href":"https:\/\/biomimexpo.com\/en\/wp-json\/wp\/v2\/comments?post=41201"}],"version-history":[{"count":100,"href":"https:\/\/biomimexpo.com\/en\/wp-json\/wp\/v2\/pages\/41201\/revisions"}],"predecessor-version":[{"id":42039,"href":"https:\/\/biomimexpo.com\/en\/wp-json\/wp\/v2\/pages\/41201\/revisions\/42039"}],"wp:featuredmedia":[{"embeddable":true,"href":"https:\/\/biomimexpo.com\/en\/wp-json\/wp\/v2\/media\/42249"}],"wp:attachment":[{"href":"https:\/\/biomimexpo.com\/en\/wp-json\/wp\/v2\/media?parent=41201"}],"curies":[{"name":"wp","href":"https:\/\/api.w.org\/{rel}","templated":true}]}}